{"id":57,"date":"2022-12-26T16:25:01","date_gmt":"2022-12-26T15:25:01","guid":{"rendered":"http:\/\/localhost\/caf\/?post_type=temp-fort&#038;p=57"},"modified":"2023-06-27T14:24:26","modified_gmt":"2023-06-27T12:24:26","slug":"temps-fort-4","status":"publish","type":"temp-fort","link":"https:\/\/caf-rapport-activite.fr\/caf86-2022\/temp-fort\/temps-fort-4\/","title":{"rendered":"Premi\u00e8re convention territoriale globale entre la Caf et la Communaut\u00e9 de communes des Vall\u00e9es du Clain"},"content":{"rendered":"\n<p>Marl\u00e8ne Bourdin, Pr\u00e9sidente du conseil d\u2019administration et Gilbert Beaujaneau, Pr\u00e9sident de la communaut\u00e9 de communes des Vall\u00e9es du Clain ont sign\u00e9 la 1\u00e8re convention territoriale globale (Ctg) pour les ann\u00e9es 2022-2026, avec la Msa et les 16 communes du territoire.<\/p>\n\n\n\n<p>Concr\u00e8tement, cette convention va permettre : <\/p>\n\n\n\n<ul>\n<li>de d\u00e9velopper des services accessibles \u00e0 tous les jeunes du territoire, <\/li>\n\n\n\n<li>de proposer aux parents un appui sur les questions de parentalit\u00e9, <\/li>\n\n\n\n<li>de renforcer l\u2019accompagnement des familles ayant un enfant porteur de handicap, <\/li>\n\n\n\n<li>d&rsquo;envisager la cr\u00e9ation d\u2019une ludoth\u00e8que, <\/li>\n\n\n\n<li>d&rsquo; articuler les r\u00e9ponses en mati\u00e8re d\u2019acc\u00e8s aux droits, via le num\u00e9rique comme avec des rendez-vous sociaux sur des sujets\/moments de vuln\u00e9rabilit\u00e9, <\/li>\n\n\n\n<li>de d\u00e9velopper des projets autour de l\u2019animation de la vie sociale\u2026\u200b\u200b\u200b\u200b\u200b\u200b\u200b<\/li>\n<\/ul>\n\n\n\n<h2 id=\"quelques-caract\u00e9ristiques-du-territoire\">Quelques caract\u00e9ristiques du territoire :&nbsp;<\/h2>\n\n\n\n<p><a href=\"https:\/\/cafdoc.sharepoint.com\/sites\/intranet-org861-local\/SitePages\/Actualit%C3%A9s\/1.3.22_Signature-Ctg-Caf-CCVC.aspx#quelques-caract%C3%A9ristiques-du-territoire\"><\/a><\/p>\n\n\n\n<p>Territoire situ\u00e9 aux portes de Poitiers, le \u00ab\u00a0Poumon vert\u00a0\u00bb de l\u2019agglom\u00e9ration poitevine<br><br>&gt; 25 % des habitants des Vall\u00e9es du Clain y travaillent, 65 % dans la Communaut\u00e9 d\u2019Agglom\u00e9ration du Grand Poitiers<br><br>&gt; 89 % des d\u00e9placements domicile-travail sont r\u00e9alis\u00e9s en voiture\/mobilit\u00e9 pendulaire importante.<br><br>&gt; Un territoire tr\u00e8s attractif et une population relativement jeune malgr\u00e9 le taux de vieillissement observ\u00e9.<br><br>&gt; Des communes tr\u00e8s attractives.<br><br>&gt; Une proportion de familles monoparentales moins importante que l\u2019\u00e9chelle d\u00e9partementale.<br><br>&gt; Un taux de ch\u00f4mage et de pauvret\u00e9 nettement plus bas que la moyenne d\u00e9partementale et les Epci limitrophes. Un niveau de revenu m\u00e9dian sup\u00e9rieur \u00e0 la moyenne.<\/p>\n","protected":false},"excerpt":{"rendered":"<p>Marl\u00e8ne Bourdin, Pr\u00e9sidente du conseil d\u2019administration et Gilbert Beaujaneau, Pr\u00e9sident de la communaut\u00e9 de communes des Vall\u00e9es du Clain ont sign\u00e9&#8230;<\/p>\n","protected":false},"featured_media":1082,"parent":0,"menu_order":4,"template":"","activite":[11],"yoast_head":"<!-- This site is optimized with the Yoast SEO plugin v19.11 - https:\/\/yoast.com\/wordpress\/plugins\/seo\/ -->\n<title>Premi\u00e8re convention territoriale globale entre la Caf et la Communaut\u00e9 de communes des Vall\u00e9es du Clain - Caf86 - 2022<\/title>\n<meta name=\"robots\" content=\"index, follow, max-snippet:-1, max-image-preview:large, max-video-preview:-1\" \/>\n<link rel=\"canonical\" href=\"https:\/\/caf-rapport-activite.fr\/caf86-2022\/temp-fort\/temps-fort-4\/\" \/>\n<meta property=\"og:locale\" content=\"fr_FR\" \/>\n<meta property=\"og:type\" content=\"article\" \/>\n<meta property=\"og:title\" content=\"Premi\u00e8re convention territoriale globale entre la Caf et la Communaut\u00e9 de communes des Vall\u00e9es du Clain - Caf86 - 2022\" \/>\n<meta property=\"og:description\" content=\"Marl\u00e8ne Bourdin, Pr\u00e9sidente du conseil d\u2019administration et Gilbert Beaujaneau, Pr\u00e9sident de la communaut\u00e9 de communes des Vall\u00e9es du Clain ont sign\u00e9...\" \/>\n<meta property=\"og:url\" content=\"https:\/\/caf-rapport-activite.fr\/caf86-2022\/temp-fort\/temps-fort-4\/\" \/>\n<meta property=\"og:site_name\" content=\"Caf86 - 2022\" \/>\n<meta property=\"article:modified_time\" content=\"2023-06-27T12:24:26+00:00\" \/>\n<meta property=\"og:image\" content=\"https:\/\/caf-rapport-activite.fr\/caf86-2022\/wp-content\/uploads\/sites\/10\/2022\/12\/Ctg-Vallees-du-Clain-V3.png\" \/>\n\t<meta property=\"og:image:width\" content=\"1000\" \/>\n\t<meta property=\"og:image:height\" content=\"500\" \/>\n\t<meta property=\"og:image:type\" content=\"image\/png\" \/>\n<meta name=\"twitter:card\" content=\"summary_large_image\" \/>\n<meta name=\"twitter:label1\" content=\"Dur\u00e9e de lecture estim\u00e9e\" \/>\n\t<meta name=\"twitter:data1\" content=\"2 minutes\" \/>\n<script type=\"application\/ld+json\" class=\"yoast-schema-graph\">{\"@context\":\"https:\/\/schema.org\",\"@graph\":[{\"@type\":\"WebPage\",\"@id\":\"https:\/\/caf-rapport-activite.fr\/caf86-2022\/temp-fort\/temps-fort-4\/\",\"url\":\"https:\/\/caf-rapport-activite.fr\/caf86-2022\/temp-fort\/temps-fort-4\/\",\"name\":\"Premi\u00e8re convention territoriale globale entre la Caf et la Communaut\u00e9 de communes des Vall\u00e9es du Clain - Caf86 - 2022\",\"isPartOf\":{\"@id\":\"https:\/\/caf-rapport-activite.fr\/caf86-2022\/#website\"},\"datePublished\":\"2022-12-26T15:25:01+00:00\",\"dateModified\":\"2023-06-27T12:24:26+00:00\",\"breadcrumb\":{\"@id\":\"https:\/\/caf-rapport-activite.fr\/caf86-2022\/temp-fort\/temps-fort-4\/#breadcrumb\"},\"inLanguage\":\"fr-FR\",\"potentialAction\":[{\"@type\":\"ReadAction\",\"target\":[\"https:\/\/caf-rapport-activite.fr\/caf86-2022\/temp-fort\/temps-fort-4\/\"]}]},{\"@type\":\"BreadcrumbList\",\"@id\":\"https:\/\/caf-rapport-activite.fr\/caf86-2022\/temp-fort\/temps-fort-4\/#breadcrumb\",\"itemListElement\":[{\"@type\":\"ListItem\",\"position\":1,\"name\":\"Accueil\",\"item\":\"https:\/\/caf-rapport-activite.fr\/caf86-2022\/\"},{\"@type\":\"ListItem\",\"position\":2,\"name\":\"Temps forts\",\"item\":\"https:\/\/caf-rapport-activite.fr\/caf86-2022\/temp-fort\/\"},{\"@type\":\"ListItem\",\"position\":3,\"name\":\"Premi\u00e8re convention territoriale globale entre la Caf et la Communaut\u00e9 de communes des Vall\u00e9es du Clain\"}]},{\"@type\":\"WebSite\",\"@id\":\"https:\/\/caf-rapport-activite.fr\/caf86-2022\/#website\",\"url\":\"https:\/\/caf-rapport-activite.fr\/caf86-2022\/\",\"name\":\"Caf86 - 2022\",\"description\":\"\",\"potentialAction\":[{\"@type\":\"SearchAction\",\"target\":{\"@type\":\"EntryPoint\",\"urlTemplate\":\"https:\/\/caf-rapport-activite.fr\/caf86-2022\/?s={search_term_string}\"},\"query-input\":\"required name=search_term_string\"}],\"inLanguage\":\"fr-FR\"}]}<\/script>\n<!-- \/ Yoast SEO plugin. -->","yoast_head_json":{"title":"Premi\u00e8re convention territoriale globale entre la Caf et la Communaut\u00e9 de communes des Vall\u00e9es du Clain - Caf86 - 2022","robots":{"index":"index","follow":"follow","max-snippet":"max-snippet:-1","max-image-preview":"max-image-preview:large","max-video-preview":"max-video-preview:-1"},"canonical":"https:\/\/caf-rapport-activite.fr\/caf86-2022\/temp-fort\/temps-fort-4\/","og_locale":"fr_FR","og_type":"article","og_title":"Premi\u00e8re convention territoriale globale entre la Caf et la Communaut\u00e9 de communes des Vall\u00e9es du Clain - Caf86 - 2022","og_description":"Marl\u00e8ne Bourdin, Pr\u00e9sidente du conseil d\u2019administration et Gilbert Beaujaneau, Pr\u00e9sident de la communaut\u00e9 de communes des Vall\u00e9es du Clain ont sign\u00e9...","og_url":"https:\/\/caf-rapport-activite.fr\/caf86-2022\/temp-fort\/temps-fort-4\/","og_site_name":"Caf86 - 2022","article_modified_time":"2023-06-27T12:24:26+00:00","og_image":[{"width":1000,"height":500,"url":"https:\/\/caf-rapport-activite.fr\/caf86-2022\/wp-content\/uploads\/sites\/10\/2022\/12\/Ctg-Vallees-du-Clain-V3.png","type":"image\/png"}],"twitter_card":"summary_large_image","twitter_misc":{"Dur\u00e9e de lecture estim\u00e9e":"2 minutes"},"schema":{"@context":"https:\/\/schema.org","@graph":[{"@type":"WebPage","@id":"https:\/\/caf-rapport-activite.fr\/caf86-2022\/temp-fort\/temps-fort-4\/","url":"https:\/\/caf-rapport-activite.fr\/caf86-2022\/temp-fort\/temps-fort-4\/","name":"Premi\u00e8re convention territoriale globale entre la Caf et la Communaut\u00e9 de communes des Vall\u00e9es du Clain - Caf86 - 2022","isPartOf":{"@id":"https:\/\/caf-rapport-activite.fr\/caf86-2022\/#website"},"datePublished":"2022-12-26T15:25:01+00:00","dateModified":"2023-06-27T12:24:26+00:00","breadcrumb":{"@id":"https:\/\/caf-rapport-activite.fr\/caf86-2022\/temp-fort\/temps-fort-4\/#breadcrumb"},"inLanguage":"fr-FR","potentialAction":[{"@type":"ReadAction","target":["https:\/\/caf-rapport-activite.fr\/caf86-2022\/temp-fort\/temps-fort-4\/"]}]},{"@type":"BreadcrumbList","@id":"https:\/\/caf-rapport-activite.fr\/caf86-2022\/temp-fort\/temps-fort-4\/#breadcrumb","itemListElement":[{"@type":"ListItem","position":1,"name":"Accueil","item":"https:\/\/caf-rapport-activite.fr\/caf86-2022\/"},{"@type":"ListItem","position":2,"name":"Temps forts","item":"https:\/\/caf-rapport-activite.fr\/caf86-2022\/temp-fort\/"},{"@type":"ListItem","position":3,"name":"Premi\u00e8re convention territoriale globale entre la Caf et la Communaut\u00e9 de communes des Vall\u00e9es du Clain"}]},{"@type":"WebSite","@id":"https:\/\/caf-rapport-activite.fr\/caf86-2022\/#website","url":"https:\/\/caf-rapport-activite.fr\/caf86-2022\/","name":"Caf86 - 2022","description":"","potentialAction":[{"@type":"SearchAction","target":{"@type":"EntryPoint","urlTemplate":"https:\/\/caf-rapport-activite.fr\/caf86-2022\/?s={search_term_string}"},"query-input":"required name=search_term_string"}],"inLanguage":"fr-FR"}]}},"_links":{"self":[{"href":"https:\/\/caf-rapport-activite.fr\/caf86-2022\/wp-json\/wp\/v2\/temp-fort\/57"}],"collection":[{"href":"https:\/\/caf-rapport-activite.fr\/caf86-2022\/wp-json\/wp\/v2\/temp-fort"}],"about":[{"href":"https:\/\/caf-rapport-activite.fr\/caf86-2022\/wp-json\/wp\/v2\/types\/temp-fort"}],"wp:featuredmedia":[{"embeddable":true,"href":"https:\/\/caf-rapport-activite.fr\/caf86-2022\/wp-json\/wp\/v2\/media\/1082"}],"wp:attachment":[{"href":"https:\/\/caf-rapport-activite.fr\/caf86-2022\/wp-json\/wp\/v2\/media?parent=57"}],"wp:term":[{"taxonomy":"activite","embeddable":true,"href":"https:\/\/caf-rapport-activite.fr\/caf86-2022\/wp-json\/wp\/v2\/activite?post=57"}],"curies":[{"name":"wp","href":"https:\/\/api.w.org\/{rel}","templated":true}]}}