{"id":519,"date":"2023-05-30T15:24:38","date_gmt":"2023-05-30T13:24:38","guid":{"rendered":"https:\/\/caf-rapport-activite.fr\/caf86-2022\/?post_type=rubrique-organisme&#038;p=519"},"modified":"2023-06-30T16:59:54","modified_gmt":"2023-06-30T14:59:54","slug":"portrait-de-nos-allocataires","status":"publish","type":"rubrique-organisme","link":"https:\/\/caf-rapport-activite.fr\/caf86-2022\/rubrique-organisme\/portrait-de-nos-allocataires\/","title":{"rendered":"Portrait de nos allocataires"},"content":{"rendered":"\n<div style=\"height:28px\" aria-hidden=\"true\" class=\"wp-block-spacer\"><\/div>\n\n\n\n<div class=\"is-layout-flex wp-container-6 wp-block-columns\">\n<div class=\"is-layout-flow wp-block-column\" style=\"flex-basis:33.33%\">\n<h3><br><strong>LE D\u00c9PARTEMENT DE LA VIENNE<\/strong><\/h3>\n\n\n\n<h5>POPULATION <br><strong>438 435 habitants<br>13 504 allocataires \u00e9tudiants<\/strong>**<\/h5>\n\n\n\n<h5>R\u00c9PARTION PAR TRANCHE D&rsquo;\u00c2GE<br><strong>Moins de 25 ans : 30 %<\/strong><br><strong>de 25 \u00e0 65 ans : 48 %<\/strong><br><strong>plus de 65 ans : 22 %<br><\/strong><br>COMPOSITION DES FAMILLES**<br><strong>4 620 couples sans enfant <br>12 438 foyers avec 1 enfant<br>12 797 familles monoparentales<\/strong><\/h5>\n\n\n\n<h5>R\u00c9PARTITION PAR COMMUNES<br>266 communes regroup\u00e9es en 7 Epci <br><strong>(1 communaut\u00e9 urbaine, 1 communaut\u00e9 d&rsquo;agglom\u00e9ration, 5 communaut\u00e9s<br>de communes)<\/strong><\/h5>\n\n\n\n<h6>*<em>Donn\u00e9es Insee 20<\/em>19<br>** <em>Donn\u00e9es Caf <\/em>2022<\/h6>\n<\/div>\n\n\n\n<div class=\"is-layout-flow wp-block-column\" style=\"flex-basis:66.66%\">\n<h2>Les allocataires de la Vienne<\/h2>\n\n\n\n<p>En 2022, le nombre d\u2019allocataires a l\u00e9g\u00e8rement augment\u00e9 de 0,7 % avec&nbsp;<strong>94 757 allocataires<\/strong>.<br>Au total&nbsp;<strong>206 587 personnes<\/strong>&nbsp;sont couvertes par une aide ou une prestation vers\u00e9e par la Caf soit 46,8 % de la population du territoire.&nbsp;Le nombre d\u2019allocataires sans enfant repr\u00e9sente d\u00e9sormais 57,3 % des b\u00e9n\u00e9ficiaires de prestations de la Caf.<\/p>\n\n\n\n<figure class=\"wp-block-image size-large is-resized\"><img decoding=\"async\" loading=\"lazy\" src=\"https:\/\/caf-rapport-activite.fr\/caf86-2022\/wp-content\/uploads\/sites\/10\/2023\/06\/Rapport-dactivite-r-Donnees-generales-2-1024x424.png\" alt=\"\" class=\"wp-image-1058\" width=\"640\" height=\"264\" srcset=\"https:\/\/caf-rapport-activite.fr\/caf86-2022\/wp-content\/uploads\/sites\/10\/2023\/06\/Rapport-dactivite-r-Donnees-generales-2-1024x424.png 1024w, https:\/\/caf-rapport-activite.fr\/caf86-2022\/wp-content\/uploads\/sites\/10\/2023\/06\/Rapport-dactivite-r-Donnees-generales-2-300x124.png 300w, https:\/\/caf-rapport-activite.fr\/caf86-2022\/wp-content\/uploads\/sites\/10\/2023\/06\/Rapport-dactivite-r-Donnees-generales-2-768x318.png 768w, https:\/\/caf-rapport-activite.fr\/caf86-2022\/wp-content\/uploads\/sites\/10\/2023\/06\/Rapport-dactivite-r-Donnees-generales-2-1536x636.png 1536w, https:\/\/caf-rapport-activite.fr\/caf86-2022\/wp-content\/uploads\/sites\/10\/2023\/06\/Rapport-dactivite-r-Donnees-generales-2.png 1862w\" sizes=\"(max-width: 640px) 100vw, 640px\" \/><\/figure>\n\n\n\n<figure class=\"wp-block-image size-large\"><img decoding=\"async\" loading=\"lazy\" width=\"1024\" height=\"660\" src=\"https:\/\/caf-rapport-activite.fr\/caf86-2022\/wp-content\/uploads\/sites\/10\/2023\/06\/Rapport-dactivite-r2-Composition-des-familles-1024x660.png\" alt=\"\" class=\"wp-image-941\" srcset=\"https:\/\/caf-rapport-activite.fr\/caf86-2022\/wp-content\/uploads\/sites\/10\/2023\/06\/Rapport-dactivite-r2-Composition-des-familles-1024x660.png 1024w, https:\/\/caf-rapport-activite.fr\/caf86-2022\/wp-content\/uploads\/sites\/10\/2023\/06\/Rapport-dactivite-r2-Composition-des-familles-300x193.png 300w, https:\/\/caf-rapport-activite.fr\/caf86-2022\/wp-content\/uploads\/sites\/10\/2023\/06\/Rapport-dactivite-r2-Composition-des-familles-768x495.png 768w, https:\/\/caf-rapport-activite.fr\/caf86-2022\/wp-content\/uploads\/sites\/10\/2023\/06\/Rapport-dactivite-r2-Composition-des-familles-1536x991.png 1536w, https:\/\/caf-rapport-activite.fr\/caf86-2022\/wp-content\/uploads\/sites\/10\/2023\/06\/Rapport-dactivite-r2-Composition-des-familles.png 1842w\" sizes=\"(max-width: 1024px) 100vw, 1024px\" \/><\/figure>\n\n\n\n<div class=\"is-layout-flex wp-container-4 wp-block-columns\">\n<div class=\"is-layout-flow wp-block-column\" style=\"flex-basis:33.33%\">\n<h4 class=\"has-text-align-right\"><strong>ALLOCATAIRES PAR TRANCHE D&rsquo;\u00c2GE<\/strong><\/h4>\n<\/div>\n\n\n\n<div class=\"is-layout-flow wp-block-column\" style=\"flex-basis:66.66%\"><div class=\"wp-block-image\">\n<figure class=\"alignleft size-large is-resized\"><img decoding=\"async\" loading=\"lazy\" src=\"https:\/\/caf-rapport-activite.fr\/caf86-2022\/wp-content\/uploads\/sites\/10\/2023\/06\/Allocataires-par-tranche-dage-r-1-1024x963.png\" alt=\"\" class=\"wp-image-1019\" width=\"346\" height=\"325\" srcset=\"https:\/\/caf-rapport-activite.fr\/caf86-2022\/wp-content\/uploads\/sites\/10\/2023\/06\/Allocataires-par-tranche-dage-r-1-1024x963.png 1024w, https:\/\/caf-rapport-activite.fr\/caf86-2022\/wp-content\/uploads\/sites\/10\/2023\/06\/Allocataires-par-tranche-dage-r-1-300x282.png 300w, https:\/\/caf-rapport-activite.fr\/caf86-2022\/wp-content\/uploads\/sites\/10\/2023\/06\/Allocataires-par-tranche-dage-r-1-768x722.png 768w, https:\/\/caf-rapport-activite.fr\/caf86-2022\/wp-content\/uploads\/sites\/10\/2023\/06\/Allocataires-par-tranche-dage-r-1.png 1302w\" sizes=\"(max-width: 346px) 100vw, 346px\" \/><\/figure><\/div><\/div>\n<\/div>\n<\/div>\n<\/div>\n\n\n\n<h2>La Caf de la Vienne en chiffres<\/h2>\n\n\n\n<div class=\"is-layout-flex wp-container-12 wp-block-columns\">\n<div class=\"is-layout-flow wp-block-column\" style=\"flex-basis:33.33%\">\n<figure class=\"wp-block-image size-large\"><img decoding=\"async\" loading=\"lazy\" width=\"482\" height=\"1024\" src=\"https:\/\/caf-rapport-activite.fr\/caf86-2022\/wp-content\/uploads\/sites\/10\/2023\/06\/Surface-Financiere-1-482x1024.png\" alt=\"\" class=\"wp-image-1132\" srcset=\"https:\/\/caf-rapport-activite.fr\/caf86-2022\/wp-content\/uploads\/sites\/10\/2023\/06\/Surface-Financiere-1-482x1024.png 482w, https:\/\/caf-rapport-activite.fr\/caf86-2022\/wp-content\/uploads\/sites\/10\/2023\/06\/Surface-Financiere-1-141x300.png 141w, https:\/\/caf-rapport-activite.fr\/caf86-2022\/wp-content\/uploads\/sites\/10\/2023\/06\/Surface-Financiere-1-768x1631.png 768w, https:\/\/caf-rapport-activite.fr\/caf86-2022\/wp-content\/uploads\/sites\/10\/2023\/06\/Surface-Financiere-1-723x1536.png 723w, https:\/\/caf-rapport-activite.fr\/caf86-2022\/wp-content\/uploads\/sites\/10\/2023\/06\/Surface-Financiere-1.png 942w\" sizes=\"(max-width: 482px) 100vw, 482px\" \/><\/figure>\n<\/div>\n\n\n\n<div class=\"is-layout-flow wp-block-column\" style=\"flex-basis:66.66%\">\n<p>La Caf se mobilise quotidiennement pour r\u00e9pondre aux besoins des&nbsp;<strong>94 757 allocataires<\/strong>.<br>La surface financi\u00e8re atteint <strong>562 M\u20ac en 2022.<\/strong><\/p>\n\n\n\n<div class=\"is-layout-flex wp-container-10 wp-block-columns\">\n<div class=\"is-layout-flow wp-block-column\">\n<h3 class=\"has-text-align-left\">511 M\u20ac <br>au titre des prestations l\u00e9gales<\/h3>\n\n\n\n<figure class=\"wp-block-image size-large is-resized\"><img decoding=\"async\" loading=\"lazy\" src=\"https:\/\/caf-rapport-activite.fr\/caf86-2022\/wp-content\/uploads\/sites\/10\/2023\/06\/Destination-des-prestations-3-1024x538.png\" alt=\"\" class=\"wp-image-969\" width=\"270\" height=\"142\" srcset=\"https:\/\/caf-rapport-activite.fr\/caf86-2022\/wp-content\/uploads\/sites\/10\/2023\/06\/Destination-des-prestations-3-1024x538.png 1024w, https:\/\/caf-rapport-activite.fr\/caf86-2022\/wp-content\/uploads\/sites\/10\/2023\/06\/Destination-des-prestations-3-300x158.png 300w, https:\/\/caf-rapport-activite.fr\/caf86-2022\/wp-content\/uploads\/sites\/10\/2023\/06\/Destination-des-prestations-3-768x403.png 768w, https:\/\/caf-rapport-activite.fr\/caf86-2022\/wp-content\/uploads\/sites\/10\/2023\/06\/Destination-des-prestations-3.png 1085w\" sizes=\"(max-width: 270px) 100vw, 270px\" \/><\/figure>\n<\/div>\n\n\n\n<div class=\"is-layout-flow wp-block-column\">\n<h3 class=\"has-text-align-left\">38 M\u20ac <br>au titre de l&rsquo;action sociale<\/h3>\n\n\n\n<figure class=\"wp-block-image size-large is-resized\"><img decoding=\"async\" loading=\"lazy\" src=\"https:\/\/caf-rapport-activite.fr\/caf86-2022\/wp-content\/uploads\/sites\/10\/2023\/06\/Destination-action-sociale-1024x612.png\" alt=\"\" class=\"wp-image-968\" width=\"288\" height=\"172\" srcset=\"https:\/\/caf-rapport-activite.fr\/caf86-2022\/wp-content\/uploads\/sites\/10\/2023\/06\/Destination-action-sociale-1024x612.png 1024w, https:\/\/caf-rapport-activite.fr\/caf86-2022\/wp-content\/uploads\/sites\/10\/2023\/06\/Destination-action-sociale-300x179.png 300w, https:\/\/caf-rapport-activite.fr\/caf86-2022\/wp-content\/uploads\/sites\/10\/2023\/06\/Destination-action-sociale-768x459.png 768w, https:\/\/caf-rapport-activite.fr\/caf86-2022\/wp-content\/uploads\/sites\/10\/2023\/06\/Destination-action-sociale.png 1301w\" sizes=\"(max-width: 288px) 100vw, 288px\" \/><\/figure>\n<\/div>\n<\/div>\n\n\n\n<figure class=\"wp-block-image size-large is-resized\"><img decoding=\"async\" loading=\"lazy\" src=\"https:\/\/caf-rapport-activite.fr\/caf86-2022\/wp-content\/uploads\/sites\/10\/2023\/06\/Repartition-des-allocataires-et-montants-verses-par-prestations-1024x778.png\" alt=\"\" class=\"wp-image-1016\" width=\"576\" height=\"437\" srcset=\"https:\/\/caf-rapport-activite.fr\/caf86-2022\/wp-content\/uploads\/sites\/10\/2023\/06\/Repartition-des-allocataires-et-montants-verses-par-prestations-1024x778.png 1024w, https:\/\/caf-rapport-activite.fr\/caf86-2022\/wp-content\/uploads\/sites\/10\/2023\/06\/Repartition-des-allocataires-et-montants-verses-par-prestations-300x228.png 300w, https:\/\/caf-rapport-activite.fr\/caf86-2022\/wp-content\/uploads\/sites\/10\/2023\/06\/Repartition-des-allocataires-et-montants-verses-par-prestations-768x584.png 768w, https:\/\/caf-rapport-activite.fr\/caf86-2022\/wp-content\/uploads\/sites\/10\/2023\/06\/Repartition-des-allocataires-et-montants-verses-par-prestations.png 1449w\" sizes=\"(max-width: 576px) 100vw, 576px\" \/><\/figure>\n<\/div>\n<\/div>\n\n\n\n<div style=\"height:39px\" aria-hidden=\"true\" class=\"wp-block-spacer\"><\/div>\n\n\n\n<h2>Les missions de la Caf de la Vienne<\/h2>\n\n\n\n<div class=\"is-layout-flex wp-container-15 wp-block-columns\">\n<div class=\"is-layout-flow wp-block-column\" style=\"flex-basis:33.33%\"><div class=\"wp-block-image\">\n<figure class=\"aligncenter size-full is-resized\"><img decoding=\"async\" loading=\"lazy\" src=\"https:\/\/caf-rapport-activite.fr\/caf86-2022\/wp-content\/uploads\/sites\/10\/2023\/06\/Les-missions-de-la-Caf-de-la-Vienne-r.png\" alt=\"\" class=\"wp-image-1051\" width=\"248\" height=\"254\" srcset=\"https:\/\/caf-rapport-activite.fr\/caf86-2022\/wp-content\/uploads\/sites\/10\/2023\/06\/Les-missions-de-la-Caf-de-la-Vienne-r.png 828w, https:\/\/caf-rapport-activite.fr\/caf86-2022\/wp-content\/uploads\/sites\/10\/2023\/06\/Les-missions-de-la-Caf-de-la-Vienne-r-292x300.png 292w, https:\/\/caf-rapport-activite.fr\/caf86-2022\/wp-content\/uploads\/sites\/10\/2023\/06\/Les-missions-de-la-Caf-de-la-Vienne-r-768x789.png 768w\" sizes=\"(max-width: 248px) 100vw, 248px\" \/><\/figure><\/div><\/div>\n\n\n\n<div class=\"is-layout-flow wp-block-column\" style=\"flex-basis:66.66%\">\n<div class=\"wp-block-pb-accordion-item c-accordion__item js-accordion-item no-js\" data-initially-open=\"false\" data-click-to-close=\"true\" data-auto-close=\"true\" data-scroll=\"false\" data-scroll-offset=\"0\"><h2 id=\"at-5190\" class=\"c-accordion__title js-accordion-controller\" role=\"button\">Accompagner les parents<\/h2><div id=\"ac-5190\" class=\"c-accordion__content\">\n<div class=\"wp-block-media-text alignwide is-stacked-on-mobile\" style=\"grid-template-columns:15% auto\"><figure class=\"wp-block-media-text__media\"><img decoding=\"async\" loading=\"lazy\" width=\"500\" height=\"439\" src=\"https:\/\/caf-rapport-activite.fr\/caf86-2022\/wp-content\/uploads\/sites\/10\/2023\/06\/groupe-familial-de-trois-1.png\" alt=\"\" class=\"wp-image-1084 size-full\" srcset=\"https:\/\/caf-rapport-activite.fr\/caf86-2022\/wp-content\/uploads\/sites\/10\/2023\/06\/groupe-familial-de-trois-1.png 500w, https:\/\/caf-rapport-activite.fr\/caf86-2022\/wp-content\/uploads\/sites\/10\/2023\/06\/groupe-familial-de-trois-1-300x263.png 300w\" sizes=\"(max-width: 500px) 100vw, 500px\" \/><\/figure><div class=\"wp-block-media-text__content\">\n<ul>\n<li><strong>75,7 M\u20ac&nbsp;<\/strong>vers\u00e9s \u00e0&nbsp;<strong>28 167<\/strong> allocataires b\u00e9n\u00e9ficiaires des allocations familiales (Af)<\/li>\n\n\n\n<li><strong>13 M\u20ac<\/strong>&nbsp;vers\u00e9s \u00e0&nbsp;4 908<strong>&nbsp;<\/strong>allocataires b\u00e9n\u00e9ficiaires du compl\u00e9ment familial (Cf)<\/li>\n\n\n\n<li><strong>13 M\u20ac&nbsp;<\/strong>vers\u00e9s \u00e0 <strong>18 000<\/strong> allocataires b\u00e9n\u00e9ficiaires de l\u2019allocation de rentr\u00e9e scolaire (Ars)<\/li>\n<\/ul>\n<\/div><\/div>\n\n\n\n<h4>Dispositif de soutien \u00e0 la parentalit\u00e9<\/h4>\n\n\n\n<ul>\n<li><strong>1 064<\/strong> droits de visite organis\u00e9s sur 2 espaces de rencontres<\/li>\n\n\n\n<li><strong>146<\/strong> s\u00e9ances de m\u00e9diation familiale pour 117 b\u00e9n\u00e9ficiaires r\u00e9alis\u00e9es sur 2 structures<\/li>\n\n\n\n<li><strong>26<\/strong> lieux d&rsquo;accueil enfants parents (Laep) ont accueilli 895 familles et 1 090 enfants<\/li>\n\n\n\n<li><strong>131<\/strong> actions du r\u00e9seau d&rsquo;\u00e9coute d&rsquo;appui et d&rsquo;accompagnement des parents (Reaap) ont b\u00e9n\u00e9fici\u00e9 \u00e0 5 096 familles<\/li>\n\n\n\n<li><strong>18<\/strong> projets Clas mis en oeuvre par 31 op\u00e9rateurs pour 1 322 familles et 1 812 familles<\/li>\n\n\n\n<li><strong>40 <\/strong>professionnels \u00ab\u00a0Promeneurs du Net\u00a0\u00bb dont 10 nouveaux en 2022<\/li>\n\n\n\n<li><strong>2<\/strong> associations d&rsquo;aide \u00e0 domicile conventionn\u00e9es ont accompagn\u00e9 601 familles<\/li>\n<\/ul>\n<\/div><\/div>\n\n\n\n<div class=\"wp-block-pb-accordion-item c-accordion__item js-accordion-item no-js\" data-initially-open=\"false\" data-click-to-close=\"true\" data-auto-close=\"true\" data-scroll=\"false\" data-scroll-offset=\"0\"><h2 id=\"at-5191\" class=\"c-accordion__title js-accordion-controller\" role=\"button\">D\u00e9velopper les services \u00e0 l&rsquo;enfance<\/h2><div id=\"ac-5191\" class=\"c-accordion__content\">\n<div class=\"wp-block-media-text alignwide is-stacked-on-mobile\" style=\"grid-template-columns:15% auto\"><figure class=\"wp-block-media-text__media\"><img decoding=\"async\" loading=\"lazy\" width=\"379\" height=\"354\" src=\"https:\/\/caf-rapport-activite.fr\/caf86-2022\/wp-content\/uploads\/sites\/10\/2023\/06\/pacifier.png\" alt=\"\" class=\"wp-image-1032 size-full\" srcset=\"https:\/\/caf-rapport-activite.fr\/caf86-2022\/wp-content\/uploads\/sites\/10\/2023\/06\/pacifier.png 379w, https:\/\/caf-rapport-activite.fr\/caf86-2022\/wp-content\/uploads\/sites\/10\/2023\/06\/pacifier-300x280.png 300w\" sizes=\"(max-width: 379px) 100vw, 379px\" \/><\/figure><div class=\"wp-block-media-text__content\">\n<ul>\n<li><strong>10 594 familles<\/strong> ont b\u00e9n\u00e9fici\u00e9 d&rsquo;une ou plusieurs prestations <strong>Paje<\/strong><\/li>\n\n\n\n<li><strong>3,1 M\u20ac<\/strong> vers\u00e9s aux <strong>10 594<\/strong> allocataires b\u00e9n\u00e9ficiaires de la <strong>prime \u00e0 la naissance ou \u00e0 l&rsquo;adoption<\/strong><\/li>\n\n\n\n<li><strong>18,2 M\u20ac<\/strong> vers\u00e9s aux <strong>8 900<\/strong> allocataires b\u00e9n\u00e9ficiaires de l&rsquo;<strong>allocation de base<\/strong><\/li>\n\n\n\n<li><strong>45,2 M\u20ac<\/strong> vers\u00e9s aux<strong> 5 291<\/strong> allocataires b\u00e9n\u00e9ficiaires du <strong>Cmg<\/strong> (Compl\u00e9ment de libre du mode de garde)<\/li>\n\n\n\n<li><strong>4,1 M\u20ac<\/strong> vers\u00e9s aux <strong>1 173<\/strong> allocataires b\u00e9n\u00e9ficiaires de la <strong>PreParE<\/strong><br><br><\/li>\n\n\n\n<li><strong>11,4 M\u20ac&nbsp;<\/strong>vers\u00e9s pour aider cr\u00e8ches, haltes garderies, multi-accueils pour le fonctionnement de&nbsp;<strong>1 624 <\/strong>places d\u2019accueil collectifs<\/li>\n\n\n\n<li><strong>33<\/strong> Maisons d&rsquo;Assistantes maternelles (Mam) et <strong>36<\/strong> relais petite enfance (Rpe)<\/li>\n<\/ul>\n<\/div><\/div>\n<\/div><\/div>\n\n\n\n<div class=\"wp-block-pb-accordion-item c-accordion__item js-accordion-item no-js\" data-initially-open=\"false\" data-click-to-close=\"true\" data-auto-close=\"true\" data-scroll=\"false\" data-scroll-offset=\"0\"><h2 id=\"at-5192\" class=\"c-accordion__title js-accordion-controller\" role=\"button\">Am\u00e9liorer les conditions de logement<\/h2><div id=\"ac-5192\" class=\"c-accordion__content\">\n<div class=\"wp-block-media-text alignwide is-stacked-on-mobile\" style=\"grid-template-columns:15% auto\"><figure class=\"wp-block-media-text__media\"><img decoding=\"async\" loading=\"lazy\" width=\"466\" height=\"435\" src=\"https:\/\/caf-rapport-activite.fr\/caf86-2022\/wp-content\/uploads\/sites\/10\/2023\/06\/boite-ouverte.png\" alt=\"\" class=\"wp-image-1033 size-full\" srcset=\"https:\/\/caf-rapport-activite.fr\/caf86-2022\/wp-content\/uploads\/sites\/10\/2023\/06\/boite-ouverte.png 466w, https:\/\/caf-rapport-activite.fr\/caf86-2022\/wp-content\/uploads\/sites\/10\/2023\/06\/boite-ouverte-300x280.png 300w\" sizes=\"(max-width: 466px) 100vw, 466px\" \/><\/figure><div class=\"wp-block-media-text__content\">\n<ul>\n<li><strong>108 M\u20ac<\/strong> vers\u00e9s pour <strong>45 000<\/strong> allocataires b\u00e9n\u00e9ficiaires d&rsquo;une aide au logement (Als, Apl, Alf)<\/li>\n\n\n\n<li><strong>76 176 <\/strong>personnes couvertes par une aide au logement<\/li>\n\n\n\n<li><strong>17&nbsp;M\u20ac<\/strong>&nbsp;vers\u00e9s \u00e0 <strong>5 111&nbsp;<\/strong>allocataires b\u00e9n\u00e9ficiaires de l<strong>\u2019Alf<\/strong><\/li>\n\n\n\n<li><strong>49,6&nbsp;M\u20ac<\/strong>&nbsp;vers\u00e9s \u00e0&nbsp;<strong>22 889<\/strong> allocataires b\u00e9n\u00e9ficiaires de l\u2019<strong>Als<\/strong><\/li>\n\n\n\n<li><strong>42&nbsp;M\u20ac&nbsp;<\/strong>vers\u00e9s \u00e0&nbsp;<strong>16 914&nbsp;<\/strong>allocataires b\u00e9n\u00e9ficiaires de l\u2019<strong>Apl<\/strong><\/li>\n<\/ul>\n<\/div><\/div>\n\n\n\n<div class=\"wp-block-media-text alignwide is-stacked-on-mobile\" style=\"grid-template-columns:15% auto\"><figure class=\"wp-block-media-text__media\"><img decoding=\"async\" loading=\"lazy\" width=\"458\" height=\"427\" src=\"https:\/\/caf-rapport-activite.fr\/caf86-2022\/wp-content\/uploads\/sites\/10\/2023\/06\/mortier-1.png\" alt=\"\" class=\"wp-image-1036 size-full\" srcset=\"https:\/\/caf-rapport-activite.fr\/caf86-2022\/wp-content\/uploads\/sites\/10\/2023\/06\/mortier-1.png 458w, https:\/\/caf-rapport-activite.fr\/caf86-2022\/wp-content\/uploads\/sites\/10\/2023\/06\/mortier-1-300x280.png 300w\" sizes=\"(max-width: 458px) 100vw, 458px\" \/><\/figure><div class=\"wp-block-media-text__content\">\n<ul>\n<li><strong>2,3 M\u20ac<\/strong> d&rsquo;aides au logement vers\u00e9s aux <strong>13 504 \u00e9tudiants<\/strong><\/li>\n<\/ul>\n<\/div><\/div>\n\n\n<div class=\"wp-block-image\">\n<figure class=\"aligncenter size-large is-resized\"><img decoding=\"async\" loading=\"lazy\" src=\"https:\/\/caf-rapport-activite.fr\/caf86-2022\/wp-content\/uploads\/sites\/10\/2023\/06\/Repartition-des-aides-au-logement-6-759x1024.png\" alt=\"\" class=\"wp-image-999\" width=\"359\" height=\"485\" srcset=\"https:\/\/caf-rapport-activite.fr\/caf86-2022\/wp-content\/uploads\/sites\/10\/2023\/06\/Repartition-des-aides-au-logement-6-759x1024.png 759w, https:\/\/caf-rapport-activite.fr\/caf86-2022\/wp-content\/uploads\/sites\/10\/2023\/06\/Repartition-des-aides-au-logement-6-222x300.png 222w, https:\/\/caf-rapport-activite.fr\/caf86-2022\/wp-content\/uploads\/sites\/10\/2023\/06\/Repartition-des-aides-au-logement-6-768x1036.png 768w, https:\/\/caf-rapport-activite.fr\/caf86-2022\/wp-content\/uploads\/sites\/10\/2023\/06\/Repartition-des-aides-au-logement-6-1138x1536.png 1138w, https:\/\/caf-rapport-activite.fr\/caf86-2022\/wp-content\/uploads\/sites\/10\/2023\/06\/Repartition-des-aides-au-logement-6.png 1482w\" sizes=\"(max-width: 359px) 100vw, 359px\" \/><\/figure><\/div><\/div><\/div>\n<\/div>\n<\/div>\n\n\n\n<h2>La qualit\u00e9 de service de la Caf de la Vienne<\/h2>\n\n\n\n<div class=\"is-layout-flex wp-container-18 wp-block-columns\">\n<div class=\"is-layout-flow wp-block-column\" style=\"flex-basis:33.33%\"><div class=\"wp-block-image\">\n<figure class=\"aligncenter size-full is-resized\"><img decoding=\"async\" loading=\"lazy\" src=\"https:\/\/caf-rapport-activite.fr\/caf86-2022\/wp-content\/uploads\/sites\/10\/2023\/06\/2-Les-missions-de-la-Caf-de-la-Vienne-r-1.png\" alt=\"\" class=\"wp-image-1065\" width=\"256\" height=\"274\"\/><\/figure><\/div><\/div>\n\n\n\n<div class=\"is-layout-flow wp-block-column\" style=\"flex-basis:66.66%\">\n<div class=\"wp-block-pb-accordion-item c-accordion__item js-accordion-item no-js\" data-initially-open=\"false\" data-click-to-close=\"true\" data-auto-close=\"true\" data-scroll=\"false\" data-scroll-offset=\"0\"><h2 id=\"at-5193\" class=\"c-accordion__title js-accordion-controller\" role=\"button\">Assurer la relation de service<\/h2><div id=\"ac-5193\" class=\"c-accordion__content\">\n<p>En comparaison \u00e0 2021, on constate une augmentation de 43 % de la fr\u00e9quentation tout type d\u2019accueil confondu.<\/p>\n\n\n\n<div class=\"wp-block-media-text alignwide is-stacked-on-mobile is-vertically-aligned-center\" style=\"grid-template-columns:15% auto\"><figure class=\"wp-block-media-text__media\"><img decoding=\"async\" loading=\"lazy\" width=\"414\" height=\"428\" src=\"https:\/\/caf-rapport-activite.fr\/caf86-2022\/wp-content\/uploads\/sites\/10\/2023\/06\/pointer-spot-tool-for-maps.png\" alt=\"\" class=\"wp-image-1037 size-full\" srcset=\"https:\/\/caf-rapport-activite.fr\/caf86-2022\/wp-content\/uploads\/sites\/10\/2023\/06\/pointer-spot-tool-for-maps.png 414w, https:\/\/caf-rapport-activite.fr\/caf86-2022\/wp-content\/uploads\/sites\/10\/2023\/06\/pointer-spot-tool-for-maps-290x300.png 290w\" sizes=\"(max-width: 414px) 100vw, 414px\" \/><\/figure><div class=\"wp-block-media-text__content\">\n<ul>\n<li><strong>38 lieux d&rsquo;accueils<\/strong> dont 8 \u00e0 Poitiers <\/li>\n\n\n\n<li><strong>23 espaces France Services<\/strong><\/li>\n\n\n\n<li><strong>10 points relais Caf <\/strong><\/li>\n<\/ul>\n<\/div><\/div>\n\n\n\n<div class=\"wp-block-media-text alignwide is-stacked-on-mobile\" style=\"grid-template-columns:15% auto\"><figure class=\"wp-block-media-text__media\"><img decoding=\"async\" loading=\"lazy\" width=\"413\" height=\"427\" src=\"https:\/\/caf-rapport-activite.fr\/caf86-2022\/wp-content\/uploads\/sites\/10\/2023\/06\/conversation.png\" alt=\"\" class=\"wp-image-1040 size-full\" srcset=\"https:\/\/caf-rapport-activite.fr\/caf86-2022\/wp-content\/uploads\/sites\/10\/2023\/06\/conversation.png 413w, https:\/\/caf-rapport-activite.fr\/caf86-2022\/wp-content\/uploads\/sites\/10\/2023\/06\/conversation-290x300.png 290w\" sizes=\"(max-width: 413px) 100vw, 413px\" \/><\/figure><div class=\"wp-block-media-text__content\">\n<ul>\n<li><strong><strong>59 562 visites<\/strong> <\/strong>en accueil <\/li>\n\n\n\n<li><strong><strong>1 491 rendez-vous <\/strong><\/strong>en visio r\u00e9alis\u00e9s<\/li>\n<\/ul>\n<\/div><\/div>\n\n\n\n<div class=\"wp-block-media-text alignwide is-stacked-on-mobile\" style=\"grid-template-columns:15% auto\"><figure class=\"wp-block-media-text__media\"><img decoding=\"async\" loading=\"lazy\" width=\"414\" height=\"428\" src=\"https:\/\/caf-rapport-activite.fr\/caf86-2022\/wp-content\/uploads\/sites\/10\/2023\/06\/telephone-operator.png\" alt=\"\" class=\"wp-image-1042 size-full\" srcset=\"https:\/\/caf-rapport-activite.fr\/caf86-2022\/wp-content\/uploads\/sites\/10\/2023\/06\/telephone-operator.png 414w, https:\/\/caf-rapport-activite.fr\/caf86-2022\/wp-content\/uploads\/sites\/10\/2023\/06\/telephone-operator-290x300.png 290w\" sizes=\"(max-width: 414px) 100vw, 414px\" \/><\/figure><div class=\"wp-block-media-text__content\">\n<ul>\n<li><strong>208 521 appels <\/strong>t\u00e9l\u00e9phoniques trait\u00e9s<\/li>\n\n\n\n<li><strong>2 962 rdv<\/strong> t\u00e9l\u00e9phoniques r\u00e9alis\u00e9s <\/li>\n<\/ul>\n<\/div><\/div>\n\n\n\n<div class=\"wp-block-media-text alignwide is-stacked-on-mobile\" style=\"grid-template-columns:15% auto\"><figure class=\"wp-block-media-text__media\"><img decoding=\"async\" loading=\"lazy\" width=\"413\" height=\"427\" src=\"https:\/\/caf-rapport-activite.fr\/caf86-2022\/wp-content\/uploads\/sites\/10\/2023\/06\/email.png\" alt=\"\" class=\"wp-image-1043 size-full\" srcset=\"https:\/\/caf-rapport-activite.fr\/caf86-2022\/wp-content\/uploads\/sites\/10\/2023\/06\/email.png 413w, https:\/\/caf-rapport-activite.fr\/caf86-2022\/wp-content\/uploads\/sites\/10\/2023\/06\/email-290x300.png 290w\" sizes=\"(max-width: 413px) 100vw, 413px\" \/><\/figure><div class=\"wp-block-media-text__content\">\n<ul>\n<li><strong>1 361 292 pi\u00e8ces<\/strong> re\u00e7ues par la Caf dont 79 % re\u00e7ues de fa\u00e7on d\u00e9mat\u00e9rialis\u00e9e<\/li>\n\n\n\n<li><strong>48 353 mails<\/strong> trait\u00e9s <\/li>\n<\/ul>\n<\/div><\/div>\n\n\n\n<div class=\"wp-block-media-text alignwide is-stacked-on-mobile\" style=\"grid-template-columns:15% auto\"><figure class=\"wp-block-media-text__media\"><img decoding=\"async\" loading=\"lazy\" width=\"413\" height=\"427\" src=\"https:\/\/caf-rapport-activite.fr\/caf86-2022\/wp-content\/uploads\/sites\/10\/2023\/06\/Telephone.png\" alt=\"\" class=\"wp-image-1044 size-full\" srcset=\"https:\/\/caf-rapport-activite.fr\/caf86-2022\/wp-content\/uploads\/sites\/10\/2023\/06\/Telephone.png 413w, https:\/\/caf-rapport-activite.fr\/caf86-2022\/wp-content\/uploads\/sites\/10\/2023\/06\/Telephone-290x300.png 290w\" sizes=\"(max-width: 413px) 100vw, 413px\" \/><\/figure><div class=\"wp-block-media-text__content\">\n<ul>\n<li><strong>2 721 180 <\/strong>connexions \u00e0 \u00ab\u00a0Mon Compte<\/li>\n\n\n\n<li><strong>59 %<\/strong> sur l&rsquo;application mobile et <strong>41 %<\/strong> sur le caf.fr<\/li>\n<\/ul>\n<\/div><\/div>\n<\/div><\/div>\n\n\n\n<div class=\"wp-block-pb-accordion-item c-accordion__item js-accordion-item no-js\" data-initially-open=\"false\" data-click-to-close=\"true\" data-auto-close=\"true\" data-scroll=\"false\" data-scroll-offset=\"0\"><h2 id=\"at-5194\" class=\"c-accordion__title js-accordion-controller\" role=\"button\">Renforcer l&rsquo;acc\u00e8s aux droits<\/h2><div id=\"ac-5194\" class=\"c-accordion__content\">\n<div class=\"wp-block-media-text alignwide is-stacked-on-mobile\" style=\"grid-template-columns:15% auto\"><figure class=\"wp-block-media-text__media\"><img decoding=\"async\" loading=\"lazy\" width=\"564\" height=\"431\" src=\"https:\/\/caf-rapport-activite.fr\/caf86-2022\/wp-content\/uploads\/sites\/10\/2023\/06\/wallet.png\" alt=\"\" class=\"wp-image-1046 size-full\" srcset=\"https:\/\/caf-rapport-activite.fr\/caf86-2022\/wp-content\/uploads\/sites\/10\/2023\/06\/wallet.png 564w, https:\/\/caf-rapport-activite.fr\/caf86-2022\/wp-content\/uploads\/sites\/10\/2023\/06\/wallet-300x229.png 300w\" sizes=\"(max-width: 564px) 100vw, 564px\" \/><\/figure><div class=\"wp-block-media-text__content\">\n<ul>\n<li><strong>66,9 M\u20ac<\/strong>&nbsp;vers\u00e9s \u00e0<strong>&nbsp;32 669<\/strong> b\u00e9n\u00e9ficiaires de la&nbsp;<strong>Prime d\u2019activit\u00e9<\/strong><\/li>\n\n\n\n<li><strong>74,4 M\u20ac<\/strong>&nbsp;vers\u00e9s \u00e0&nbsp;<strong>12 022<\/strong>&nbsp;foyers b\u00e9n\u00e9ficiaires du&nbsp;<strong>Rsa<\/strong><br><br><\/li>\n\n\n\n<li><strong>4,4 M\u20ac<\/strong>&nbsp;vers\u00e9s \u00e0&nbsp;1 580&nbsp;allocataires b\u00e9n\u00e9ficiaires de l\u2019<strong>Aeeh<\/strong><\/li>\n\n\n\n<li><strong>58,2 M\u20ac<\/strong>&nbsp;vers\u00e9s \u00e0&nbsp;<strong>6 279<\/strong>&nbsp;allocataires b\u00e9n\u00e9ficiaires de l\u2019<strong>Aah<\/strong><\/li>\n\n\n\n<li><strong>0,85 M\u20ac<\/strong> vers\u00e9s \u00e0 <strong>69<\/strong> b\u00e9n\u00e9ficiaires de l&rsquo;<strong>Ajpp<\/strong><\/li>\n<\/ul>\n\n\n\n<div style=\"height:4px\" aria-hidden=\"true\" class=\"wp-block-spacer\"><\/div>\n\n\n\n<ul>\n<li><strong>13,3 M\u20ac<\/strong>&nbsp;vers\u00e9s \u00e0&nbsp;<strong>5 482<\/strong> allocataires b\u00e9n\u00e9ficiaires de l\u2019<strong>Asf<\/strong><\/li>\n<\/ul>\n<\/div><\/div>\n\n\n\n<h5><strong><sup>Aeeh : Allocation d\u2019\u00e9ducation de l\u2019enfant handicap\u00e9<br>Aah : Allocation aux adultes handicap\u00e9s<br>Ajpp : Allocation journali\u00e8re de pr\u00e9sence parentale<br>Asf : Allocation de soutien familial<\/sup><\/strong><\/h5>\n<\/div><\/div>\n\n\n\n<div class=\"wp-block-pb-accordion-item c-accordion__item js-accordion-item no-js\" data-initially-open=\"false\" data-click-to-close=\"true\" data-auto-close=\"true\" data-scroll=\"false\" data-scroll-offset=\"0\"><h2 id=\"at-5195\" class=\"c-accordion__title js-accordion-controller\" role=\"button\">Pr\u00e9venir et lutter contre la fraude<\/h2><div id=\"ac-5195\" class=\"c-accordion__content\">\n<div class=\"wp-block-media-text alignwide is-stacked-on-mobile\" style=\"grid-template-columns:15% auto\"><figure class=\"wp-block-media-text__media\"><img decoding=\"async\" loading=\"lazy\" width=\"560\" height=\"427\" src=\"https:\/\/caf-rapport-activite.fr\/caf86-2022\/wp-content\/uploads\/sites\/10\/2023\/06\/search.png\" alt=\"\" class=\"wp-image-1049 size-full\" srcset=\"https:\/\/caf-rapport-activite.fr\/caf86-2022\/wp-content\/uploads\/sites\/10\/2023\/06\/search.png 560w, https:\/\/caf-rapport-activite.fr\/caf86-2022\/wp-content\/uploads\/sites\/10\/2023\/06\/search-300x229.png 300w\" sizes=\"(max-width: 560px) 100vw, 560px\" \/><\/figure><div class=\"wp-block-media-text__content\">\n<ul>\n<li><strong>155 047<\/strong>&nbsp;contr\u00f4les automatis\u00e9s <\/li>\n\n\n\n<li><strong>30 196 <\/strong>contr\u00f4les sur pi\u00e8ces (demande de justificatifs)<\/li>\n\n\n\n<li><strong>901<\/strong>&nbsp;contr\u00f4les sur place (visite d\u2019un contr\u00f4leur asserment\u00e9 chez l\u2019allocataire)<\/li>\n<\/ul>\n<\/div><\/div>\n\n\n\n<div class=\"wp-block-media-text alignwide is-stacked-on-mobile\" style=\"grid-template-columns:15% auto\"><figure class=\"wp-block-media-text__media\"><img decoding=\"async\" loading=\"lazy\" width=\"560\" height=\"427\" src=\"https:\/\/caf-rapport-activite.fr\/caf86-2022\/wp-content\/uploads\/sites\/10\/2023\/06\/gavel.png\" alt=\"\" class=\"wp-image-1047 size-full\" srcset=\"https:\/\/caf-rapport-activite.fr\/caf86-2022\/wp-content\/uploads\/sites\/10\/2023\/06\/gavel.png 560w, https:\/\/caf-rapport-activite.fr\/caf86-2022\/wp-content\/uploads\/sites\/10\/2023\/06\/gavel-300x229.png 300w\" sizes=\"(max-width: 560px) 100vw, 560px\" \/><\/figure><div class=\"wp-block-media-text__content\">\n<ul>\n<li><strong>11,5 M\u20ac <\/strong>d&rsquo;impact financiers des contr\u00f4les (8,4 M\u20ac de prestations vers\u00e9es \u00e0 tort et 3,1 M\u20ac de prestations r\u00e9tablies)<\/li>\n\n\n\n<li><strong>301 <\/strong>cas de fraudes d\u00e9tect\u00e9es pour un montant de<strong> 3 M\u20ac<\/strong><\/li>\n<\/ul>\n<\/div><\/div>\n<\/div><\/div>\n<\/div>\n<\/div>\n\n\n\n<div style=\"height:39px\" aria-hidden=\"true\" class=\"wp-block-spacer\"><\/div>\n\n\n\n<h2>Acteur local de l\u2019observation \u00e9conomique et sociale<\/h2>\n\n\n\n<p>La branche Famille s\u2019est dot\u00e9e d\u2019un outil puissant :<strong>&nbsp;<em>Cafdata<\/em>,<\/strong>&nbsp;l\u2019Open Data des Allocations familiales. Il s\u2019agit de donn\u00e9es statistiques mensuelles, homog\u00e8nes, qui, chaque mois permettent de d\u00e9crire la situation des allocataires, pour chaque mois de droit \/ situation observ\u00e9e avec suffisamment de recul pour \u00eatre consid\u00e9r\u00e9e comme stabilis\u00e9e.<\/p>\n\n\n        <a class=\"acf-block--readmore\" href=\"http:\/\/data.caf.fr\/site\/\" target=\"_blank\">\n            Consulter l&rsquo;open Data Caf        <\/a>\n    \n\n\n<p>En tant qu\u2019acteur local de l\u2019observation \u00e9conomique et sociale, la Caf publie chaque ann\u00e9e, en compl\u00e9ment du pr\u00e9sent rapport d\u2019activit\u00e9, son portrait social.<\/p>\n\n\n\n<p>\u00c9labor\u00e9 \u00e0 partir de donn\u00e9es d\u00e9finitives issues des fichiers allocataires et consolid\u00e9s 6 mois apr\u00e8s la date d\u2019observation, le portrait social donne une photographie de la population allocataire en d\u00e9cembre de l\u2019ann\u00e9e pr\u00e9c\u00e9dent la publication.<\/p>\n\n\n        <a class=\"acf-block--readmore\" href=\"https:\/\/www.caf.fr\/sites\/default\/files\/medias\/861\/Qui%20sommes-nous\/Doc\/Caf861_PortraitSocial%202022.pdf\" target=\"_blank\">\n            Consulter le portrait social de la Caf &#8211; \u00c9dition 2022        <\/a>\n    \n\n\n<p><\/p>\n","protected":false},"featured_media":0,"template":"","yoast_head":"<!-- This site is optimized with the Yoast SEO plugin v19.11 - https:\/\/yoast.com\/wordpress\/plugins\/seo\/ -->\n<title>Portrait de nos allocataires - Caf86 - 2022<\/title>\n<meta name=\"robots\" content=\"index, follow, max-snippet:-1, max-image-preview:large, max-video-preview:-1\" \/>\n<link rel=\"canonical\" href=\"https:\/\/caf-rapport-activite.fr\/caf86-2022\/rubrique-organisme\/portrait-de-nos-allocataires\/\" \/>\n<meta property=\"og:locale\" content=\"fr_FR\" \/>\n<meta property=\"og:type\" content=\"article\" \/>\n<meta property=\"og:title\" content=\"Portrait de nos allocataires - Caf86 - 2022\" \/>\n<meta property=\"og:description\" content=\"LE D\u00c9PARTEMENT DE LA VIENNE POPULATION 438 435 habitants13 504 allocataires \u00e9tudiants** R\u00c9PARTION PAR TRANCHE D&rsquo;\u00c2GEMoins de 25 ans : [&hellip;]\" \/>\n<meta property=\"og:url\" content=\"https:\/\/caf-rapport-activite.fr\/caf86-2022\/rubrique-organisme\/portrait-de-nos-allocataires\/\" \/>\n<meta property=\"og:site_name\" content=\"Caf86 - 2022\" \/>\n<meta property=\"article:modified_time\" content=\"2023-06-30T14:59:54+00:00\" \/>\n<meta property=\"og:image\" content=\"https:\/\/caf-rapport-activite.fr\/caf86-2022\/wp-content\/uploads\/sites\/10\/2023\/06\/Rapport-dactivite-r-Donnees-generales-2-1024x424.png\" \/>\n<meta name=\"twitter:card\" content=\"summary_large_image\" \/>\n<meta name=\"twitter:label1\" content=\"Dur\u00e9e de lecture estim\u00e9e\" \/>\n\t<meta name=\"twitter:data1\" content=\"9 minutes\" \/>\n<script type=\"application\/ld+json\" class=\"yoast-schema-graph\">{\"@context\":\"https:\/\/schema.org\",\"@graph\":[{\"@type\":\"WebPage\",\"@id\":\"https:\/\/caf-rapport-activite.fr\/caf86-2022\/rubrique-organisme\/portrait-de-nos-allocataires\/\",\"url\":\"https:\/\/caf-rapport-activite.fr\/caf86-2022\/rubrique-organisme\/portrait-de-nos-allocataires\/\",\"name\":\"Portrait de nos allocataires - Caf86 - 2022\",\"isPartOf\":{\"@id\":\"https:\/\/caf-rapport-activite.fr\/caf86-2022\/#website\"},\"datePublished\":\"2023-05-30T13:24:38+00:00\",\"dateModified\":\"2023-06-30T14:59:54+00:00\",\"breadcrumb\":{\"@id\":\"https:\/\/caf-rapport-activite.fr\/caf86-2022\/rubrique-organisme\/portrait-de-nos-allocataires\/#breadcrumb\"},\"inLanguage\":\"fr-FR\",\"potentialAction\":[{\"@type\":\"ReadAction\",\"target\":[\"https:\/\/caf-rapport-activite.fr\/caf86-2022\/rubrique-organisme\/portrait-de-nos-allocataires\/\"]}]},{\"@type\":\"BreadcrumbList\",\"@id\":\"https:\/\/caf-rapport-activite.fr\/caf86-2022\/rubrique-organisme\/portrait-de-nos-allocataires\/#breadcrumb\",\"itemListElement\":[{\"@type\":\"ListItem\",\"position\":1,\"name\":\"Accueil\",\"item\":\"https:\/\/caf-rapport-activite.fr\/caf86-2022\/\"},{\"@type\":\"ListItem\",\"position\":2,\"name\":\"Rubriques\",\"item\":\"https:\/\/caf-rapport-activite.fr\/caf86-2022\/rubrique-organisme\/\"},{\"@type\":\"ListItem\",\"position\":3,\"name\":\"Portrait de nos allocataires\"}]},{\"@type\":\"WebSite\",\"@id\":\"https:\/\/caf-rapport-activite.fr\/caf86-2022\/#website\",\"url\":\"https:\/\/caf-rapport-activite.fr\/caf86-2022\/\",\"name\":\"Caf86 - 2022\",\"description\":\"\",\"potentialAction\":[{\"@type\":\"SearchAction\",\"target\":{\"@type\":\"EntryPoint\",\"urlTemplate\":\"https:\/\/caf-rapport-activite.fr\/caf86-2022\/?s={search_term_string}\"},\"query-input\":\"required name=search_term_string\"}],\"inLanguage\":\"fr-FR\"}]}<\/script>\n<!-- \/ Yoast SEO plugin. -->","yoast_head_json":{"title":"Portrait de nos allocataires - Caf86 - 2022","robots":{"index":"index","follow":"follow","max-snippet":"max-snippet:-1","max-image-preview":"max-image-preview:large","max-video-preview":"max-video-preview:-1"},"canonical":"https:\/\/caf-rapport-activite.fr\/caf86-2022\/rubrique-organisme\/portrait-de-nos-allocataires\/","og_locale":"fr_FR","og_type":"article","og_title":"Portrait de nos allocataires - Caf86 - 2022","og_description":"LE D\u00c9PARTEMENT DE LA VIENNE POPULATION 438 435 habitants13 504 allocataires \u00e9tudiants** R\u00c9PARTION PAR TRANCHE D&rsquo;\u00c2GEMoins de 25 ans : [&hellip;]","og_url":"https:\/\/caf-rapport-activite.fr\/caf86-2022\/rubrique-organisme\/portrait-de-nos-allocataires\/","og_site_name":"Caf86 - 2022","article_modified_time":"2023-06-30T14:59:54+00:00","og_image":[{"url":"https:\/\/caf-rapport-activite.fr\/caf86-2022\/wp-content\/uploads\/sites\/10\/2023\/06\/Rapport-dactivite-r-Donnees-generales-2-1024x424.png"}],"twitter_card":"summary_large_image","twitter_misc":{"Dur\u00e9e de lecture estim\u00e9e":"9 minutes"},"schema":{"@context":"https:\/\/schema.org","@graph":[{"@type":"WebPage","@id":"https:\/\/caf-rapport-activite.fr\/caf86-2022\/rubrique-organisme\/portrait-de-nos-allocataires\/","url":"https:\/\/caf-rapport-activite.fr\/caf86-2022\/rubrique-organisme\/portrait-de-nos-allocataires\/","name":"Portrait de nos allocataires - Caf86 - 2022","isPartOf":{"@id":"https:\/\/caf-rapport-activite.fr\/caf86-2022\/#website"},"datePublished":"2023-05-30T13:24:38+00:00","dateModified":"2023-06-30T14:59:54+00:00","breadcrumb":{"@id":"https:\/\/caf-rapport-activite.fr\/caf86-2022\/rubrique-organisme\/portrait-de-nos-allocataires\/#breadcrumb"},"inLanguage":"fr-FR","potentialAction":[{"@type":"ReadAction","target":["https:\/\/caf-rapport-activite.fr\/caf86-2022\/rubrique-organisme\/portrait-de-nos-allocataires\/"]}]},{"@type":"BreadcrumbList","@id":"https:\/\/caf-rapport-activite.fr\/caf86-2022\/rubrique-organisme\/portrait-de-nos-allocataires\/#breadcrumb","itemListElement":[{"@type":"ListItem","position":1,"name":"Accueil","item":"https:\/\/caf-rapport-activite.fr\/caf86-2022\/"},{"@type":"ListItem","position":2,"name":"Rubriques","item":"https:\/\/caf-rapport-activite.fr\/caf86-2022\/rubrique-organisme\/"},{"@type":"ListItem","position":3,"name":"Portrait de nos allocataires"}]},{"@type":"WebSite","@id":"https:\/\/caf-rapport-activite.fr\/caf86-2022\/#website","url":"https:\/\/caf-rapport-activite.fr\/caf86-2022\/","name":"Caf86 - 2022","description":"","potentialAction":[{"@type":"SearchAction","target":{"@type":"EntryPoint","urlTemplate":"https:\/\/caf-rapport-activite.fr\/caf86-2022\/?s={search_term_string}"},"query-input":"required name=search_term_string"}],"inLanguage":"fr-FR"}]}},"_links":{"self":[{"href":"https:\/\/caf-rapport-activite.fr\/caf86-2022\/wp-json\/wp\/v2\/rubrique-organisme\/519"}],"collection":[{"href":"https:\/\/caf-rapport-activite.fr\/caf86-2022\/wp-json\/wp\/v2\/rubrique-organisme"}],"about":[{"href":"https:\/\/caf-rapport-activite.fr\/caf86-2022\/wp-json\/wp\/v2\/types\/rubrique-organisme"}],"wp:attachment":[{"href":"https:\/\/caf-rapport-activite.fr\/caf86-2022\/wp-json\/wp\/v2\/media?parent=519"}],"curies":[{"name":"wp","href":"https:\/\/api.w.org\/{rel}","templated":true}]}}