{"id":241,"date":"2023-01-19T12:09:16","date_gmt":"2023-01-19T11:09:16","guid":{"rendered":"http:\/\/localhost\/caf\/?post_type=rubrique-organisme&#038;p=241"},"modified":"2023-06-29T10:13:32","modified_gmt":"2023-06-29T08:13:32","slug":"rubrique-1","status":"publish","type":"rubrique-organisme","link":"https:\/\/caf-rapport-activite.fr\/caf86-2022\/rubrique-organisme\/rubrique-1\/","title":{"rendered":"Piloter notre organisme"},"content":{"rendered":"\n<h2>L\u2019\u00e9quipe de direction<\/h2>\n\n\n\n<h3>Elle \u00e9labore les orientations strat\u00e9giques et assure le pilotage g\u00e9n\u00e9ral de l\u2019organisme.<\/h3>\n\n\n\n<div style=\"height:6px\" aria-hidden=\"true\" class=\"wp-block-spacer\"><\/div>\n\n\n\n<div class=\"wp-block-media-text alignwide is-stacked-on-mobile is-vertically-aligned-top has-small-font-size\" style=\"grid-template-columns:18% auto\"><figure class=\"wp-block-media-text__media\"><img decoding=\"async\" loading=\"lazy\" width=\"150\" height=\"150\" src=\"https:\/\/caf-rapport-activite.fr\/caf86-2022\/wp-content\/uploads\/sites\/10\/2023\/05\/Alain_Tetedoie-150x150.jpg\" alt=\"\" class=\"wp-image-468 size-thumbnail\" \/><\/figure><div class=\"wp-block-media-text__content\">\n<p class=\"has-medium-font-size\"><strong>Le directeur<\/strong><\/p>\n\n\n\n<p class=\"has-small-font-size\"><strong>Alain T\u00eatedoie, <\/strong>a pris ses fonctions en septembre 2022, en remplacement de <strong>Tania Conci, <\/strong>qui a rejoint la Caf d\u2019Ille-et-Vilaine en juin 2022.<strong> Il <\/strong>a la responsabilit\u00e9 du pilotage g\u00e9n\u00e9ral de l&rsquo;organisme, dans le cadre des objectifs nationaux et locaux (Contrat pluriannuel d&rsquo;objectifs et de gestion, projet d\u2019entreprise), et plus particuli\u00e8rement de :&nbsp;<\/p>\n\n\n\n<p class=\"has-small-font-size\">&gt; la relation avec les diff\u00e9rentes instances du Conseil d&rsquo;administration,&nbsp;<\/p>\n\n\n\n<p class=\"has-small-font-size\">&gt; le dialogue social, en lien avec les instances repr\u00e9sentatives du personnel,<\/p>\n\n\n\n<p class=\"has-small-font-size\">&gt; la repr\u00e9sentation de l&rsquo;organisme au sein des instances r\u00e9gionales et nationales, et la contribution de la Caf au r\u00e9seau de la branche Famille,&nbsp;<\/p>\n\n\n\n<p class=\"has-small-font-size\">&gt; le partenariat d\u00e9partemental et local, avec le pilotage du d\u00e9partement d\u2019action sociale qui regroupe le service des Politiques territoriales en charge des dispositifs d\u2019accompagnement et de financement des collectivit\u00e9s et des associations, et celui de la Coh\u00e9sion sociale, en charge du travail social et des aides financi\u00e8res individuelles aux familles.&nbsp;<\/p>\n<\/div><\/div>\n\n\n\n<div style=\"height:23px\" aria-hidden=\"true\" class=\"wp-block-spacer\"><\/div>\n\n\n\n<div class=\"wp-block-media-text alignwide is-stacked-on-mobile has-small-font-size\" style=\"grid-template-columns:17% auto\"><figure class=\"wp-block-media-text__media\"><img decoding=\"async\" loading=\"lazy\" width=\"150\" height=\"150\" src=\"https:\/\/caf-rapport-activite.fr\/caf86-2022\/wp-content\/uploads\/sites\/10\/2023\/05\/Celine_Hirel.14br-150x150.jpg\" alt=\"\" class=\"wp-image-467 size-thumbnail\" \/><\/figure><div class=\"wp-block-media-text__content\">\n<p class=\"has-medium-font-size\"><strong>La directrice adjointe<\/strong><\/p>\n\n\n\n<p class=\"has-small-font-size\"><strong>C\u00e9line Hirel, <\/strong>assure sur d\u00e9l\u00e9gation de la Directrice, le pilotage global de la relation allocataires :<br>&gt; les 9 p\u00f4les du d\u00e9partement Prestations (les 4 p\u00f4les Gestion et conseil, les 2 p\u00f4les Relation de service, le p\u00f4le Appui m\u00e9tiers, le p\u00f4le Contr\u00f4le et le p\u00f4le Logement)\u202f;<\/p>\n\n\n\n<p class=\"has-small-font-size\">&gt; le service en charge du contr\u00f4le de gestion qui intervient au niveau local et au niveau r\u00e9gional \u00e0 travers le PROSENA (P\u00f4le R\u00e9gional d\u2019Observation Socio-\u00e9conomique de Nouvelle-Aquitaine).&nbsp;<\/p>\n<\/div><\/div>\n\n\n\n<div style=\"height:23px\" aria-hidden=\"true\" class=\"wp-block-spacer\"><\/div>\n\n\n\n<div class=\"wp-block-media-text alignwide is-stacked-on-mobile has-small-font-size\" style=\"grid-template-columns:17% auto\"><figure class=\"wp-block-media-text__media\"><img decoding=\"async\" loading=\"lazy\" width=\"150\" height=\"150\" src=\"https:\/\/caf-rapport-activite.fr\/caf86-2022\/wp-content\/uploads\/sites\/10\/2023\/05\/Marie.Aude_Sallet-Chauveau.21r-150x150.jpg\" alt=\"\" class=\"wp-image-466 size-thumbnail\" \/><\/figure><div class=\"wp-block-media-text__content\">\n<p class=\"has-medium-font-size\"><strong>La directrice financi\u00e8re<\/strong> <strong>et comptable<\/strong><\/p>\n\n\n\n<p class=\"has-small-font-size\"><strong>Marie-Aude Sallet-Chauveau, <\/strong>assure la responsabilit\u00e9 des op\u00e9rations financi\u00e8res et comptables de l&rsquo;organisme, et, sur d\u00e9l\u00e9gation du Directeur, le pilotage transversal de la ma\u00eetrise des risques (incluant la politique de contr\u00f4le externe), celui du contentieux et d\u2019autres projets transversaux (Mon Compte Partenaires, s\u00e9curit\u00e9s informatiques, pr\u00e9vention de la radicalisation).&nbsp;<\/p>\n<\/div><\/div>\n\n\n\n<div style=\"height:23px\" aria-hidden=\"true\" class=\"wp-block-spacer\"><\/div>\n\n\n\n<div class=\"is-layout-constrained wp-block-group alignwide\"><div class=\"wp-block-group__inner-container\">\n<div class=\"wp-block-media-text alignwide is-stacked-on-mobile is-vertically-aligned-top has-small-font-size\" style=\"grid-template-columns:17% auto\"><figure class=\"wp-block-media-text__media\"><img decoding=\"async\" loading=\"lazy\" width=\"150\" height=\"150\" src=\"https:\/\/caf-rapport-activite.fr\/caf86-2022\/wp-content\/uploads\/sites\/10\/2023\/05\/Amandine_Renault.8-150x150.jpg\" alt=\"\" class=\"wp-image-464 size-thumbnail\" \/><\/figure><div class=\"wp-block-media-text__content\">\n<p class=\"has-medium-font-size\"><strong>La sous-directrice<\/strong><\/p>\n\n\n\n<p class=\"has-small-font-size\"><strong>Amandine Renault, <\/strong>assure, sur d\u00e9l\u00e9gation du Directeur, le pilotage\u202fde l\u2019ensemble des fonctions ressources de l\u2019organisme : ressources humaines, communication, gestion budg\u00e9taire et logistique, informatique, secr\u00e9tariat de direction.&nbsp;<\/p>\n<\/div><\/div>\n<\/div><\/div>\n\n\n\n<h2>Les effectifs de la Caf<\/h2>\n\n\n\n<h2 class=\"has-text-align-center\">232 salari\u00e9s<\/h2>\n\n\n\n<p class=\"has-text-align-center\">au 31 d\u00e9cembre 2022<\/p>\n\n\n\n<h3 class=\"has-text-align-center\">83 % de femmes et 17 % d&rsquo;hommes<\/h3>\n\n\n<h3>Les mouvements du personnel et la politique de recrutement<\/h3>\n\n\n<p>Au 31 d\u00e9cembre, les effectifs se sont stabilis\u00e9s \u00e0 216 Cdi et 16 Cdd. L\u2019ann\u00e9e 2022 a \u00e9t\u00e9 marqu\u00e9e par des mouvements importants touchant diff\u00e9rentes cat\u00e9gories de personnel (cadres et non-cadres) :<\/p>\n\n\n\n<blockquote class=\"wp-block-quote\">\n<p>d\u00e9part de 38 salari\u00e9s (11 agents en contrat \u00e0 dur\u00e9e ind\u00e9termin\u00e9e et 27 agents en contrat \u00e0 dur\u00e9e d\u00e9termin\u00e9e)<\/p>\n<\/blockquote>\n\n\n\n<blockquote class=\"wp-block-quote\">\n<p>arriv\u00e9e de 42 salari\u00e9s (14 agents en Cdi et 28 agents en Cdd).<\/p>\n<\/blockquote>\n\n\n\n<p>Ces mouvements s&rsquo;inscrivent dans le cadre des mobilit\u00e9s internes, externes et des recrutements temporaires afin de garantir l&rsquo;\u00e9quilibre charges-moyens au regard de situations particuli\u00e8res ou conjoncturelles, comme l&rsquo;activit\u00e9 de la plateforme de service t\u00e9l\u00e9phonique r\u00e9gionale ou la gestion de la campagne logement.<\/p>\n\n\n\n<div class=\"wp-block-pb-accordion-item c-accordion__item js-accordion-item no-js\" data-initially-open=\"false\" data-click-to-close=\"true\" data-auto-close=\"true\" data-scroll=\"false\" data-scroll-offset=\"0\"><h2 id=\"at-2410\" class=\"c-accordion__title js-accordion-controller\" role=\"button\">L&rsquo;organigramme<\/h2><div id=\"ac-2410\" class=\"c-accordion__content\">\n<figure class=\"wp-block-image size-large\"><img decoding=\"async\" loading=\"lazy\" width=\"1024\" height=\"722\" src=\"https:\/\/caf-rapport-activite.fr\/caf86-2022\/wp-content\/uploads\/sites\/10\/2023\/06\/organigramme-2022-VERSION-15.6.23-rr-sans-fond-1024x722.png\" alt=\"\" class=\"wp-image-788\" srcset=\"https:\/\/caf-rapport-activite.fr\/caf86-2022\/wp-content\/uploads\/sites\/10\/2023\/06\/organigramme-2022-VERSION-15.6.23-rr-sans-fond-1024x722.png 1024w, https:\/\/caf-rapport-activite.fr\/caf86-2022\/wp-content\/uploads\/sites\/10\/2023\/06\/organigramme-2022-VERSION-15.6.23-rr-sans-fond-300x211.png 300w, https:\/\/caf-rapport-activite.fr\/caf86-2022\/wp-content\/uploads\/sites\/10\/2023\/06\/organigramme-2022-VERSION-15.6.23-rr-sans-fond-768x541.png 768w, https:\/\/caf-rapport-activite.fr\/caf86-2022\/wp-content\/uploads\/sites\/10\/2023\/06\/organigramme-2022-VERSION-15.6.23-rr-sans-fond-1536x1083.png 1536w, https:\/\/caf-rapport-activite.fr\/caf86-2022\/wp-content\/uploads\/sites\/10\/2023\/06\/organigramme-2022-VERSION-15.6.23-rr-sans-fond-2048x1444.png 2048w\" sizes=\"(max-width: 1024px) 100vw, 1024px\" \/><\/figure>\n<\/div><\/div>\n\n\n\n<div class=\"wp-block-pb-accordion-item c-accordion__item js-accordion-item no-js\" data-initially-open=\"false\" data-click-to-close=\"true\" data-auto-close=\"true\" data-scroll=\"false\" data-scroll-offset=\"0\"><h2 id=\"at-2411\" class=\"c-accordion__title js-accordion-controller\" role=\"button\">Les nouveaux arrivants en 2022<\/h2><div id=\"ac-2411\" class=\"c-accordion__content\"><div class=\"wp-block-image\">\n<figure class=\"aligncenter size-large\"><img decoding=\"async\" loading=\"lazy\" width=\"1024\" height=\"959\" src=\"https:\/\/caf-rapport-activite.fr\/caf86-2022\/wp-content\/uploads\/sites\/10\/2023\/06\/Les-nouveaux-arrivants-2022-r-1024x959.png\" alt=\"\" class=\"wp-image-748\" srcset=\"https:\/\/caf-rapport-activite.fr\/caf86-2022\/wp-content\/uploads\/sites\/10\/2023\/06\/Les-nouveaux-arrivants-2022-r-1024x959.png 1024w, https:\/\/caf-rapport-activite.fr\/caf86-2022\/wp-content\/uploads\/sites\/10\/2023\/06\/Les-nouveaux-arrivants-2022-r-300x281.png 300w, https:\/\/caf-rapport-activite.fr\/caf86-2022\/wp-content\/uploads\/sites\/10\/2023\/06\/Les-nouveaux-arrivants-2022-r-768x719.png 768w, https:\/\/caf-rapport-activite.fr\/caf86-2022\/wp-content\/uploads\/sites\/10\/2023\/06\/Les-nouveaux-arrivants-2022-r.png 1482w\" sizes=\"(max-width: 1024px) 100vw, 1024px\" \/><\/figure><\/div><\/div><\/div>\n\n\n\n<div class=\"wp-block-pb-accordion-item c-accordion__item js-accordion-item no-js\" data-initially-open=\"false\" data-click-to-close=\"true\" data-auto-close=\"true\" data-scroll=\"false\" data-scroll-offset=\"0\"><h2 id=\"at-2412\" class=\"c-accordion__title js-accordion-controller\" role=\"button\">Les dipl\u00f4m\u00e9s en 2022<\/h2><div id=\"ac-2412\" class=\"c-accordion__content\">\n<figure class=\"wp-duotone-unset-2 wp-block-image aligncenter size-full is-resized\"><img decoding=\"async\" loading=\"lazy\" src=\"https:\/\/caf-rapport-activite.fr\/caf86-2022\/wp-content\/uploads\/sites\/10\/2023\/05\/Les-diplomes-2022-r-1.png\" alt=\"Certificat de qualification professionnel (Cqp) Manager op\u00e9rationnel :\nH\u00e9l\u00e8ne Bonneau\nL\u00e9a Guillard\" class=\"wp-image-530\" width=\"502\" height=\"366\" srcset=\"https:\/\/caf-rapport-activite.fr\/caf86-2022\/wp-content\/uploads\/sites\/10\/2023\/05\/Les-diplomes-2022-r-1.png 925w, https:\/\/caf-rapport-activite.fr\/caf86-2022\/wp-content\/uploads\/sites\/10\/2023\/05\/Les-diplomes-2022-r-1-300x219.png 300w, https:\/\/caf-rapport-activite.fr\/caf86-2022\/wp-content\/uploads\/sites\/10\/2023\/05\/Les-diplomes-2022-r-1-768x561.png 768w\" sizes=\"(max-width: 502px) 100vw, 502px\" \/><\/figure>\n<\/div><\/div>\n\n\n\n<div class=\"wp-block-pb-accordion-item c-accordion__item js-accordion-item no-js\" data-initially-open=\"false\" data-click-to-close=\"true\" data-auto-close=\"true\" data-scroll=\"false\" data-scroll-offset=\"0\"><h2 id=\"at-2413\" class=\"c-accordion__title js-accordion-controller\" role=\"button\">La politique de formation professionnelle<\/h2><div id=\"ac-2413\" class=\"c-accordion__content\">\n<h3 class=\"has-text-align-center\"><strong>Un investissement formation de 6,7 % <br>de sa masse salariale en 2022<\/strong><\/h3>\n\n\n\n<p>Elle a permis d\u2019accompagner 180 salari\u00e9s dans le cadre de 95 actions de formation (externe et interne), soit 8 214 heures de formation pour une d\u00e9pense globale de 485 396 \u20ac, repr\u00e9sentant <br>6,74 % de la masse salariale et tr\u00e8s largement au-dessus du taux l\u00e9gal obligatoire de 1.6 %.<\/p>\n<\/div><\/div>\n","protected":false},"featured_media":0,"template":"","yoast_head":"<!-- This site is optimized with the Yoast SEO plugin v19.11 - https:\/\/yoast.com\/wordpress\/plugins\/seo\/ -->\n<title>Piloter notre organisme - Caf86 - 2022<\/title>\n<meta name=\"robots\" content=\"index, follow, max-snippet:-1, max-image-preview:large, max-video-preview:-1\" \/>\n<link rel=\"canonical\" href=\"https:\/\/caf-rapport-activite.fr\/caf86-2022\/rubrique-organisme\/rubrique-1\/\" \/>\n<meta property=\"og:locale\" content=\"fr_FR\" \/>\n<meta property=\"og:type\" content=\"article\" \/>\n<meta property=\"og:title\" content=\"Piloter notre organisme - Caf86 - 2022\" \/>\n<meta property=\"og:description\" content=\"L\u2019\u00e9quipe de direction Elle \u00e9labore les orientations strat\u00e9giques et assure le pilotage g\u00e9n\u00e9ral de l\u2019organisme. Le directeur Alain T\u00eatedoie, a [&hellip;]\" \/>\n<meta property=\"og:url\" content=\"https:\/\/caf-rapport-activite.fr\/caf86-2022\/rubrique-organisme\/rubrique-1\/\" \/>\n<meta property=\"og:site_name\" content=\"Caf86 - 2022\" \/>\n<meta property=\"article:modified_time\" content=\"2023-06-29T08:13:32+00:00\" \/>\n<meta property=\"og:image\" content=\"https:\/\/caf-rapport-activite.fr\/caf86-2022\/wp-content\/uploads\/sites\/10\/2023\/05\/Alain_Tetedoie-150x150.jpg\" \/>\n<meta name=\"twitter:card\" content=\"summary_large_image\" \/>\n<meta name=\"twitter:label1\" content=\"Dur\u00e9e de lecture estim\u00e9e\" \/>\n\t<meta name=\"twitter:data1\" content=\"5 minutes\" \/>\n<script type=\"application\/ld+json\" class=\"yoast-schema-graph\">{\"@context\":\"https:\/\/schema.org\",\"@graph\":[{\"@type\":\"WebPage\",\"@id\":\"https:\/\/caf-rapport-activite.fr\/caf86-2022\/rubrique-organisme\/rubrique-1\/\",\"url\":\"https:\/\/caf-rapport-activite.fr\/caf86-2022\/rubrique-organisme\/rubrique-1\/\",\"name\":\"Piloter notre organisme - Caf86 - 2022\",\"isPartOf\":{\"@id\":\"https:\/\/caf-rapport-activite.fr\/caf86-2022\/#website\"},\"datePublished\":\"2023-01-19T11:09:16+00:00\",\"dateModified\":\"2023-06-29T08:13:32+00:00\",\"breadcrumb\":{\"@id\":\"https:\/\/caf-rapport-activite.fr\/caf86-2022\/rubrique-organisme\/rubrique-1\/#breadcrumb\"},\"inLanguage\":\"fr-FR\",\"potentialAction\":[{\"@type\":\"ReadAction\",\"target\":[\"https:\/\/caf-rapport-activite.fr\/caf86-2022\/rubrique-organisme\/rubrique-1\/\"]}]},{\"@type\":\"BreadcrumbList\",\"@id\":\"https:\/\/caf-rapport-activite.fr\/caf86-2022\/rubrique-organisme\/rubrique-1\/#breadcrumb\",\"itemListElement\":[{\"@type\":\"ListItem\",\"position\":1,\"name\":\"Accueil\",\"item\":\"https:\/\/caf-rapport-activite.fr\/caf86-2022\/\"},{\"@type\":\"ListItem\",\"position\":2,\"name\":\"Rubriques\",\"item\":\"https:\/\/caf-rapport-activite.fr\/caf86-2022\/rubrique-organisme\/\"},{\"@type\":\"ListItem\",\"position\":3,\"name\":\"Piloter notre organisme\"}]},{\"@type\":\"WebSite\",\"@id\":\"https:\/\/caf-rapport-activite.fr\/caf86-2022\/#website\",\"url\":\"https:\/\/caf-rapport-activite.fr\/caf86-2022\/\",\"name\":\"Caf86 - 2022\",\"description\":\"\",\"potentialAction\":[{\"@type\":\"SearchAction\",\"target\":{\"@type\":\"EntryPoint\",\"urlTemplate\":\"https:\/\/caf-rapport-activite.fr\/caf86-2022\/?s={search_term_string}\"},\"query-input\":\"required name=search_term_string\"}],\"inLanguage\":\"fr-FR\"}]}<\/script>\n<!-- \/ Yoast SEO plugin. -->","yoast_head_json":{"title":"Piloter notre organisme - Caf86 - 2022","robots":{"index":"index","follow":"follow","max-snippet":"max-snippet:-1","max-image-preview":"max-image-preview:large","max-video-preview":"max-video-preview:-1"},"canonical":"https:\/\/caf-rapport-activite.fr\/caf86-2022\/rubrique-organisme\/rubrique-1\/","og_locale":"fr_FR","og_type":"article","og_title":"Piloter notre organisme - Caf86 - 2022","og_description":"L\u2019\u00e9quipe de direction Elle \u00e9labore les orientations strat\u00e9giques et assure le pilotage g\u00e9n\u00e9ral de l\u2019organisme. Le directeur Alain T\u00eatedoie, a [&hellip;]","og_url":"https:\/\/caf-rapport-activite.fr\/caf86-2022\/rubrique-organisme\/rubrique-1\/","og_site_name":"Caf86 - 2022","article_modified_time":"2023-06-29T08:13:32+00:00","og_image":[{"url":"https:\/\/caf-rapport-activite.fr\/caf86-2022\/wp-content\/uploads\/sites\/10\/2023\/05\/Alain_Tetedoie-150x150.jpg"}],"twitter_card":"summary_large_image","twitter_misc":{"Dur\u00e9e de lecture estim\u00e9e":"5 minutes"},"schema":{"@context":"https:\/\/schema.org","@graph":[{"@type":"WebPage","@id":"https:\/\/caf-rapport-activite.fr\/caf86-2022\/rubrique-organisme\/rubrique-1\/","url":"https:\/\/caf-rapport-activite.fr\/caf86-2022\/rubrique-organisme\/rubrique-1\/","name":"Piloter notre organisme - Caf86 - 2022","isPartOf":{"@id":"https:\/\/caf-rapport-activite.fr\/caf86-2022\/#website"},"datePublished":"2023-01-19T11:09:16+00:00","dateModified":"2023-06-29T08:13:32+00:00","breadcrumb":{"@id":"https:\/\/caf-rapport-activite.fr\/caf86-2022\/rubrique-organisme\/rubrique-1\/#breadcrumb"},"inLanguage":"fr-FR","potentialAction":[{"@type":"ReadAction","target":["https:\/\/caf-rapport-activite.fr\/caf86-2022\/rubrique-organisme\/rubrique-1\/"]}]},{"@type":"BreadcrumbList","@id":"https:\/\/caf-rapport-activite.fr\/caf86-2022\/rubrique-organisme\/rubrique-1\/#breadcrumb","itemListElement":[{"@type":"ListItem","position":1,"name":"Accueil","item":"https:\/\/caf-rapport-activite.fr\/caf86-2022\/"},{"@type":"ListItem","position":2,"name":"Rubriques","item":"https:\/\/caf-rapport-activite.fr\/caf86-2022\/rubrique-organisme\/"},{"@type":"ListItem","position":3,"name":"Piloter notre organisme"}]},{"@type":"WebSite","@id":"https:\/\/caf-rapport-activite.fr\/caf86-2022\/#website","url":"https:\/\/caf-rapport-activite.fr\/caf86-2022\/","name":"Caf86 - 2022","description":"","potentialAction":[{"@type":"SearchAction","target":{"@type":"EntryPoint","urlTemplate":"https:\/\/caf-rapport-activite.fr\/caf86-2022\/?s={search_term_string}"},"query-input":"required name=search_term_string"}],"inLanguage":"fr-FR"}]}},"_links":{"self":[{"href":"https:\/\/caf-rapport-activite.fr\/caf86-2022\/wp-json\/wp\/v2\/rubrique-organisme\/241"}],"collection":[{"href":"https:\/\/caf-rapport-activite.fr\/caf86-2022\/wp-json\/wp\/v2\/rubrique-organisme"}],"about":[{"href":"https:\/\/caf-rapport-activite.fr\/caf86-2022\/wp-json\/wp\/v2\/types\/rubrique-organisme"}],"wp:attachment":[{"href":"https:\/\/caf-rapport-activite.fr\/caf86-2022\/wp-json\/wp\/v2\/media?parent=241"}],"curies":[{"name":"wp","href":"https:\/\/api.w.org\/{rel}","templated":true}]}}