{"id":240,"date":"2023-01-19T12:08:56","date_gmt":"2023-01-19T11:08:56","guid":{"rendered":"http:\/\/localhost\/caf\/?post_type=rubrique-organisme&#038;p=240"},"modified":"2023-06-27T16:49:02","modified_gmt":"2023-06-27T14:49:02","slug":"rubrique-2","status":"publish","type":"rubrique-organisme","link":"https:\/\/caf-rapport-activite.fr\/caf86-2022\/rubrique-organisme\/rubrique-2\/","title":{"rendered":"Gouverner avec les instances"},"content":{"rendered":"\n<h2>La composition du conseil d&rsquo;administration<\/h2>\n\n\n\n<p>Le nouveau conseil d\u2019administration a \u00e9t\u00e9 renouvel\u00e9 le 8 mars 2022. Il s&rsquo;est r\u00e9uni 5 fois.<\/p>\n\n\n\n<p><strong>Omar MBaye&nbsp;<\/strong>(Cpme-employeurs)&nbsp;a \u00e9t\u00e9 \u00e9lu Pr\u00e9sident du Conseil d\u2019administration<br><strong>Jacquelin Courtois<\/strong>&nbsp;(Cfdt), 1er Vice-Pr\u00e9sident<br><strong>Val\u00e9rie Philippi<\/strong>&nbsp;(Cftc), 2\u00e8me Vice-Pr\u00e9sidente<br><strong>Sophie Bouilleau&nbsp;<\/strong>(Udaf), 3\u00e8me Vice-Pr\u00e9sidente<\/p>\n\n\n\n<figure class=\"wp-block-image size-large\"><img decoding=\"async\" loading=\"lazy\" width=\"547\" height=\"1024\" src=\"https:\/\/caf-rapport-activite.fr\/caf86-2022\/wp-content\/uploads\/sites\/10\/2023\/05\/CA-V1-r-547x1024.png\" alt=\"\" class=\"wp-image-536\" srcset=\"https:\/\/caf-rapport-activite.fr\/caf86-2022\/wp-content\/uploads\/sites\/10\/2023\/05\/CA-V1-r-547x1024.png 547w, https:\/\/caf-rapport-activite.fr\/caf86-2022\/wp-content\/uploads\/sites\/10\/2023\/05\/CA-V1-r-160x300.png 160w, https:\/\/caf-rapport-activite.fr\/caf86-2022\/wp-content\/uploads\/sites\/10\/2023\/05\/CA-V1-r-768x1437.png 768w, https:\/\/caf-rapport-activite.fr\/caf86-2022\/wp-content\/uploads\/sites\/10\/2023\/05\/CA-V1-r-821x1536.png 821w, https:\/\/caf-rapport-activite.fr\/caf86-2022\/wp-content\/uploads\/sites\/10\/2023\/05\/CA-V1-r.png 1069w\" sizes=\"(max-width: 547px) 100vw, 547px\" \/><\/figure>\n\n\n\n<h2>Les activit\u00e9s des commissions<\/h2>\n\n\n\n<p class=\"has-black-color has-text-color\"><\/p>\n\n\n\n<h3>Les commissions r\u00e9glementaires<\/h3>\n\n\n\n<div class=\"wp-block-pb-accordion-item c-accordion__item js-accordion-item no-js\" data-initially-open=\"false\" data-click-to-close=\"true\" data-auto-close=\"true\" data-scroll=\"false\" data-scroll-offset=\"0\"><h2 id=\"at-2400\" class=\"c-accordion__title js-accordion-controller\" role=\"button\">La commission de recours amiable<\/h2><div id=\"ac-2400\" class=\"c-accordion__content\">\n<p>Elle s&rsquo;est r\u00e9unie 9 fois en 2022.<\/p>\n\n\n\n<p>Elle traite les litiges relatifs \u00e0 l\u2019application de la r\u00e9glementation des prestations familiales et les demandes de remises de dettes des allocataires.<\/p>\n<\/div><\/div>\n\n\n\n<div class=\"wp-block-pb-accordion-item c-accordion__item js-accordion-item no-js\" data-initially-open=\"false\" data-click-to-close=\"true\" data-auto-close=\"true\" data-scroll=\"false\" data-scroll-offset=\"0\"><h2 id=\"at-2401\" class=\"c-accordion__title js-accordion-controller\" role=\"button\">La commission des p\u00e9nalit\u00e9s<\/h2><div id=\"ac-2401\" class=\"c-accordion__content\">\n<p>Elle s&rsquo;est r\u00e9unie 4 fois en 2022.<\/p>\n\n\n\n<p>Elle intervient dans tous les cas o\u00f9 une personne forme un recours gracieux contre une d\u00e9cision de notification d\u2019une p\u00e9nalit\u00e9 par le Directeur. La personne a la possibilit\u00e9 de se faire entendre devant la commission, de se faire assister ou repr\u00e9senter. La commission rend ensuite un avis motiv\u00e9 \u00e0 caract\u00e8re consultatif, aupr\u00e8s du Directeur qui prend la d\u00e9cision finale.<\/p>\n<\/div><\/div>\n\n\n\n<div class=\"wp-block-pb-accordion-item c-accordion__item js-accordion-item no-js\" data-initially-open=\"false\" data-click-to-close=\"true\" data-auto-close=\"true\" data-scroll=\"false\" data-scroll-offset=\"0\"><h2 id=\"at-2402\" class=\"c-accordion__title js-accordion-controller\" role=\"button\">La commission des march\u00e9s<\/h2><div id=\"ac-2402\" class=\"c-accordion__content\">\n<p>Elle re\u00e7oit les offres des entrepreneurs et des fournisseurs et proc\u00e8de au choix des soumissionnaires, conform\u00e9ment \u00e0 la l\u00e9gislation sur les march\u00e9s. Compte-tenu des seuils en vigueur, elle se r\u00e9unit rarement. Les march\u00e9s relatifs aux services et travaux du si\u00e8ge sont essentiellement examin\u00e9s dans le cadre de la commission des march\u00e9s de l\u2019Union Immobili\u00e8re. <\/p>\n\n\n\n<p>Si la commission ne s\u2019est pas r\u00e9unie au niveau local en 2022 compte tenu de ces \u00e9l\u00e9ments, un de ses membres a \u00e9t\u00e9 d\u00e9sign\u00e9 pour participer \u00e0 une commission des march\u00e9s r\u00e9gionale relative au dispositif d\u2019alerte pour les travailleurs isol\u00e9s<\/p>\n<\/div><\/div>\n\n\n\n<h3>Les commissions facultatives<\/h3>\n\n\n\n<div class=\"wp-block-pb-accordion-item c-accordion__item js-accordion-item no-js\" data-initially-open=\"false\" data-click-to-close=\"true\" data-auto-close=\"true\" data-scroll=\"false\" data-scroll-offset=\"0\"><h2 id=\"at-2403\" class=\"c-accordion__title js-accordion-controller\" role=\"button\">Le fonds d&rsquo;aide aux familles<\/h2><div id=\"ac-2403\" class=\"c-accordion__content\">\n<p>Cette instance s&rsquo;est r\u00e9unie 14 fois en 2022. Ses membres examinent les demandes d&rsquo;aides financi\u00e8res individuelles aux familles, telles que d\u00e9finies par le Conseil d&rsquo;administration&nbsp;dans son R\u00e8glement int\u00e9rieur d&rsquo;action sociale. Le Conseil d&rsquo;administration a donn\u00e9 d\u00e9l\u00e9gation au Directeur pour certaines aides relevant des bar\u00e8mes et motifs inscrits dans le R\u00e8glement int\u00e9rieur d&rsquo;action sociale.<\/p>\n<\/div><\/div>\n\n\n\n<div class=\"wp-block-pb-accordion-item c-accordion__item js-accordion-item no-js\" data-initially-open=\"false\" data-click-to-close=\"true\" data-auto-close=\"true\" data-scroll=\"false\" data-scroll-offset=\"0\"><h2 id=\"at-2404\" class=\"c-accordion__title js-accordion-controller\" role=\"button\">La commission d&rsquo;action sociale<\/h2><div id=\"ac-2404\" class=\"c-accordion__content\">\n<p>Elle s&rsquo;est r\u00e9unie 4 fois en 2022, 1 fois sous la pr\u00e9sidence de Madame Pignon (ancienne mandature) et 3 fois sous la pr\u00e9sidence de Madame Jaafar (nouvelle mandature).<\/p>\n<\/div><\/div>\n","protected":false},"featured_media":0,"template":"","yoast_head":"<!-- This site is optimized with the Yoast SEO plugin v19.11 - https:\/\/yoast.com\/wordpress\/plugins\/seo\/ -->\n<title>Gouverner avec les instances - Caf86 - 2022<\/title>\n<meta name=\"robots\" content=\"index, follow, max-snippet:-1, max-image-preview:large, max-video-preview:-1\" \/>\n<link rel=\"canonical\" href=\"https:\/\/caf-rapport-activite.fr\/caf86-2022\/rubrique-organisme\/rubrique-2\/\" \/>\n<meta property=\"og:locale\" content=\"fr_FR\" \/>\n<meta property=\"og:type\" content=\"article\" \/>\n<meta property=\"og:title\" content=\"Gouverner avec les instances - Caf86 - 2022\" \/>\n<meta property=\"og:description\" content=\"La composition du conseil d&rsquo;administration Le nouveau conseil d\u2019administration a \u00e9t\u00e9 renouvel\u00e9 le 8 mars 2022. Il s&rsquo;est r\u00e9uni 5 [&hellip;]\" \/>\n<meta property=\"og:url\" content=\"https:\/\/caf-rapport-activite.fr\/caf86-2022\/rubrique-organisme\/rubrique-2\/\" \/>\n<meta property=\"og:site_name\" content=\"Caf86 - 2022\" \/>\n<meta property=\"article:modified_time\" content=\"2023-06-27T14:49:02+00:00\" \/>\n<meta property=\"og:image\" content=\"https:\/\/caf-rapport-activite.fr\/caf86-2022\/wp-content\/uploads\/sites\/10\/2023\/05\/CA-V1-r-547x1024.png\" \/>\n<meta name=\"twitter:card\" content=\"summary_large_image\" \/>\n<meta name=\"twitter:label1\" content=\"Dur\u00e9e de lecture estim\u00e9e\" \/>\n\t<meta name=\"twitter:data1\" content=\"2 minutes\" \/>\n<script type=\"application\/ld+json\" class=\"yoast-schema-graph\">{\"@context\":\"https:\/\/schema.org\",\"@graph\":[{\"@type\":\"WebPage\",\"@id\":\"https:\/\/caf-rapport-activite.fr\/caf86-2022\/rubrique-organisme\/rubrique-2\/\",\"url\":\"https:\/\/caf-rapport-activite.fr\/caf86-2022\/rubrique-organisme\/rubrique-2\/\",\"name\":\"Gouverner avec les instances - Caf86 - 2022\",\"isPartOf\":{\"@id\":\"https:\/\/caf-rapport-activite.fr\/caf86-2022\/#website\"},\"datePublished\":\"2023-01-19T11:08:56+00:00\",\"dateModified\":\"2023-06-27T14:49:02+00:00\",\"breadcrumb\":{\"@id\":\"https:\/\/caf-rapport-activite.fr\/caf86-2022\/rubrique-organisme\/rubrique-2\/#breadcrumb\"},\"inLanguage\":\"fr-FR\",\"potentialAction\":[{\"@type\":\"ReadAction\",\"target\":[\"https:\/\/caf-rapport-activite.fr\/caf86-2022\/rubrique-organisme\/rubrique-2\/\"]}]},{\"@type\":\"BreadcrumbList\",\"@id\":\"https:\/\/caf-rapport-activite.fr\/caf86-2022\/rubrique-organisme\/rubrique-2\/#breadcrumb\",\"itemListElement\":[{\"@type\":\"ListItem\",\"position\":1,\"name\":\"Accueil\",\"item\":\"https:\/\/caf-rapport-activite.fr\/caf86-2022\/\"},{\"@type\":\"ListItem\",\"position\":2,\"name\":\"Rubriques\",\"item\":\"https:\/\/caf-rapport-activite.fr\/caf86-2022\/rubrique-organisme\/\"},{\"@type\":\"ListItem\",\"position\":3,\"name\":\"Gouverner avec les instances\"}]},{\"@type\":\"WebSite\",\"@id\":\"https:\/\/caf-rapport-activite.fr\/caf86-2022\/#website\",\"url\":\"https:\/\/caf-rapport-activite.fr\/caf86-2022\/\",\"name\":\"Caf86 - 2022\",\"description\":\"\",\"potentialAction\":[{\"@type\":\"SearchAction\",\"target\":{\"@type\":\"EntryPoint\",\"urlTemplate\":\"https:\/\/caf-rapport-activite.fr\/caf86-2022\/?s={search_term_string}\"},\"query-input\":\"required name=search_term_string\"}],\"inLanguage\":\"fr-FR\"}]}<\/script>\n<!-- \/ Yoast SEO plugin. -->","yoast_head_json":{"title":"Gouverner avec les instances - Caf86 - 2022","robots":{"index":"index","follow":"follow","max-snippet":"max-snippet:-1","max-image-preview":"max-image-preview:large","max-video-preview":"max-video-preview:-1"},"canonical":"https:\/\/caf-rapport-activite.fr\/caf86-2022\/rubrique-organisme\/rubrique-2\/","og_locale":"fr_FR","og_type":"article","og_title":"Gouverner avec les instances - Caf86 - 2022","og_description":"La composition du conseil d&rsquo;administration Le nouveau conseil d\u2019administration a \u00e9t\u00e9 renouvel\u00e9 le 8 mars 2022. Il s&rsquo;est r\u00e9uni 5 [&hellip;]","og_url":"https:\/\/caf-rapport-activite.fr\/caf86-2022\/rubrique-organisme\/rubrique-2\/","og_site_name":"Caf86 - 2022","article_modified_time":"2023-06-27T14:49:02+00:00","og_image":[{"url":"https:\/\/caf-rapport-activite.fr\/caf86-2022\/wp-content\/uploads\/sites\/10\/2023\/05\/CA-V1-r-547x1024.png"}],"twitter_card":"summary_large_image","twitter_misc":{"Dur\u00e9e de lecture estim\u00e9e":"2 minutes"},"schema":{"@context":"https:\/\/schema.org","@graph":[{"@type":"WebPage","@id":"https:\/\/caf-rapport-activite.fr\/caf86-2022\/rubrique-organisme\/rubrique-2\/","url":"https:\/\/caf-rapport-activite.fr\/caf86-2022\/rubrique-organisme\/rubrique-2\/","name":"Gouverner avec les instances - Caf86 - 2022","isPartOf":{"@id":"https:\/\/caf-rapport-activite.fr\/caf86-2022\/#website"},"datePublished":"2023-01-19T11:08:56+00:00","dateModified":"2023-06-27T14:49:02+00:00","breadcrumb":{"@id":"https:\/\/caf-rapport-activite.fr\/caf86-2022\/rubrique-organisme\/rubrique-2\/#breadcrumb"},"inLanguage":"fr-FR","potentialAction":[{"@type":"ReadAction","target":["https:\/\/caf-rapport-activite.fr\/caf86-2022\/rubrique-organisme\/rubrique-2\/"]}]},{"@type":"BreadcrumbList","@id":"https:\/\/caf-rapport-activite.fr\/caf86-2022\/rubrique-organisme\/rubrique-2\/#breadcrumb","itemListElement":[{"@type":"ListItem","position":1,"name":"Accueil","item":"https:\/\/caf-rapport-activite.fr\/caf86-2022\/"},{"@type":"ListItem","position":2,"name":"Rubriques","item":"https:\/\/caf-rapport-activite.fr\/caf86-2022\/rubrique-organisme\/"},{"@type":"ListItem","position":3,"name":"Gouverner avec les instances"}]},{"@type":"WebSite","@id":"https:\/\/caf-rapport-activite.fr\/caf86-2022\/#website","url":"https:\/\/caf-rapport-activite.fr\/caf86-2022\/","name":"Caf86 - 2022","description":"","potentialAction":[{"@type":"SearchAction","target":{"@type":"EntryPoint","urlTemplate":"https:\/\/caf-rapport-activite.fr\/caf86-2022\/?s={search_term_string}"},"query-input":"required name=search_term_string"}],"inLanguage":"fr-FR"}]}},"_links":{"self":[{"href":"https:\/\/caf-rapport-activite.fr\/caf86-2022\/wp-json\/wp\/v2\/rubrique-organisme\/240"}],"collection":[{"href":"https:\/\/caf-rapport-activite.fr\/caf86-2022\/wp-json\/wp\/v2\/rubrique-organisme"}],"about":[{"href":"https:\/\/caf-rapport-activite.fr\/caf86-2022\/wp-json\/wp\/v2\/types\/rubrique-organisme"}],"wp:attachment":[{"href":"https:\/\/caf-rapport-activite.fr\/caf86-2022\/wp-json\/wp\/v2\/media?parent=240"}],"curies":[{"name":"wp","href":"https:\/\/api.w.org\/{rel}","templated":true}]}}