{"id":1229,"date":"2025-06-05T16:46:37","date_gmt":"2025-06-05T14:46:37","guid":{"rendered":"https:\/\/caf-rapport-activite.fr\/caf40-2024\/?post_type=temp-fort&#038;p=1229"},"modified":"2025-06-17T12:59:39","modified_gmt":"2025-06-17T10:59:39","slug":"3e-sdsf-adopte-et-signe","status":"publish","type":"temp-fort","link":"https:\/\/caf-rapport-activite.fr\/caf40-2024\/temp-fort\/3e-sdsf-adopte-et-signe\/","title":{"rendered":"3e SDSF adopt\u00e9 et sign\u00e9"},"content":{"rendered":"\n<div class=\"wp-block-media-text alignwide is-stacked-on-mobile\" style=\"grid-template-columns:38% auto\"><figure class=\"wp-block-media-text__media\"><img decoding=\"async\" loading=\"lazy\" width=\"1024\" height=\"768\" src=\"https:\/\/caf-rapport-activite.fr\/caf40-2024\/wp-content\/uploads\/sites\/24\/2025\/06\/sdsf40-1-1024x768.jpg\" alt=\"\" class=\"wp-image-1253 size-full\" srcset=\"https:\/\/caf-rapport-activite.fr\/caf40-2024\/wp-content\/uploads\/sites\/24\/2025\/06\/sdsf40-1-1024x768.jpg 1024w, https:\/\/caf-rapport-activite.fr\/caf40-2024\/wp-content\/uploads\/sites\/24\/2025\/06\/sdsf40-1-300x225.jpg 300w, https:\/\/caf-rapport-activite.fr\/caf40-2024\/wp-content\/uploads\/sites\/24\/2025\/06\/sdsf40-1-768x576.jpg 768w, https:\/\/caf-rapport-activite.fr\/caf40-2024\/wp-content\/uploads\/sites\/24\/2025\/06\/sdsf40-1.jpg 1280w\" sizes=\"(max-width: 1024px) 100vw, 1024px\" \/><\/figure><div class=\"wp-block-media-text__content\">\n<p class=\"has-medium-font-size\">Au cours de l\u2019\u00e9t\u00e9, l\u2019instance d\u00e9partementale r\u00e9unissant tous les partenaires a valid\u00e9 le sch\u00e9ma d\u00e9partemental des services aux familles pour la p\u00e9riode 2024-2028.<\/p>\n<\/div><\/div>\n\n\n\n<p>\u2022 une centaine de partenaires contributeurs internes et externes associ\u00e9s \u00e0 l\u2019\u00e9laboration du SDSF<br>\u2022 28 s\u00e9ances de travail de mars 2023 \u00e0 juin 2024<br>\u2022 5 orientations transversales<br>\u2022 57 fiches actions<br>\u2022 14 signataires dont 3 nouveaux partenaires : Agence R\u00e9gionale de Sant\u00e9, CPAM des Landes, France Travail.<\/p>\n\n\n\n<div style=\"height:11px\" aria-hidden=\"true\" class=\"wp-block-spacer\"><\/div>\n\n\n        <a class=\"acf-block--readmore\" href=\"https:\/\/www.caf.fr\/partenaires\/offres-et-services\/caf-des-landes\/partenaires-locaux\/sdsf40\" target=\"_blank\">\n            En savoir + sur le SDSF 2024-2028        <\/a>\n    \n\n\n<div style=\"height:49px\" aria-hidden=\"true\" class=\"wp-block-spacer\"><\/div>\n\n\n\n<figure class=\"wp-block-image size-large\"><img decoding=\"async\" loading=\"lazy\" width=\"1024\" height=\"768\" src=\"https:\/\/caf-rapport-activite.fr\/caf40-2024\/wp-content\/uploads\/sites\/24\/2025\/06\/signature-sdsf40-2024-1024x768.jpg\" alt=\"\" class=\"wp-image-1262\" srcset=\"https:\/\/caf-rapport-activite.fr\/caf40-2024\/wp-content\/uploads\/sites\/24\/2025\/06\/signature-sdsf40-2024-1024x768.jpg 1024w, https:\/\/caf-rapport-activite.fr\/caf40-2024\/wp-content\/uploads\/sites\/24\/2025\/06\/signature-sdsf40-2024-300x225.jpg 300w, https:\/\/caf-rapport-activite.fr\/caf40-2024\/wp-content\/uploads\/sites\/24\/2025\/06\/signature-sdsf40-2024-768x576.jpg 768w, https:\/\/caf-rapport-activite.fr\/caf40-2024\/wp-content\/uploads\/sites\/24\/2025\/06\/signature-sdsf40-2024.jpg 1280w\" sizes=\"(max-width: 1024px) 100vw, 1024px\" \/><\/figure>\n","protected":false},"excerpt":{"rendered":"<p>Au cours de l\u2019\u00e9t\u00e9, l\u2019instance d\u00e9partementale r\u00e9unissant tous les partenaires a valid\u00e9 le sch\u00e9ma d\u00e9partemental des services aux familles pour [&hellip;]<\/p>\n","protected":false},"featured_media":1250,"parent":0,"menu_order":8,"template":"","activite":[24],"yoast_head":"<!-- This site is optimized with the Yoast SEO plugin v19.11 - https:\/\/yoast.com\/wordpress\/plugins\/seo\/ -->\n<title>3e SDSF adopt\u00e9 et sign\u00e9 - Caf 40 - 2024<\/title>\n<meta name=\"robots\" content=\"index, follow, max-snippet:-1, max-image-preview:large, max-video-preview:-1\" \/>\n<link rel=\"canonical\" href=\"https:\/\/caf-rapport-activite.fr\/caf40-2024\/temp-fort\/3e-sdsf-adopte-et-signe\/\" \/>\n<meta property=\"og:locale\" content=\"fr_FR\" \/>\n<meta property=\"og:type\" content=\"article\" \/>\n<meta property=\"og:title\" content=\"3e SDSF adopt\u00e9 et sign\u00e9 - Caf 40 - 2024\" \/>\n<meta property=\"og:description\" content=\"Au cours de l\u2019\u00e9t\u00e9, l\u2019instance d\u00e9partementale r\u00e9unissant tous les partenaires a valid\u00e9 le sch\u00e9ma d\u00e9partemental des services aux familles pour [&hellip;]\" \/>\n<meta property=\"og:url\" content=\"https:\/\/caf-rapport-activite.fr\/caf40-2024\/temp-fort\/3e-sdsf-adopte-et-signe\/\" \/>\n<meta property=\"og:site_name\" content=\"Caf 40 - 2024\" \/>\n<meta property=\"article:modified_time\" content=\"2025-06-17T10:59:39+00:00\" \/>\n<meta property=\"og:image\" content=\"https:\/\/caf-rapport-activite.fr\/caf40-2024\/wp-content\/uploads\/sites\/24\/2025\/06\/3e-sdsf-2024.jpg\" \/>\n\t<meta property=\"og:image:width\" content=\"1280\" \/>\n\t<meta property=\"og:image:height\" content=\"960\" \/>\n\t<meta property=\"og:image:type\" content=\"image\/jpeg\" \/>\n<meta name=\"twitter:card\" content=\"summary_large_image\" \/>\n<meta name=\"twitter:label1\" content=\"Dur\u00e9e de lecture estim\u00e9e\" \/>\n\t<meta name=\"twitter:data1\" content=\"1 minute\" \/>\n<script type=\"application\/ld+json\" class=\"yoast-schema-graph\">{\"@context\":\"https:\/\/schema.org\",\"@graph\":[{\"@type\":\"WebPage\",\"@id\":\"https:\/\/caf-rapport-activite.fr\/caf40-2024\/temp-fort\/3e-sdsf-adopte-et-signe\/\",\"url\":\"https:\/\/caf-rapport-activite.fr\/caf40-2024\/temp-fort\/3e-sdsf-adopte-et-signe\/\",\"name\":\"3e SDSF adopt\u00e9 et sign\u00e9 - Caf 40 - 2024\",\"isPartOf\":{\"@id\":\"https:\/\/caf-rapport-activite.fr\/caf40-2024\/#website\"},\"datePublished\":\"2025-06-05T14:46:37+00:00\",\"dateModified\":\"2025-06-17T10:59:39+00:00\",\"breadcrumb\":{\"@id\":\"https:\/\/caf-rapport-activite.fr\/caf40-2024\/temp-fort\/3e-sdsf-adopte-et-signe\/#breadcrumb\"},\"inLanguage\":\"fr-FR\",\"potentialAction\":[{\"@type\":\"ReadAction\",\"target\":[\"https:\/\/caf-rapport-activite.fr\/caf40-2024\/temp-fort\/3e-sdsf-adopte-et-signe\/\"]}]},{\"@type\":\"BreadcrumbList\",\"@id\":\"https:\/\/caf-rapport-activite.fr\/caf40-2024\/temp-fort\/3e-sdsf-adopte-et-signe\/#breadcrumb\",\"itemListElement\":[{\"@type\":\"ListItem\",\"position\":1,\"name\":\"Accueil\",\"item\":\"https:\/\/caf-rapport-activite.fr\/caf40-2024\/\"},{\"@type\":\"ListItem\",\"position\":2,\"name\":\"Temps forts\",\"item\":\"https:\/\/caf-rapport-activite.fr\/caf40-2024\/temp-fort\/\"},{\"@type\":\"ListItem\",\"position\":3,\"name\":\"3e SDSF adopt\u00e9 et sign\u00e9\"}]},{\"@type\":\"WebSite\",\"@id\":\"https:\/\/caf-rapport-activite.fr\/caf40-2024\/#website\",\"url\":\"https:\/\/caf-rapport-activite.fr\/caf40-2024\/\",\"name\":\"Caf 40 - 2024\",\"description\":\"\",\"potentialAction\":[{\"@type\":\"SearchAction\",\"target\":{\"@type\":\"EntryPoint\",\"urlTemplate\":\"https:\/\/caf-rapport-activite.fr\/caf40-2024\/?s={search_term_string}\"},\"query-input\":\"required name=search_term_string\"}],\"inLanguage\":\"fr-FR\"}]}<\/script>\n<!-- \/ Yoast SEO plugin. -->","yoast_head_json":{"title":"3e SDSF adopt\u00e9 et sign\u00e9 - Caf 40 - 2024","robots":{"index":"index","follow":"follow","max-snippet":"max-snippet:-1","max-image-preview":"max-image-preview:large","max-video-preview":"max-video-preview:-1"},"canonical":"https:\/\/caf-rapport-activite.fr\/caf40-2024\/temp-fort\/3e-sdsf-adopte-et-signe\/","og_locale":"fr_FR","og_type":"article","og_title":"3e SDSF adopt\u00e9 et sign\u00e9 - Caf 40 - 2024","og_description":"Au cours de l\u2019\u00e9t\u00e9, l\u2019instance d\u00e9partementale r\u00e9unissant tous les partenaires a valid\u00e9 le sch\u00e9ma d\u00e9partemental des services aux familles pour [&hellip;]","og_url":"https:\/\/caf-rapport-activite.fr\/caf40-2024\/temp-fort\/3e-sdsf-adopte-et-signe\/","og_site_name":"Caf 40 - 2024","article_modified_time":"2025-06-17T10:59:39+00:00","og_image":[{"width":1280,"height":960,"url":"https:\/\/caf-rapport-activite.fr\/caf40-2024\/wp-content\/uploads\/sites\/24\/2025\/06\/3e-sdsf-2024.jpg","type":"image\/jpeg"}],"twitter_card":"summary_large_image","twitter_misc":{"Dur\u00e9e de lecture estim\u00e9e":"1 minute"},"schema":{"@context":"https:\/\/schema.org","@graph":[{"@type":"WebPage","@id":"https:\/\/caf-rapport-activite.fr\/caf40-2024\/temp-fort\/3e-sdsf-adopte-et-signe\/","url":"https:\/\/caf-rapport-activite.fr\/caf40-2024\/temp-fort\/3e-sdsf-adopte-et-signe\/","name":"3e SDSF adopt\u00e9 et sign\u00e9 - Caf 40 - 2024","isPartOf":{"@id":"https:\/\/caf-rapport-activite.fr\/caf40-2024\/#website"},"datePublished":"2025-06-05T14:46:37+00:00","dateModified":"2025-06-17T10:59:39+00:00","breadcrumb":{"@id":"https:\/\/caf-rapport-activite.fr\/caf40-2024\/temp-fort\/3e-sdsf-adopte-et-signe\/#breadcrumb"},"inLanguage":"fr-FR","potentialAction":[{"@type":"ReadAction","target":["https:\/\/caf-rapport-activite.fr\/caf40-2024\/temp-fort\/3e-sdsf-adopte-et-signe\/"]}]},{"@type":"BreadcrumbList","@id":"https:\/\/caf-rapport-activite.fr\/caf40-2024\/temp-fort\/3e-sdsf-adopte-et-signe\/#breadcrumb","itemListElement":[{"@type":"ListItem","position":1,"name":"Accueil","item":"https:\/\/caf-rapport-activite.fr\/caf40-2024\/"},{"@type":"ListItem","position":2,"name":"Temps forts","item":"https:\/\/caf-rapport-activite.fr\/caf40-2024\/temp-fort\/"},{"@type":"ListItem","position":3,"name":"3e SDSF adopt\u00e9 et sign\u00e9"}]},{"@type":"WebSite","@id":"https:\/\/caf-rapport-activite.fr\/caf40-2024\/#website","url":"https:\/\/caf-rapport-activite.fr\/caf40-2024\/","name":"Caf 40 - 2024","description":"","potentialAction":[{"@type":"SearchAction","target":{"@type":"EntryPoint","urlTemplate":"https:\/\/caf-rapport-activite.fr\/caf40-2024\/?s={search_term_string}"},"query-input":"required name=search_term_string"}],"inLanguage":"fr-FR"}]}},"_links":{"self":[{"href":"https:\/\/caf-rapport-activite.fr\/caf40-2024\/wp-json\/wp\/v2\/temp-fort\/1229"}],"collection":[{"href":"https:\/\/caf-rapport-activite.fr\/caf40-2024\/wp-json\/wp\/v2\/temp-fort"}],"about":[{"href":"https:\/\/caf-rapport-activite.fr\/caf40-2024\/wp-json\/wp\/v2\/types\/temp-fort"}],"wp:featuredmedia":[{"embeddable":true,"href":"https:\/\/caf-rapport-activite.fr\/caf40-2024\/wp-json\/wp\/v2\/media\/1250"}],"wp:attachment":[{"href":"https:\/\/caf-rapport-activite.fr\/caf40-2024\/wp-json\/wp\/v2\/media?parent=1229"}],"wp:term":[{"taxonomy":"activite","embeddable":true,"href":"https:\/\/caf-rapport-activite.fr\/caf40-2024\/wp-json\/wp\/v2\/activite?post=1229"}],"curies":[{"name":"wp","href":"https:\/\/api.w.org\/{rel}","templated":true}]}}