{"id":86,"date":"2022-12-27T15:15:33","date_gmt":"2022-12-27T14:15:33","guid":{"rendered":"http:\/\/localhost\/caf\/?post_type=temp-fort&#038;p=86"},"modified":"2024-06-17T14:18:38","modified_gmt":"2024-06-17T12:18:38","slug":"journee-departementale-landes-imaginactions","status":"publish","type":"temp-fort","link":"https:\/\/caf-rapport-activite.fr\/caf40-2023\/temp-fort\/journee-departementale-landes-imaginactions\/","title":{"rendered":"Journ\u00e9e d\u00e9partementale Landes Imaginactions"},"content":{"rendered":"\n<p>Le 10 mai a eu lieu \u00e0 Morcenx la remise des prix du concours photo Landes Imaginactions. C\u2019est la photo Libert\u00e9 pr\u00e9sent\u00e9e par Bielle trip (Espace jeunes de Parentis-en-Born) qui a remport\u00e9 la 1\u00e8re place.<br>Depuis 1999, ce dispositif dont le slogan est \u00ab Prends tes r\u00eaves pour des r\u00e9alit\u00e9s \u00bb permet de soutenir des projets pr\u00e9sent\u00e9s par les jeunes de 11 \u00e0 30 ans.<\/p>\n\n\n\n<figure class=\"wp-block-image size-large\"><img decoding=\"async\" loading=\"lazy\" width=\"1024\" height=\"1024\" src=\"https:\/\/caf-rapport-activite.fr\/caf40-2023\/wp-content\/uploads\/sites\/17\/2023\/06\/10-05-2023-1024x1024.jpg\" alt=\"\" class=\"wp-image-1103\" srcset=\"https:\/\/caf-rapport-activite.fr\/caf40-2023\/wp-content\/uploads\/sites\/17\/2023\/06\/10-05-2023-1024x1024.jpg 1024w, https:\/\/caf-rapport-activite.fr\/caf40-2023\/wp-content\/uploads\/sites\/17\/2023\/06\/10-05-2023-300x300.jpg 300w, https:\/\/caf-rapport-activite.fr\/caf40-2023\/wp-content\/uploads\/sites\/17\/2023\/06\/10-05-2023-150x150.jpg 150w, https:\/\/caf-rapport-activite.fr\/caf40-2023\/wp-content\/uploads\/sites\/17\/2023\/06\/10-05-2023-768x768.jpg 768w, https:\/\/caf-rapport-activite.fr\/caf40-2023\/wp-content\/uploads\/sites\/17\/2023\/06\/10-05-2023.jpg 1500w\" sizes=\"(max-width: 1024px) 100vw, 1024px\" \/><\/figure>\n","protected":false},"excerpt":{"rendered":"<p>Le 10 mai a eu lieu \u00e0 Morcenx la remise des prix du concours photo Landes Imaginactions. C\u2019est la photo [&hellip;]<\/p>\n","protected":false},"featured_media":1103,"parent":0,"menu_order":6,"template":"","activite":[21],"yoast_head":"<!-- This site is optimized with the Yoast SEO plugin v19.11 - https:\/\/yoast.com\/wordpress\/plugins\/seo\/ -->\n<title>Journ\u00e9e d\u00e9partementale Landes Imaginactions - Caf40 - 2023<\/title>\n<meta name=\"robots\" content=\"index, follow, max-snippet:-1, max-image-preview:large, max-video-preview:-1\" \/>\n<link rel=\"canonical\" href=\"https:\/\/caf-rapport-activite.fr\/caf40-2023\/temp-fort\/journee-departementale-landes-imaginactions\/\" \/>\n<meta property=\"og:locale\" content=\"fr_FR\" \/>\n<meta property=\"og:type\" content=\"article\" \/>\n<meta property=\"og:title\" content=\"Journ\u00e9e d\u00e9partementale Landes Imaginactions - Caf40 - 2023\" \/>\n<meta property=\"og:description\" content=\"Le 10 mai a eu lieu \u00e0 Morcenx la remise des prix du concours photo Landes Imaginactions. C\u2019est la photo [&hellip;]\" \/>\n<meta property=\"og:url\" content=\"https:\/\/caf-rapport-activite.fr\/caf40-2023\/temp-fort\/journee-departementale-landes-imaginactions\/\" \/>\n<meta property=\"og:site_name\" content=\"Caf40 - 2023\" \/>\n<meta property=\"article:modified_time\" content=\"2024-06-17T12:18:38+00:00\" \/>\n<meta property=\"og:image\" content=\"https:\/\/caf-rapport-activite.fr\/caf40-2023\/wp-content\/uploads\/sites\/17\/2023\/06\/10-05-2023.jpg\" \/>\n\t<meta property=\"og:image:width\" content=\"1500\" \/>\n\t<meta property=\"og:image:height\" content=\"1500\" \/>\n\t<meta property=\"og:image:type\" content=\"image\/jpeg\" \/>\n<meta name=\"twitter:card\" content=\"summary_large_image\" \/>\n<meta name=\"twitter:label1\" content=\"Dur\u00e9e de lecture estim\u00e9e\" \/>\n\t<meta name=\"twitter:data1\" content=\"1 minute\" \/>\n<script type=\"application\/ld+json\" class=\"yoast-schema-graph\">{\"@context\":\"https:\/\/schema.org\",\"@graph\":[{\"@type\":\"WebPage\",\"@id\":\"https:\/\/caf-rapport-activite.fr\/caf40-2023\/temp-fort\/journee-departementale-landes-imaginactions\/\",\"url\":\"https:\/\/caf-rapport-activite.fr\/caf40-2023\/temp-fort\/journee-departementale-landes-imaginactions\/\",\"name\":\"Journ\u00e9e d\u00e9partementale Landes Imaginactions - Caf40 - 2023\",\"isPartOf\":{\"@id\":\"https:\/\/caf-rapport-activite.fr\/caf40-2023\/#website\"},\"datePublished\":\"2022-12-27T14:15:33+00:00\",\"dateModified\":\"2024-06-17T12:18:38+00:00\",\"breadcrumb\":{\"@id\":\"https:\/\/caf-rapport-activite.fr\/caf40-2023\/temp-fort\/journee-departementale-landes-imaginactions\/#breadcrumb\"},\"inLanguage\":\"fr-FR\",\"potentialAction\":[{\"@type\":\"ReadAction\",\"target\":[\"https:\/\/caf-rapport-activite.fr\/caf40-2023\/temp-fort\/journee-departementale-landes-imaginactions\/\"]}]},{\"@type\":\"BreadcrumbList\",\"@id\":\"https:\/\/caf-rapport-activite.fr\/caf40-2023\/temp-fort\/journee-departementale-landes-imaginactions\/#breadcrumb\",\"itemListElement\":[{\"@type\":\"ListItem\",\"position\":1,\"name\":\"Accueil\",\"item\":\"https:\/\/caf-rapport-activite.fr\/caf40-2023\/\"},{\"@type\":\"ListItem\",\"position\":2,\"name\":\"Temps forts\",\"item\":\"https:\/\/caf-rapport-activite.fr\/caf40-2023\/temp-fort\/\"},{\"@type\":\"ListItem\",\"position\":3,\"name\":\"Journ\u00e9e d\u00e9partementale Landes Imaginactions\"}]},{\"@type\":\"WebSite\",\"@id\":\"https:\/\/caf-rapport-activite.fr\/caf40-2023\/#website\",\"url\":\"https:\/\/caf-rapport-activite.fr\/caf40-2023\/\",\"name\":\"Caf40 - 2023\",\"description\":\"\",\"potentialAction\":[{\"@type\":\"SearchAction\",\"target\":{\"@type\":\"EntryPoint\",\"urlTemplate\":\"https:\/\/caf-rapport-activite.fr\/caf40-2023\/?s={search_term_string}\"},\"query-input\":\"required name=search_term_string\"}],\"inLanguage\":\"fr-FR\"}]}<\/script>\n<!-- \/ Yoast SEO plugin. -->","yoast_head_json":{"title":"Journ\u00e9e d\u00e9partementale Landes Imaginactions - Caf40 - 2023","robots":{"index":"index","follow":"follow","max-snippet":"max-snippet:-1","max-image-preview":"max-image-preview:large","max-video-preview":"max-video-preview:-1"},"canonical":"https:\/\/caf-rapport-activite.fr\/caf40-2023\/temp-fort\/journee-departementale-landes-imaginactions\/","og_locale":"fr_FR","og_type":"article","og_title":"Journ\u00e9e d\u00e9partementale Landes Imaginactions - Caf40 - 2023","og_description":"Le 10 mai a eu lieu \u00e0 Morcenx la remise des prix du concours photo Landes Imaginactions. C\u2019est la photo [&hellip;]","og_url":"https:\/\/caf-rapport-activite.fr\/caf40-2023\/temp-fort\/journee-departementale-landes-imaginactions\/","og_site_name":"Caf40 - 2023","article_modified_time":"2024-06-17T12:18:38+00:00","og_image":[{"width":1500,"height":1500,"url":"https:\/\/caf-rapport-activite.fr\/caf40-2023\/wp-content\/uploads\/sites\/17\/2023\/06\/10-05-2023.jpg","type":"image\/jpeg"}],"twitter_card":"summary_large_image","twitter_misc":{"Dur\u00e9e de lecture estim\u00e9e":"1 minute"},"schema":{"@context":"https:\/\/schema.org","@graph":[{"@type":"WebPage","@id":"https:\/\/caf-rapport-activite.fr\/caf40-2023\/temp-fort\/journee-departementale-landes-imaginactions\/","url":"https:\/\/caf-rapport-activite.fr\/caf40-2023\/temp-fort\/journee-departementale-landes-imaginactions\/","name":"Journ\u00e9e d\u00e9partementale Landes Imaginactions - Caf40 - 2023","isPartOf":{"@id":"https:\/\/caf-rapport-activite.fr\/caf40-2023\/#website"},"datePublished":"2022-12-27T14:15:33+00:00","dateModified":"2024-06-17T12:18:38+00:00","breadcrumb":{"@id":"https:\/\/caf-rapport-activite.fr\/caf40-2023\/temp-fort\/journee-departementale-landes-imaginactions\/#breadcrumb"},"inLanguage":"fr-FR","potentialAction":[{"@type":"ReadAction","target":["https:\/\/caf-rapport-activite.fr\/caf40-2023\/temp-fort\/journee-departementale-landes-imaginactions\/"]}]},{"@type":"BreadcrumbList","@id":"https:\/\/caf-rapport-activite.fr\/caf40-2023\/temp-fort\/journee-departementale-landes-imaginactions\/#breadcrumb","itemListElement":[{"@type":"ListItem","position":1,"name":"Accueil","item":"https:\/\/caf-rapport-activite.fr\/caf40-2023\/"},{"@type":"ListItem","position":2,"name":"Temps forts","item":"https:\/\/caf-rapport-activite.fr\/caf40-2023\/temp-fort\/"},{"@type":"ListItem","position":3,"name":"Journ\u00e9e d\u00e9partementale Landes Imaginactions"}]},{"@type":"WebSite","@id":"https:\/\/caf-rapport-activite.fr\/caf40-2023\/#website","url":"https:\/\/caf-rapport-activite.fr\/caf40-2023\/","name":"Caf40 - 2023","description":"","potentialAction":[{"@type":"SearchAction","target":{"@type":"EntryPoint","urlTemplate":"https:\/\/caf-rapport-activite.fr\/caf40-2023\/?s={search_term_string}"},"query-input":"required name=search_term_string"}],"inLanguage":"fr-FR"}]}},"_links":{"self":[{"href":"https:\/\/caf-rapport-activite.fr\/caf40-2023\/wp-json\/wp\/v2\/temp-fort\/86"}],"collection":[{"href":"https:\/\/caf-rapport-activite.fr\/caf40-2023\/wp-json\/wp\/v2\/temp-fort"}],"about":[{"href":"https:\/\/caf-rapport-activite.fr\/caf40-2023\/wp-json\/wp\/v2\/types\/temp-fort"}],"wp:featuredmedia":[{"embeddable":true,"href":"https:\/\/caf-rapport-activite.fr\/caf40-2023\/wp-json\/wp\/v2\/media\/1103"}],"wp:attachment":[{"href":"https:\/\/caf-rapport-activite.fr\/caf40-2023\/wp-json\/wp\/v2\/media?parent=86"}],"wp:term":[{"taxonomy":"activite","embeddable":true,"href":"https:\/\/caf-rapport-activite.fr\/caf40-2023\/wp-json\/wp\/v2\/activite?post=86"}],"curies":[{"name":"wp","href":"https:\/\/api.w.org\/{rel}","templated":true}]}}