{"id":1768,"date":"2025-04-30T14:11:20","date_gmt":"2025-04-30T12:11:20","guid":{"rendered":"https:\/\/caf-rapport-activite.fr\/caf33-2024\/?post_type=temp-fort&#038;p=1768"},"modified":"2025-06-23T10:57:35","modified_gmt":"2025-06-23T08:57:35","slug":"signature-du-schema-departemental-des-services-aux-familles-de-la-gironde-2024-2027","status":"publish","type":"temp-fort","link":"https:\/\/caf-rapport-activite.fr\/caf33-2024\/temp-fort\/signature-du-schema-departemental-des-services-aux-familles-de-la-gironde-2024-2027\/","title":{"rendered":"Signature du Sch\u00e9ma d\u00e9partemental des services aux familles de la Gironde 2024-2027"},"content":{"rendered":"\n<h4 class=\"has-pale-cyan-blue-background-color has-background\">C\u2019est sous la pr\u00e9sidence de la Pr\u00e9fecture de la Gironde que se sont r\u00e9unis, le 5 f\u00e9vier 2024,&nbsp;la Caf de la Gironde, repr\u00e9sent\u00e9e par Christine Mansiet et Nathalie Gaillard-Bienfait, Pr\u00e9sidente du Conseil d\u2019administration,&nbsp;le Conseil d\u00e9partemental, les collectivit\u00e9s locales et les acteurs de l\u2019accueil du jeune enfant et du soutien \u00e0 la parentalit\u00e9 pour signer&nbsp;le Sch\u00e9ma d\u00e9partemental des services aux familles&nbsp;de la Gironde 2024-2027.<\/h4>\n\n\n\n<p>Lors d\u2019une s\u00e9paration, le r\u00f4le de la Caf est de pr\u00e9venir les risques qui peuvent survenir : le risque financier (baisse des ressources, paup\u00e9risation\u2026) et le risque de d\u00e9gradation du lien parent\/enfant (conflits, tensions, absences\u2026). Le soutien aux familles monoparentales victimes d\u2019impay\u00e9s a pr\u00e9sid\u00e9 \u00e0 la cr\u00e9ation en 2017 par les Caf et les Mutualit\u00e9 Sociale Agricole (MSA) d\u2019un nouveau service : l\u2019Agence de recouvrement et d\u2019interm\u00e9diation des pensions alimentaires (Aripa).<\/p>\n\n\n\n<p><br>Cette signature vient t\u00e9moigner de l\u2019impulsion politique en mati\u00e8re de services aux familles du d\u00e9partement.<br>A la crois\u00e9e de plusieurs politiques publiques (la loi pour le plein emploi, le pacte des solidarit\u00e9s, le service public de la petite enfance\u2026), le SDSF fait converger les volont\u00e9s des partenaires autour d\u2019une m\u00eame ambition&nbsp;: assurer une dynamique partenariale locale en associant le plus largement possible les acteurs de terrain au service des familles sur les territoires.<br><\/p>\n\n\n<div class=\"wp-block-image\">\n<figure class=\"aligncenter size-full is-resized\"><img decoding=\"async\" loading=\"lazy\" src=\"https:\/\/caf-rapport-activite.fr\/caf33-2024\/wp-content\/uploads\/sites\/20\/2025\/05\/image-11.png\" alt=\"\" class=\"wp-image-2747\" width=\"797\" height=\"339\" srcset=\"https:\/\/caf-rapport-activite.fr\/caf33-2024\/wp-content\/uploads\/sites\/20\/2025\/05\/image-11.png 945w, https:\/\/caf-rapport-activite.fr\/caf33-2024\/wp-content\/uploads\/sites\/20\/2025\/05\/image-11-300x127.png 300w, https:\/\/caf-rapport-activite.fr\/caf33-2024\/wp-content\/uploads\/sites\/20\/2025\/05\/image-11-768x326.png 768w\" sizes=\"(max-width: 797px) 100vw, 797px\" \/><\/figure><\/div>\n\n\n<h3>La d\u00e9marche au c\u0153ur du SDSF est celle d&rsquo;une coop\u00e9ration inter-institutionnelle au service de la mise en \u0153uvre d&rsquo;une politique coordonn\u00e9e en faveur des familles \u00e0 l&rsquo;\u00e9chelle du d\u00e9partement.<\/h3>\n\n\n\n<p>Le Sch\u00e9ma d\u00e9partemental des services aux familles a pour ambition de coordonner l\u2019action des diff\u00e9rentes institutions partenaires pour qu\u2019une politique lisible, visible et de proximit\u00e9 soit mise en place \u00e0 l\u2019\u00e9chelle girondine au profit des familles.<\/p>\n\n\n\n<p>Cette d\u00e9marche de mise en synergie et en compl\u00e9mentarit\u00e9 des acteurs de la petite enfance et de la parentalit\u00e9 a pris un tournant suite \u00e0 l\u2019installation du comit\u00e9 d\u00e9partemental de service aux familles, en janvier 2023. La pr\u00e9sidence du comit\u00e9 est assur\u00e9e par la Sous-pr\u00e9f\u00e8te de Blaye et l\u2019animation de ce dernier par la Caf de la Gironde, \u00e0 travers son r\u00f4le de secr\u00e9taire g\u00e9n\u00e9ral.<\/p>\n\n\n\n<p>Tout au long de l\u2019ann\u00e9e \u00e9coul\u00e9e, cette instance partenariale, compos\u00e9e des institutions, des gestionnaires publics, associatifs ou priv\u00e9s et des familles, s\u2019est mobilis\u00e9e pour identifier et apporter des r\u00e9ponses adapt\u00e9es, au plus pr\u00e8s des besoins des familles girondines. Et ce, en s\u2019appuyant sur un diagnostic afin d\u2019identifier leurs besoins et les \u00e9volutions territoriales en cours.<\/p>\n\n\n\n<h2>Les objectifs du Sch\u00e9ma d\u00e9partemental des services aux familles 2024 &#8211; 2027<\/h2>\n\n\n\n<p>Le Sch\u00e9ma d\u00e9partemental des services aux familles s\u2019inscrit historiquement dans le cadre des objectifs des pouvoirs publics visant \u00e0 :<\/p>\n\n\n\n<ul>\n<li>Permettre aux parents de mieux concilier vie familiale, vie sociale et professionnelle,<\/li>\n\n\n\n<li>Aider les familles dans l\u2019exercice de leur fonction parentale<\/li>\n\n\n\n<li>Permettre aux enfants de se construire pleinement, en participant notamment \u00e0 l\u2019\u00e9galit\u00e9 des chances.<\/li>\n<\/ul>\n\n\n<div class=\"wp-block-image\">\n<figure class=\"alignright size-full is-resized\"><a href=\"https:\/\/www.caf.fr\/sites\/default\/files\/medias\/331\/ACTION%20SOCIALE\/SDSF\/SCHEMAWEBSDSFSANSANNEXESbd.pdf\" target=\"_blank\" rel=\" noreferrer noopener\"><img decoding=\"async\" loading=\"lazy\" src=\"https:\/\/caf-rapport-activite.fr\/caf33-2024\/wp-content\/uploads\/sites\/20\/2025\/03\/couvSchema-departemental-des-services-aux-familles-en-GirondeJUIN2024.png\" alt=\"\" class=\"wp-image-2276\" width=\"249\" height=\"358\" srcset=\"https:\/\/caf-rapport-activite.fr\/caf33-2024\/wp-content\/uploads\/sites\/20\/2025\/03\/couvSchema-departemental-des-services-aux-familles-en-GirondeJUIN2024.png 622w, https:\/\/caf-rapport-activite.fr\/caf33-2024\/wp-content\/uploads\/sites\/20\/2025\/03\/couvSchema-departemental-des-services-aux-familles-en-GirondeJUIN2024-209x300.png 209w\" sizes=\"(max-width: 249px) 100vw, 249px\" \/><\/a><\/figure><\/div>\n\n\n<h3>Le diagnostic d\u00e9partemental, produit par la Caf de la Gironde, et l\u2019\u00e9valuation du pr\u00e9c\u00e9dent Sch\u00e9ma, ont permis de d\u00e9gager de trois grands objectifs :<\/h3>\n\n\n\n<ul>\n<li>Mettre en \u0153uvre d\u2019un plan d\u2019actions ambitieux visant \u00e0 accompagner le d\u00e9veloppement harmonieux des territoires et rendre plus facilement accessible le recours aux services et actions de soutien propos\u00e9s aux familles et aux enfants,<\/li>\n\n\n\n<li>D\u00e9finir une trajectoire de moyen terme partag\u00e9e avec les acteurs de l\u2019accueil du jeune enfant et du soutien \u00e0 la parentalit\u00e9 en s\u2019articulant avec les autres politiques publiques d\u00e9clin\u00e9es sur les territoires,<\/li>\n\n\n\n<li>Garantir aux parents et \u00e0 leurs enfants des services de qualit\u00e9, accessibles \u00e0 tous.<\/li>\n<\/ul>\n\n\n\n<h4>Tous les signataires r\u00e9affirment leur pleine mobilisation au service des familles du d\u00e9partement et leur volont\u00e9 d&rsquo;agir collectivement pour mener \u00e0 terme les actions envisag\u00e9es dans le cadre du sch\u00e9ma.<\/h4>\n\n\n        <a class=\"acf-block--readmore\" href=\"https:\/\/www.caf.fr\/sites\/default\/files\/medias\/331\/ACTION%20SOCIALE\/SDSF\/SCHEMAWEBSDSFSANSANNEXESbd.pdf\" target=\"_blank\">\n            D\u00e9couvrez le sch\u00e9ma d\u00e9partemental des services aux familles de Gironde        <\/a>\n    \n\n\n<div style=\"height:16px\" aria-hidden=\"true\" class=\"wp-block-spacer\"><\/div>\n\n\n<div class=\"wp-block-image\">\n<figure class=\"alignleft size-full is-resized\"><img decoding=\"async\" loading=\"lazy\" src=\"https:\/\/caf-rapport-activite.fr\/caf33-2024\/wp-content\/uploads\/sites\/20\/2025\/05\/image-15.png\" alt=\"\" class=\"wp-image-2761\" width=\"238\" height=\"164\" srcset=\"https:\/\/caf-rapport-activite.fr\/caf33-2024\/wp-content\/uploads\/sites\/20\/2025\/05\/image-15.png 405w, https:\/\/caf-rapport-activite.fr\/caf33-2024\/wp-content\/uploads\/sites\/20\/2025\/05\/image-15-300x207.png 300w\" sizes=\"(max-width: 238px) 100vw, 238px\" \/><\/figure><\/div>\n\n\n<h3><strong>Un livret \u00ab\u00a0Pour les familles\u00a0\u00bb est \u00e9galement \u00e0 disposition <\/strong><\/h3>\n\n\n\n<p>Ce guide pratique est destin\u00e9 \u00e0 informer les familles sur les divers services petite enfance et de soutien \u00e0 la parentalit\u00e9 disponibles sur le d\u00e9partement :  <a href=\"https:\/\/www.caf.fr\/allocataires\/caf-de-la-gironde\/actualites-departementales\/le-livret-familles-du-schema-departemental-des-services-aux-familles-en-gironde\"><strong>CAF &#8211; Le livret familles du Sch\u00e9ma d\u00e9partemental des services aux familles en Gironde<\/strong><\/a><\/p>\n\n\n\n<p> <\/p>\n\n\n\n<div style=\"height:26px\" aria-hidden=\"true\" class=\"wp-block-spacer\"><\/div>\n","protected":false},"excerpt":{"rendered":"<p>C\u2019est sous la pr\u00e9sidence de la Pr\u00e9fecture de la Gironde que se sont r\u00e9unis, le 5 f\u00e9vier 2024,&nbsp;la Caf de [&hellip;]<\/p>\n","protected":false},"featured_media":2273,"parent":0,"menu_order":2,"template":"","activite":[6],"yoast_head":"<!-- This site is optimized with the Yoast SEO plugin v19.11 - https:\/\/yoast.com\/wordpress\/plugins\/seo\/ -->\n<title>Signature du Sch\u00e9ma d\u00e9partemental des services aux familles de la Gironde 2024-2027 - Caf 33 - 2024<\/title>\n<meta name=\"robots\" content=\"index, follow, max-snippet:-1, max-image-preview:large, max-video-preview:-1\" \/>\n<link rel=\"canonical\" href=\"https:\/\/caf-rapport-activite.fr\/caf33-2024\/temp-fort\/signature-du-schema-departemental-des-services-aux-familles-de-la-gironde-2024-2027\/\" \/>\n<meta property=\"og:locale\" content=\"fr_FR\" \/>\n<meta property=\"og:type\" content=\"article\" \/>\n<meta property=\"og:title\" content=\"Signature du Sch\u00e9ma d\u00e9partemental des services aux familles de la Gironde 2024-2027 - Caf 33 - 2024\" \/>\n<meta property=\"og:description\" content=\"C\u2019est sous la pr\u00e9sidence de la Pr\u00e9fecture de la Gironde que se sont r\u00e9unis, le 5 f\u00e9vier 2024,&nbsp;la Caf de [&hellip;]\" \/>\n<meta property=\"og:url\" content=\"https:\/\/caf-rapport-activite.fr\/caf33-2024\/temp-fort\/signature-du-schema-departemental-des-services-aux-familles-de-la-gironde-2024-2027\/\" \/>\n<meta property=\"og:site_name\" content=\"Caf 33 - 2024\" \/>\n<meta property=\"article:modified_time\" content=\"2025-06-23T08:57:35+00:00\" \/>\n<meta property=\"og:image\" content=\"https:\/\/caf-rapport-activite.fr\/caf33-2024\/wp-content\/uploads\/sites\/20\/2024\/04\/2025-03-03-11_31_54-Signature-du-Schema-departemental-des-services-aux-familles-de-la-Gironde-2024-2.jpg\" \/>\n\t<meta property=\"og:image:width\" content=\"840\" \/>\n\t<meta property=\"og:image:height\" content=\"630\" \/>\n\t<meta property=\"og:image:type\" content=\"image\/jpeg\" \/>\n<meta name=\"twitter:card\" content=\"summary_large_image\" \/>\n<meta name=\"twitter:label1\" content=\"Dur\u00e9e de lecture estim\u00e9e\" \/>\n\t<meta name=\"twitter:data1\" content=\"4 minutes\" \/>\n<script type=\"application\/ld+json\" class=\"yoast-schema-graph\">{\"@context\":\"https:\/\/schema.org\",\"@graph\":[{\"@type\":\"WebPage\",\"@id\":\"https:\/\/caf-rapport-activite.fr\/caf33-2024\/temp-fort\/signature-du-schema-departemental-des-services-aux-familles-de-la-gironde-2024-2027\/\",\"url\":\"https:\/\/caf-rapport-activite.fr\/caf33-2024\/temp-fort\/signature-du-schema-departemental-des-services-aux-familles-de-la-gironde-2024-2027\/\",\"name\":\"Signature du Sch\u00e9ma d\u00e9partemental des services aux familles de la Gironde 2024-2027 - Caf 33 - 2024\",\"isPartOf\":{\"@id\":\"https:\/\/caf-rapport-activite.fr\/caf33-2024\/#website\"},\"datePublished\":\"2025-04-30T12:11:20+00:00\",\"dateModified\":\"2025-06-23T08:57:35+00:00\",\"breadcrumb\":{\"@id\":\"https:\/\/caf-rapport-activite.fr\/caf33-2024\/temp-fort\/signature-du-schema-departemental-des-services-aux-familles-de-la-gironde-2024-2027\/#breadcrumb\"},\"inLanguage\":\"fr-FR\",\"potentialAction\":[{\"@type\":\"ReadAction\",\"target\":[\"https:\/\/caf-rapport-activite.fr\/caf33-2024\/temp-fort\/signature-du-schema-departemental-des-services-aux-familles-de-la-gironde-2024-2027\/\"]}]},{\"@type\":\"BreadcrumbList\",\"@id\":\"https:\/\/caf-rapport-activite.fr\/caf33-2024\/temp-fort\/signature-du-schema-departemental-des-services-aux-familles-de-la-gironde-2024-2027\/#breadcrumb\",\"itemListElement\":[{\"@type\":\"ListItem\",\"position\":1,\"name\":\"Accueil\",\"item\":\"https:\/\/caf-rapport-activite.fr\/caf33-2024\/\"},{\"@type\":\"ListItem\",\"position\":2,\"name\":\"Temps forts\",\"item\":\"https:\/\/caf-rapport-activite.fr\/caf33-2024\/temp-fort\/\"},{\"@type\":\"ListItem\",\"position\":3,\"name\":\"Signature du Sch\u00e9ma d\u00e9partemental des services aux familles de la Gironde 2024-2027\"}]},{\"@type\":\"WebSite\",\"@id\":\"https:\/\/caf-rapport-activite.fr\/caf33-2024\/#website\",\"url\":\"https:\/\/caf-rapport-activite.fr\/caf33-2024\/\",\"name\":\"Caf 33 - 2024\",\"description\":\"\",\"publisher\":{\"@id\":\"https:\/\/caf-rapport-activite.fr\/caf33-2024\/#organization\"},\"potentialAction\":[{\"@type\":\"SearchAction\",\"target\":{\"@type\":\"EntryPoint\",\"urlTemplate\":\"https:\/\/caf-rapport-activite.fr\/caf33-2024\/?s={search_term_string}\"},\"query-input\":\"required name=search_term_string\"}],\"inLanguage\":\"fr-FR\"},{\"@type\":\"Organization\",\"@id\":\"https:\/\/caf-rapport-activite.fr\/caf33-2024\/#organization\",\"name\":\"Caf 33 - 2024\",\"url\":\"https:\/\/caf-rapport-activite.fr\/caf33-2024\/\",\"logo\":{\"@type\":\"ImageObject\",\"inLanguage\":\"fr-FR\",\"@id\":\"https:\/\/caf-rapport-activite.fr\/caf33-2024\/#\/schema\/logo\/image\/\",\"url\":\"https:\/\/caf-rapport-activite.fr\/caf33-2024\/wp-content\/uploads\/sites\/20\/2022\/12\/cropped-logo-Caf-33.png\",\"contentUrl\":\"https:\/\/caf-rapport-activite.fr\/caf33-2024\/wp-content\/uploads\/sites\/20\/2022\/12\/cropped-logo-Caf-33.png\",\"width\":512,\"height\":512,\"caption\":\"Caf 33 - 2024\"},\"image\":{\"@id\":\"https:\/\/caf-rapport-activite.fr\/caf33-2024\/#\/schema\/logo\/image\/\"}}]}<\/script>\n<!-- \/ Yoast SEO plugin. -->","yoast_head_json":{"title":"Signature du Sch\u00e9ma d\u00e9partemental des services aux familles de la Gironde 2024-2027 - Caf 33 - 2024","robots":{"index":"index","follow":"follow","max-snippet":"max-snippet:-1","max-image-preview":"max-image-preview:large","max-video-preview":"max-video-preview:-1"},"canonical":"https:\/\/caf-rapport-activite.fr\/caf33-2024\/temp-fort\/signature-du-schema-departemental-des-services-aux-familles-de-la-gironde-2024-2027\/","og_locale":"fr_FR","og_type":"article","og_title":"Signature du Sch\u00e9ma d\u00e9partemental des services aux familles de la Gironde 2024-2027 - Caf 33 - 2024","og_description":"C\u2019est sous la pr\u00e9sidence de la Pr\u00e9fecture de la Gironde que se sont r\u00e9unis, le 5 f\u00e9vier 2024,&nbsp;la Caf de [&hellip;]","og_url":"https:\/\/caf-rapport-activite.fr\/caf33-2024\/temp-fort\/signature-du-schema-departemental-des-services-aux-familles-de-la-gironde-2024-2027\/","og_site_name":"Caf 33 - 2024","article_modified_time":"2025-06-23T08:57:35+00:00","og_image":[{"width":840,"height":630,"url":"https:\/\/caf-rapport-activite.fr\/caf33-2024\/wp-content\/uploads\/sites\/20\/2024\/04\/2025-03-03-11_31_54-Signature-du-Schema-departemental-des-services-aux-familles-de-la-Gironde-2024-2.jpg","type":"image\/jpeg"}],"twitter_card":"summary_large_image","twitter_misc":{"Dur\u00e9e de lecture estim\u00e9e":"4 minutes"},"schema":{"@context":"https:\/\/schema.org","@graph":[{"@type":"WebPage","@id":"https:\/\/caf-rapport-activite.fr\/caf33-2024\/temp-fort\/signature-du-schema-departemental-des-services-aux-familles-de-la-gironde-2024-2027\/","url":"https:\/\/caf-rapport-activite.fr\/caf33-2024\/temp-fort\/signature-du-schema-departemental-des-services-aux-familles-de-la-gironde-2024-2027\/","name":"Signature du Sch\u00e9ma d\u00e9partemental des services aux familles de la Gironde 2024-2027 - Caf 33 - 2024","isPartOf":{"@id":"https:\/\/caf-rapport-activite.fr\/caf33-2024\/#website"},"datePublished":"2025-04-30T12:11:20+00:00","dateModified":"2025-06-23T08:57:35+00:00","breadcrumb":{"@id":"https:\/\/caf-rapport-activite.fr\/caf33-2024\/temp-fort\/signature-du-schema-departemental-des-services-aux-familles-de-la-gironde-2024-2027\/#breadcrumb"},"inLanguage":"fr-FR","potentialAction":[{"@type":"ReadAction","target":["https:\/\/caf-rapport-activite.fr\/caf33-2024\/temp-fort\/signature-du-schema-departemental-des-services-aux-familles-de-la-gironde-2024-2027\/"]}]},{"@type":"BreadcrumbList","@id":"https:\/\/caf-rapport-activite.fr\/caf33-2024\/temp-fort\/signature-du-schema-departemental-des-services-aux-familles-de-la-gironde-2024-2027\/#breadcrumb","itemListElement":[{"@type":"ListItem","position":1,"name":"Accueil","item":"https:\/\/caf-rapport-activite.fr\/caf33-2024\/"},{"@type":"ListItem","position":2,"name":"Temps forts","item":"https:\/\/caf-rapport-activite.fr\/caf33-2024\/temp-fort\/"},{"@type":"ListItem","position":3,"name":"Signature du Sch\u00e9ma d\u00e9partemental des services aux familles de la Gironde 2024-2027"}]},{"@type":"WebSite","@id":"https:\/\/caf-rapport-activite.fr\/caf33-2024\/#website","url":"https:\/\/caf-rapport-activite.fr\/caf33-2024\/","name":"Caf 33 - 2024","description":"","publisher":{"@id":"https:\/\/caf-rapport-activite.fr\/caf33-2024\/#organization"},"potentialAction":[{"@type":"SearchAction","target":{"@type":"EntryPoint","urlTemplate":"https:\/\/caf-rapport-activite.fr\/caf33-2024\/?s={search_term_string}"},"query-input":"required name=search_term_string"}],"inLanguage":"fr-FR"},{"@type":"Organization","@id":"https:\/\/caf-rapport-activite.fr\/caf33-2024\/#organization","name":"Caf 33 - 2024","url":"https:\/\/caf-rapport-activite.fr\/caf33-2024\/","logo":{"@type":"ImageObject","inLanguage":"fr-FR","@id":"https:\/\/caf-rapport-activite.fr\/caf33-2024\/#\/schema\/logo\/image\/","url":"https:\/\/caf-rapport-activite.fr\/caf33-2024\/wp-content\/uploads\/sites\/20\/2022\/12\/cropped-logo-Caf-33.png","contentUrl":"https:\/\/caf-rapport-activite.fr\/caf33-2024\/wp-content\/uploads\/sites\/20\/2022\/12\/cropped-logo-Caf-33.png","width":512,"height":512,"caption":"Caf 33 - 2024"},"image":{"@id":"https:\/\/caf-rapport-activite.fr\/caf33-2024\/#\/schema\/logo\/image\/"}}]}},"_links":{"self":[{"href":"https:\/\/caf-rapport-activite.fr\/caf33-2024\/wp-json\/wp\/v2\/temp-fort\/1768"}],"collection":[{"href":"https:\/\/caf-rapport-activite.fr\/caf33-2024\/wp-json\/wp\/v2\/temp-fort"}],"about":[{"href":"https:\/\/caf-rapport-activite.fr\/caf33-2024\/wp-json\/wp\/v2\/types\/temp-fort"}],"wp:featuredmedia":[{"embeddable":true,"href":"https:\/\/caf-rapport-activite.fr\/caf33-2024\/wp-json\/wp\/v2\/media\/2273"}],"wp:attachment":[{"href":"https:\/\/caf-rapport-activite.fr\/caf33-2024\/wp-json\/wp\/v2\/media?parent=1768"}],"wp:term":[{"taxonomy":"activite","embeddable":true,"href":"https:\/\/caf-rapport-activite.fr\/caf33-2024\/wp-json\/wp\/v2\/activite?post=1768"}],"curies":[{"name":"wp","href":"https:\/\/api.w.org\/{rel}","templated":true}]}}