{"id":1100,"date":"2023-06-23T10:32:56","date_gmt":"2023-06-23T08:32:56","guid":{"rendered":"https:\/\/caf-rapport-activite.fr\/caf33-2022\/?post_type=temp-fort&#038;p=1100"},"modified":"2023-06-30T13:45:05","modified_gmt":"2023-06-30T11:45:05","slug":"developpement-durable-challenge-mai-a-velo","status":"publish","type":"temp-fort","link":"https:\/\/caf-rapport-activite.fr\/caf33-2022\/temp-fort\/developpement-durable-challenge-mai-a-velo\/","title":{"rendered":"Mobilit\u00e9 durable : challenge \u00ab\u00a0Mai \u00e0 v\u00e9lo\u00a0\u00bb"},"content":{"rendered":"\n<p>\u00ab\u00a0Mai \u00e0 v\u00e9lo\u00a0\u00bb c&rsquo;est le challenge national lanc\u00e9 chaque ann\u00e9e aux entreprises par le Minist\u00e8re de la Transition Ecologique et des Sports pour promouvoir les mobilit\u00e9s douces et la transition \u00e9cologique. <\/p>\n\n\n\n<p>En 2022, la branche Famille de la S\u00e9curit\u00e9 Sociale participait pour la 2e fois \u00e0 ce challenge et se hissait \u00e0 la 3e place du podium avec <strong>plus de 50 000 kilom\u00e8tres parcourus. <\/strong><\/p>\n\n\n\n<p><\/p>\n\n\n\n<h2>La Caf de la Gironde se met en selle ! <\/h2>\n\n\n\n<figure class=\"wp-block-image size-large\"><img decoding=\"async\" loading=\"lazy\" width=\"1024\" height=\"637\" src=\"https:\/\/caf-rapport-activite.fr\/caf33-2022\/wp-content\/uploads\/sites\/4\/2023\/06\/Mai-a-velo-1024x637.png\" alt=\"\" class=\"wp-image-1101\" srcset=\"https:\/\/caf-rapport-activite.fr\/caf33-2022\/wp-content\/uploads\/sites\/4\/2023\/06\/Mai-a-velo-1024x637.png 1024w, https:\/\/caf-rapport-activite.fr\/caf33-2022\/wp-content\/uploads\/sites\/4\/2023\/06\/Mai-a-velo-300x186.png 300w, https:\/\/caf-rapport-activite.fr\/caf33-2022\/wp-content\/uploads\/sites\/4\/2023\/06\/Mai-a-velo-768x477.png 768w, https:\/\/caf-rapport-activite.fr\/caf33-2022\/wp-content\/uploads\/sites\/4\/2023\/06\/Mai-a-velo.png 1073w\" sizes=\"(max-width: 1024px) 100vw, 1024px\" \/><\/figure>\n\n\n\n<p>&#8211; Dans le cadre de sa politique de d\u00e9veloppement durable, la Caf de la Gironde s&rsquo;est engag\u00e9e, aux c\u00f4t\u00e9s de la branche Famille et des entreprises environnantes du si\u00e8ge, \u00e0 participer \u00e0 ce challenge national et \u00e0 inciter ses salari\u00e9s \u00e0 utiliser autant que possible leur v\u00e9lo dans leurs diff\u00e9rents trajets. <\/p>\n\n\n\n<p><strong>Au total, plus de 2 000 kilom\u00e8tres ont \u00e9t\u00e9 parcourus par les 25 salari\u00e9s inscrits au challenge. <\/strong><\/p>\n\n\n\n<p>&#8211; En compl\u00e9ment, la Caf a propos\u00e9 aux salari\u00e9s de tester des v\u00e9los \u00e0 assistance \u00e9lectrique ; l&rsquo;id\u00e9e \u00e9tant de permettre \u00e0 ceux qui voudraient se lancer dans l&rsquo;acquisition de ce type d&rsquo;\u00e9quipement d&rsquo;\u00eatre certains que ce mode de d\u00e9placement convient \u00e0 leur trajet domicile \/ travail. <\/p>\n\n\n\n<p>Cette op\u00e9ration a aussi \u00e9t\u00e9 l&rsquo;occasion de rappeler que 4 v\u00e9los \u00e0 assistance \u00e9lectrique faisaient partie de mani\u00e8re p\u00e9renne du parc \u00ab\u00a0automobile\u00a0\u00bb de la Caf et pouvaient \u00eatre emprunt\u00e9s dans le cadre des d\u00e9placements professionnels par les salari\u00e9s. <\/p>\n\n\n\n<p><\/p>\n\n\n\n<div class=\"is-layout-flex wp-block-buttons\">\n<div class=\"wp-block-button aligncenter\"><a class=\"wp-block-button__link wp-element-button\" href=\"https:\/\/caf-rapport-activite.fr\/caf33-2022\/rubrique-organisme\/rso-developpement-durable\/\" target=\"_blank\" rel=\"noreferrer noopener\">En savoir + sur la politique d\u00e9veloppement durable<\/a><\/div>\n<\/div>\n\n\n\n<p><\/p>\n","protected":false},"excerpt":{"rendered":"<p>\u00ab\u00a0Mai \u00e0 v\u00e9lo\u00a0\u00bb c&rsquo;est le challenge national lanc\u00e9 chaque ann\u00e9e aux entreprises par le Minist\u00e8re de la Transition Ecologique et [&hellip;]<\/p>\n","protected":false},"featured_media":1102,"parent":0,"menu_order":8,"template":"","activite":[],"yoast_head":"<!-- This site is optimized with the Yoast SEO plugin v19.11 - https:\/\/yoast.com\/wordpress\/plugins\/seo\/ -->\n<title>Mobilit\u00e9 durable : challenge &quot;Mai \u00e0 v\u00e9lo&quot; - Caf 33 - 2022<\/title>\n<meta name=\"robots\" content=\"index, follow, max-snippet:-1, max-image-preview:large, max-video-preview:-1\" \/>\n<link rel=\"canonical\" href=\"https:\/\/caf-rapport-activite.fr\/caf33-2022\/temp-fort\/developpement-durable-challenge-mai-a-velo\/\" \/>\n<meta property=\"og:locale\" content=\"fr_FR\" \/>\n<meta property=\"og:type\" content=\"article\" \/>\n<meta property=\"og:title\" content=\"Mobilit\u00e9 durable : challenge &quot;Mai \u00e0 v\u00e9lo&quot; - Caf 33 - 2022\" \/>\n<meta property=\"og:description\" content=\"\u00ab\u00a0Mai \u00e0 v\u00e9lo\u00a0\u00bb c&rsquo;est le challenge national lanc\u00e9 chaque ann\u00e9e aux entreprises par le Minist\u00e8re de la Transition Ecologique et [&hellip;]\" \/>\n<meta property=\"og:url\" content=\"https:\/\/caf-rapport-activite.fr\/caf33-2022\/temp-fort\/developpement-durable-challenge-mai-a-velo\/\" \/>\n<meta property=\"og:site_name\" content=\"Caf 33 - 2022\" \/>\n<meta property=\"article:modified_time\" content=\"2023-06-30T11:45:05+00:00\" \/>\n<meta property=\"og:image\" content=\"https:\/\/caf-rapport-activite.fr\/caf33-2022\/wp-content\/uploads\/sites\/4\/2023\/06\/Mail-a-velo-edition-2022.png\" \/>\n\t<meta property=\"og:image:width\" content=\"565\" \/>\n\t<meta property=\"og:image:height\" content=\"441\" \/>\n\t<meta property=\"og:image:type\" content=\"image\/png\" \/>\n<meta name=\"twitter:card\" content=\"summary_large_image\" \/>\n<meta name=\"twitter:label1\" content=\"Dur\u00e9e de lecture estim\u00e9e\" \/>\n\t<meta name=\"twitter:data1\" content=\"2 minutes\" \/>\n<script type=\"application\/ld+json\" class=\"yoast-schema-graph\">{\"@context\":\"https:\/\/schema.org\",\"@graph\":[{\"@type\":\"WebPage\",\"@id\":\"https:\/\/caf-rapport-activite.fr\/caf33-2022\/temp-fort\/developpement-durable-challenge-mai-a-velo\/\",\"url\":\"https:\/\/caf-rapport-activite.fr\/caf33-2022\/temp-fort\/developpement-durable-challenge-mai-a-velo\/\",\"name\":\"Mobilit\u00e9 durable : challenge \\\"Mai \u00e0 v\u00e9lo\\\" - Caf 33 - 2022\",\"isPartOf\":{\"@id\":\"https:\/\/caf-rapport-activite.fr\/caf33-2022\/#website\"},\"datePublished\":\"2023-06-23T08:32:56+00:00\",\"dateModified\":\"2023-06-30T11:45:05+00:00\",\"breadcrumb\":{\"@id\":\"https:\/\/caf-rapport-activite.fr\/caf33-2022\/temp-fort\/developpement-durable-challenge-mai-a-velo\/#breadcrumb\"},\"inLanguage\":\"fr-FR\",\"potentialAction\":[{\"@type\":\"ReadAction\",\"target\":[\"https:\/\/caf-rapport-activite.fr\/caf33-2022\/temp-fort\/developpement-durable-challenge-mai-a-velo\/\"]}]},{\"@type\":\"BreadcrumbList\",\"@id\":\"https:\/\/caf-rapport-activite.fr\/caf33-2022\/temp-fort\/developpement-durable-challenge-mai-a-velo\/#breadcrumb\",\"itemListElement\":[{\"@type\":\"ListItem\",\"position\":1,\"name\":\"Accueil\",\"item\":\"https:\/\/caf-rapport-activite.fr\/caf33-2022\/\"},{\"@type\":\"ListItem\",\"position\":2,\"name\":\"Temps forts\",\"item\":\"https:\/\/caf-rapport-activite.fr\/caf33-2022\/temp-fort\/\"},{\"@type\":\"ListItem\",\"position\":3,\"name\":\"Mobilit\u00e9 durable : challenge \u00ab\u00a0Mai \u00e0 v\u00e9lo\u00a0\u00bb\"}]},{\"@type\":\"WebSite\",\"@id\":\"https:\/\/caf-rapport-activite.fr\/caf33-2022\/#website\",\"url\":\"https:\/\/caf-rapport-activite.fr\/caf33-2022\/\",\"name\":\"Caf 33 - 2022\",\"description\":\"\",\"publisher\":{\"@id\":\"https:\/\/caf-rapport-activite.fr\/caf33-2022\/#organization\"},\"potentialAction\":[{\"@type\":\"SearchAction\",\"target\":{\"@type\":\"EntryPoint\",\"urlTemplate\":\"https:\/\/caf-rapport-activite.fr\/caf33-2022\/?s={search_term_string}\"},\"query-input\":\"required name=search_term_string\"}],\"inLanguage\":\"fr-FR\"},{\"@type\":\"Organization\",\"@id\":\"https:\/\/caf-rapport-activite.fr\/caf33-2022\/#organization\",\"name\":\"Caf 33 - 2022\",\"url\":\"https:\/\/caf-rapport-activite.fr\/caf33-2022\/\",\"logo\":{\"@type\":\"ImageObject\",\"inLanguage\":\"fr-FR\",\"@id\":\"https:\/\/caf-rapport-activite.fr\/caf33-2022\/#\/schema\/logo\/image\/\",\"url\":\"https:\/\/caf-rapport-activite.fr\/caf33-2022\/wp-content\/uploads\/sites\/4\/2022\/12\/cropped-logo-Caf-33.png\",\"contentUrl\":\"https:\/\/caf-rapport-activite.fr\/caf33-2022\/wp-content\/uploads\/sites\/4\/2022\/12\/cropped-logo-Caf-33.png\",\"width\":512,\"height\":512,\"caption\":\"Caf 33 - 2022\"},\"image\":{\"@id\":\"https:\/\/caf-rapport-activite.fr\/caf33-2022\/#\/schema\/logo\/image\/\"}}]}<\/script>\n<!-- \/ Yoast SEO plugin. -->","yoast_head_json":{"title":"Mobilit\u00e9 durable : challenge \"Mai \u00e0 v\u00e9lo\" - Caf 33 - 2022","robots":{"index":"index","follow":"follow","max-snippet":"max-snippet:-1","max-image-preview":"max-image-preview:large","max-video-preview":"max-video-preview:-1"},"canonical":"https:\/\/caf-rapport-activite.fr\/caf33-2022\/temp-fort\/developpement-durable-challenge-mai-a-velo\/","og_locale":"fr_FR","og_type":"article","og_title":"Mobilit\u00e9 durable : challenge \"Mai \u00e0 v\u00e9lo\" - Caf 33 - 2022","og_description":"\u00ab\u00a0Mai \u00e0 v\u00e9lo\u00a0\u00bb c&rsquo;est le challenge national lanc\u00e9 chaque ann\u00e9e aux entreprises par le Minist\u00e8re de la Transition Ecologique et [&hellip;]","og_url":"https:\/\/caf-rapport-activite.fr\/caf33-2022\/temp-fort\/developpement-durable-challenge-mai-a-velo\/","og_site_name":"Caf 33 - 2022","article_modified_time":"2023-06-30T11:45:05+00:00","og_image":[{"width":565,"height":441,"url":"https:\/\/caf-rapport-activite.fr\/caf33-2022\/wp-content\/uploads\/sites\/4\/2023\/06\/Mail-a-velo-edition-2022.png","type":"image\/png"}],"twitter_card":"summary_large_image","twitter_misc":{"Dur\u00e9e de lecture estim\u00e9e":"2 minutes"},"schema":{"@context":"https:\/\/schema.org","@graph":[{"@type":"WebPage","@id":"https:\/\/caf-rapport-activite.fr\/caf33-2022\/temp-fort\/developpement-durable-challenge-mai-a-velo\/","url":"https:\/\/caf-rapport-activite.fr\/caf33-2022\/temp-fort\/developpement-durable-challenge-mai-a-velo\/","name":"Mobilit\u00e9 durable : challenge \"Mai \u00e0 v\u00e9lo\" - Caf 33 - 2022","isPartOf":{"@id":"https:\/\/caf-rapport-activite.fr\/caf33-2022\/#website"},"datePublished":"2023-06-23T08:32:56+00:00","dateModified":"2023-06-30T11:45:05+00:00","breadcrumb":{"@id":"https:\/\/caf-rapport-activite.fr\/caf33-2022\/temp-fort\/developpement-durable-challenge-mai-a-velo\/#breadcrumb"},"inLanguage":"fr-FR","potentialAction":[{"@type":"ReadAction","target":["https:\/\/caf-rapport-activite.fr\/caf33-2022\/temp-fort\/developpement-durable-challenge-mai-a-velo\/"]}]},{"@type":"BreadcrumbList","@id":"https:\/\/caf-rapport-activite.fr\/caf33-2022\/temp-fort\/developpement-durable-challenge-mai-a-velo\/#breadcrumb","itemListElement":[{"@type":"ListItem","position":1,"name":"Accueil","item":"https:\/\/caf-rapport-activite.fr\/caf33-2022\/"},{"@type":"ListItem","position":2,"name":"Temps forts","item":"https:\/\/caf-rapport-activite.fr\/caf33-2022\/temp-fort\/"},{"@type":"ListItem","position":3,"name":"Mobilit\u00e9 durable : challenge \u00ab\u00a0Mai \u00e0 v\u00e9lo\u00a0\u00bb"}]},{"@type":"WebSite","@id":"https:\/\/caf-rapport-activite.fr\/caf33-2022\/#website","url":"https:\/\/caf-rapport-activite.fr\/caf33-2022\/","name":"Caf 33 - 2022","description":"","publisher":{"@id":"https:\/\/caf-rapport-activite.fr\/caf33-2022\/#organization"},"potentialAction":[{"@type":"SearchAction","target":{"@type":"EntryPoint","urlTemplate":"https:\/\/caf-rapport-activite.fr\/caf33-2022\/?s={search_term_string}"},"query-input":"required name=search_term_string"}],"inLanguage":"fr-FR"},{"@type":"Organization","@id":"https:\/\/caf-rapport-activite.fr\/caf33-2022\/#organization","name":"Caf 33 - 2022","url":"https:\/\/caf-rapport-activite.fr\/caf33-2022\/","logo":{"@type":"ImageObject","inLanguage":"fr-FR","@id":"https:\/\/caf-rapport-activite.fr\/caf33-2022\/#\/schema\/logo\/image\/","url":"https:\/\/caf-rapport-activite.fr\/caf33-2022\/wp-content\/uploads\/sites\/4\/2022\/12\/cropped-logo-Caf-33.png","contentUrl":"https:\/\/caf-rapport-activite.fr\/caf33-2022\/wp-content\/uploads\/sites\/4\/2022\/12\/cropped-logo-Caf-33.png","width":512,"height":512,"caption":"Caf 33 - 2022"},"image":{"@id":"https:\/\/caf-rapport-activite.fr\/caf33-2022\/#\/schema\/logo\/image\/"}}]}},"_links":{"self":[{"href":"https:\/\/caf-rapport-activite.fr\/caf33-2022\/wp-json\/wp\/v2\/temp-fort\/1100"}],"collection":[{"href":"https:\/\/caf-rapport-activite.fr\/caf33-2022\/wp-json\/wp\/v2\/temp-fort"}],"about":[{"href":"https:\/\/caf-rapport-activite.fr\/caf33-2022\/wp-json\/wp\/v2\/types\/temp-fort"}],"wp:featuredmedia":[{"embeddable":true,"href":"https:\/\/caf-rapport-activite.fr\/caf33-2022\/wp-json\/wp\/v2\/media\/1102"}],"wp:attachment":[{"href":"https:\/\/caf-rapport-activite.fr\/caf33-2022\/wp-json\/wp\/v2\/media?parent=1100"}],"wp:term":[{"taxonomy":"activite","embeddable":true,"href":"https:\/\/caf-rapport-activite.fr\/caf33-2022\/wp-json\/wp\/v2\/activite?post=1100"}],"curies":[{"name":"wp","href":"https:\/\/api.w.org\/{rel}","templated":true}]}}