{"id":1388,"date":"2025-09-12T11:53:45","date_gmt":"2025-09-12T09:53:45","guid":{"rendered":"https:\/\/caf-rapport-activite.fr\/caf23-2024\/?post_type=temp-fort&#038;p=1388"},"modified":"2025-09-17T13:41:41","modified_gmt":"2025-09-17T11:41:41","slug":"focus-realise-sur-les-centres-sociaux","status":"publish","type":"temp-fort","link":"https:\/\/caf-rapport-activite.fr\/caf23-2024\/temp-fort\/focus-realise-sur-les-centres-sociaux\/","title":{"rendered":"Focus r\u00e9alis\u00e9 sur les Centres sociaux"},"content":{"rendered":"\n<p>En 2024, l\u2019observatoire national des centres sociaux \u201cSENACS\u201d a r\u00e9alis\u00e9 un focus sur les probl\u00e9matiques de ressources humaines au sein des structures : turn-over, difficult\u00e9s de recrutement, postes vacants&#8230;\u00a0<\/p>\n\n\n\n<blockquote class=\"wp-block-quote\">\n<p>En Creuse, <\/p>\n\n\n\n<ul>\n<li>Sur 157 salari\u00e9s, on note 16% de d\u00e9parts soit 25 salari\u00e9s. Les raisons \u00e9voqu\u00e9es \u00e0 l\u2019origine de ces d\u00e9parts sont pour 24% une r\u00e9orientation professionnelle et 28% un autre projet sans r\u00e9orientation professionnelle.&nbsp;<\/li>\n<\/ul>\n\n\n\n<ul>\n<li>En 2023, 4 directeurs de centres sociaux sur 7 ont chang\u00e9.&nbsp;<\/li>\n<\/ul>\n\n\n\n<ul>\n<li>Les vacances de postes sont constat\u00e9es uniquement dans les centres sociaux (57 %), sur des profils de poste pour lesquels une qualification est requise (animateurs jeunesse, animatrice Rpe).<\/li>\n<\/ul>\n<\/blockquote>\n","protected":false},"excerpt":{"rendered":"<p>En 2024, l\u2019observatoire national des centres sociaux \u201cSENACS\u201d a r\u00e9alis\u00e9 un focus sur les probl\u00e9matiques de ressources humaines au sein [&hellip;]<\/p>\n","protected":false},"featured_media":1389,"parent":0,"menu_order":9,"template":"","activite":[],"yoast_head":"<!-- This site is optimized with the Yoast SEO plugin v19.11 - https:\/\/yoast.com\/wordpress\/plugins\/seo\/ -->\n<title>Focus r\u00e9alis\u00e9 sur les Centres sociaux - Caf 23 - 2024<\/title>\n<meta name=\"robots\" content=\"index, follow, max-snippet:-1, max-image-preview:large, max-video-preview:-1\" \/>\n<link rel=\"canonical\" href=\"https:\/\/caf-rapport-activite.fr\/caf23-2024\/temp-fort\/focus-realise-sur-les-centres-sociaux\/\" \/>\n<meta property=\"og:locale\" content=\"fr_FR\" \/>\n<meta property=\"og:type\" content=\"article\" \/>\n<meta property=\"og:title\" content=\"Focus r\u00e9alis\u00e9 sur les Centres sociaux - Caf 23 - 2024\" \/>\n<meta property=\"og:description\" content=\"En 2024, l\u2019observatoire national des centres sociaux \u201cSENACS\u201d a r\u00e9alis\u00e9 un focus sur les probl\u00e9matiques de ressources humaines au sein [&hellip;]\" \/>\n<meta property=\"og:url\" content=\"https:\/\/caf-rapport-activite.fr\/caf23-2024\/temp-fort\/focus-realise-sur-les-centres-sociaux\/\" \/>\n<meta property=\"og:site_name\" content=\"Caf 23 - 2024\" \/>\n<meta property=\"article:modified_time\" content=\"2025-09-17T11:41:41+00:00\" \/>\n<meta property=\"og:image\" content=\"https:\/\/caf-rapport-activite.fr\/caf23-2024\/wp-content\/uploads\/sites\/23\/2025\/09\/portrait-confortable-d-une-jeune-femme-dans-un-pull-bleu-tricote-et-un-chapeau-rose-avec-un-maquillage-lumineux-tenant-une-loupe-s-amusant-s-amusant-1024x683.jpg\" \/>\n\t<meta property=\"og:image:width\" content=\"1024\" \/>\n\t<meta property=\"og:image:height\" content=\"683\" \/>\n\t<meta property=\"og:image:type\" content=\"image\/jpeg\" \/>\n<meta name=\"twitter:card\" content=\"summary_large_image\" \/>\n<meta name=\"twitter:label1\" content=\"Dur\u00e9e de lecture estim\u00e9e\" \/>\n\t<meta name=\"twitter:data1\" content=\"1 minute\" \/>\n<script type=\"application\/ld+json\" class=\"yoast-schema-graph\">{\"@context\":\"https:\/\/schema.org\",\"@graph\":[{\"@type\":\"WebPage\",\"@id\":\"https:\/\/caf-rapport-activite.fr\/caf23-2024\/temp-fort\/focus-realise-sur-les-centres-sociaux\/\",\"url\":\"https:\/\/caf-rapport-activite.fr\/caf23-2024\/temp-fort\/focus-realise-sur-les-centres-sociaux\/\",\"name\":\"Focus r\u00e9alis\u00e9 sur les Centres sociaux - Caf 23 - 2024\",\"isPartOf\":{\"@id\":\"https:\/\/caf-rapport-activite.fr\/caf23-2024\/#website\"},\"datePublished\":\"2025-09-12T09:53:45+00:00\",\"dateModified\":\"2025-09-17T11:41:41+00:00\",\"breadcrumb\":{\"@id\":\"https:\/\/caf-rapport-activite.fr\/caf23-2024\/temp-fort\/focus-realise-sur-les-centres-sociaux\/#breadcrumb\"},\"inLanguage\":\"fr-FR\",\"potentialAction\":[{\"@type\":\"ReadAction\",\"target\":[\"https:\/\/caf-rapport-activite.fr\/caf23-2024\/temp-fort\/focus-realise-sur-les-centres-sociaux\/\"]}]},{\"@type\":\"BreadcrumbList\",\"@id\":\"https:\/\/caf-rapport-activite.fr\/caf23-2024\/temp-fort\/focus-realise-sur-les-centres-sociaux\/#breadcrumb\",\"itemListElement\":[{\"@type\":\"ListItem\",\"position\":1,\"name\":\"Accueil\",\"item\":\"https:\/\/caf-rapport-activite.fr\/caf23-2024\/\"},{\"@type\":\"ListItem\",\"position\":2,\"name\":\"Temps forts\",\"item\":\"https:\/\/caf-rapport-activite.fr\/caf23-2024\/temp-fort\/\"},{\"@type\":\"ListItem\",\"position\":3,\"name\":\"Focus r\u00e9alis\u00e9 sur les Centres sociaux\"}]},{\"@type\":\"WebSite\",\"@id\":\"https:\/\/caf-rapport-activite.fr\/caf23-2024\/#website\",\"url\":\"https:\/\/caf-rapport-activite.fr\/caf23-2024\/\",\"name\":\"Caf 23 - 2024\",\"description\":\"\",\"potentialAction\":[{\"@type\":\"SearchAction\",\"target\":{\"@type\":\"EntryPoint\",\"urlTemplate\":\"https:\/\/caf-rapport-activite.fr\/caf23-2024\/?s={search_term_string}\"},\"query-input\":\"required name=search_term_string\"}],\"inLanguage\":\"fr-FR\"}]}<\/script>\n<!-- \/ Yoast SEO plugin. -->","yoast_head_json":{"title":"Focus r\u00e9alis\u00e9 sur les Centres sociaux - Caf 23 - 2024","robots":{"index":"index","follow":"follow","max-snippet":"max-snippet:-1","max-image-preview":"max-image-preview:large","max-video-preview":"max-video-preview:-1"},"canonical":"https:\/\/caf-rapport-activite.fr\/caf23-2024\/temp-fort\/focus-realise-sur-les-centres-sociaux\/","og_locale":"fr_FR","og_type":"article","og_title":"Focus r\u00e9alis\u00e9 sur les Centres sociaux - Caf 23 - 2024","og_description":"En 2024, l\u2019observatoire national des centres sociaux \u201cSENACS\u201d a r\u00e9alis\u00e9 un focus sur les probl\u00e9matiques de ressources humaines au sein [&hellip;]","og_url":"https:\/\/caf-rapport-activite.fr\/caf23-2024\/temp-fort\/focus-realise-sur-les-centres-sociaux\/","og_site_name":"Caf 23 - 2024","article_modified_time":"2025-09-17T11:41:41+00:00","og_image":[{"width":1024,"height":683,"url":"https:\/\/caf-rapport-activite.fr\/caf23-2024\/wp-content\/uploads\/sites\/23\/2025\/09\/portrait-confortable-d-une-jeune-femme-dans-un-pull-bleu-tricote-et-un-chapeau-rose-avec-un-maquillage-lumineux-tenant-une-loupe-s-amusant-s-amusant-1024x683.jpg","type":"image\/jpeg"}],"twitter_card":"summary_large_image","twitter_misc":{"Dur\u00e9e de lecture estim\u00e9e":"1 minute"},"schema":{"@context":"https:\/\/schema.org","@graph":[{"@type":"WebPage","@id":"https:\/\/caf-rapport-activite.fr\/caf23-2024\/temp-fort\/focus-realise-sur-les-centres-sociaux\/","url":"https:\/\/caf-rapport-activite.fr\/caf23-2024\/temp-fort\/focus-realise-sur-les-centres-sociaux\/","name":"Focus r\u00e9alis\u00e9 sur les Centres sociaux - Caf 23 - 2024","isPartOf":{"@id":"https:\/\/caf-rapport-activite.fr\/caf23-2024\/#website"},"datePublished":"2025-09-12T09:53:45+00:00","dateModified":"2025-09-17T11:41:41+00:00","breadcrumb":{"@id":"https:\/\/caf-rapport-activite.fr\/caf23-2024\/temp-fort\/focus-realise-sur-les-centres-sociaux\/#breadcrumb"},"inLanguage":"fr-FR","potentialAction":[{"@type":"ReadAction","target":["https:\/\/caf-rapport-activite.fr\/caf23-2024\/temp-fort\/focus-realise-sur-les-centres-sociaux\/"]}]},{"@type":"BreadcrumbList","@id":"https:\/\/caf-rapport-activite.fr\/caf23-2024\/temp-fort\/focus-realise-sur-les-centres-sociaux\/#breadcrumb","itemListElement":[{"@type":"ListItem","position":1,"name":"Accueil","item":"https:\/\/caf-rapport-activite.fr\/caf23-2024\/"},{"@type":"ListItem","position":2,"name":"Temps forts","item":"https:\/\/caf-rapport-activite.fr\/caf23-2024\/temp-fort\/"},{"@type":"ListItem","position":3,"name":"Focus r\u00e9alis\u00e9 sur les Centres sociaux"}]},{"@type":"WebSite","@id":"https:\/\/caf-rapport-activite.fr\/caf23-2024\/#website","url":"https:\/\/caf-rapport-activite.fr\/caf23-2024\/","name":"Caf 23 - 2024","description":"","potentialAction":[{"@type":"SearchAction","target":{"@type":"EntryPoint","urlTemplate":"https:\/\/caf-rapport-activite.fr\/caf23-2024\/?s={search_term_string}"},"query-input":"required name=search_term_string"}],"inLanguage":"fr-FR"}]}},"_links":{"self":[{"href":"https:\/\/caf-rapport-activite.fr\/caf23-2024\/wp-json\/wp\/v2\/temp-fort\/1388"}],"collection":[{"href":"https:\/\/caf-rapport-activite.fr\/caf23-2024\/wp-json\/wp\/v2\/temp-fort"}],"about":[{"href":"https:\/\/caf-rapport-activite.fr\/caf23-2024\/wp-json\/wp\/v2\/types\/temp-fort"}],"wp:featuredmedia":[{"embeddable":true,"href":"https:\/\/caf-rapport-activite.fr\/caf23-2024\/wp-json\/wp\/v2\/media\/1389"}],"wp:attachment":[{"href":"https:\/\/caf-rapport-activite.fr\/caf23-2024\/wp-json\/wp\/v2\/media?parent=1388"}],"wp:term":[{"taxonomy":"activite","embeddable":true,"href":"https:\/\/caf-rapport-activite.fr\/caf23-2024\/wp-json\/wp\/v2\/activite?post=1388"}],"curies":[{"name":"wp","href":"https:\/\/api.w.org\/{rel}","templated":true}]}}