{"id":1084,"date":"2024-06-13T15:25:38","date_gmt":"2024-06-13T13:25:38","guid":{"rendered":"https:\/\/caf-rapport-activite.fr\/caf23-2023\/?post_type=temp-fort&#038;p=1084"},"modified":"2024-06-26T15:37:00","modified_gmt":"2024-06-26T13:37:00","slug":"fete-des-voisins-de-bureau","status":"publish","type":"temp-fort","link":"https:\/\/caf-rapport-activite.fr\/caf23-2023\/temp-fort\/fete-des-voisins-de-bureau\/","title":{"rendered":"F\u00eate des voisins de bureau"},"content":{"rendered":"\n<p>A l&rsquo;occasion de la journ\u00e9e de la f\u00eate des voisins de bureau, le 10 octobre 2023, le groupe RSO a convi\u00e9 l&rsquo;ensemble des collaborateurs \u00e0 un petit d\u00e9jeuner \u00e9co responsable avec des produits locaux et artisanaux !  Au programme de cette matin\u00e9e ? Des pr\u00e9sentations et des \u00e9changes avec les autres groupes de travail : <\/p>\n\n\n\n<ul>\n<li>Premi\u00e8res r\u00e9flexions sur la gestion des heures suppl\u00e9mentaires avec le groupe M\u00e9tier<\/li>\n\n\n\n<li>Quizz Com. et d\u00e9couverte des membres du groupe Communication<\/li>\n<\/ul>\n\n\n\n<p>Les collaborateurs du service de l&rsquo;Action sociale et du service Contentieux ont pr\u00e9sent\u00e9 de mani\u00e8re ludique et interactive leur service et les fonctions qu&rsquo;ils occupent. <\/p>\n\n\n\n<p>Les r\u00e9sultats du challenge <a href=\"https:\/\/caf-rapport-activite.fr\/caf23-2023\/temp-fort\/challenge-clean-up\/\" target=\"_blank\" rel=\"noreferrer noopener\">Clean Up<\/a> organis\u00e9 en septembre ont quant \u00e0 eux \u00e9t\u00e9 r\u00e9v\u00e9l\u00e9s et les grands gagnants se sont vus r\u00e9compens\u00e9s. <\/p>\n\n\n\n<div class=\"is-layout-flex wp-container-4 wp-block-columns\">\n<div class=\"is-layout-flow wp-block-column\">\n<figure class=\"wp-block-image size-full\"><img decoding=\"async\" loading=\"lazy\" width=\"1024\" height=\"768\" src=\"https:\/\/caf-rapport-activite.fr\/caf23-2023\/wp-content\/uploads\/sites\/16\/2024\/06\/image-5.png\" alt=\"\" class=\"wp-image-1160\" srcset=\"https:\/\/caf-rapport-activite.fr\/caf23-2023\/wp-content\/uploads\/sites\/16\/2024\/06\/image-5.png 1024w, https:\/\/caf-rapport-activite.fr\/caf23-2023\/wp-content\/uploads\/sites\/16\/2024\/06\/image-5-300x225.png 300w, https:\/\/caf-rapport-activite.fr\/caf23-2023\/wp-content\/uploads\/sites\/16\/2024\/06\/image-5-768x576.png 768w\" sizes=\"(max-width: 1024px) 100vw, 1024px\" \/><\/figure>\n<\/div>\n\n\n\n<div class=\"is-layout-flow wp-block-column\">\n<figure class=\"wp-block-image size-full\"><img decoding=\"async\" loading=\"lazy\" width=\"329\" height=\"187\" src=\"https:\/\/caf-rapport-activite.fr\/caf23-2023\/wp-content\/uploads\/sites\/16\/2024\/06\/fete-voisin-1-1.png\" alt=\"\" class=\"wp-image-1157\" srcset=\"https:\/\/caf-rapport-activite.fr\/caf23-2023\/wp-content\/uploads\/sites\/16\/2024\/06\/fete-voisin-1-1.png 329w, https:\/\/caf-rapport-activite.fr\/caf23-2023\/wp-content\/uploads\/sites\/16\/2024\/06\/fete-voisin-1-1-300x171.png 300w\" sizes=\"(max-width: 329px) 100vw, 329px\" \/><\/figure>\n<\/div>\n\n\n\n<div class=\"is-layout-flow wp-block-column\">\n<figure class=\"wp-block-image size-full\"><img decoding=\"async\" loading=\"lazy\" width=\"1024\" height=\"768\" src=\"https:\/\/caf-rapport-activite.fr\/caf23-2023\/wp-content\/uploads\/sites\/16\/2024\/06\/image-6.png\" alt=\"\" class=\"wp-image-1161\" srcset=\"https:\/\/caf-rapport-activite.fr\/caf23-2023\/wp-content\/uploads\/sites\/16\/2024\/06\/image-6.png 1024w, https:\/\/caf-rapport-activite.fr\/caf23-2023\/wp-content\/uploads\/sites\/16\/2024\/06\/image-6-300x225.png 300w, https:\/\/caf-rapport-activite.fr\/caf23-2023\/wp-content\/uploads\/sites\/16\/2024\/06\/image-6-768x576.png 768w\" sizes=\"(max-width: 1024px) 100vw, 1024px\" \/><\/figure>\n<\/div>\n<\/div>\n","protected":false},"excerpt":{"rendered":"<p>A l&rsquo;occasion de la journ\u00e9e de la f\u00eate des voisins de bureau, le 10 octobre 2023, le groupe RSO a [&hellip;]<\/p>\n","protected":false},"featured_media":1159,"parent":0,"menu_order":20,"template":"","activite":[],"yoast_head":"<!-- This site is optimized with the Yoast SEO plugin v19.11 - https:\/\/yoast.com\/wordpress\/plugins\/seo\/ -->\n<title>F\u00eate des voisins de bureau - Caf23 - 2023<\/title>\n<meta name=\"robots\" content=\"index, follow, max-snippet:-1, max-image-preview:large, max-video-preview:-1\" \/>\n<link rel=\"canonical\" href=\"https:\/\/caf-rapport-activite.fr\/caf23-2023\/temp-fort\/fete-des-voisins-de-bureau\/\" \/>\n<meta property=\"og:locale\" content=\"fr_FR\" \/>\n<meta property=\"og:type\" content=\"article\" \/>\n<meta property=\"og:title\" content=\"F\u00eate des voisins de bureau - Caf23 - 2023\" \/>\n<meta property=\"og:description\" content=\"A l&rsquo;occasion de la journ\u00e9e de la f\u00eate des voisins de bureau, le 10 octobre 2023, le groupe RSO a [&hellip;]\" \/>\n<meta property=\"og:url\" content=\"https:\/\/caf-rapport-activite.fr\/caf23-2023\/temp-fort\/fete-des-voisins-de-bureau\/\" \/>\n<meta property=\"og:site_name\" content=\"Caf23 - 2023\" \/>\n<meta property=\"article:modified_time\" content=\"2024-06-26T13:37:00+00:00\" \/>\n<meta property=\"og:image\" content=\"https:\/\/caf-rapport-activite.fr\/caf23-2023\/wp-content\/uploads\/sites\/16\/2024\/06\/fete-voisin-3-1.png\" \/>\n\t<meta property=\"og:image:width\" content=\"278\" \/>\n\t<meta property=\"og:image:height\" content=\"207\" \/>\n\t<meta property=\"og:image:type\" content=\"image\/png\" \/>\n<meta name=\"twitter:card\" content=\"summary_large_image\" \/>\n<meta name=\"twitter:label1\" content=\"Dur\u00e9e de lecture estim\u00e9e\" \/>\n\t<meta name=\"twitter:data1\" content=\"2 minutes\" \/>\n<script type=\"application\/ld+json\" class=\"yoast-schema-graph\">{\"@context\":\"https:\/\/schema.org\",\"@graph\":[{\"@type\":\"WebPage\",\"@id\":\"https:\/\/caf-rapport-activite.fr\/caf23-2023\/temp-fort\/fete-des-voisins-de-bureau\/\",\"url\":\"https:\/\/caf-rapport-activite.fr\/caf23-2023\/temp-fort\/fete-des-voisins-de-bureau\/\",\"name\":\"F\u00eate des voisins de bureau - Caf23 - 2023\",\"isPartOf\":{\"@id\":\"https:\/\/caf-rapport-activite.fr\/caf23-2023\/#website\"},\"datePublished\":\"2024-06-13T13:25:38+00:00\",\"dateModified\":\"2024-06-26T13:37:00+00:00\",\"breadcrumb\":{\"@id\":\"https:\/\/caf-rapport-activite.fr\/caf23-2023\/temp-fort\/fete-des-voisins-de-bureau\/#breadcrumb\"},\"inLanguage\":\"fr-FR\",\"potentialAction\":[{\"@type\":\"ReadAction\",\"target\":[\"https:\/\/caf-rapport-activite.fr\/caf23-2023\/temp-fort\/fete-des-voisins-de-bureau\/\"]}]},{\"@type\":\"BreadcrumbList\",\"@id\":\"https:\/\/caf-rapport-activite.fr\/caf23-2023\/temp-fort\/fete-des-voisins-de-bureau\/#breadcrumb\",\"itemListElement\":[{\"@type\":\"ListItem\",\"position\":1,\"name\":\"Accueil\",\"item\":\"https:\/\/caf-rapport-activite.fr\/caf23-2023\/\"},{\"@type\":\"ListItem\",\"position\":2,\"name\":\"Temps forts\",\"item\":\"https:\/\/caf-rapport-activite.fr\/caf23-2023\/temp-fort\/\"},{\"@type\":\"ListItem\",\"position\":3,\"name\":\"F\u00eate des voisins de bureau\"}]},{\"@type\":\"WebSite\",\"@id\":\"https:\/\/caf-rapport-activite.fr\/caf23-2023\/#website\",\"url\":\"https:\/\/caf-rapport-activite.fr\/caf23-2023\/\",\"name\":\"Caf23 - 2023\",\"description\":\"\",\"potentialAction\":[{\"@type\":\"SearchAction\",\"target\":{\"@type\":\"EntryPoint\",\"urlTemplate\":\"https:\/\/caf-rapport-activite.fr\/caf23-2023\/?s={search_term_string}\"},\"query-input\":\"required name=search_term_string\"}],\"inLanguage\":\"fr-FR\"}]}<\/script>\n<!-- \/ Yoast SEO plugin. -->","yoast_head_json":{"title":"F\u00eate des voisins de bureau - Caf23 - 2023","robots":{"index":"index","follow":"follow","max-snippet":"max-snippet:-1","max-image-preview":"max-image-preview:large","max-video-preview":"max-video-preview:-1"},"canonical":"https:\/\/caf-rapport-activite.fr\/caf23-2023\/temp-fort\/fete-des-voisins-de-bureau\/","og_locale":"fr_FR","og_type":"article","og_title":"F\u00eate des voisins de bureau - Caf23 - 2023","og_description":"A l&rsquo;occasion de la journ\u00e9e de la f\u00eate des voisins de bureau, le 10 octobre 2023, le groupe RSO a [&hellip;]","og_url":"https:\/\/caf-rapport-activite.fr\/caf23-2023\/temp-fort\/fete-des-voisins-de-bureau\/","og_site_name":"Caf23 - 2023","article_modified_time":"2024-06-26T13:37:00+00:00","og_image":[{"width":278,"height":207,"url":"https:\/\/caf-rapport-activite.fr\/caf23-2023\/wp-content\/uploads\/sites\/16\/2024\/06\/fete-voisin-3-1.png","type":"image\/png"}],"twitter_card":"summary_large_image","twitter_misc":{"Dur\u00e9e de lecture estim\u00e9e":"2 minutes"},"schema":{"@context":"https:\/\/schema.org","@graph":[{"@type":"WebPage","@id":"https:\/\/caf-rapport-activite.fr\/caf23-2023\/temp-fort\/fete-des-voisins-de-bureau\/","url":"https:\/\/caf-rapport-activite.fr\/caf23-2023\/temp-fort\/fete-des-voisins-de-bureau\/","name":"F\u00eate des voisins de bureau - Caf23 - 2023","isPartOf":{"@id":"https:\/\/caf-rapport-activite.fr\/caf23-2023\/#website"},"datePublished":"2024-06-13T13:25:38+00:00","dateModified":"2024-06-26T13:37:00+00:00","breadcrumb":{"@id":"https:\/\/caf-rapport-activite.fr\/caf23-2023\/temp-fort\/fete-des-voisins-de-bureau\/#breadcrumb"},"inLanguage":"fr-FR","potentialAction":[{"@type":"ReadAction","target":["https:\/\/caf-rapport-activite.fr\/caf23-2023\/temp-fort\/fete-des-voisins-de-bureau\/"]}]},{"@type":"BreadcrumbList","@id":"https:\/\/caf-rapport-activite.fr\/caf23-2023\/temp-fort\/fete-des-voisins-de-bureau\/#breadcrumb","itemListElement":[{"@type":"ListItem","position":1,"name":"Accueil","item":"https:\/\/caf-rapport-activite.fr\/caf23-2023\/"},{"@type":"ListItem","position":2,"name":"Temps forts","item":"https:\/\/caf-rapport-activite.fr\/caf23-2023\/temp-fort\/"},{"@type":"ListItem","position":3,"name":"F\u00eate des voisins de bureau"}]},{"@type":"WebSite","@id":"https:\/\/caf-rapport-activite.fr\/caf23-2023\/#website","url":"https:\/\/caf-rapport-activite.fr\/caf23-2023\/","name":"Caf23 - 2023","description":"","potentialAction":[{"@type":"SearchAction","target":{"@type":"EntryPoint","urlTemplate":"https:\/\/caf-rapport-activite.fr\/caf23-2023\/?s={search_term_string}"},"query-input":"required name=search_term_string"}],"inLanguage":"fr-FR"}]}},"_links":{"self":[{"href":"https:\/\/caf-rapport-activite.fr\/caf23-2023\/wp-json\/wp\/v2\/temp-fort\/1084"}],"collection":[{"href":"https:\/\/caf-rapport-activite.fr\/caf23-2023\/wp-json\/wp\/v2\/temp-fort"}],"about":[{"href":"https:\/\/caf-rapport-activite.fr\/caf23-2023\/wp-json\/wp\/v2\/types\/temp-fort"}],"wp:featuredmedia":[{"embeddable":true,"href":"https:\/\/caf-rapport-activite.fr\/caf23-2023\/wp-json\/wp\/v2\/media\/1159"}],"wp:attachment":[{"href":"https:\/\/caf-rapport-activite.fr\/caf23-2023\/wp-json\/wp\/v2\/media?parent=1084"}],"wp:term":[{"taxonomy":"activite","embeddable":true,"href":"https:\/\/caf-rapport-activite.fr\/caf23-2023\/wp-json\/wp\/v2\/activite?post=1084"}],"curies":[{"name":"wp","href":"https:\/\/api.w.org\/{rel}","templated":true}]}}