{"id":2043,"date":"2026-04-22T16:01:54","date_gmt":"2026-04-22T14:01:54","guid":{"rendered":"https:\/\/caf-rapport-activite.fr\/caf17-2025\/?post_type=temp-fort&#038;p=2043"},"modified":"2026-04-24T14:04:26","modified_gmt":"2026-04-24T12:04:26","slug":"signature-officielle-de-la-convention-territoriale-globale-a-pons","status":"publish","type":"temp-fort","link":"https:\/\/caf-rapport-activite.fr\/caf17-2025\/temp-fort\/signature-officielle-de-la-convention-territoriale-globale-a-pons\/","title":{"rendered":"Signature officielle de la Ctg \u00e0 Pons !"},"content":{"rendered":"\n<p><br>Le 10 d\u00e9cembre 2025, la Caf de la Charente-Maritime et la commune de Pons ont renouvel\u00e9 leur engagement pour les familles et les habitants du bassin de vie.<\/p>\n\n\n\n<p>Objectif : renforcer la coh\u00e9rence des actions sociales et d\u00e9velopper des services adapt\u00e9s pour les 18 communes du territoire.<\/p>\n\n\n\n<p>5 axes prioritaires pour 2026-2030 :<\/p>\n\n\n\n<ul>\n<li>Petite enfance : extension du multi-accueil et cr\u00e9ation d\u2019un LAEP<\/li>\n\n\n\n<li>Enfance et jeunesse : projets \u00e9ducatifs et budget participatif<\/li>\n\n\n\n<li>Parentalit\u00e9 : accompagnement renforc\u00e9 des familles<\/li>\n\n\n\n<li>Vie sociale : cr\u00e9er du lien et soutenir les initiatives locales<\/li>\n\n\n\n<li>Engagement des jeunes : favoriser leur parcours et leur autonomie<br><\/li>\n<\/ul>\n\n\n\n<p>Cette Ctg, c\u2019est plus d\u2019\u00e9galit\u00e9 d\u2019acc\u00e8s aux services, plus de proximit\u00e9 et plus d\u2019innovation pour r\u00e9pondre aux besoins des habitants.<\/p>\n\n\n\n<p>Merci aux \u00e9lus, partenaires et \u00e9quipes mobilis\u00e9es pour faire vivre ce projet ambitieux !<\/p>\n\n\n<div class=\"wp-block-image\">\n<figure class=\"aligncenter size-large\"><img decoding=\"async\" loading=\"lazy\" width=\"1024\" height=\"768\" src=\"https:\/\/caf-rapport-activite.fr\/caf17-2025\/wp-content\/uploads\/sites\/29\/2026\/04\/20251210_signature_CTG_Pons-2-1024x768.jpg\" alt=\"\" class=\"wp-image-2044\" srcset=\"https:\/\/caf-rapport-activite.fr\/caf17-2025\/wp-content\/uploads\/sites\/29\/2026\/04\/20251210_signature_CTG_Pons-2-1024x768.jpg 1024w, https:\/\/caf-rapport-activite.fr\/caf17-2025\/wp-content\/uploads\/sites\/29\/2026\/04\/20251210_signature_CTG_Pons-2-300x225.jpg 300w, https:\/\/caf-rapport-activite.fr\/caf17-2025\/wp-content\/uploads\/sites\/29\/2026\/04\/20251210_signature_CTG_Pons-2-768x576.jpg 768w, https:\/\/caf-rapport-activite.fr\/caf17-2025\/wp-content\/uploads\/sites\/29\/2026\/04\/20251210_signature_CTG_Pons-2-1536x1152.jpg 1536w, https:\/\/caf-rapport-activite.fr\/caf17-2025\/wp-content\/uploads\/sites\/29\/2026\/04\/20251210_signature_CTG_Pons-2-2048x1536.jpg 2048w\" sizes=\"(max-width: 1024px) 100vw, 1024px\" \/><\/figure><\/div>","protected":false},"excerpt":{"rendered":"<p>Le 10 d\u00e9cembre 2025, la Caf de la Charente-Maritime et la commune de Pons ont renouvel\u00e9 leur engagement pour les [&hellip;]<\/p>\n","protected":false},"featured_media":2044,"parent":0,"menu_order":0,"template":"","activite":[],"yoast_head":"<!-- This site is optimized with the Yoast SEO plugin v19.11 - https:\/\/yoast.com\/wordpress\/plugins\/seo\/ -->\n<title>Signature officielle de la Ctg \u00e0 Pons ! - Caf 17 - 2025<\/title>\n<meta name=\"robots\" content=\"index, follow, max-snippet:-1, max-image-preview:large, max-video-preview:-1\" \/>\n<link rel=\"canonical\" href=\"https:\/\/caf-rapport-activite.fr\/caf17-2025\/temp-fort\/signature-officielle-de-la-convention-territoriale-globale-a-pons\/\" \/>\n<meta property=\"og:locale\" content=\"fr_FR\" \/>\n<meta property=\"og:type\" content=\"article\" \/>\n<meta property=\"og:title\" content=\"Signature officielle de la Ctg \u00e0 Pons ! - Caf 17 - 2025\" \/>\n<meta property=\"og:description\" content=\"Le 10 d\u00e9cembre 2025, la Caf de la Charente-Maritime et la commune de Pons ont renouvel\u00e9 leur engagement pour les [&hellip;]\" \/>\n<meta property=\"og:url\" content=\"https:\/\/caf-rapport-activite.fr\/caf17-2025\/temp-fort\/signature-officielle-de-la-convention-territoriale-globale-a-pons\/\" \/>\n<meta property=\"og:site_name\" content=\"Caf 17 - 2025\" \/>\n<meta property=\"article:modified_time\" content=\"2026-04-24T12:04:26+00:00\" \/>\n<meta property=\"og:image\" content=\"https:\/\/caf-rapport-activite.fr\/caf17-2025\/wp-content\/uploads\/sites\/29\/2026\/04\/20251210_signature_CTG_Pons-2-scaled.jpg\" \/>\n\t<meta property=\"og:image:width\" content=\"2560\" \/>\n\t<meta property=\"og:image:height\" content=\"1920\" \/>\n\t<meta property=\"og:image:type\" content=\"image\/jpeg\" \/>\n<meta name=\"twitter:card\" content=\"summary_large_image\" \/>\n<meta name=\"twitter:label1\" content=\"Dur\u00e9e de lecture estim\u00e9e\" \/>\n\t<meta name=\"twitter:data1\" content=\"1 minute\" \/>\n<script type=\"application\/ld+json\" class=\"yoast-schema-graph\">{\"@context\":\"https:\/\/schema.org\",\"@graph\":[{\"@type\":\"WebPage\",\"@id\":\"https:\/\/caf-rapport-activite.fr\/caf17-2025\/temp-fort\/signature-officielle-de-la-convention-territoriale-globale-a-pons\/\",\"url\":\"https:\/\/caf-rapport-activite.fr\/caf17-2025\/temp-fort\/signature-officielle-de-la-convention-territoriale-globale-a-pons\/\",\"name\":\"Signature officielle de la Ctg \u00e0 Pons ! - Caf 17 - 2025\",\"isPartOf\":{\"@id\":\"https:\/\/caf-rapport-activite.fr\/caf17-2025\/#website\"},\"datePublished\":\"2026-04-22T14:01:54+00:00\",\"dateModified\":\"2026-04-24T12:04:26+00:00\",\"breadcrumb\":{\"@id\":\"https:\/\/caf-rapport-activite.fr\/caf17-2025\/temp-fort\/signature-officielle-de-la-convention-territoriale-globale-a-pons\/#breadcrumb\"},\"inLanguage\":\"fr-FR\",\"potentialAction\":[{\"@type\":\"ReadAction\",\"target\":[\"https:\/\/caf-rapport-activite.fr\/caf17-2025\/temp-fort\/signature-officielle-de-la-convention-territoriale-globale-a-pons\/\"]}]},{\"@type\":\"BreadcrumbList\",\"@id\":\"https:\/\/caf-rapport-activite.fr\/caf17-2025\/temp-fort\/signature-officielle-de-la-convention-territoriale-globale-a-pons\/#breadcrumb\",\"itemListElement\":[{\"@type\":\"ListItem\",\"position\":1,\"name\":\"Accueil\",\"item\":\"https:\/\/caf-rapport-activite.fr\/caf17-2025\/\"},{\"@type\":\"ListItem\",\"position\":2,\"name\":\"Temps forts\",\"item\":\"https:\/\/caf-rapport-activite.fr\/caf17-2025\/temp-fort\/\"},{\"@type\":\"ListItem\",\"position\":3,\"name\":\"Signature officielle de la Ctg \u00e0 Pons !\"}]},{\"@type\":\"WebSite\",\"@id\":\"https:\/\/caf-rapport-activite.fr\/caf17-2025\/#website\",\"url\":\"https:\/\/caf-rapport-activite.fr\/caf17-2025\/\",\"name\":\"Caf 17 - 2025\",\"description\":\"\",\"potentialAction\":[{\"@type\":\"SearchAction\",\"target\":{\"@type\":\"EntryPoint\",\"urlTemplate\":\"https:\/\/caf-rapport-activite.fr\/caf17-2025\/?s={search_term_string}\"},\"query-input\":\"required name=search_term_string\"}],\"inLanguage\":\"fr-FR\"}]}<\/script>\n<!-- \/ Yoast SEO plugin. -->","yoast_head_json":{"title":"Signature officielle de la Ctg \u00e0 Pons ! - Caf 17 - 2025","robots":{"index":"index","follow":"follow","max-snippet":"max-snippet:-1","max-image-preview":"max-image-preview:large","max-video-preview":"max-video-preview:-1"},"canonical":"https:\/\/caf-rapport-activite.fr\/caf17-2025\/temp-fort\/signature-officielle-de-la-convention-territoriale-globale-a-pons\/","og_locale":"fr_FR","og_type":"article","og_title":"Signature officielle de la Ctg \u00e0 Pons ! - Caf 17 - 2025","og_description":"Le 10 d\u00e9cembre 2025, la Caf de la Charente-Maritime et la commune de Pons ont renouvel\u00e9 leur engagement pour les [&hellip;]","og_url":"https:\/\/caf-rapport-activite.fr\/caf17-2025\/temp-fort\/signature-officielle-de-la-convention-territoriale-globale-a-pons\/","og_site_name":"Caf 17 - 2025","article_modified_time":"2026-04-24T12:04:26+00:00","og_image":[{"width":2560,"height":1920,"url":"https:\/\/caf-rapport-activite.fr\/caf17-2025\/wp-content\/uploads\/sites\/29\/2026\/04\/20251210_signature_CTG_Pons-2-scaled.jpg","type":"image\/jpeg"}],"twitter_card":"summary_large_image","twitter_misc":{"Dur\u00e9e de lecture estim\u00e9e":"1 minute"},"schema":{"@context":"https:\/\/schema.org","@graph":[{"@type":"WebPage","@id":"https:\/\/caf-rapport-activite.fr\/caf17-2025\/temp-fort\/signature-officielle-de-la-convention-territoriale-globale-a-pons\/","url":"https:\/\/caf-rapport-activite.fr\/caf17-2025\/temp-fort\/signature-officielle-de-la-convention-territoriale-globale-a-pons\/","name":"Signature officielle de la Ctg \u00e0 Pons ! - Caf 17 - 2025","isPartOf":{"@id":"https:\/\/caf-rapport-activite.fr\/caf17-2025\/#website"},"datePublished":"2026-04-22T14:01:54+00:00","dateModified":"2026-04-24T12:04:26+00:00","breadcrumb":{"@id":"https:\/\/caf-rapport-activite.fr\/caf17-2025\/temp-fort\/signature-officielle-de-la-convention-territoriale-globale-a-pons\/#breadcrumb"},"inLanguage":"fr-FR","potentialAction":[{"@type":"ReadAction","target":["https:\/\/caf-rapport-activite.fr\/caf17-2025\/temp-fort\/signature-officielle-de-la-convention-territoriale-globale-a-pons\/"]}]},{"@type":"BreadcrumbList","@id":"https:\/\/caf-rapport-activite.fr\/caf17-2025\/temp-fort\/signature-officielle-de-la-convention-territoriale-globale-a-pons\/#breadcrumb","itemListElement":[{"@type":"ListItem","position":1,"name":"Accueil","item":"https:\/\/caf-rapport-activite.fr\/caf17-2025\/"},{"@type":"ListItem","position":2,"name":"Temps forts","item":"https:\/\/caf-rapport-activite.fr\/caf17-2025\/temp-fort\/"},{"@type":"ListItem","position":3,"name":"Signature officielle de la Ctg \u00e0 Pons !"}]},{"@type":"WebSite","@id":"https:\/\/caf-rapport-activite.fr\/caf17-2025\/#website","url":"https:\/\/caf-rapport-activite.fr\/caf17-2025\/","name":"Caf 17 - 2025","description":"","potentialAction":[{"@type":"SearchAction","target":{"@type":"EntryPoint","urlTemplate":"https:\/\/caf-rapport-activite.fr\/caf17-2025\/?s={search_term_string}"},"query-input":"required name=search_term_string"}],"inLanguage":"fr-FR"}]}},"_links":{"self":[{"href":"https:\/\/caf-rapport-activite.fr\/caf17-2025\/wp-json\/wp\/v2\/temp-fort\/2043"}],"collection":[{"href":"https:\/\/caf-rapport-activite.fr\/caf17-2025\/wp-json\/wp\/v2\/temp-fort"}],"about":[{"href":"https:\/\/caf-rapport-activite.fr\/caf17-2025\/wp-json\/wp\/v2\/types\/temp-fort"}],"wp:featuredmedia":[{"embeddable":true,"href":"https:\/\/caf-rapport-activite.fr\/caf17-2025\/wp-json\/wp\/v2\/media\/2044"}],"wp:attachment":[{"href":"https:\/\/caf-rapport-activite.fr\/caf17-2025\/wp-json\/wp\/v2\/media?parent=2043"}],"wp:term":[{"taxonomy":"activite","embeddable":true,"href":"https:\/\/caf-rapport-activite.fr\/caf17-2025\/wp-json\/wp\/v2\/activite?post=2043"}],"curies":[{"name":"wp","href":"https:\/\/api.w.org\/{rel}","templated":true}]}}