{"id":2039,"date":"2026-04-22T15:48:48","date_gmt":"2026-04-22T13:48:48","guid":{"rendered":"https:\/\/caf-rapport-activite.fr\/caf17-2025\/?post_type=temp-fort&#038;p=2039"},"modified":"2026-04-22T15:49:45","modified_gmt":"2026-04-22T13:49:45","slug":"2039-2","status":"publish","type":"temp-fort","link":"https:\/\/caf-rapport-activite.fr\/caf17-2025\/temp-fort\/2039-2\/","title":{"rendered":"Un comit\u00e9 d\u00e9partemental pour d\u00e9velopper les services aux familles"},"content":{"rendered":"\n<p>Le 3 d\u00e9cembre 2025, la Caf a co-anim\u00e9 le Comit\u00e9 d\u00e9partemental des services aux familles (Cdsf).<br><br>Le Cdsf est un espace de r\u00e9flexion, d&rsquo;action et de suivi sur des th\u00e9matiques cl\u00e9s pour les familles et les territoires : petite enfance, soutien \u00e0 la parentalit\u00e9, animation de la vie sociale, jeunesse\u2026 En tant que secr\u00e9taire g\u00e9n\u00e9rale, la Caf de la Charente-Maritime y joue un r\u00f4le central.<br><br>L\u2019occasion de faire le point sur les avanc\u00e9es et de pr\u00e9parer nos actions \u00e0 venir\u202f:<\/p>\n\n\n\n<ul>\n<li>Actualit\u00e9s des services aux familles du d\u00e9partement, notamment le d\u00e9ploiement du service public de la petite enfance,<\/li>\n\n\n\n<li>Avanc\u00e9e des travaux du Sdsf au cours de l&rsquo;ann\u00e9e 2025,<\/li>\n\n\n\n<li>D\u00e9finition du repositionnement strat\u00e9gique du Sdsf et validation du calendrier,<\/li>\n\n\n\n<li>D\u00e9finition des priorit\u00e9s d&rsquo;intervention pour l&rsquo;ann\u00e9e 2026.<br><\/li>\n<\/ul>\n\n\n\n<blockquote class=\"wp-block-quote\">\n<p>\u00ab Le sch\u00e9ma d\u00e9partemental des services aux familles est plus qu\u2019un document\u202f : c\u2019est un outil strat\u00e9gique qui nous permet d\u2019exp\u00e9rimenter de nouvelles approches, de coordonner nos dispositifs et de proposer une offre coh\u00e9rente et lisible pour toutes les familles. Il refl\u00e8te notre volont\u00e9 commune d\u2019am\u00e9liorer l\u2019acc\u00e8s aux services, d\u2019accompagner les parcours familiaux et de r\u00e9pondre aux \u00e9volutions des besoins sur notre territoire. \u00bb <\/p>\n<cite>Jean-Jacques Rodrigues Pr\u00e9sident du Conseil d&rsquo;administration de la Caf de la Charente-Maritime <\/cite><\/blockquote>\n\n\n\n<p>Une d\u00e9marche concr\u00e8te pour renforcer les services aux familles et faire \u00e9voluer l\u2019offre l\u00e0 o\u00f9 elle est la plus n\u00e9cessaire !<\/p>\n\n\n<div class=\"wp-block-image\">\n<figure class=\"aligncenter size-large\"><img decoding=\"async\" loading=\"lazy\" width=\"1024\" height=\"768\" src=\"https:\/\/caf-rapport-activite.fr\/caf17-2025\/wp-content\/uploads\/sites\/29\/2026\/04\/20251203_CDSF-1-1024x768.jpg\" alt=\"\" class=\"wp-image-2040\" srcset=\"https:\/\/caf-rapport-activite.fr\/caf17-2025\/wp-content\/uploads\/sites\/29\/2026\/04\/20251203_CDSF-1-1024x768.jpg 1024w, https:\/\/caf-rapport-activite.fr\/caf17-2025\/wp-content\/uploads\/sites\/29\/2026\/04\/20251203_CDSF-1-300x225.jpg 300w, https:\/\/caf-rapport-activite.fr\/caf17-2025\/wp-content\/uploads\/sites\/29\/2026\/04\/20251203_CDSF-1-768x576.jpg 768w, https:\/\/caf-rapport-activite.fr\/caf17-2025\/wp-content\/uploads\/sites\/29\/2026\/04\/20251203_CDSF-1-1536x1152.jpg 1536w, https:\/\/caf-rapport-activite.fr\/caf17-2025\/wp-content\/uploads\/sites\/29\/2026\/04\/20251203_CDSF-1.jpg 2040w\" sizes=\"(max-width: 1024px) 100vw, 1024px\" \/><\/figure><\/div>","protected":false},"excerpt":{"rendered":"<p>Le 3 d\u00e9cembre 2025, la Caf a co-anim\u00e9 le Comit\u00e9 d\u00e9partemental des services aux familles (Cdsf). Le Cdsf est un [&hellip;]<\/p>\n","protected":false},"featured_media":2040,"parent":0,"menu_order":0,"template":"","activite":[],"yoast_head":"<!-- This site is optimized with the Yoast SEO plugin v19.11 - https:\/\/yoast.com\/wordpress\/plugins\/seo\/ -->\n<title>Un comit\u00e9 d\u00e9partemental pour d\u00e9velopper les services aux familles - Caf 17 - 2025<\/title>\n<meta name=\"robots\" content=\"index, follow, max-snippet:-1, max-image-preview:large, max-video-preview:-1\" \/>\n<link rel=\"canonical\" href=\"https:\/\/caf-rapport-activite.fr\/caf17-2025\/temp-fort\/2039-2\/\" \/>\n<meta property=\"og:locale\" content=\"fr_FR\" \/>\n<meta property=\"og:type\" content=\"article\" \/>\n<meta property=\"og:title\" content=\"Un comit\u00e9 d\u00e9partemental pour d\u00e9velopper les services aux familles - Caf 17 - 2025\" \/>\n<meta property=\"og:description\" content=\"Le 3 d\u00e9cembre 2025, la Caf a co-anim\u00e9 le Comit\u00e9 d\u00e9partemental des services aux familles (Cdsf). Le Cdsf est un [&hellip;]\" \/>\n<meta property=\"og:url\" content=\"https:\/\/caf-rapport-activite.fr\/caf17-2025\/temp-fort\/2039-2\/\" \/>\n<meta property=\"og:site_name\" content=\"Caf 17 - 2025\" \/>\n<meta property=\"article:modified_time\" content=\"2026-04-22T13:49:45+00:00\" \/>\n<meta property=\"og:image\" content=\"https:\/\/caf-rapport-activite.fr\/caf17-2025\/wp-content\/uploads\/sites\/29\/2026\/04\/20251203_CDSF-1.jpg\" \/>\n\t<meta property=\"og:image:width\" content=\"2040\" \/>\n\t<meta property=\"og:image:height\" content=\"1530\" \/>\n\t<meta property=\"og:image:type\" content=\"image\/jpeg\" \/>\n<meta name=\"twitter:card\" content=\"summary_large_image\" \/>\n<meta name=\"twitter:label1\" content=\"Dur\u00e9e de lecture estim\u00e9e\" \/>\n\t<meta name=\"twitter:data1\" content=\"2 minutes\" \/>\n<script type=\"application\/ld+json\" class=\"yoast-schema-graph\">{\"@context\":\"https:\/\/schema.org\",\"@graph\":[{\"@type\":\"WebPage\",\"@id\":\"https:\/\/caf-rapport-activite.fr\/caf17-2025\/temp-fort\/2039-2\/\",\"url\":\"https:\/\/caf-rapport-activite.fr\/caf17-2025\/temp-fort\/2039-2\/\",\"name\":\"Un comit\u00e9 d\u00e9partemental pour d\u00e9velopper les services aux familles - Caf 17 - 2025\",\"isPartOf\":{\"@id\":\"https:\/\/caf-rapport-activite.fr\/caf17-2025\/#website\"},\"datePublished\":\"2026-04-22T13:48:48+00:00\",\"dateModified\":\"2026-04-22T13:49:45+00:00\",\"breadcrumb\":{\"@id\":\"https:\/\/caf-rapport-activite.fr\/caf17-2025\/temp-fort\/2039-2\/#breadcrumb\"},\"inLanguage\":\"fr-FR\",\"potentialAction\":[{\"@type\":\"ReadAction\",\"target\":[\"https:\/\/caf-rapport-activite.fr\/caf17-2025\/temp-fort\/2039-2\/\"]}]},{\"@type\":\"BreadcrumbList\",\"@id\":\"https:\/\/caf-rapport-activite.fr\/caf17-2025\/temp-fort\/2039-2\/#breadcrumb\",\"itemListElement\":[{\"@type\":\"ListItem\",\"position\":1,\"name\":\"Accueil\",\"item\":\"https:\/\/caf-rapport-activite.fr\/caf17-2025\/\"},{\"@type\":\"ListItem\",\"position\":2,\"name\":\"Temps forts\",\"item\":\"https:\/\/caf-rapport-activite.fr\/caf17-2025\/temp-fort\/\"},{\"@type\":\"ListItem\",\"position\":3,\"name\":\"Un comit\u00e9 d\u00e9partemental pour d\u00e9velopper les services aux familles\"}]},{\"@type\":\"WebSite\",\"@id\":\"https:\/\/caf-rapport-activite.fr\/caf17-2025\/#website\",\"url\":\"https:\/\/caf-rapport-activite.fr\/caf17-2025\/\",\"name\":\"Caf 17 - 2025\",\"description\":\"\",\"potentialAction\":[{\"@type\":\"SearchAction\",\"target\":{\"@type\":\"EntryPoint\",\"urlTemplate\":\"https:\/\/caf-rapport-activite.fr\/caf17-2025\/?s={search_term_string}\"},\"query-input\":\"required name=search_term_string\"}],\"inLanguage\":\"fr-FR\"}]}<\/script>\n<!-- \/ Yoast SEO plugin. -->","yoast_head_json":{"title":"Un comit\u00e9 d\u00e9partemental pour d\u00e9velopper les services aux familles - Caf 17 - 2025","robots":{"index":"index","follow":"follow","max-snippet":"max-snippet:-1","max-image-preview":"max-image-preview:large","max-video-preview":"max-video-preview:-1"},"canonical":"https:\/\/caf-rapport-activite.fr\/caf17-2025\/temp-fort\/2039-2\/","og_locale":"fr_FR","og_type":"article","og_title":"Un comit\u00e9 d\u00e9partemental pour d\u00e9velopper les services aux familles - Caf 17 - 2025","og_description":"Le 3 d\u00e9cembre 2025, la Caf a co-anim\u00e9 le Comit\u00e9 d\u00e9partemental des services aux familles (Cdsf). Le Cdsf est un [&hellip;]","og_url":"https:\/\/caf-rapport-activite.fr\/caf17-2025\/temp-fort\/2039-2\/","og_site_name":"Caf 17 - 2025","article_modified_time":"2026-04-22T13:49:45+00:00","og_image":[{"width":2040,"height":1530,"url":"https:\/\/caf-rapport-activite.fr\/caf17-2025\/wp-content\/uploads\/sites\/29\/2026\/04\/20251203_CDSF-1.jpg","type":"image\/jpeg"}],"twitter_card":"summary_large_image","twitter_misc":{"Dur\u00e9e de lecture estim\u00e9e":"2 minutes"},"schema":{"@context":"https:\/\/schema.org","@graph":[{"@type":"WebPage","@id":"https:\/\/caf-rapport-activite.fr\/caf17-2025\/temp-fort\/2039-2\/","url":"https:\/\/caf-rapport-activite.fr\/caf17-2025\/temp-fort\/2039-2\/","name":"Un comit\u00e9 d\u00e9partemental pour d\u00e9velopper les services aux familles - Caf 17 - 2025","isPartOf":{"@id":"https:\/\/caf-rapport-activite.fr\/caf17-2025\/#website"},"datePublished":"2026-04-22T13:48:48+00:00","dateModified":"2026-04-22T13:49:45+00:00","breadcrumb":{"@id":"https:\/\/caf-rapport-activite.fr\/caf17-2025\/temp-fort\/2039-2\/#breadcrumb"},"inLanguage":"fr-FR","potentialAction":[{"@type":"ReadAction","target":["https:\/\/caf-rapport-activite.fr\/caf17-2025\/temp-fort\/2039-2\/"]}]},{"@type":"BreadcrumbList","@id":"https:\/\/caf-rapport-activite.fr\/caf17-2025\/temp-fort\/2039-2\/#breadcrumb","itemListElement":[{"@type":"ListItem","position":1,"name":"Accueil","item":"https:\/\/caf-rapport-activite.fr\/caf17-2025\/"},{"@type":"ListItem","position":2,"name":"Temps forts","item":"https:\/\/caf-rapport-activite.fr\/caf17-2025\/temp-fort\/"},{"@type":"ListItem","position":3,"name":"Un comit\u00e9 d\u00e9partemental pour d\u00e9velopper les services aux familles"}]},{"@type":"WebSite","@id":"https:\/\/caf-rapport-activite.fr\/caf17-2025\/#website","url":"https:\/\/caf-rapport-activite.fr\/caf17-2025\/","name":"Caf 17 - 2025","description":"","potentialAction":[{"@type":"SearchAction","target":{"@type":"EntryPoint","urlTemplate":"https:\/\/caf-rapport-activite.fr\/caf17-2025\/?s={search_term_string}"},"query-input":"required name=search_term_string"}],"inLanguage":"fr-FR"}]}},"_links":{"self":[{"href":"https:\/\/caf-rapport-activite.fr\/caf17-2025\/wp-json\/wp\/v2\/temp-fort\/2039"}],"collection":[{"href":"https:\/\/caf-rapport-activite.fr\/caf17-2025\/wp-json\/wp\/v2\/temp-fort"}],"about":[{"href":"https:\/\/caf-rapport-activite.fr\/caf17-2025\/wp-json\/wp\/v2\/types\/temp-fort"}],"wp:featuredmedia":[{"embeddable":true,"href":"https:\/\/caf-rapport-activite.fr\/caf17-2025\/wp-json\/wp\/v2\/media\/2040"}],"wp:attachment":[{"href":"https:\/\/caf-rapport-activite.fr\/caf17-2025\/wp-json\/wp\/v2\/media?parent=2039"}],"wp:term":[{"taxonomy":"activite","embeddable":true,"href":"https:\/\/caf-rapport-activite.fr\/caf17-2025\/wp-json\/wp\/v2\/activite?post=2039"}],"curies":[{"name":"wp","href":"https:\/\/api.w.org\/{rel}","templated":true}]}}