{"id":2034,"date":"2026-04-22T15:40:04","date_gmt":"2026-04-22T13:40:04","guid":{"rendered":"https:\/\/caf-rapport-activite.fr\/caf17-2025\/?post_type=temp-fort&#038;p=2034"},"modified":"2026-04-22T15:50:13","modified_gmt":"2026-04-22T13:50:13","slug":"une-creche-qui-conjugue-accueil-et-respect-de-lenvironnement","status":"publish","type":"temp-fort","link":"https:\/\/caf-rapport-activite.fr\/caf17-2025\/temp-fort\/une-creche-qui-conjugue-accueil-et-respect-de-lenvironnement\/","title":{"rendered":"Une cr\u00e8che qui conjugue accueil et respect de l&rsquo;environnement"},"content":{"rendered":"\n<p>Le lundi 1er d\u00e9cembre 2025, nous avons inaugur\u00e9 les nouveaux am\u00e9nagements bioclimatiques de la cr\u00e8che associative Boule de Gomme \u00e0 Saint-Trojan-les-Bains.<br><br>La Caf de la Charente-Maritime soutient les familles et favorise le d\u00e9veloppement de l\u2019offre d\u2019accueil pour les jeunes enfants.<br>Gr\u00e2ce \u00e0<strong> un financement de 55 680 \u20ac<\/strong>, nous contribuons \u00e0 offrir un cadre r\u00e9nov\u00e9, de haute qualit\u00e9 environnementale, au b\u00e9n\u00e9fice des enfants, des familles et des professionnels.<\/p>\n\n\n\n<h3>La Caf agit pour un avenir durable !<\/h3>\n\n\n\n<p>Parce que le changement climatique nous concerne tous, la Caf finance des projets qui int\u00e8grent transition \u00e9cologique, qualit\u00e9 environnementale et Rse, dans le cadre de son Sch\u00e9ma Directeur d\u2019Adaptation au Changement Climatique.<\/p>\n\n\n\n<blockquote class=\"wp-block-quote\">\n<p>Objectif : accompagner les structures et les acteurs locaux vers des pratiques \u00e9co-responsables, pour un impact positif sur les familles et les territoires.<\/p>\n<\/blockquote>\n\n\n\n<p>Bravo \u00e0 l\u2019association Enfance et Soleil, \u00e0 la Communaut\u00e9 de Communes et \u00e0 tous les partenaires qui ont rendu ce projet possible.<\/p>\n\n\n\n<figure class=\"is-layout-flex wp-block-gallery-1 wp-block-gallery has-nested-images columns-default is-cropped\">\n<figure class=\"wp-block-image size-large\"><img decoding=\"async\" loading=\"lazy\" width=\"768\" height=\"1024\" data-id=\"2035\"  src=\"https:\/\/caf-rapport-activite.fr\/caf17-2025\/wp-content\/uploads\/sites\/29\/2026\/04\/20251201_Inauguration_jardin_creche_BouleDeGomme-3-768x1024.jpg\" alt=\"\" class=\"wp-image-2035\" srcset=\"https:\/\/caf-rapport-activite.fr\/caf17-2025\/wp-content\/uploads\/sites\/29\/2026\/04\/20251201_Inauguration_jardin_creche_BouleDeGomme-3-768x1024.jpg 768w, https:\/\/caf-rapport-activite.fr\/caf17-2025\/wp-content\/uploads\/sites\/29\/2026\/04\/20251201_Inauguration_jardin_creche_BouleDeGomme-3-225x300.jpg 225w, https:\/\/caf-rapport-activite.fr\/caf17-2025\/wp-content\/uploads\/sites\/29\/2026\/04\/20251201_Inauguration_jardin_creche_BouleDeGomme-3-1152x1536.jpg 1152w, https:\/\/caf-rapport-activite.fr\/caf17-2025\/wp-content\/uploads\/sites\/29\/2026\/04\/20251201_Inauguration_jardin_creche_BouleDeGomme-3-1536x2048.jpg 1536w, https:\/\/caf-rapport-activite.fr\/caf17-2025\/wp-content\/uploads\/sites\/29\/2026\/04\/20251201_Inauguration_jardin_creche_BouleDeGomme-3-scaled.jpg 1920w\" sizes=\"(max-width: 768px) 100vw, 768px\" \/><\/figure>\n\n\n\n<figure class=\"wp-block-image size-large\"><img decoding=\"async\" loading=\"lazy\" width=\"1024\" height=\"768\" data-id=\"2037\"  src=\"https:\/\/caf-rapport-activite.fr\/caf17-2025\/wp-content\/uploads\/sites\/29\/2026\/04\/20251201_Inauguration_jardin_creche_BouleDeGomme-6-1024x768.jpg\" alt=\"\" class=\"wp-image-2037\" srcset=\"https:\/\/caf-rapport-activite.fr\/caf17-2025\/wp-content\/uploads\/sites\/29\/2026\/04\/20251201_Inauguration_jardin_creche_BouleDeGomme-6-1024x768.jpg 1024w, https:\/\/caf-rapport-activite.fr\/caf17-2025\/wp-content\/uploads\/sites\/29\/2026\/04\/20251201_Inauguration_jardin_creche_BouleDeGomme-6-300x225.jpg 300w, https:\/\/caf-rapport-activite.fr\/caf17-2025\/wp-content\/uploads\/sites\/29\/2026\/04\/20251201_Inauguration_jardin_creche_BouleDeGomme-6-768x576.jpg 768w, https:\/\/caf-rapport-activite.fr\/caf17-2025\/wp-content\/uploads\/sites\/29\/2026\/04\/20251201_Inauguration_jardin_creche_BouleDeGomme-6-1536x1152.jpg 1536w, https:\/\/caf-rapport-activite.fr\/caf17-2025\/wp-content\/uploads\/sites\/29\/2026\/04\/20251201_Inauguration_jardin_creche_BouleDeGomme-6-2048x1536.jpg 2048w\" sizes=\"(max-width: 1024px) 100vw, 1024px\" \/><\/figure>\n\n\n\n<figure class=\"wp-block-image size-large\"><img decoding=\"async\" loading=\"lazy\" width=\"768\" height=\"1024\" data-id=\"2038\"  src=\"https:\/\/caf-rapport-activite.fr\/caf17-2025\/wp-content\/uploads\/sites\/29\/2026\/04\/20251201_Inauguration_jardin_creche_BouleDeGomme-7-768x1024.jpg\" alt=\"\" class=\"wp-image-2038\" srcset=\"https:\/\/caf-rapport-activite.fr\/caf17-2025\/wp-content\/uploads\/sites\/29\/2026\/04\/20251201_Inauguration_jardin_creche_BouleDeGomme-7-768x1024.jpg 768w, https:\/\/caf-rapport-activite.fr\/caf17-2025\/wp-content\/uploads\/sites\/29\/2026\/04\/20251201_Inauguration_jardin_creche_BouleDeGomme-7-225x300.jpg 225w, https:\/\/caf-rapport-activite.fr\/caf17-2025\/wp-content\/uploads\/sites\/29\/2026\/04\/20251201_Inauguration_jardin_creche_BouleDeGomme-7-1152x1536.jpg 1152w, https:\/\/caf-rapport-activite.fr\/caf17-2025\/wp-content\/uploads\/sites\/29\/2026\/04\/20251201_Inauguration_jardin_creche_BouleDeGomme-7-1536x2048.jpg 1536w, https:\/\/caf-rapport-activite.fr\/caf17-2025\/wp-content\/uploads\/sites\/29\/2026\/04\/20251201_Inauguration_jardin_creche_BouleDeGomme-7-scaled.jpg 1920w\" sizes=\"(max-width: 768px) 100vw, 768px\" \/><\/figure>\n\n\n\n<figure class=\"wp-block-image size-large\"><img decoding=\"async\" loading=\"lazy\" width=\"1024\" height=\"768\" data-id=\"2036\"  src=\"https:\/\/caf-rapport-activite.fr\/caf17-2025\/wp-content\/uploads\/sites\/29\/2026\/04\/20251201_Inauguration_jardin_creche_BouleDeGomme-8-1024x768.jpg\" alt=\"\" class=\"wp-image-2036\" srcset=\"https:\/\/caf-rapport-activite.fr\/caf17-2025\/wp-content\/uploads\/sites\/29\/2026\/04\/20251201_Inauguration_jardin_creche_BouleDeGomme-8-1024x768.jpg 1024w, https:\/\/caf-rapport-activite.fr\/caf17-2025\/wp-content\/uploads\/sites\/29\/2026\/04\/20251201_Inauguration_jardin_creche_BouleDeGomme-8-300x225.jpg 300w, https:\/\/caf-rapport-activite.fr\/caf17-2025\/wp-content\/uploads\/sites\/29\/2026\/04\/20251201_Inauguration_jardin_creche_BouleDeGomme-8-768x576.jpg 768w, https:\/\/caf-rapport-activite.fr\/caf17-2025\/wp-content\/uploads\/sites\/29\/2026\/04\/20251201_Inauguration_jardin_creche_BouleDeGomme-8-1536x1152.jpg 1536w, https:\/\/caf-rapport-activite.fr\/caf17-2025\/wp-content\/uploads\/sites\/29\/2026\/04\/20251201_Inauguration_jardin_creche_BouleDeGomme-8-2048x1536.jpg 2048w\" sizes=\"(max-width: 1024px) 100vw, 1024px\" \/><\/figure>\n<\/figure>\n","protected":false},"excerpt":{"rendered":"<p>Le lundi 1er d\u00e9cembre 2025, nous avons inaugur\u00e9 les nouveaux am\u00e9nagements bioclimatiques de la cr\u00e8che associative Boule de Gomme \u00e0 [&hellip;]<\/p>\n","protected":false},"featured_media":2037,"parent":0,"menu_order":0,"template":"","activite":[5],"yoast_head":"<!-- This site is optimized with the Yoast SEO plugin v19.11 - https:\/\/yoast.com\/wordpress\/plugins\/seo\/ -->\n<title>Une cr\u00e8che qui conjugue accueil et respect de l&#039;environnement - Caf 17 - 2025<\/title>\n<meta name=\"robots\" content=\"index, follow, max-snippet:-1, max-image-preview:large, max-video-preview:-1\" \/>\n<link rel=\"canonical\" href=\"https:\/\/caf-rapport-activite.fr\/caf17-2025\/temp-fort\/une-creche-qui-conjugue-accueil-et-respect-de-lenvironnement\/\" \/>\n<meta property=\"og:locale\" content=\"fr_FR\" \/>\n<meta property=\"og:type\" content=\"article\" \/>\n<meta property=\"og:title\" content=\"Une cr\u00e8che qui conjugue accueil et respect de l&#039;environnement - Caf 17 - 2025\" \/>\n<meta property=\"og:description\" content=\"Le lundi 1er d\u00e9cembre 2025, nous avons inaugur\u00e9 les nouveaux am\u00e9nagements bioclimatiques de la cr\u00e8che associative Boule de Gomme \u00e0 [&hellip;]\" \/>\n<meta property=\"og:url\" content=\"https:\/\/caf-rapport-activite.fr\/caf17-2025\/temp-fort\/une-creche-qui-conjugue-accueil-et-respect-de-lenvironnement\/\" \/>\n<meta property=\"og:site_name\" content=\"Caf 17 - 2025\" \/>\n<meta property=\"article:modified_time\" content=\"2026-04-22T13:50:13+00:00\" \/>\n<meta property=\"og:image\" content=\"https:\/\/caf-rapport-activite.fr\/caf17-2025\/wp-content\/uploads\/sites\/29\/2026\/04\/20251201_Inauguration_jardin_creche_BouleDeGomme-3-768x1024.jpg\" \/>\n<meta name=\"twitter:card\" content=\"summary_large_image\" \/>\n<meta name=\"twitter:label1\" content=\"Dur\u00e9e de lecture estim\u00e9e\" \/>\n\t<meta name=\"twitter:data1\" content=\"2 minutes\" \/>\n<script type=\"application\/ld+json\" class=\"yoast-schema-graph\">{\"@context\":\"https:\/\/schema.org\",\"@graph\":[{\"@type\":\"WebPage\",\"@id\":\"https:\/\/caf-rapport-activite.fr\/caf17-2025\/temp-fort\/une-creche-qui-conjugue-accueil-et-respect-de-lenvironnement\/\",\"url\":\"https:\/\/caf-rapport-activite.fr\/caf17-2025\/temp-fort\/une-creche-qui-conjugue-accueil-et-respect-de-lenvironnement\/\",\"name\":\"Une cr\u00e8che qui conjugue accueil et respect de l'environnement - Caf 17 - 2025\",\"isPartOf\":{\"@id\":\"https:\/\/caf-rapport-activite.fr\/caf17-2025\/#website\"},\"datePublished\":\"2026-04-22T13:40:04+00:00\",\"dateModified\":\"2026-04-22T13:50:13+00:00\",\"breadcrumb\":{\"@id\":\"https:\/\/caf-rapport-activite.fr\/caf17-2025\/temp-fort\/une-creche-qui-conjugue-accueil-et-respect-de-lenvironnement\/#breadcrumb\"},\"inLanguage\":\"fr-FR\",\"potentialAction\":[{\"@type\":\"ReadAction\",\"target\":[\"https:\/\/caf-rapport-activite.fr\/caf17-2025\/temp-fort\/une-creche-qui-conjugue-accueil-et-respect-de-lenvironnement\/\"]}]},{\"@type\":\"BreadcrumbList\",\"@id\":\"https:\/\/caf-rapport-activite.fr\/caf17-2025\/temp-fort\/une-creche-qui-conjugue-accueil-et-respect-de-lenvironnement\/#breadcrumb\",\"itemListElement\":[{\"@type\":\"ListItem\",\"position\":1,\"name\":\"Accueil\",\"item\":\"https:\/\/caf-rapport-activite.fr\/caf17-2025\/\"},{\"@type\":\"ListItem\",\"position\":2,\"name\":\"Temps forts\",\"item\":\"https:\/\/caf-rapport-activite.fr\/caf17-2025\/temp-fort\/\"},{\"@type\":\"ListItem\",\"position\":3,\"name\":\"Une cr\u00e8che qui conjugue accueil et respect de l&rsquo;environnement\"}]},{\"@type\":\"WebSite\",\"@id\":\"https:\/\/caf-rapport-activite.fr\/caf17-2025\/#website\",\"url\":\"https:\/\/caf-rapport-activite.fr\/caf17-2025\/\",\"name\":\"Caf 17 - 2025\",\"description\":\"\",\"potentialAction\":[{\"@type\":\"SearchAction\",\"target\":{\"@type\":\"EntryPoint\",\"urlTemplate\":\"https:\/\/caf-rapport-activite.fr\/caf17-2025\/?s={search_term_string}\"},\"query-input\":\"required name=search_term_string\"}],\"inLanguage\":\"fr-FR\"}]}<\/script>\n<!-- \/ Yoast SEO plugin. -->","yoast_head_json":{"title":"Une cr\u00e8che qui conjugue accueil et respect de l'environnement - Caf 17 - 2025","robots":{"index":"index","follow":"follow","max-snippet":"max-snippet:-1","max-image-preview":"max-image-preview:large","max-video-preview":"max-video-preview:-1"},"canonical":"https:\/\/caf-rapport-activite.fr\/caf17-2025\/temp-fort\/une-creche-qui-conjugue-accueil-et-respect-de-lenvironnement\/","og_locale":"fr_FR","og_type":"article","og_title":"Une cr\u00e8che qui conjugue accueil et respect de l'environnement - Caf 17 - 2025","og_description":"Le lundi 1er d\u00e9cembre 2025, nous avons inaugur\u00e9 les nouveaux am\u00e9nagements bioclimatiques de la cr\u00e8che associative Boule de Gomme \u00e0 [&hellip;]","og_url":"https:\/\/caf-rapport-activite.fr\/caf17-2025\/temp-fort\/une-creche-qui-conjugue-accueil-et-respect-de-lenvironnement\/","og_site_name":"Caf 17 - 2025","article_modified_time":"2026-04-22T13:50:13+00:00","og_image":[{"url":"https:\/\/caf-rapport-activite.fr\/caf17-2025\/wp-content\/uploads\/sites\/29\/2026\/04\/20251201_Inauguration_jardin_creche_BouleDeGomme-3-768x1024.jpg"}],"twitter_card":"summary_large_image","twitter_misc":{"Dur\u00e9e de lecture estim\u00e9e":"2 minutes"},"schema":{"@context":"https:\/\/schema.org","@graph":[{"@type":"WebPage","@id":"https:\/\/caf-rapport-activite.fr\/caf17-2025\/temp-fort\/une-creche-qui-conjugue-accueil-et-respect-de-lenvironnement\/","url":"https:\/\/caf-rapport-activite.fr\/caf17-2025\/temp-fort\/une-creche-qui-conjugue-accueil-et-respect-de-lenvironnement\/","name":"Une cr\u00e8che qui conjugue accueil et respect de l'environnement - Caf 17 - 2025","isPartOf":{"@id":"https:\/\/caf-rapport-activite.fr\/caf17-2025\/#website"},"datePublished":"2026-04-22T13:40:04+00:00","dateModified":"2026-04-22T13:50:13+00:00","breadcrumb":{"@id":"https:\/\/caf-rapport-activite.fr\/caf17-2025\/temp-fort\/une-creche-qui-conjugue-accueil-et-respect-de-lenvironnement\/#breadcrumb"},"inLanguage":"fr-FR","potentialAction":[{"@type":"ReadAction","target":["https:\/\/caf-rapport-activite.fr\/caf17-2025\/temp-fort\/une-creche-qui-conjugue-accueil-et-respect-de-lenvironnement\/"]}]},{"@type":"BreadcrumbList","@id":"https:\/\/caf-rapport-activite.fr\/caf17-2025\/temp-fort\/une-creche-qui-conjugue-accueil-et-respect-de-lenvironnement\/#breadcrumb","itemListElement":[{"@type":"ListItem","position":1,"name":"Accueil","item":"https:\/\/caf-rapport-activite.fr\/caf17-2025\/"},{"@type":"ListItem","position":2,"name":"Temps forts","item":"https:\/\/caf-rapport-activite.fr\/caf17-2025\/temp-fort\/"},{"@type":"ListItem","position":3,"name":"Une cr\u00e8che qui conjugue accueil et respect de l&rsquo;environnement"}]},{"@type":"WebSite","@id":"https:\/\/caf-rapport-activite.fr\/caf17-2025\/#website","url":"https:\/\/caf-rapport-activite.fr\/caf17-2025\/","name":"Caf 17 - 2025","description":"","potentialAction":[{"@type":"SearchAction","target":{"@type":"EntryPoint","urlTemplate":"https:\/\/caf-rapport-activite.fr\/caf17-2025\/?s={search_term_string}"},"query-input":"required name=search_term_string"}],"inLanguage":"fr-FR"}]}},"_links":{"self":[{"href":"https:\/\/caf-rapport-activite.fr\/caf17-2025\/wp-json\/wp\/v2\/temp-fort\/2034"}],"collection":[{"href":"https:\/\/caf-rapport-activite.fr\/caf17-2025\/wp-json\/wp\/v2\/temp-fort"}],"about":[{"href":"https:\/\/caf-rapport-activite.fr\/caf17-2025\/wp-json\/wp\/v2\/types\/temp-fort"}],"wp:featuredmedia":[{"embeddable":true,"href":"https:\/\/caf-rapport-activite.fr\/caf17-2025\/wp-json\/wp\/v2\/media\/2037"}],"wp:attachment":[{"href":"https:\/\/caf-rapport-activite.fr\/caf17-2025\/wp-json\/wp\/v2\/media?parent=2034"}],"wp:term":[{"taxonomy":"activite","embeddable":true,"href":"https:\/\/caf-rapport-activite.fr\/caf17-2025\/wp-json\/wp\/v2\/activite?post=2034"}],"curies":[{"name":"wp","href":"https:\/\/api.w.org\/{rel}","templated":true}]}}