{"id":2026,"date":"2026-04-21T17:54:54","date_gmt":"2026-04-21T15:54:54","guid":{"rendered":"https:\/\/caf-rapport-activite.fr\/caf17-2025\/?post_type=temp-fort&#038;p=2026"},"modified":"2026-04-21T17:54:55","modified_gmt":"2026-04-21T15:54:55","slug":"ctg-de-lagglo-de-saintes-2-ans-daction-un-cap-a-mi-parcours","status":"publish","type":"temp-fort","link":"https:\/\/caf-rapport-activite.fr\/caf17-2025\/temp-fort\/ctg-de-lagglo-de-saintes-2-ans-daction-un-cap-a-mi-parcours\/","title":{"rendered":"Ctg de l&rsquo;agglo de Saintes : 2 ans d&rsquo;action, un cap \u00e0 mi-parcours"},"content":{"rendered":"\n<p>Lors du s\u00e9minaire d\u2019\u00e9valuation de la Convention Territoriale Globale (Ctg) avec la Saintes Grandes Rives, l&rsquo;Agglo, nous avons r\u00e9affirm\u00e9 une ambition forte : \ud835\uddee\ud835\uddf4\ud835\uddf6\ud835\uddff \ud835\uddf2\ud835\uddfb\ud835\ude00\ud835\uddf2\ud835\uddfa\ud835\uddef\ud835\uddf9\ud835\uddf2 \ud835\uddfd\ud835\uddfc\ud835\ude02\ud835\uddff \ud835\uddee\ud835\uddfa\ud835\uddf2\u0301\ud835\uddf9\ud835\uddf6\ud835\uddfc\ud835\uddff\ud835\uddf2\ud835\uddff \ud835\uddf9\ud835\uddf2 \ud835\uddfe\ud835\ude02\ud835\uddfc\ud835\ude01\ud835\uddf6\ud835\uddf1\ud835\uddf6\ud835\uddf2\ud835\uddfb \ud835\uddf1\ud835\uddf2\ud835\ude00 \ud835\uddf3\ud835\uddee\ud835\uddfa\ud835\uddf6\ud835\uddf9\ud835\uddf9\ud835\uddf2\ud835\ude00.<\/p>\n\n\n\n<h3>4 axes cl\u00e9s structurent notre engagement :<\/h3>\n\n\n\n<ul>\n<li>Inclusion des enfants en situation de handicap : rendre l\u2019accueil r\u00e9ellement universel.<\/li>\n\n\n\n<li>Adaptation de l\u2019offre d\u2019accueil : anticiper les besoins gr\u00e2ce \u00e0 un observatoire et \u00e0 la consultation des familles.<\/li>\n\n\n\n<li>Soutien \u00e0 la parentalit\u00e9 : ateliers, lieux d\u2019accueil, dispositifs de r\u00e9pit pour renforcer les comp\u00e9tences parentales.<\/li>\n\n\n\n<li>Participation des familles : reconna\u00eetre leur expertise d\u2019usage pour des services plus justes et adapt\u00e9s.<\/li>\n<\/ul>\n\n\n\n<p>Ce bilan \u00e0 mi-parcours est un temps fort pour partager r\u00e9ussites, d\u00e9fis et perspectives. Ensemble, nous construisons une coh\u00e9sion sociale durable et une \u00e9galit\u00e9 d\u2019acc\u00e8s aux services.<\/p>\n\n\n\n<figure class=\"is-layout-flex wp-block-gallery-1 wp-block-gallery has-nested-images columns-default is-cropped\">\n<figure class=\"wp-block-image size-large\"><img decoding=\"async\" loading=\"lazy\" width=\"1024\" height=\"768\" data-id=\"2029\"  src=\"https:\/\/caf-rapport-activite.fr\/caf17-2025\/wp-content\/uploads\/sites\/29\/2026\/04\/20251125_Saintes_Seminaire_CTG-1.jpg\" alt=\"\" class=\"wp-image-2029\" srcset=\"https:\/\/caf-rapport-activite.fr\/caf17-2025\/wp-content\/uploads\/sites\/29\/2026\/04\/20251125_Saintes_Seminaire_CTG-1.jpg 1024w, https:\/\/caf-rapport-activite.fr\/caf17-2025\/wp-content\/uploads\/sites\/29\/2026\/04\/20251125_Saintes_Seminaire_CTG-1-300x225.jpg 300w, https:\/\/caf-rapport-activite.fr\/caf17-2025\/wp-content\/uploads\/sites\/29\/2026\/04\/20251125_Saintes_Seminaire_CTG-1-768x576.jpg 768w\" sizes=\"(max-width: 1024px) 100vw, 1024px\" \/><\/figure>\n\n\n\n<figure class=\"wp-block-image size-large\"><img decoding=\"async\" loading=\"lazy\" width=\"1024\" height=\"768\" data-id=\"2031\"  src=\"https:\/\/caf-rapport-activite.fr\/caf17-2025\/wp-content\/uploads\/sites\/29\/2026\/04\/20251125_Saintes_Seminaire_CTG-2.jpg\" alt=\"\" class=\"wp-image-2031\" srcset=\"https:\/\/caf-rapport-activite.fr\/caf17-2025\/wp-content\/uploads\/sites\/29\/2026\/04\/20251125_Saintes_Seminaire_CTG-2.jpg 1024w, https:\/\/caf-rapport-activite.fr\/caf17-2025\/wp-content\/uploads\/sites\/29\/2026\/04\/20251125_Saintes_Seminaire_CTG-2-300x225.jpg 300w, https:\/\/caf-rapport-activite.fr\/caf17-2025\/wp-content\/uploads\/sites\/29\/2026\/04\/20251125_Saintes_Seminaire_CTG-2-768x576.jpg 768w\" sizes=\"(max-width: 1024px) 100vw, 1024px\" \/><\/figure>\n\n\n\n<figure class=\"wp-block-image size-large\"><img decoding=\"async\" loading=\"lazy\" width=\"1024\" height=\"768\" data-id=\"2027\"  src=\"https:\/\/caf-rapport-activite.fr\/caf17-2025\/wp-content\/uploads\/sites\/29\/2026\/04\/20251125_Saintes_Seminaire_CTG-3.jpg\" alt=\"\" class=\"wp-image-2027\" srcset=\"https:\/\/caf-rapport-activite.fr\/caf17-2025\/wp-content\/uploads\/sites\/29\/2026\/04\/20251125_Saintes_Seminaire_CTG-3.jpg 1024w, https:\/\/caf-rapport-activite.fr\/caf17-2025\/wp-content\/uploads\/sites\/29\/2026\/04\/20251125_Saintes_Seminaire_CTG-3-300x225.jpg 300w, https:\/\/caf-rapport-activite.fr\/caf17-2025\/wp-content\/uploads\/sites\/29\/2026\/04\/20251125_Saintes_Seminaire_CTG-3-768x576.jpg 768w\" sizes=\"(max-width: 1024px) 100vw, 1024px\" \/><\/figure>\n\n\n\n<figure class=\"wp-block-image size-large\"><img decoding=\"async\" loading=\"lazy\" width=\"1024\" height=\"768\" data-id=\"2030\"  src=\"https:\/\/caf-rapport-activite.fr\/caf17-2025\/wp-content\/uploads\/sites\/29\/2026\/04\/20251125_Saintes_Seminaire_CTG-4.jpg\" alt=\"\" class=\"wp-image-2030\" srcset=\"https:\/\/caf-rapport-activite.fr\/caf17-2025\/wp-content\/uploads\/sites\/29\/2026\/04\/20251125_Saintes_Seminaire_CTG-4.jpg 1024w, https:\/\/caf-rapport-activite.fr\/caf17-2025\/wp-content\/uploads\/sites\/29\/2026\/04\/20251125_Saintes_Seminaire_CTG-4-300x225.jpg 300w, https:\/\/caf-rapport-activite.fr\/caf17-2025\/wp-content\/uploads\/sites\/29\/2026\/04\/20251125_Saintes_Seminaire_CTG-4-768x576.jpg 768w\" sizes=\"(max-width: 1024px) 100vw, 1024px\" \/><\/figure>\n\n\n\n<figure class=\"wp-block-image size-large\"><img decoding=\"async\" loading=\"lazy\" width=\"1024\" height=\"768\" data-id=\"2028\"  src=\"https:\/\/caf-rapport-activite.fr\/caf17-2025\/wp-content\/uploads\/sites\/29\/2026\/04\/20251125_Saintes_Seminaire_CTG-5.jpg\" alt=\"\" class=\"wp-image-2028\" srcset=\"https:\/\/caf-rapport-activite.fr\/caf17-2025\/wp-content\/uploads\/sites\/29\/2026\/04\/20251125_Saintes_Seminaire_CTG-5.jpg 1024w, https:\/\/caf-rapport-activite.fr\/caf17-2025\/wp-content\/uploads\/sites\/29\/2026\/04\/20251125_Saintes_Seminaire_CTG-5-300x225.jpg 300w, https:\/\/caf-rapport-activite.fr\/caf17-2025\/wp-content\/uploads\/sites\/29\/2026\/04\/20251125_Saintes_Seminaire_CTG-5-768x576.jpg 768w\" sizes=\"(max-width: 1024px) 100vw, 1024px\" \/><\/figure>\n<\/figure>\n","protected":false},"excerpt":{"rendered":"<p>Lors du s\u00e9minaire d\u2019\u00e9valuation de la Convention Territoriale Globale (Ctg) avec la Saintes Grandes Rives, l&rsquo;Agglo, nous avons r\u00e9affirm\u00e9 une [&hellip;]<\/p>\n","protected":false},"featured_media":2027,"parent":0,"menu_order":0,"template":"","activite":[],"yoast_head":"<!-- This site is optimized with the Yoast SEO plugin v19.11 - https:\/\/yoast.com\/wordpress\/plugins\/seo\/ -->\n<title>Ctg de l&#039;agglo de Saintes : 2 ans d&#039;action, un cap \u00e0 mi-parcours - Caf 17 - 2025<\/title>\n<meta name=\"robots\" content=\"index, follow, max-snippet:-1, max-image-preview:large, max-video-preview:-1\" \/>\n<link rel=\"canonical\" href=\"https:\/\/caf-rapport-activite.fr\/caf17-2025\/temp-fort\/ctg-de-lagglo-de-saintes-2-ans-daction-un-cap-a-mi-parcours\/\" \/>\n<meta property=\"og:locale\" content=\"fr_FR\" \/>\n<meta property=\"og:type\" content=\"article\" \/>\n<meta property=\"og:title\" content=\"Ctg de l&#039;agglo de Saintes : 2 ans d&#039;action, un cap \u00e0 mi-parcours - Caf 17 - 2025\" \/>\n<meta property=\"og:description\" content=\"Lors du s\u00e9minaire d\u2019\u00e9valuation de la Convention Territoriale Globale (Ctg) avec la Saintes Grandes Rives, l&rsquo;Agglo, nous avons r\u00e9affirm\u00e9 une [&hellip;]\" \/>\n<meta property=\"og:url\" content=\"https:\/\/caf-rapport-activite.fr\/caf17-2025\/temp-fort\/ctg-de-lagglo-de-saintes-2-ans-daction-un-cap-a-mi-parcours\/\" \/>\n<meta property=\"og:site_name\" content=\"Caf 17 - 2025\" \/>\n<meta property=\"article:modified_time\" content=\"2026-04-21T15:54:55+00:00\" \/>\n<meta property=\"og:image\" content=\"https:\/\/caf-rapport-activite.fr\/caf17-2025\/wp-content\/uploads\/sites\/29\/2026\/04\/20251125_Saintes_Seminaire_CTG-3.jpg\" \/>\n\t<meta property=\"og:image:width\" content=\"1024\" \/>\n\t<meta property=\"og:image:height\" content=\"768\" \/>\n\t<meta property=\"og:image:type\" content=\"image\/jpeg\" \/>\n<meta name=\"twitter:card\" content=\"summary_large_image\" \/>\n<meta name=\"twitter:label1\" content=\"Dur\u00e9e de lecture estim\u00e9e\" \/>\n\t<meta name=\"twitter:data1\" content=\"2 minutes\" \/>\n<script type=\"application\/ld+json\" class=\"yoast-schema-graph\">{\"@context\":\"https:\/\/schema.org\",\"@graph\":[{\"@type\":\"WebPage\",\"@id\":\"https:\/\/caf-rapport-activite.fr\/caf17-2025\/temp-fort\/ctg-de-lagglo-de-saintes-2-ans-daction-un-cap-a-mi-parcours\/\",\"url\":\"https:\/\/caf-rapport-activite.fr\/caf17-2025\/temp-fort\/ctg-de-lagglo-de-saintes-2-ans-daction-un-cap-a-mi-parcours\/\",\"name\":\"Ctg de l'agglo de Saintes : 2 ans d'action, un cap \u00e0 mi-parcours - Caf 17 - 2025\",\"isPartOf\":{\"@id\":\"https:\/\/caf-rapport-activite.fr\/caf17-2025\/#website\"},\"datePublished\":\"2026-04-21T15:54:54+00:00\",\"dateModified\":\"2026-04-21T15:54:55+00:00\",\"breadcrumb\":{\"@id\":\"https:\/\/caf-rapport-activite.fr\/caf17-2025\/temp-fort\/ctg-de-lagglo-de-saintes-2-ans-daction-un-cap-a-mi-parcours\/#breadcrumb\"},\"inLanguage\":\"fr-FR\",\"potentialAction\":[{\"@type\":\"ReadAction\",\"target\":[\"https:\/\/caf-rapport-activite.fr\/caf17-2025\/temp-fort\/ctg-de-lagglo-de-saintes-2-ans-daction-un-cap-a-mi-parcours\/\"]}]},{\"@type\":\"BreadcrumbList\",\"@id\":\"https:\/\/caf-rapport-activite.fr\/caf17-2025\/temp-fort\/ctg-de-lagglo-de-saintes-2-ans-daction-un-cap-a-mi-parcours\/#breadcrumb\",\"itemListElement\":[{\"@type\":\"ListItem\",\"position\":1,\"name\":\"Accueil\",\"item\":\"https:\/\/caf-rapport-activite.fr\/caf17-2025\/\"},{\"@type\":\"ListItem\",\"position\":2,\"name\":\"Temps forts\",\"item\":\"https:\/\/caf-rapport-activite.fr\/caf17-2025\/temp-fort\/\"},{\"@type\":\"ListItem\",\"position\":3,\"name\":\"Ctg de l&rsquo;agglo de Saintes : 2 ans d&rsquo;action, un cap \u00e0 mi-parcours\"}]},{\"@type\":\"WebSite\",\"@id\":\"https:\/\/caf-rapport-activite.fr\/caf17-2025\/#website\",\"url\":\"https:\/\/caf-rapport-activite.fr\/caf17-2025\/\",\"name\":\"Caf 17 - 2025\",\"description\":\"\",\"potentialAction\":[{\"@type\":\"SearchAction\",\"target\":{\"@type\":\"EntryPoint\",\"urlTemplate\":\"https:\/\/caf-rapport-activite.fr\/caf17-2025\/?s={search_term_string}\"},\"query-input\":\"required name=search_term_string\"}],\"inLanguage\":\"fr-FR\"}]}<\/script>\n<!-- \/ Yoast SEO plugin. -->","yoast_head_json":{"title":"Ctg de l'agglo de Saintes : 2 ans d'action, un cap \u00e0 mi-parcours - Caf 17 - 2025","robots":{"index":"index","follow":"follow","max-snippet":"max-snippet:-1","max-image-preview":"max-image-preview:large","max-video-preview":"max-video-preview:-1"},"canonical":"https:\/\/caf-rapport-activite.fr\/caf17-2025\/temp-fort\/ctg-de-lagglo-de-saintes-2-ans-daction-un-cap-a-mi-parcours\/","og_locale":"fr_FR","og_type":"article","og_title":"Ctg de l'agglo de Saintes : 2 ans d'action, un cap \u00e0 mi-parcours - Caf 17 - 2025","og_description":"Lors du s\u00e9minaire d\u2019\u00e9valuation de la Convention Territoriale Globale (Ctg) avec la Saintes Grandes Rives, l&rsquo;Agglo, nous avons r\u00e9affirm\u00e9 une [&hellip;]","og_url":"https:\/\/caf-rapport-activite.fr\/caf17-2025\/temp-fort\/ctg-de-lagglo-de-saintes-2-ans-daction-un-cap-a-mi-parcours\/","og_site_name":"Caf 17 - 2025","article_modified_time":"2026-04-21T15:54:55+00:00","og_image":[{"width":1024,"height":768,"url":"https:\/\/caf-rapport-activite.fr\/caf17-2025\/wp-content\/uploads\/sites\/29\/2026\/04\/20251125_Saintes_Seminaire_CTG-3.jpg","type":"image\/jpeg"}],"twitter_card":"summary_large_image","twitter_misc":{"Dur\u00e9e de lecture estim\u00e9e":"2 minutes"},"schema":{"@context":"https:\/\/schema.org","@graph":[{"@type":"WebPage","@id":"https:\/\/caf-rapport-activite.fr\/caf17-2025\/temp-fort\/ctg-de-lagglo-de-saintes-2-ans-daction-un-cap-a-mi-parcours\/","url":"https:\/\/caf-rapport-activite.fr\/caf17-2025\/temp-fort\/ctg-de-lagglo-de-saintes-2-ans-daction-un-cap-a-mi-parcours\/","name":"Ctg de l'agglo de Saintes : 2 ans d'action, un cap \u00e0 mi-parcours - Caf 17 - 2025","isPartOf":{"@id":"https:\/\/caf-rapport-activite.fr\/caf17-2025\/#website"},"datePublished":"2026-04-21T15:54:54+00:00","dateModified":"2026-04-21T15:54:55+00:00","breadcrumb":{"@id":"https:\/\/caf-rapport-activite.fr\/caf17-2025\/temp-fort\/ctg-de-lagglo-de-saintes-2-ans-daction-un-cap-a-mi-parcours\/#breadcrumb"},"inLanguage":"fr-FR","potentialAction":[{"@type":"ReadAction","target":["https:\/\/caf-rapport-activite.fr\/caf17-2025\/temp-fort\/ctg-de-lagglo-de-saintes-2-ans-daction-un-cap-a-mi-parcours\/"]}]},{"@type":"BreadcrumbList","@id":"https:\/\/caf-rapport-activite.fr\/caf17-2025\/temp-fort\/ctg-de-lagglo-de-saintes-2-ans-daction-un-cap-a-mi-parcours\/#breadcrumb","itemListElement":[{"@type":"ListItem","position":1,"name":"Accueil","item":"https:\/\/caf-rapport-activite.fr\/caf17-2025\/"},{"@type":"ListItem","position":2,"name":"Temps forts","item":"https:\/\/caf-rapport-activite.fr\/caf17-2025\/temp-fort\/"},{"@type":"ListItem","position":3,"name":"Ctg de l&rsquo;agglo de Saintes : 2 ans d&rsquo;action, un cap \u00e0 mi-parcours"}]},{"@type":"WebSite","@id":"https:\/\/caf-rapport-activite.fr\/caf17-2025\/#website","url":"https:\/\/caf-rapport-activite.fr\/caf17-2025\/","name":"Caf 17 - 2025","description":"","potentialAction":[{"@type":"SearchAction","target":{"@type":"EntryPoint","urlTemplate":"https:\/\/caf-rapport-activite.fr\/caf17-2025\/?s={search_term_string}"},"query-input":"required name=search_term_string"}],"inLanguage":"fr-FR"}]}},"_links":{"self":[{"href":"https:\/\/caf-rapport-activite.fr\/caf17-2025\/wp-json\/wp\/v2\/temp-fort\/2026"}],"collection":[{"href":"https:\/\/caf-rapport-activite.fr\/caf17-2025\/wp-json\/wp\/v2\/temp-fort"}],"about":[{"href":"https:\/\/caf-rapport-activite.fr\/caf17-2025\/wp-json\/wp\/v2\/types\/temp-fort"}],"wp:featuredmedia":[{"embeddable":true,"href":"https:\/\/caf-rapport-activite.fr\/caf17-2025\/wp-json\/wp\/v2\/media\/2027"}],"wp:attachment":[{"href":"https:\/\/caf-rapport-activite.fr\/caf17-2025\/wp-json\/wp\/v2\/media?parent=2026"}],"wp:term":[{"taxonomy":"activite","embeddable":true,"href":"https:\/\/caf-rapport-activite.fr\/caf17-2025\/wp-json\/wp\/v2\/activite?post=2026"}],"curies":[{"name":"wp","href":"https:\/\/api.w.org\/{rel}","templated":true}]}}