{"id":2022,"date":"2026-04-21T17:46:08","date_gmt":"2026-04-21T15:46:08","guid":{"rendered":"https:\/\/caf-rapport-activite.fr\/caf17-2025\/?post_type=temp-fort&#038;p=2022"},"modified":"2026-04-23T11:11:36","modified_gmt":"2026-04-23T09:11:36","slug":"seminaire-a-mi-parcours-de-la-ctg-de-la-communaute-dagglo-de-royan-atlantique","status":"publish","type":"temp-fort","link":"https:\/\/caf-rapport-activite.fr\/caf17-2025\/temp-fort\/seminaire-a-mi-parcours-de-la-ctg-de-la-communaute-dagglo-de-royan-atlantique\/","title":{"rendered":"S\u00e9minaire \u00ab \u00e0 mi-parcours \u00bb de la Ctg de la Cara"},"content":{"rendered":"\n<h2>Une dynamique territoriale qui se confirme !<\/h2>\n\n\n\n<p>Le jeudi 27 novembre, \u00e0 Saint-Sulpice-de-Royan, \u00e9lus, professionnels, partenaires institutionnels et acteurs de terrain se sont retrouv\u00e9s pour le s\u00e9minaire \u00ab \u00e0 mi-parcours \u00bb de la Convention Territoriale Globale (Ctg), sign\u00e9e il y a deux ans entre les communes de l\u2019agglom\u00e9ration royannaise et la Caf de la Charente-Maritime.<\/p>\n\n\n\n<p>Deux ans apr\u00e8s cette signature, <strong>la mobilisation ne faiblit pas <\/strong>: elle s\u2019amplifie. <\/p>\n\n\n\n<p>La Ctg n\u2019est pas qu\u2019un cadre contractuel \u2014 c\u2019est une ambition partag\u00e9e, port\u00e9e collectivement pour am\u00e9liorer les services aux familles et renforcer les coop\u00e9rations sur le territoire.<\/p>\n\n\n\n<h2>4 chemins du changement avaient \u00e9t\u00e9 d\u00e9finis collectivement <\/h2>\n\n\n\n<ul>\n<li>Adaptabilit\u00e9 de l\u2019offre de services pour les 0-25 ans<\/li>\n\n\n\n<li>Professionnalisation et valorisation des professionnels<\/li>\n\n\n\n<li>Accompagnement des familles et soutien \u00e0 la parentalit\u00e9<\/li>\n\n\n\n<li>Mise en r\u00e9seau des acteurs<\/li>\n<\/ul>\n\n\n\n<p>Depuis, les r\u00e9seaux th\u00e9matiques, anim\u00e9s par les charg\u00e9s de coop\u00e9ration, ont permis de faire \u00e9merger <strong>des actions concr\u00e8tes<\/strong>, utiles, visibles, au service des familles et des professionnels. Ce s\u00e9minaire a \u00e9t\u00e9 l\u2019occasion d\u2019en dresser le bilan, de mesurer l\u2019impact des initiatives engag\u00e9es et de partager des perspectives collectives.<\/p>\n\n\n\n<h2>La Caf, pleinement engag\u00e9e, poursuit son accompagnement technique et financier <\/h2>\n\n\n\n<ul>\n<li>Plus de 67 millions d\u2019euros vers\u00e9s chaque ann\u00e9e aux allocataires du territoire<\/li>\n\n\n\n<li>3,9 millions d\u2019euros de cofinancements annuels d\u00e9di\u00e9s aux services aux familles au sein de l\u2019agglom\u00e9ration.<\/li>\n<\/ul>\n\n\n\n<p>Ces moyens viennent soutenir une dynamique territoriale ambitieuse, mais r\u00e9solument r\u00e9aliste, port\u00e9e avec conviction par l\u2019ensemble des acteurs locaux.<\/p>\n\n\n\n<p>Bravo et merci pour l&rsquo;engagement de tous les \u00e9lus, la mobilisation pr\u00e9cieuse des professionnels et partenaires, qui font vivre chaque jour ce projet social ambitieux et collectif !<\/p>\n\n\n\n<figure class=\"is-layout-flex wp-block-gallery-1 wp-block-gallery has-nested-images columns-default is-cropped\">\n<figure class=\"wp-block-image size-large\"><img decoding=\"async\" loading=\"lazy\" width=\"1024\" height=\"983\" data-id=\"2023\"  src=\"https:\/\/caf-rapport-activite.fr\/caf17-2025\/wp-content\/uploads\/sites\/29\/2026\/04\/20251127_CTG_Seminaire_CARA-1-1024x983.jpg\" alt=\"\" class=\"wp-image-2023\" srcset=\"https:\/\/caf-rapport-activite.fr\/caf17-2025\/wp-content\/uploads\/sites\/29\/2026\/04\/20251127_CTG_Seminaire_CARA-1-1024x983.jpg 1024w, https:\/\/caf-rapport-activite.fr\/caf17-2025\/wp-content\/uploads\/sites\/29\/2026\/04\/20251127_CTG_Seminaire_CARA-1-300x288.jpg 300w, https:\/\/caf-rapport-activite.fr\/caf17-2025\/wp-content\/uploads\/sites\/29\/2026\/04\/20251127_CTG_Seminaire_CARA-1-768x737.jpg 768w, https:\/\/caf-rapport-activite.fr\/caf17-2025\/wp-content\/uploads\/sites\/29\/2026\/04\/20251127_CTG_Seminaire_CARA-1-1536x1474.jpg 1536w, https:\/\/caf-rapport-activite.fr\/caf17-2025\/wp-content\/uploads\/sites\/29\/2026\/04\/20251127_CTG_Seminaire_CARA-1.jpg 1560w\" sizes=\"(max-width: 1024px) 100vw, 1024px\" \/><\/figure>\n\n\n\n<figure class=\"wp-block-image size-large\"><img decoding=\"async\" loading=\"lazy\" width=\"1024\" height=\"768\" data-id=\"2024\"  src=\"https:\/\/caf-rapport-activite.fr\/caf17-2025\/wp-content\/uploads\/sites\/29\/2026\/04\/20251127_CTG_Seminaire_CARA-2-1024x768.jpg\" alt=\"\" class=\"wp-image-2024\" srcset=\"https:\/\/caf-rapport-activite.fr\/caf17-2025\/wp-content\/uploads\/sites\/29\/2026\/04\/20251127_CTG_Seminaire_CARA-2-1024x768.jpg 1024w, https:\/\/caf-rapport-activite.fr\/caf17-2025\/wp-content\/uploads\/sites\/29\/2026\/04\/20251127_CTG_Seminaire_CARA-2-300x225.jpg 300w, https:\/\/caf-rapport-activite.fr\/caf17-2025\/wp-content\/uploads\/sites\/29\/2026\/04\/20251127_CTG_Seminaire_CARA-2-768x576.jpg 768w, https:\/\/caf-rapport-activite.fr\/caf17-2025\/wp-content\/uploads\/sites\/29\/2026\/04\/20251127_CTG_Seminaire_CARA-2-1536x1152.jpg 1536w, https:\/\/caf-rapport-activite.fr\/caf17-2025\/wp-content\/uploads\/sites\/29\/2026\/04\/20251127_CTG_Seminaire_CARA-2-2048x1536.jpg 2048w\" sizes=\"(max-width: 1024px) 100vw, 1024px\" \/><\/figure>\n\n\n\n<figure class=\"wp-block-image size-large\"><img decoding=\"async\" loading=\"lazy\" width=\"1024\" height=\"768\" data-id=\"2025\"  src=\"https:\/\/caf-rapport-activite.fr\/caf17-2025\/wp-content\/uploads\/sites\/29\/2026\/04\/20251127_CTG_Seminaire_CARA-3-1024x768.jpg\" alt=\"\" class=\"wp-image-2025\" srcset=\"https:\/\/caf-rapport-activite.fr\/caf17-2025\/wp-content\/uploads\/sites\/29\/2026\/04\/20251127_CTG_Seminaire_CARA-3-1024x768.jpg 1024w, https:\/\/caf-rapport-activite.fr\/caf17-2025\/wp-content\/uploads\/sites\/29\/2026\/04\/20251127_CTG_Seminaire_CARA-3-300x225.jpg 300w, https:\/\/caf-rapport-activite.fr\/caf17-2025\/wp-content\/uploads\/sites\/29\/2026\/04\/20251127_CTG_Seminaire_CARA-3-768x576.jpg 768w, https:\/\/caf-rapport-activite.fr\/caf17-2025\/wp-content\/uploads\/sites\/29\/2026\/04\/20251127_CTG_Seminaire_CARA-3-1536x1152.jpg 1536w, https:\/\/caf-rapport-activite.fr\/caf17-2025\/wp-content\/uploads\/sites\/29\/2026\/04\/20251127_CTG_Seminaire_CARA-3-2048x1536.jpg 2048w\" sizes=\"(max-width: 1024px) 100vw, 1024px\" \/><\/figure>\n<\/figure>\n","protected":false},"excerpt":{"rendered":"<p>Une dynamique territoriale qui se confirme ! Le jeudi 27 novembre, \u00e0 Saint-Sulpice-de-Royan, \u00e9lus, professionnels, partenaires institutionnels et acteurs de [&hellip;]<\/p>\n","protected":false},"featured_media":2023,"parent":0,"menu_order":0,"template":"","activite":[],"yoast_head":"<!-- This site is optimized with the Yoast SEO plugin v19.11 - https:\/\/yoast.com\/wordpress\/plugins\/seo\/ -->\n<title>S\u00e9minaire \u00ab \u00e0 mi-parcours \u00bb de la Ctg de la Cara - Caf 17 - 2025<\/title>\n<meta name=\"robots\" content=\"index, follow, max-snippet:-1, max-image-preview:large, max-video-preview:-1\" \/>\n<link rel=\"canonical\" href=\"https:\/\/caf-rapport-activite.fr\/caf17-2025\/temp-fort\/seminaire-a-mi-parcours-de-la-ctg-de-la-communaute-dagglo-de-royan-atlantique\/\" \/>\n<meta property=\"og:locale\" content=\"fr_FR\" \/>\n<meta property=\"og:type\" content=\"article\" \/>\n<meta property=\"og:title\" content=\"S\u00e9minaire \u00ab \u00e0 mi-parcours \u00bb de la Ctg de la Cara - Caf 17 - 2025\" \/>\n<meta property=\"og:description\" content=\"Une dynamique territoriale qui se confirme ! Le jeudi 27 novembre, \u00e0 Saint-Sulpice-de-Royan, \u00e9lus, professionnels, partenaires institutionnels et acteurs de [&hellip;]\" \/>\n<meta property=\"og:url\" content=\"https:\/\/caf-rapport-activite.fr\/caf17-2025\/temp-fort\/seminaire-a-mi-parcours-de-la-ctg-de-la-communaute-dagglo-de-royan-atlantique\/\" \/>\n<meta property=\"og:site_name\" content=\"Caf 17 - 2025\" \/>\n<meta property=\"article:modified_time\" content=\"2026-04-23T09:11:36+00:00\" \/>\n<meta property=\"og:image\" content=\"https:\/\/caf-rapport-activite.fr\/caf17-2025\/wp-content\/uploads\/sites\/29\/2026\/04\/20251127_CTG_Seminaire_CARA-1.jpg\" \/>\n\t<meta property=\"og:image:width\" content=\"1560\" \/>\n\t<meta property=\"og:image:height\" content=\"1497\" \/>\n\t<meta property=\"og:image:type\" content=\"image\/jpeg\" \/>\n<meta name=\"twitter:card\" content=\"summary_large_image\" \/>\n<meta name=\"twitter:label1\" content=\"Dur\u00e9e de lecture estim\u00e9e\" \/>\n\t<meta name=\"twitter:data1\" content=\"2 minutes\" \/>\n<script type=\"application\/ld+json\" class=\"yoast-schema-graph\">{\"@context\":\"https:\/\/schema.org\",\"@graph\":[{\"@type\":\"WebPage\",\"@id\":\"https:\/\/caf-rapport-activite.fr\/caf17-2025\/temp-fort\/seminaire-a-mi-parcours-de-la-ctg-de-la-communaute-dagglo-de-royan-atlantique\/\",\"url\":\"https:\/\/caf-rapport-activite.fr\/caf17-2025\/temp-fort\/seminaire-a-mi-parcours-de-la-ctg-de-la-communaute-dagglo-de-royan-atlantique\/\",\"name\":\"S\u00e9minaire \u00ab \u00e0 mi-parcours \u00bb de la Ctg de la Cara - Caf 17 - 2025\",\"isPartOf\":{\"@id\":\"https:\/\/caf-rapport-activite.fr\/caf17-2025\/#website\"},\"datePublished\":\"2026-04-21T15:46:08+00:00\",\"dateModified\":\"2026-04-23T09:11:36+00:00\",\"breadcrumb\":{\"@id\":\"https:\/\/caf-rapport-activite.fr\/caf17-2025\/temp-fort\/seminaire-a-mi-parcours-de-la-ctg-de-la-communaute-dagglo-de-royan-atlantique\/#breadcrumb\"},\"inLanguage\":\"fr-FR\",\"potentialAction\":[{\"@type\":\"ReadAction\",\"target\":[\"https:\/\/caf-rapport-activite.fr\/caf17-2025\/temp-fort\/seminaire-a-mi-parcours-de-la-ctg-de-la-communaute-dagglo-de-royan-atlantique\/\"]}]},{\"@type\":\"BreadcrumbList\",\"@id\":\"https:\/\/caf-rapport-activite.fr\/caf17-2025\/temp-fort\/seminaire-a-mi-parcours-de-la-ctg-de-la-communaute-dagglo-de-royan-atlantique\/#breadcrumb\",\"itemListElement\":[{\"@type\":\"ListItem\",\"position\":1,\"name\":\"Accueil\",\"item\":\"https:\/\/caf-rapport-activite.fr\/caf17-2025\/\"},{\"@type\":\"ListItem\",\"position\":2,\"name\":\"Temps forts\",\"item\":\"https:\/\/caf-rapport-activite.fr\/caf17-2025\/temp-fort\/\"},{\"@type\":\"ListItem\",\"position\":3,\"name\":\"S\u00e9minaire \u00ab \u00e0 mi-parcours \u00bb de la Ctg de la Cara\"}]},{\"@type\":\"WebSite\",\"@id\":\"https:\/\/caf-rapport-activite.fr\/caf17-2025\/#website\",\"url\":\"https:\/\/caf-rapport-activite.fr\/caf17-2025\/\",\"name\":\"Caf 17 - 2025\",\"description\":\"\",\"potentialAction\":[{\"@type\":\"SearchAction\",\"target\":{\"@type\":\"EntryPoint\",\"urlTemplate\":\"https:\/\/caf-rapport-activite.fr\/caf17-2025\/?s={search_term_string}\"},\"query-input\":\"required name=search_term_string\"}],\"inLanguage\":\"fr-FR\"}]}<\/script>\n<!-- \/ Yoast SEO plugin. -->","yoast_head_json":{"title":"S\u00e9minaire \u00ab \u00e0 mi-parcours \u00bb de la Ctg de la Cara - Caf 17 - 2025","robots":{"index":"index","follow":"follow","max-snippet":"max-snippet:-1","max-image-preview":"max-image-preview:large","max-video-preview":"max-video-preview:-1"},"canonical":"https:\/\/caf-rapport-activite.fr\/caf17-2025\/temp-fort\/seminaire-a-mi-parcours-de-la-ctg-de-la-communaute-dagglo-de-royan-atlantique\/","og_locale":"fr_FR","og_type":"article","og_title":"S\u00e9minaire \u00ab \u00e0 mi-parcours \u00bb de la Ctg de la Cara - Caf 17 - 2025","og_description":"Une dynamique territoriale qui se confirme ! Le jeudi 27 novembre, \u00e0 Saint-Sulpice-de-Royan, \u00e9lus, professionnels, partenaires institutionnels et acteurs de [&hellip;]","og_url":"https:\/\/caf-rapport-activite.fr\/caf17-2025\/temp-fort\/seminaire-a-mi-parcours-de-la-ctg-de-la-communaute-dagglo-de-royan-atlantique\/","og_site_name":"Caf 17 - 2025","article_modified_time":"2026-04-23T09:11:36+00:00","og_image":[{"width":1560,"height":1497,"url":"https:\/\/caf-rapport-activite.fr\/caf17-2025\/wp-content\/uploads\/sites\/29\/2026\/04\/20251127_CTG_Seminaire_CARA-1.jpg","type":"image\/jpeg"}],"twitter_card":"summary_large_image","twitter_misc":{"Dur\u00e9e de lecture estim\u00e9e":"2 minutes"},"schema":{"@context":"https:\/\/schema.org","@graph":[{"@type":"WebPage","@id":"https:\/\/caf-rapport-activite.fr\/caf17-2025\/temp-fort\/seminaire-a-mi-parcours-de-la-ctg-de-la-communaute-dagglo-de-royan-atlantique\/","url":"https:\/\/caf-rapport-activite.fr\/caf17-2025\/temp-fort\/seminaire-a-mi-parcours-de-la-ctg-de-la-communaute-dagglo-de-royan-atlantique\/","name":"S\u00e9minaire \u00ab \u00e0 mi-parcours \u00bb de la Ctg de la Cara - Caf 17 - 2025","isPartOf":{"@id":"https:\/\/caf-rapport-activite.fr\/caf17-2025\/#website"},"datePublished":"2026-04-21T15:46:08+00:00","dateModified":"2026-04-23T09:11:36+00:00","breadcrumb":{"@id":"https:\/\/caf-rapport-activite.fr\/caf17-2025\/temp-fort\/seminaire-a-mi-parcours-de-la-ctg-de-la-communaute-dagglo-de-royan-atlantique\/#breadcrumb"},"inLanguage":"fr-FR","potentialAction":[{"@type":"ReadAction","target":["https:\/\/caf-rapport-activite.fr\/caf17-2025\/temp-fort\/seminaire-a-mi-parcours-de-la-ctg-de-la-communaute-dagglo-de-royan-atlantique\/"]}]},{"@type":"BreadcrumbList","@id":"https:\/\/caf-rapport-activite.fr\/caf17-2025\/temp-fort\/seminaire-a-mi-parcours-de-la-ctg-de-la-communaute-dagglo-de-royan-atlantique\/#breadcrumb","itemListElement":[{"@type":"ListItem","position":1,"name":"Accueil","item":"https:\/\/caf-rapport-activite.fr\/caf17-2025\/"},{"@type":"ListItem","position":2,"name":"Temps forts","item":"https:\/\/caf-rapport-activite.fr\/caf17-2025\/temp-fort\/"},{"@type":"ListItem","position":3,"name":"S\u00e9minaire \u00ab \u00e0 mi-parcours \u00bb de la Ctg de la Cara"}]},{"@type":"WebSite","@id":"https:\/\/caf-rapport-activite.fr\/caf17-2025\/#website","url":"https:\/\/caf-rapport-activite.fr\/caf17-2025\/","name":"Caf 17 - 2025","description":"","potentialAction":[{"@type":"SearchAction","target":{"@type":"EntryPoint","urlTemplate":"https:\/\/caf-rapport-activite.fr\/caf17-2025\/?s={search_term_string}"},"query-input":"required name=search_term_string"}],"inLanguage":"fr-FR"}]}},"_links":{"self":[{"href":"https:\/\/caf-rapport-activite.fr\/caf17-2025\/wp-json\/wp\/v2\/temp-fort\/2022"}],"collection":[{"href":"https:\/\/caf-rapport-activite.fr\/caf17-2025\/wp-json\/wp\/v2\/temp-fort"}],"about":[{"href":"https:\/\/caf-rapport-activite.fr\/caf17-2025\/wp-json\/wp\/v2\/types\/temp-fort"}],"wp:featuredmedia":[{"embeddable":true,"href":"https:\/\/caf-rapport-activite.fr\/caf17-2025\/wp-json\/wp\/v2\/media\/2023"}],"wp:attachment":[{"href":"https:\/\/caf-rapport-activite.fr\/caf17-2025\/wp-json\/wp\/v2\/media?parent=2022"}],"wp:term":[{"taxonomy":"activite","embeddable":true,"href":"https:\/\/caf-rapport-activite.fr\/caf17-2025\/wp-json\/wp\/v2\/activite?post=2022"}],"curies":[{"name":"wp","href":"https:\/\/api.w.org\/{rel}","templated":true}]}}