{"id":2018,"date":"2026-04-21T17:37:12","date_gmt":"2026-04-21T15:37:12","guid":{"rendered":"https:\/\/caf-rapport-activite.fr\/caf17-2025\/?post_type=temp-fort&#038;p=2018"},"modified":"2026-04-23T11:12:29","modified_gmt":"2026-04-23T09:12:29","slug":"la-mangement-inclusif-cle-dune-entreprise-handi-accueillante","status":"publish","type":"temp-fort","link":"https:\/\/caf-rapport-activite.fr\/caf17-2025\/temp-fort\/la-mangement-inclusif-cle-dune-entreprise-handi-accueillante\/","title":{"rendered":"Le mangement inclusif, cl\u00e9 d&rsquo;une entreprise handi-accueillante"},"content":{"rendered":"\n<p>Nous avons organis\u00e9, le 27 novembre 2025, une sensibilisation pour une trentaine de managers autour du management des personnes en situation de handicap, accompagn\u00e9s par une psychologue du travail.<\/p>\n\n\n\n<p>Au programme :<\/p>\n\n\n\n<ul>\n<li>Quizz interactif pour d\u00e9construire les id\u00e9es re\u00e7ues<\/li>\n\n\n\n<li>Ateliers pratiques et partage d\u2019exp\u00e9riences<\/li>\n\n\n\n<li>Bonnes pratiques manag\u00e9riales pour favoriser l\u2019inclusion<\/li>\n<\/ul>\n\n\n\n<p>Nous avons abord\u00e9 :<\/p>\n\n\n\n<ul>\n<li>Le r\u00f4le du service RH et du r\u00e9f\u00e9rent handicap<\/li>\n\n\n\n<li>Les am\u00e9nagements de poste et l\u2019importance du m\u00e9decin du travail<\/li>\n\n\n\n<li>L\u2019accompagnement par Cap Emploi<\/li>\n<\/ul>\n\n\n\n<p>3 points cl\u00e9s \u00e0 retenir pour un management responsable :<\/p>\n\n\n\n<ul>\n<li>Objectiver les \u00e9changes en parlant du travail<\/li>\n\n\n\n<li>Am\u00e9nager officiellement le poste de travail<\/li>\n\n\n\n<li>Ne pas rester seul : s\u2019appuyer sur les acteurs internes et externes<\/li>\n<\/ul>\n\n\n\n<blockquote class=\"wp-block-quote\">\n<p>Parce qu\u2019inclusion et performance vont de pair, nous continuons \u00e0 agir pour un environnement o\u00f9 chacun a sa place.<\/p>\n<\/blockquote>\n\n\n\n<figure class=\"is-layout-flex wp-block-gallery-1 wp-block-gallery has-nested-images columns-default is-cropped\">\n<figure class=\"wp-block-image size-full\"><img decoding=\"async\" loading=\"lazy\" width=\"1024\" height=\"768\" data-id=\"2021\"  src=\"https:\/\/caf-rapport-activite.fr\/caf17-2025\/wp-content\/uploads\/sites\/29\/2026\/04\/20251127Sensibilisation_management_handicap-2-1.jpg\" alt=\"\" class=\"wp-image-2021\" srcset=\"https:\/\/caf-rapport-activite.fr\/caf17-2025\/wp-content\/uploads\/sites\/29\/2026\/04\/20251127Sensibilisation_management_handicap-2-1.jpg 1024w, https:\/\/caf-rapport-activite.fr\/caf17-2025\/wp-content\/uploads\/sites\/29\/2026\/04\/20251127Sensibilisation_management_handicap-2-1-300x225.jpg 300w, https:\/\/caf-rapport-activite.fr\/caf17-2025\/wp-content\/uploads\/sites\/29\/2026\/04\/20251127Sensibilisation_management_handicap-2-1-768x576.jpg 768w\" sizes=\"(max-width: 1024px) 100vw, 1024px\" \/><\/figure>\n<\/figure>\n","protected":false},"excerpt":{"rendered":"<p>Nous avons organis\u00e9, le 27 novembre 2025, une sensibilisation pour une trentaine de managers autour du management des personnes en [&hellip;]<\/p>\n","protected":false},"featured_media":2021,"parent":0,"menu_order":0,"template":"","activite":[],"yoast_head":"<!-- This site is optimized with the Yoast SEO plugin v19.11 - https:\/\/yoast.com\/wordpress\/plugins\/seo\/ -->\n<title>Le mangement inclusif, cl\u00e9 d&#039;une entreprise handi-accueillante - Caf 17 - 2025<\/title>\n<meta name=\"robots\" content=\"index, follow, max-snippet:-1, max-image-preview:large, max-video-preview:-1\" \/>\n<link rel=\"canonical\" href=\"https:\/\/caf-rapport-activite.fr\/caf17-2025\/temp-fort\/la-mangement-inclusif-cle-dune-entreprise-handi-accueillante\/\" \/>\n<meta property=\"og:locale\" content=\"fr_FR\" \/>\n<meta property=\"og:type\" content=\"article\" \/>\n<meta property=\"og:title\" content=\"Le mangement inclusif, cl\u00e9 d&#039;une entreprise handi-accueillante - Caf 17 - 2025\" \/>\n<meta property=\"og:description\" content=\"Nous avons organis\u00e9, le 27 novembre 2025, une sensibilisation pour une trentaine de managers autour du management des personnes en [&hellip;]\" \/>\n<meta property=\"og:url\" content=\"https:\/\/caf-rapport-activite.fr\/caf17-2025\/temp-fort\/la-mangement-inclusif-cle-dune-entreprise-handi-accueillante\/\" \/>\n<meta property=\"og:site_name\" content=\"Caf 17 - 2025\" \/>\n<meta property=\"article:modified_time\" content=\"2026-04-23T09:12:29+00:00\" \/>\n<meta property=\"og:image\" content=\"https:\/\/caf-rapport-activite.fr\/caf17-2025\/wp-content\/uploads\/sites\/29\/2026\/04\/20251127Sensibilisation_management_handicap-2-1.jpg\" \/>\n\t<meta property=\"og:image:width\" content=\"1024\" \/>\n\t<meta property=\"og:image:height\" content=\"768\" \/>\n\t<meta property=\"og:image:type\" content=\"image\/jpeg\" \/>\n<meta name=\"twitter:card\" content=\"summary_large_image\" \/>\n<meta name=\"twitter:label1\" content=\"Dur\u00e9e de lecture estim\u00e9e\" \/>\n\t<meta name=\"twitter:data1\" content=\"1 minute\" \/>\n<script type=\"application\/ld+json\" class=\"yoast-schema-graph\">{\"@context\":\"https:\/\/schema.org\",\"@graph\":[{\"@type\":\"WebPage\",\"@id\":\"https:\/\/caf-rapport-activite.fr\/caf17-2025\/temp-fort\/la-mangement-inclusif-cle-dune-entreprise-handi-accueillante\/\",\"url\":\"https:\/\/caf-rapport-activite.fr\/caf17-2025\/temp-fort\/la-mangement-inclusif-cle-dune-entreprise-handi-accueillante\/\",\"name\":\"Le mangement inclusif, cl\u00e9 d'une entreprise handi-accueillante - Caf 17 - 2025\",\"isPartOf\":{\"@id\":\"https:\/\/caf-rapport-activite.fr\/caf17-2025\/#website\"},\"datePublished\":\"2026-04-21T15:37:12+00:00\",\"dateModified\":\"2026-04-23T09:12:29+00:00\",\"breadcrumb\":{\"@id\":\"https:\/\/caf-rapport-activite.fr\/caf17-2025\/temp-fort\/la-mangement-inclusif-cle-dune-entreprise-handi-accueillante\/#breadcrumb\"},\"inLanguage\":\"fr-FR\",\"potentialAction\":[{\"@type\":\"ReadAction\",\"target\":[\"https:\/\/caf-rapport-activite.fr\/caf17-2025\/temp-fort\/la-mangement-inclusif-cle-dune-entreprise-handi-accueillante\/\"]}]},{\"@type\":\"BreadcrumbList\",\"@id\":\"https:\/\/caf-rapport-activite.fr\/caf17-2025\/temp-fort\/la-mangement-inclusif-cle-dune-entreprise-handi-accueillante\/#breadcrumb\",\"itemListElement\":[{\"@type\":\"ListItem\",\"position\":1,\"name\":\"Accueil\",\"item\":\"https:\/\/caf-rapport-activite.fr\/caf17-2025\/\"},{\"@type\":\"ListItem\",\"position\":2,\"name\":\"Temps forts\",\"item\":\"https:\/\/caf-rapport-activite.fr\/caf17-2025\/temp-fort\/\"},{\"@type\":\"ListItem\",\"position\":3,\"name\":\"Le mangement inclusif, cl\u00e9 d&rsquo;une entreprise handi-accueillante\"}]},{\"@type\":\"WebSite\",\"@id\":\"https:\/\/caf-rapport-activite.fr\/caf17-2025\/#website\",\"url\":\"https:\/\/caf-rapport-activite.fr\/caf17-2025\/\",\"name\":\"Caf 17 - 2025\",\"description\":\"\",\"potentialAction\":[{\"@type\":\"SearchAction\",\"target\":{\"@type\":\"EntryPoint\",\"urlTemplate\":\"https:\/\/caf-rapport-activite.fr\/caf17-2025\/?s={search_term_string}\"},\"query-input\":\"required name=search_term_string\"}],\"inLanguage\":\"fr-FR\"}]}<\/script>\n<!-- \/ Yoast SEO plugin. -->","yoast_head_json":{"title":"Le mangement inclusif, cl\u00e9 d'une entreprise handi-accueillante - Caf 17 - 2025","robots":{"index":"index","follow":"follow","max-snippet":"max-snippet:-1","max-image-preview":"max-image-preview:large","max-video-preview":"max-video-preview:-1"},"canonical":"https:\/\/caf-rapport-activite.fr\/caf17-2025\/temp-fort\/la-mangement-inclusif-cle-dune-entreprise-handi-accueillante\/","og_locale":"fr_FR","og_type":"article","og_title":"Le mangement inclusif, cl\u00e9 d'une entreprise handi-accueillante - Caf 17 - 2025","og_description":"Nous avons organis\u00e9, le 27 novembre 2025, une sensibilisation pour une trentaine de managers autour du management des personnes en [&hellip;]","og_url":"https:\/\/caf-rapport-activite.fr\/caf17-2025\/temp-fort\/la-mangement-inclusif-cle-dune-entreprise-handi-accueillante\/","og_site_name":"Caf 17 - 2025","article_modified_time":"2026-04-23T09:12:29+00:00","og_image":[{"width":1024,"height":768,"url":"https:\/\/caf-rapport-activite.fr\/caf17-2025\/wp-content\/uploads\/sites\/29\/2026\/04\/20251127Sensibilisation_management_handicap-2-1.jpg","type":"image\/jpeg"}],"twitter_card":"summary_large_image","twitter_misc":{"Dur\u00e9e de lecture estim\u00e9e":"1 minute"},"schema":{"@context":"https:\/\/schema.org","@graph":[{"@type":"WebPage","@id":"https:\/\/caf-rapport-activite.fr\/caf17-2025\/temp-fort\/la-mangement-inclusif-cle-dune-entreprise-handi-accueillante\/","url":"https:\/\/caf-rapport-activite.fr\/caf17-2025\/temp-fort\/la-mangement-inclusif-cle-dune-entreprise-handi-accueillante\/","name":"Le mangement inclusif, cl\u00e9 d'une entreprise handi-accueillante - Caf 17 - 2025","isPartOf":{"@id":"https:\/\/caf-rapport-activite.fr\/caf17-2025\/#website"},"datePublished":"2026-04-21T15:37:12+00:00","dateModified":"2026-04-23T09:12:29+00:00","breadcrumb":{"@id":"https:\/\/caf-rapport-activite.fr\/caf17-2025\/temp-fort\/la-mangement-inclusif-cle-dune-entreprise-handi-accueillante\/#breadcrumb"},"inLanguage":"fr-FR","potentialAction":[{"@type":"ReadAction","target":["https:\/\/caf-rapport-activite.fr\/caf17-2025\/temp-fort\/la-mangement-inclusif-cle-dune-entreprise-handi-accueillante\/"]}]},{"@type":"BreadcrumbList","@id":"https:\/\/caf-rapport-activite.fr\/caf17-2025\/temp-fort\/la-mangement-inclusif-cle-dune-entreprise-handi-accueillante\/#breadcrumb","itemListElement":[{"@type":"ListItem","position":1,"name":"Accueil","item":"https:\/\/caf-rapport-activite.fr\/caf17-2025\/"},{"@type":"ListItem","position":2,"name":"Temps forts","item":"https:\/\/caf-rapport-activite.fr\/caf17-2025\/temp-fort\/"},{"@type":"ListItem","position":3,"name":"Le mangement inclusif, cl\u00e9 d&rsquo;une entreprise handi-accueillante"}]},{"@type":"WebSite","@id":"https:\/\/caf-rapport-activite.fr\/caf17-2025\/#website","url":"https:\/\/caf-rapport-activite.fr\/caf17-2025\/","name":"Caf 17 - 2025","description":"","potentialAction":[{"@type":"SearchAction","target":{"@type":"EntryPoint","urlTemplate":"https:\/\/caf-rapport-activite.fr\/caf17-2025\/?s={search_term_string}"},"query-input":"required name=search_term_string"}],"inLanguage":"fr-FR"}]}},"_links":{"self":[{"href":"https:\/\/caf-rapport-activite.fr\/caf17-2025\/wp-json\/wp\/v2\/temp-fort\/2018"}],"collection":[{"href":"https:\/\/caf-rapport-activite.fr\/caf17-2025\/wp-json\/wp\/v2\/temp-fort"}],"about":[{"href":"https:\/\/caf-rapport-activite.fr\/caf17-2025\/wp-json\/wp\/v2\/types\/temp-fort"}],"wp:featuredmedia":[{"embeddable":true,"href":"https:\/\/caf-rapport-activite.fr\/caf17-2025\/wp-json\/wp\/v2\/media\/2021"}],"wp:attachment":[{"href":"https:\/\/caf-rapport-activite.fr\/caf17-2025\/wp-json\/wp\/v2\/media?parent=2018"}],"wp:term":[{"taxonomy":"activite","embeddable":true,"href":"https:\/\/caf-rapport-activite.fr\/caf17-2025\/wp-json\/wp\/v2\/activite?post=2018"}],"curies":[{"name":"wp","href":"https:\/\/api.w.org\/{rel}","templated":true}]}}