{"id":1984,"date":"2026-04-20T18:02:01","date_gmt":"2026-04-20T16:02:01","guid":{"rendered":"https:\/\/caf-rapport-activite.fr\/caf17-2025\/?post_type=temp-fort&#038;p=1984"},"modified":"2026-04-20T18:05:06","modified_gmt":"2026-04-20T16:05:06","slug":"%f0%9d%97%9a%f0%9d%97%ae%f0%9d%97%bf%f0%9d%97%ae%f0%9d%97%bb%f0%9d%98%81%f0%9d%97%b6%f0%9d%97%bf-%f0%9d%98%82%f0%9d%97%bb%f0%9d%97%b2-%f0%9d%97%bd%f0%9d%97%b9%f0%9d%97%ae%f0%9d%97%b0%f0%9d%97%b2","status":"publish","type":"temp-fort","link":"https:\/\/caf-rapport-activite.fr\/caf17-2025\/temp-fort\/%f0%9d%97%9a%f0%9d%97%ae%f0%9d%97%bf%f0%9d%97%ae%f0%9d%97%bb%f0%9d%98%81%f0%9d%97%b6%f0%9d%97%bf-%f0%9d%98%82%f0%9d%97%bb%f0%9d%97%b2-%f0%9d%97%bd%f0%9d%97%b9%f0%9d%97%ae%f0%9d%97%b0%f0%9d%97%b2\/","title":{"rendered":"Garantir une place d&rsquo;accueil pour chaque enfant d&rsquo;ici 2027 &#8230;"},"content":{"rendered":"\n<p>Depuis le 1er janvier 2025, les communes sont devenues autorit\u00e9s organisatrices de l\u2019accueil du jeune enfant.<\/p>\n\n\n\n<blockquote class=\"wp-block-quote\">\n<p>Leur mission : recenser les besoins des familles, informer les parents, planifier et d\u00e9velopper des solutions adapt\u00e9es, avec l\u2019appui de la Caf.<\/p>\n<\/blockquote>\n\n\n\n<h3>En Charente-Maritime, le d\u00e9fi est de taille :<\/h3>\n\n\n\n<ul>\n<li>Le nombre d\u2019assistants maternels baisse (-2,8 % en 2024) et la profession vieillit.<\/li>\n\n\n\n<li>Des disparit\u00e9s territoriales subsistent malgr\u00e9 un taux de couverture globalement \u00e9lev\u00e9.<\/li>\n\n\n\n<li>Mais de belles dynamiques locales \u00e9mergent, avec des projets de cr\u00e8ches, des relais petite enfance (91,7 % itin\u00e9rants) et des dispositifs pour soutenir l\u2019insertion professionnelle des parents.<\/li>\n<\/ul>\n\n\n\n<p>La Caf de la Charente-Maritime accompagne les collectivit\u00e9s avec son expertise, ses financements et ses outils de planification. La r\u00e9forme du Compl\u00e9ment de mode de garde (Cmg), pr\u00e9vue en septembre 2025, vient aussi r\u00e9duire le reste \u00e0 charge des familles et renforcer l\u2019\u00e9quit\u00e9 entre les modes d\u2019accueil.<\/p>\n\n\n\n<p>Notre enjeu commun :<br>\u2705 R\u00e9pondre aux besoins des familles,<br>\u2705 Soutenir l\u2019attractivit\u00e9 des m\u00e9tiers,<br>\u2705 Garantir un accueil de qualit\u00e9 \u00e0 chaque enfant.<\/p>\n\n\n\n<blockquote class=\"wp-block-quote\">\n<p>Ensemble, collectivit\u00e9s, professionnels et Caf, construisons le Service public de la petite enfance en Charente-Maritime !<\/p>\n<\/blockquote>\n\n\n<div class=\"wp-block-image\">\n<figure class=\"aligncenter size-large\"><img decoding=\"async\" loading=\"lazy\" width=\"1024\" height=\"442\" src=\"https:\/\/caf-rapport-activite.fr\/caf17-2025\/wp-content\/uploads\/sites\/29\/2026\/04\/SPPE_visuel1-1024x442.png\" alt=\"\" class=\"wp-image-1920\" srcset=\"https:\/\/caf-rapport-activite.fr\/caf17-2025\/wp-content\/uploads\/sites\/29\/2026\/04\/SPPE_visuel1-1024x442.png 1024w, https:\/\/caf-rapport-activite.fr\/caf17-2025\/wp-content\/uploads\/sites\/29\/2026\/04\/SPPE_visuel1-300x129.png 300w, https:\/\/caf-rapport-activite.fr\/caf17-2025\/wp-content\/uploads\/sites\/29\/2026\/04\/SPPE_visuel1-768x331.png 768w, https:\/\/caf-rapport-activite.fr\/caf17-2025\/wp-content\/uploads\/sites\/29\/2026\/04\/SPPE_visuel1-1536x663.png 1536w, https:\/\/caf-rapport-activite.fr\/caf17-2025\/wp-content\/uploads\/sites\/29\/2026\/04\/SPPE_visuel1-2048x884.png 2048w\" sizes=\"(max-width: 1024px) 100vw, 1024px\" \/><\/figure><\/div>","protected":false},"excerpt":{"rendered":"<p>Depuis le 1er janvier 2025, les communes sont devenues autorit\u00e9s organisatrices de l\u2019accueil du jeune enfant. Leur mission : recenser [&hellip;]<\/p>\n","protected":false},"featured_media":1920,"parent":0,"menu_order":0,"template":"","activite":[5],"yoast_head":"<!-- This site is optimized with the Yoast SEO plugin v19.11 - https:\/\/yoast.com\/wordpress\/plugins\/seo\/ -->\n<title>Garantir une place d&#039;accueil pour chaque enfant d&#039;ici 2027 ... - Caf 17 - 2025<\/title>\n<meta name=\"robots\" content=\"index, follow, max-snippet:-1, max-image-preview:large, max-video-preview:-1\" \/>\n<link rel=\"canonical\" href=\"https:\/\/caf-rapport-activite.fr\/caf17-2025\/temp-fort\/\ud835\uddda\ud835\uddee\ud835\uddff\ud835\uddee\ud835\uddfb\ud835\ude01\ud835\uddf6\ud835\uddff-\ud835\ude02\ud835\uddfb\ud835\uddf2-\ud835\uddfd\ud835\uddf9\ud835\uddee\ud835\uddf0\ud835\uddf2\/\" \/>\n<meta property=\"og:locale\" content=\"fr_FR\" \/>\n<meta property=\"og:type\" content=\"article\" \/>\n<meta property=\"og:title\" content=\"Garantir une place d&#039;accueil pour chaque enfant d&#039;ici 2027 ... - Caf 17 - 2025\" \/>\n<meta property=\"og:description\" content=\"Depuis le 1er janvier 2025, les communes sont devenues autorit\u00e9s organisatrices de l\u2019accueil du jeune enfant. Leur mission : recenser [&hellip;]\" \/>\n<meta property=\"og:url\" content=\"https:\/\/caf-rapport-activite.fr\/caf17-2025\/temp-fort\/\ud835\uddda\ud835\uddee\ud835\uddff\ud835\uddee\ud835\uddfb\ud835\ude01\ud835\uddf6\ud835\uddff-\ud835\ude02\ud835\uddfb\ud835\uddf2-\ud835\uddfd\ud835\uddf9\ud835\uddee\ud835\uddf0\ud835\uddf2\/\" \/>\n<meta property=\"og:site_name\" content=\"Caf 17 - 2025\" \/>\n<meta property=\"article:modified_time\" content=\"2026-04-20T16:05:06+00:00\" \/>\n<meta property=\"og:image\" content=\"https:\/\/caf-rapport-activite.fr\/caf17-2025\/wp-content\/uploads\/sites\/29\/2026\/04\/SPPE_visuel1-1024x442.png\" \/>\n\t<meta property=\"og:image:width\" content=\"1024\" \/>\n\t<meta property=\"og:image:height\" content=\"442\" \/>\n\t<meta property=\"og:image:type\" content=\"image\/png\" \/>\n<meta name=\"twitter:card\" content=\"summary_large_image\" \/>\n<meta name=\"twitter:label1\" content=\"Dur\u00e9e de lecture estim\u00e9e\" \/>\n\t<meta name=\"twitter:data1\" content=\"2 minutes\" \/>\n<script type=\"application\/ld+json\" class=\"yoast-schema-graph\">{\"@context\":\"https:\/\/schema.org\",\"@graph\":[{\"@type\":\"WebPage\",\"@id\":\"https:\/\/caf-rapport-activite.fr\/caf17-2025\/temp-fort\/%f0%9d%97%9a%f0%9d%97%ae%f0%9d%97%bf%f0%9d%97%ae%f0%9d%97%bb%f0%9d%98%81%f0%9d%97%b6%f0%9d%97%bf-%f0%9d%98%82%f0%9d%97%bb%f0%9d%97%b2-%f0%9d%97%bd%f0%9d%97%b9%f0%9d%97%ae%f0%9d%97%b0%f0%9d%97%b2\/\",\"url\":\"https:\/\/caf-rapport-activite.fr\/caf17-2025\/temp-fort\/%f0%9d%97%9a%f0%9d%97%ae%f0%9d%97%bf%f0%9d%97%ae%f0%9d%97%bb%f0%9d%98%81%f0%9d%97%b6%f0%9d%97%bf-%f0%9d%98%82%f0%9d%97%bb%f0%9d%97%b2-%f0%9d%97%bd%f0%9d%97%b9%f0%9d%97%ae%f0%9d%97%b0%f0%9d%97%b2\/\",\"name\":\"Garantir une place d'accueil pour chaque enfant d'ici 2027 ... - Caf 17 - 2025\",\"isPartOf\":{\"@id\":\"https:\/\/caf-rapport-activite.fr\/caf17-2025\/#website\"},\"datePublished\":\"2026-04-20T16:02:01+00:00\",\"dateModified\":\"2026-04-20T16:05:06+00:00\",\"breadcrumb\":{\"@id\":\"https:\/\/caf-rapport-activite.fr\/caf17-2025\/temp-fort\/%f0%9d%97%9a%f0%9d%97%ae%f0%9d%97%bf%f0%9d%97%ae%f0%9d%97%bb%f0%9d%98%81%f0%9d%97%b6%f0%9d%97%bf-%f0%9d%98%82%f0%9d%97%bb%f0%9d%97%b2-%f0%9d%97%bd%f0%9d%97%b9%f0%9d%97%ae%f0%9d%97%b0%f0%9d%97%b2\/#breadcrumb\"},\"inLanguage\":\"fr-FR\",\"potentialAction\":[{\"@type\":\"ReadAction\",\"target\":[\"https:\/\/caf-rapport-activite.fr\/caf17-2025\/temp-fort\/%f0%9d%97%9a%f0%9d%97%ae%f0%9d%97%bf%f0%9d%97%ae%f0%9d%97%bb%f0%9d%98%81%f0%9d%97%b6%f0%9d%97%bf-%f0%9d%98%82%f0%9d%97%bb%f0%9d%97%b2-%f0%9d%97%bd%f0%9d%97%b9%f0%9d%97%ae%f0%9d%97%b0%f0%9d%97%b2\/\"]}]},{\"@type\":\"BreadcrumbList\",\"@id\":\"https:\/\/caf-rapport-activite.fr\/caf17-2025\/temp-fort\/%f0%9d%97%9a%f0%9d%97%ae%f0%9d%97%bf%f0%9d%97%ae%f0%9d%97%bb%f0%9d%98%81%f0%9d%97%b6%f0%9d%97%bf-%f0%9d%98%82%f0%9d%97%bb%f0%9d%97%b2-%f0%9d%97%bd%f0%9d%97%b9%f0%9d%97%ae%f0%9d%97%b0%f0%9d%97%b2\/#breadcrumb\",\"itemListElement\":[{\"@type\":\"ListItem\",\"position\":1,\"name\":\"Accueil\",\"item\":\"https:\/\/caf-rapport-activite.fr\/caf17-2025\/\"},{\"@type\":\"ListItem\",\"position\":2,\"name\":\"Temps forts\",\"item\":\"https:\/\/caf-rapport-activite.fr\/caf17-2025\/temp-fort\/\"},{\"@type\":\"ListItem\",\"position\":3,\"name\":\"Garantir une place d&rsquo;accueil pour chaque enfant d&rsquo;ici 2027 &#8230;\"}]},{\"@type\":\"WebSite\",\"@id\":\"https:\/\/caf-rapport-activite.fr\/caf17-2025\/#website\",\"url\":\"https:\/\/caf-rapport-activite.fr\/caf17-2025\/\",\"name\":\"Caf 17 - 2025\",\"description\":\"\",\"potentialAction\":[{\"@type\":\"SearchAction\",\"target\":{\"@type\":\"EntryPoint\",\"urlTemplate\":\"https:\/\/caf-rapport-activite.fr\/caf17-2025\/?s={search_term_string}\"},\"query-input\":\"required name=search_term_string\"}],\"inLanguage\":\"fr-FR\"}]}<\/script>\n<!-- \/ Yoast SEO plugin. -->","yoast_head_json":{"title":"Garantir une place d'accueil pour chaque enfant d'ici 2027 ... - Caf 17 - 2025","robots":{"index":"index","follow":"follow","max-snippet":"max-snippet:-1","max-image-preview":"max-image-preview:large","max-video-preview":"max-video-preview:-1"},"canonical":"https:\/\/caf-rapport-activite.fr\/caf17-2025\/temp-fort\/\ud835\uddda\ud835\uddee\ud835\uddff\ud835\uddee\ud835\uddfb\ud835\ude01\ud835\uddf6\ud835\uddff-\ud835\ude02\ud835\uddfb\ud835\uddf2-\ud835\uddfd\ud835\uddf9\ud835\uddee\ud835\uddf0\ud835\uddf2\/","og_locale":"fr_FR","og_type":"article","og_title":"Garantir une place d'accueil pour chaque enfant d'ici 2027 ... - Caf 17 - 2025","og_description":"Depuis le 1er janvier 2025, les communes sont devenues autorit\u00e9s organisatrices de l\u2019accueil du jeune enfant. Leur mission : recenser [&hellip;]","og_url":"https:\/\/caf-rapport-activite.fr\/caf17-2025\/temp-fort\/\ud835\uddda\ud835\uddee\ud835\uddff\ud835\uddee\ud835\uddfb\ud835\ude01\ud835\uddf6\ud835\uddff-\ud835\ude02\ud835\uddfb\ud835\uddf2-\ud835\uddfd\ud835\uddf9\ud835\uddee\ud835\uddf0\ud835\uddf2\/","og_site_name":"Caf 17 - 2025","article_modified_time":"2026-04-20T16:05:06+00:00","og_image":[{"width":1024,"height":442,"url":"https:\/\/caf-rapport-activite.fr\/caf17-2025\/wp-content\/uploads\/sites\/29\/2026\/04\/SPPE_visuel1-1024x442.png","type":"image\/png"}],"twitter_card":"summary_large_image","twitter_misc":{"Dur\u00e9e de lecture estim\u00e9e":"2 minutes"},"schema":{"@context":"https:\/\/schema.org","@graph":[{"@type":"WebPage","@id":"https:\/\/caf-rapport-activite.fr\/caf17-2025\/temp-fort\/%f0%9d%97%9a%f0%9d%97%ae%f0%9d%97%bf%f0%9d%97%ae%f0%9d%97%bb%f0%9d%98%81%f0%9d%97%b6%f0%9d%97%bf-%f0%9d%98%82%f0%9d%97%bb%f0%9d%97%b2-%f0%9d%97%bd%f0%9d%97%b9%f0%9d%97%ae%f0%9d%97%b0%f0%9d%97%b2\/","url":"https:\/\/caf-rapport-activite.fr\/caf17-2025\/temp-fort\/%f0%9d%97%9a%f0%9d%97%ae%f0%9d%97%bf%f0%9d%97%ae%f0%9d%97%bb%f0%9d%98%81%f0%9d%97%b6%f0%9d%97%bf-%f0%9d%98%82%f0%9d%97%bb%f0%9d%97%b2-%f0%9d%97%bd%f0%9d%97%b9%f0%9d%97%ae%f0%9d%97%b0%f0%9d%97%b2\/","name":"Garantir une place d'accueil pour chaque enfant d'ici 2027 ... - Caf 17 - 2025","isPartOf":{"@id":"https:\/\/caf-rapport-activite.fr\/caf17-2025\/#website"},"datePublished":"2026-04-20T16:02:01+00:00","dateModified":"2026-04-20T16:05:06+00:00","breadcrumb":{"@id":"https:\/\/caf-rapport-activite.fr\/caf17-2025\/temp-fort\/%f0%9d%97%9a%f0%9d%97%ae%f0%9d%97%bf%f0%9d%97%ae%f0%9d%97%bb%f0%9d%98%81%f0%9d%97%b6%f0%9d%97%bf-%f0%9d%98%82%f0%9d%97%bb%f0%9d%97%b2-%f0%9d%97%bd%f0%9d%97%b9%f0%9d%97%ae%f0%9d%97%b0%f0%9d%97%b2\/#breadcrumb"},"inLanguage":"fr-FR","potentialAction":[{"@type":"ReadAction","target":["https:\/\/caf-rapport-activite.fr\/caf17-2025\/temp-fort\/%f0%9d%97%9a%f0%9d%97%ae%f0%9d%97%bf%f0%9d%97%ae%f0%9d%97%bb%f0%9d%98%81%f0%9d%97%b6%f0%9d%97%bf-%f0%9d%98%82%f0%9d%97%bb%f0%9d%97%b2-%f0%9d%97%bd%f0%9d%97%b9%f0%9d%97%ae%f0%9d%97%b0%f0%9d%97%b2\/"]}]},{"@type":"BreadcrumbList","@id":"https:\/\/caf-rapport-activite.fr\/caf17-2025\/temp-fort\/%f0%9d%97%9a%f0%9d%97%ae%f0%9d%97%bf%f0%9d%97%ae%f0%9d%97%bb%f0%9d%98%81%f0%9d%97%b6%f0%9d%97%bf-%f0%9d%98%82%f0%9d%97%bb%f0%9d%97%b2-%f0%9d%97%bd%f0%9d%97%b9%f0%9d%97%ae%f0%9d%97%b0%f0%9d%97%b2\/#breadcrumb","itemListElement":[{"@type":"ListItem","position":1,"name":"Accueil","item":"https:\/\/caf-rapport-activite.fr\/caf17-2025\/"},{"@type":"ListItem","position":2,"name":"Temps forts","item":"https:\/\/caf-rapport-activite.fr\/caf17-2025\/temp-fort\/"},{"@type":"ListItem","position":3,"name":"Garantir une place d&rsquo;accueil pour chaque enfant d&rsquo;ici 2027 &#8230;"}]},{"@type":"WebSite","@id":"https:\/\/caf-rapport-activite.fr\/caf17-2025\/#website","url":"https:\/\/caf-rapport-activite.fr\/caf17-2025\/","name":"Caf 17 - 2025","description":"","potentialAction":[{"@type":"SearchAction","target":{"@type":"EntryPoint","urlTemplate":"https:\/\/caf-rapport-activite.fr\/caf17-2025\/?s={search_term_string}"},"query-input":"required name=search_term_string"}],"inLanguage":"fr-FR"}]}},"_links":{"self":[{"href":"https:\/\/caf-rapport-activite.fr\/caf17-2025\/wp-json\/wp\/v2\/temp-fort\/1984"}],"collection":[{"href":"https:\/\/caf-rapport-activite.fr\/caf17-2025\/wp-json\/wp\/v2\/temp-fort"}],"about":[{"href":"https:\/\/caf-rapport-activite.fr\/caf17-2025\/wp-json\/wp\/v2\/types\/temp-fort"}],"wp:featuredmedia":[{"embeddable":true,"href":"https:\/\/caf-rapport-activite.fr\/caf17-2025\/wp-json\/wp\/v2\/media\/1920"}],"wp:attachment":[{"href":"https:\/\/caf-rapport-activite.fr\/caf17-2025\/wp-json\/wp\/v2\/media?parent=1984"}],"wp:term":[{"taxonomy":"activite","embeddable":true,"href":"https:\/\/caf-rapport-activite.fr\/caf17-2025\/wp-json\/wp\/v2\/activite?post=1984"}],"curies":[{"name":"wp","href":"https:\/\/api.w.org\/{rel}","templated":true}]}}