{"id":1980,"date":"2026-04-20T17:54:40","date_gmt":"2026-04-20T15:54:40","guid":{"rendered":"https:\/\/caf-rapport-activite.fr\/caf17-2025\/?post_type=temp-fort&#038;p=1980"},"modified":"2026-04-21T16:43:34","modified_gmt":"2026-04-21T14:43:34","slug":"aunis-sud-u%f0%9d%97%bb-%f0%9d%98%80%f0%9d%97%b2%f0%9d%97%ba%f0%9d%97%b6%f0%9d%97%bb%f0%9d%97%ae%f0%9d%97%b6%f0%9d%97%bf%f0%9d%97%b2-%f0%9d%97%ae%f0%9d%97%bb%f0%9d%97%bb%f0%9d%98%82","status":"publish","type":"temp-fort","link":"https:\/\/caf-rapport-activite.fr\/caf17-2025\/temp-fort\/aunis-sud-u%f0%9d%97%bb-%f0%9d%98%80%f0%9d%97%b2%f0%9d%97%ba%f0%9d%97%b6%f0%9d%97%bb%f0%9d%97%ae%f0%9d%97%b6%f0%9d%97%bf%f0%9d%97%b2-%f0%9d%97%ae%f0%9d%97%bb%f0%9d%97%bb%f0%9d%98%82\/","title":{"rendered":"Aunis sud : un s\u00e9minaire annuel qui marque une \u00e9tape cl\u00e9"},"content":{"rendered":"\n<p>Le s\u00e9minaire annuel de la Communaut\u00e9 de communes Aunis Sud, v\u00e9ritable temps de rencontre et de r\u00e9flexion, vient consolider les liens entre tous les acteurs mobilis\u00e9s autour de la petite enfance, de l\u2019enfance, de la jeunesse et du soutien \u00e0 la parentalit\u00e9.<\/p>\n\n\n\n<p>Ce s\u00e9minaire a \u00e9t\u00e9 l\u2019occasion de saluer le travail accompli et la dynamique engag\u00e9e par l\u2019\u00e9quipe de la charg\u00e9e de coop\u00e9ration territoriale. <\/p>\n\n\n\n<p>Gr\u00e2ce \u00e0 ce travail collectif, la convention territoriale globale (Ctg) s\u2019est structur\u00e9e et enrichie pour devenir aujourd\u2019hui un outil puissant, un v\u00e9ritable levier de coh\u00e9sion et de d\u00e9veloppement pour notre territoire.<\/p>\n\n\n\n<p>Ce s\u00e9minaire marque aussi un nouveau d\u00e9part : le lancement de l\u2019\u00e9laboration d\u2019une charte de projet \u00e9ducatif construite de mani\u00e8re collaborative. En croisant les regards, les exp\u00e9riences et les envies, cette charte visera \u00e0 refl\u00e9ter les valeurs, les ambitions et les sp\u00e9cificit\u00e9s du territoire. Elle portera une politique \u00e9ducative coh\u00e9rente et partag\u00e9e, int\u00e9grant pleinement le soutien \u00e0 la parentalit\u00e9.<\/p>\n\n\n\n<h3>Quelques chiffres marquants \u00e0 retenir :<\/h3>\n\n\n\n<ul>\n<li>2 ETP charg\u00e9s de coop\u00e9ration territoriale pilotent la dynamique territoriale<\/li>\n\n\n\n<li>54 749 \u20ac de co-financement Caf<\/li>\n\n\n\n<li>386 000 \u20ac de bonus territoriaux pour soutenir les \u00e9quipements<\/li>\n<\/ul>\n\n\n\n<figure class=\"is-layout-flex wp-block-gallery-1 wp-block-gallery has-nested-images columns-default is-cropped\">\n<figure class=\"wp-block-image size-large\"><img decoding=\"async\" loading=\"lazy\" width=\"1024\" height=\"590\" data-id=\"1981\"  src=\"https:\/\/caf-rapport-activite.fr\/caf17-2025\/wp-content\/uploads\/sites\/29\/2026\/04\/202510_CtgAunisSud_seminaire-1024x590.jpg\" alt=\"\" class=\"wp-image-1981\" srcset=\"https:\/\/caf-rapport-activite.fr\/caf17-2025\/wp-content\/uploads\/sites\/29\/2026\/04\/202510_CtgAunisSud_seminaire-1024x590.jpg 1024w, https:\/\/caf-rapport-activite.fr\/caf17-2025\/wp-content\/uploads\/sites\/29\/2026\/04\/202510_CtgAunisSud_seminaire-300x173.jpg 300w, https:\/\/caf-rapport-activite.fr\/caf17-2025\/wp-content\/uploads\/sites\/29\/2026\/04\/202510_CtgAunisSud_seminaire-768x442.jpg 768w, https:\/\/caf-rapport-activite.fr\/caf17-2025\/wp-content\/uploads\/sites\/29\/2026\/04\/202510_CtgAunisSud_seminaire-1536x884.jpg 1536w, https:\/\/caf-rapport-activite.fr\/caf17-2025\/wp-content\/uploads\/sites\/29\/2026\/04\/202510_CtgAunisSud_seminaire.jpg 1909w\" sizes=\"(max-width: 1024px) 100vw, 1024px\" \/><\/figure>\n<\/figure>\n","protected":false},"excerpt":{"rendered":"<p>Le s\u00e9minaire annuel de la Communaut\u00e9 de communes Aunis Sud, v\u00e9ritable temps de rencontre et de r\u00e9flexion, vient consolider les [&hellip;]<\/p>\n","protected":false},"featured_media":1981,"parent":0,"menu_order":0,"template":"","activite":[],"yoast_head":"<!-- This site is optimized with the Yoast SEO plugin v19.11 - https:\/\/yoast.com\/wordpress\/plugins\/seo\/ -->\n<title>Aunis sud : un s\u00e9minaire annuel qui marque une \u00e9tape cl\u00e9 - Caf 17 - 2025<\/title>\n<meta name=\"robots\" content=\"index, follow, max-snippet:-1, max-image-preview:large, max-video-preview:-1\" \/>\n<link rel=\"canonical\" href=\"https:\/\/caf-rapport-activite.fr\/caf17-2025\/temp-fort\/aunis-sud-u\ud835\uddfb-\ud835\ude00\ud835\uddf2\ud835\uddfa\ud835\uddf6\ud835\uddfb\ud835\uddee\ud835\uddf6\ud835\uddff\ud835\uddf2-\ud835\uddee\ud835\uddfb\ud835\uddfb\ud835\ude02\/\" \/>\n<meta property=\"og:locale\" content=\"fr_FR\" \/>\n<meta property=\"og:type\" content=\"article\" \/>\n<meta property=\"og:title\" content=\"Aunis sud : un s\u00e9minaire annuel qui marque une \u00e9tape cl\u00e9 - Caf 17 - 2025\" \/>\n<meta property=\"og:description\" content=\"Le s\u00e9minaire annuel de la Communaut\u00e9 de communes Aunis Sud, v\u00e9ritable temps de rencontre et de r\u00e9flexion, vient consolider les [&hellip;]\" \/>\n<meta property=\"og:url\" content=\"https:\/\/caf-rapport-activite.fr\/caf17-2025\/temp-fort\/aunis-sud-u\ud835\uddfb-\ud835\ude00\ud835\uddf2\ud835\uddfa\ud835\uddf6\ud835\uddfb\ud835\uddee\ud835\uddf6\ud835\uddff\ud835\uddf2-\ud835\uddee\ud835\uddfb\ud835\uddfb\ud835\ude02\/\" \/>\n<meta property=\"og:site_name\" content=\"Caf 17 - 2025\" \/>\n<meta property=\"article:modified_time\" content=\"2026-04-21T14:43:34+00:00\" \/>\n<meta property=\"og:image\" content=\"https:\/\/caf-rapport-activite.fr\/caf17-2025\/wp-content\/uploads\/sites\/29\/2026\/04\/202510_CtgAunisSud_seminaire.jpg\" \/>\n\t<meta property=\"og:image:width\" content=\"1909\" \/>\n\t<meta property=\"og:image:height\" content=\"1099\" \/>\n\t<meta property=\"og:image:type\" content=\"image\/jpeg\" \/>\n<meta name=\"twitter:card\" content=\"summary_large_image\" \/>\n<meta name=\"twitter:label1\" content=\"Dur\u00e9e de lecture estim\u00e9e\" \/>\n\t<meta name=\"twitter:data1\" content=\"2 minutes\" \/>\n<script type=\"application\/ld+json\" class=\"yoast-schema-graph\">{\"@context\":\"https:\/\/schema.org\",\"@graph\":[{\"@type\":\"WebPage\",\"@id\":\"https:\/\/caf-rapport-activite.fr\/caf17-2025\/temp-fort\/aunis-sud-u%f0%9d%97%bb-%f0%9d%98%80%f0%9d%97%b2%f0%9d%97%ba%f0%9d%97%b6%f0%9d%97%bb%f0%9d%97%ae%f0%9d%97%b6%f0%9d%97%bf%f0%9d%97%b2-%f0%9d%97%ae%f0%9d%97%bb%f0%9d%97%bb%f0%9d%98%82\/\",\"url\":\"https:\/\/caf-rapport-activite.fr\/caf17-2025\/temp-fort\/aunis-sud-u%f0%9d%97%bb-%f0%9d%98%80%f0%9d%97%b2%f0%9d%97%ba%f0%9d%97%b6%f0%9d%97%bb%f0%9d%97%ae%f0%9d%97%b6%f0%9d%97%bf%f0%9d%97%b2-%f0%9d%97%ae%f0%9d%97%bb%f0%9d%97%bb%f0%9d%98%82\/\",\"name\":\"Aunis sud : un s\u00e9minaire annuel qui marque une \u00e9tape cl\u00e9 - Caf 17 - 2025\",\"isPartOf\":{\"@id\":\"https:\/\/caf-rapport-activite.fr\/caf17-2025\/#website\"},\"datePublished\":\"2026-04-20T15:54:40+00:00\",\"dateModified\":\"2026-04-21T14:43:34+00:00\",\"breadcrumb\":{\"@id\":\"https:\/\/caf-rapport-activite.fr\/caf17-2025\/temp-fort\/aunis-sud-u%f0%9d%97%bb-%f0%9d%98%80%f0%9d%97%b2%f0%9d%97%ba%f0%9d%97%b6%f0%9d%97%bb%f0%9d%97%ae%f0%9d%97%b6%f0%9d%97%bf%f0%9d%97%b2-%f0%9d%97%ae%f0%9d%97%bb%f0%9d%97%bb%f0%9d%98%82\/#breadcrumb\"},\"inLanguage\":\"fr-FR\",\"potentialAction\":[{\"@type\":\"ReadAction\",\"target\":[\"https:\/\/caf-rapport-activite.fr\/caf17-2025\/temp-fort\/aunis-sud-u%f0%9d%97%bb-%f0%9d%98%80%f0%9d%97%b2%f0%9d%97%ba%f0%9d%97%b6%f0%9d%97%bb%f0%9d%97%ae%f0%9d%97%b6%f0%9d%97%bf%f0%9d%97%b2-%f0%9d%97%ae%f0%9d%97%bb%f0%9d%97%bb%f0%9d%98%82\/\"]}]},{\"@type\":\"BreadcrumbList\",\"@id\":\"https:\/\/caf-rapport-activite.fr\/caf17-2025\/temp-fort\/aunis-sud-u%f0%9d%97%bb-%f0%9d%98%80%f0%9d%97%b2%f0%9d%97%ba%f0%9d%97%b6%f0%9d%97%bb%f0%9d%97%ae%f0%9d%97%b6%f0%9d%97%bf%f0%9d%97%b2-%f0%9d%97%ae%f0%9d%97%bb%f0%9d%97%bb%f0%9d%98%82\/#breadcrumb\",\"itemListElement\":[{\"@type\":\"ListItem\",\"position\":1,\"name\":\"Accueil\",\"item\":\"https:\/\/caf-rapport-activite.fr\/caf17-2025\/\"},{\"@type\":\"ListItem\",\"position\":2,\"name\":\"Temps forts\",\"item\":\"https:\/\/caf-rapport-activite.fr\/caf17-2025\/temp-fort\/\"},{\"@type\":\"ListItem\",\"position\":3,\"name\":\"Aunis sud : un s\u00e9minaire annuel qui marque une \u00e9tape cl\u00e9\"}]},{\"@type\":\"WebSite\",\"@id\":\"https:\/\/caf-rapport-activite.fr\/caf17-2025\/#website\",\"url\":\"https:\/\/caf-rapport-activite.fr\/caf17-2025\/\",\"name\":\"Caf 17 - 2025\",\"description\":\"\",\"potentialAction\":[{\"@type\":\"SearchAction\",\"target\":{\"@type\":\"EntryPoint\",\"urlTemplate\":\"https:\/\/caf-rapport-activite.fr\/caf17-2025\/?s={search_term_string}\"},\"query-input\":\"required name=search_term_string\"}],\"inLanguage\":\"fr-FR\"}]}<\/script>\n<!-- \/ Yoast SEO plugin. -->","yoast_head_json":{"title":"Aunis sud : un s\u00e9minaire annuel qui marque une \u00e9tape cl\u00e9 - Caf 17 - 2025","robots":{"index":"index","follow":"follow","max-snippet":"max-snippet:-1","max-image-preview":"max-image-preview:large","max-video-preview":"max-video-preview:-1"},"canonical":"https:\/\/caf-rapport-activite.fr\/caf17-2025\/temp-fort\/aunis-sud-u\ud835\uddfb-\ud835\ude00\ud835\uddf2\ud835\uddfa\ud835\uddf6\ud835\uddfb\ud835\uddee\ud835\uddf6\ud835\uddff\ud835\uddf2-\ud835\uddee\ud835\uddfb\ud835\uddfb\ud835\ude02\/","og_locale":"fr_FR","og_type":"article","og_title":"Aunis sud : un s\u00e9minaire annuel qui marque une \u00e9tape cl\u00e9 - Caf 17 - 2025","og_description":"Le s\u00e9minaire annuel de la Communaut\u00e9 de communes Aunis Sud, v\u00e9ritable temps de rencontre et de r\u00e9flexion, vient consolider les [&hellip;]","og_url":"https:\/\/caf-rapport-activite.fr\/caf17-2025\/temp-fort\/aunis-sud-u\ud835\uddfb-\ud835\ude00\ud835\uddf2\ud835\uddfa\ud835\uddf6\ud835\uddfb\ud835\uddee\ud835\uddf6\ud835\uddff\ud835\uddf2-\ud835\uddee\ud835\uddfb\ud835\uddfb\ud835\ude02\/","og_site_name":"Caf 17 - 2025","article_modified_time":"2026-04-21T14:43:34+00:00","og_image":[{"width":1909,"height":1099,"url":"https:\/\/caf-rapport-activite.fr\/caf17-2025\/wp-content\/uploads\/sites\/29\/2026\/04\/202510_CtgAunisSud_seminaire.jpg","type":"image\/jpeg"}],"twitter_card":"summary_large_image","twitter_misc":{"Dur\u00e9e de lecture estim\u00e9e":"2 minutes"},"schema":{"@context":"https:\/\/schema.org","@graph":[{"@type":"WebPage","@id":"https:\/\/caf-rapport-activite.fr\/caf17-2025\/temp-fort\/aunis-sud-u%f0%9d%97%bb-%f0%9d%98%80%f0%9d%97%b2%f0%9d%97%ba%f0%9d%97%b6%f0%9d%97%bb%f0%9d%97%ae%f0%9d%97%b6%f0%9d%97%bf%f0%9d%97%b2-%f0%9d%97%ae%f0%9d%97%bb%f0%9d%97%bb%f0%9d%98%82\/","url":"https:\/\/caf-rapport-activite.fr\/caf17-2025\/temp-fort\/aunis-sud-u%f0%9d%97%bb-%f0%9d%98%80%f0%9d%97%b2%f0%9d%97%ba%f0%9d%97%b6%f0%9d%97%bb%f0%9d%97%ae%f0%9d%97%b6%f0%9d%97%bf%f0%9d%97%b2-%f0%9d%97%ae%f0%9d%97%bb%f0%9d%97%bb%f0%9d%98%82\/","name":"Aunis sud : un s\u00e9minaire annuel qui marque une \u00e9tape cl\u00e9 - Caf 17 - 2025","isPartOf":{"@id":"https:\/\/caf-rapport-activite.fr\/caf17-2025\/#website"},"datePublished":"2026-04-20T15:54:40+00:00","dateModified":"2026-04-21T14:43:34+00:00","breadcrumb":{"@id":"https:\/\/caf-rapport-activite.fr\/caf17-2025\/temp-fort\/aunis-sud-u%f0%9d%97%bb-%f0%9d%98%80%f0%9d%97%b2%f0%9d%97%ba%f0%9d%97%b6%f0%9d%97%bb%f0%9d%97%ae%f0%9d%97%b6%f0%9d%97%bf%f0%9d%97%b2-%f0%9d%97%ae%f0%9d%97%bb%f0%9d%97%bb%f0%9d%98%82\/#breadcrumb"},"inLanguage":"fr-FR","potentialAction":[{"@type":"ReadAction","target":["https:\/\/caf-rapport-activite.fr\/caf17-2025\/temp-fort\/aunis-sud-u%f0%9d%97%bb-%f0%9d%98%80%f0%9d%97%b2%f0%9d%97%ba%f0%9d%97%b6%f0%9d%97%bb%f0%9d%97%ae%f0%9d%97%b6%f0%9d%97%bf%f0%9d%97%b2-%f0%9d%97%ae%f0%9d%97%bb%f0%9d%97%bb%f0%9d%98%82\/"]}]},{"@type":"BreadcrumbList","@id":"https:\/\/caf-rapport-activite.fr\/caf17-2025\/temp-fort\/aunis-sud-u%f0%9d%97%bb-%f0%9d%98%80%f0%9d%97%b2%f0%9d%97%ba%f0%9d%97%b6%f0%9d%97%bb%f0%9d%97%ae%f0%9d%97%b6%f0%9d%97%bf%f0%9d%97%b2-%f0%9d%97%ae%f0%9d%97%bb%f0%9d%97%bb%f0%9d%98%82\/#breadcrumb","itemListElement":[{"@type":"ListItem","position":1,"name":"Accueil","item":"https:\/\/caf-rapport-activite.fr\/caf17-2025\/"},{"@type":"ListItem","position":2,"name":"Temps forts","item":"https:\/\/caf-rapport-activite.fr\/caf17-2025\/temp-fort\/"},{"@type":"ListItem","position":3,"name":"Aunis sud : un s\u00e9minaire annuel qui marque une \u00e9tape cl\u00e9"}]},{"@type":"WebSite","@id":"https:\/\/caf-rapport-activite.fr\/caf17-2025\/#website","url":"https:\/\/caf-rapport-activite.fr\/caf17-2025\/","name":"Caf 17 - 2025","description":"","potentialAction":[{"@type":"SearchAction","target":{"@type":"EntryPoint","urlTemplate":"https:\/\/caf-rapport-activite.fr\/caf17-2025\/?s={search_term_string}"},"query-input":"required name=search_term_string"}],"inLanguage":"fr-FR"}]}},"_links":{"self":[{"href":"https:\/\/caf-rapport-activite.fr\/caf17-2025\/wp-json\/wp\/v2\/temp-fort\/1980"}],"collection":[{"href":"https:\/\/caf-rapport-activite.fr\/caf17-2025\/wp-json\/wp\/v2\/temp-fort"}],"about":[{"href":"https:\/\/caf-rapport-activite.fr\/caf17-2025\/wp-json\/wp\/v2\/types\/temp-fort"}],"wp:featuredmedia":[{"embeddable":true,"href":"https:\/\/caf-rapport-activite.fr\/caf17-2025\/wp-json\/wp\/v2\/media\/1981"}],"wp:attachment":[{"href":"https:\/\/caf-rapport-activite.fr\/caf17-2025\/wp-json\/wp\/v2\/media?parent=1980"}],"wp:term":[{"taxonomy":"activite","embeddable":true,"href":"https:\/\/caf-rapport-activite.fr\/caf17-2025\/wp-json\/wp\/v2\/activite?post=1980"}],"curies":[{"name":"wp","href":"https:\/\/api.w.org\/{rel}","templated":true}]}}