{"id":1956,"date":"2026-04-17T17:37:50","date_gmt":"2026-04-17T15:37:50","guid":{"rendered":"https:\/\/caf-rapport-activite.fr\/caf17-2025\/?post_type=temp-fort&#038;p=1956"},"modified":"2026-04-17T17:37:53","modified_gmt":"2026-04-17T15:37:53","slug":"de-nouveaux-locaux-pour-la-garderie-de-chaniers","status":"publish","type":"temp-fort","link":"https:\/\/caf-rapport-activite.fr\/caf17-2025\/temp-fort\/de-nouveaux-locaux-pour-la-garderie-de-chaniers\/","title":{"rendered":"De nouveaux locaux pour la garderie de Chaniers"},"content":{"rendered":"\n<p><br>Nous avons inaugur\u00e9, le 6 septembre 2025, le nouveau \u00ab\u00a0Groupe scolaire Ronsard\u00a0\u00bb qui abrite \u00e9galement les locaux de l\u2019accueil de loisirs p\u00e9ri et extrascolaire, service g\u00e9r\u00e9 par l\u2019association Les Aventuriers de Ronsard.<br>Cet \u00e9quipement traduit la mat\u00e9rialisation de nos efforts afin de permettre aux familles de \ud835\udc8e\ud835\udc8a\ud835\udc86\ud835\udc96\ud835\udc99 \ud835\udc84\ud835\udc90\ud835\udc8f\ud835\udc84\ud835\udc8a\ud835\udc8d\ud835\udc8a\ud835\udc86\ud835\udc93 \ud835\udc97\ud835\udc8a\ud835\udc86 \ud835\udc87\ud835\udc82\ud835\udc8e\ud835\udc8a\ud835\udc8d\ud835\udc8a\ud835\udc82\ud835\udc8d\ud835\udc86, \ud835\udc97\ud835\udc8a\ud835\udc86 \ud835\udc91\ud835\udc93\ud835\udc90\ud835\udc87\ud835\udc86\ud835\udc94\ud835\udc94\ud835\udc8a\ud835\udc90\ud835\udc8f\ud835\udc8f\ud835\udc86\ud835\udc8d\ud835\udc8d\ud835\udc86 \ud835\udc86\ud835\udc95 \ud835\udc97\ud835\udc8a\ud835\udc86 \ud835\udc94\ud835\udc90\ud835\udc84\ud835\udc8a\ud835\udc82\ud835\udc8d\ud835\udc86.<br><br>Cet \u00e9quipement structurant et inclusif permet d\u2019offrir un espace adapt\u00e9 propice \u00e0 l\u2019accueil des enfants dans leur diversit\u00e9. Il contribuera \u00e0 am\u00e9liorer la qualit\u00e9 des services aux familles et favorisera l\u2019\u00e9veil, l\u2019\u00e9panouissement de leurs enfants. Aussi, il permettra d\u2019accueillir les enfants sur un site unique tant en p\u00e9riode scolaire que pendant les vacances scolaires.<br><br>La Caf intervient aupr\u00e8s des familles\u00a0par le versement de prestations. Elle travaille \u00e9galement avec les collectivit\u00e9s locales et les associations pour d\u00e9velopper des services facilitant la vie quotidienne des familles et l\u2019\u00e9panouissement des enfants.<br>La Caf est donc partenaire de ce projet\u00a0: elle mobilise des aides au fonctionnement et \u00e0 l\u2019investissement ainsi que ses professionnels pour accompagner la collectivit\u00e9 locale.<br><br>Pour cet accueil de loisirs, le Conseil d\u2019administration a vot\u00e9 une aide de 323\u00a0844\u20ac.<br><br>Les travaux r\u00e9alis\u00e9s permettent\u00a0:<br>\u2714\ufe0f de proposer de meilleures conditions d\u2019accueil (pour les enfants et les professionnels)<br>\u2714\ufe0f de r\u00e9pondre aux besoins d\u2019accueil des familles<br>\u2714\ufe0f de rendre de nouveau les locaux attractifs<br>\u2714\ufe0f de respecter les normes sanitaires et de s\u00e9curit\u00e9 impos\u00e9es par la loi.<\/p>\n\n\n\n<figure class=\"wp-block-image size-full\"><img decoding=\"async\" loading=\"lazy\" width=\"940\" height=\"788\" src=\"https:\/\/caf-rapport-activite.fr\/caf17-2025\/wp-content\/uploads\/sites\/29\/2026\/04\/202509_ALSH_chaniers.png\" alt=\"\" class=\"wp-image-1957\" srcset=\"https:\/\/caf-rapport-activite.fr\/caf17-2025\/wp-content\/uploads\/sites\/29\/2026\/04\/202509_ALSH_chaniers.png 940w, https:\/\/caf-rapport-activite.fr\/caf17-2025\/wp-content\/uploads\/sites\/29\/2026\/04\/202509_ALSH_chaniers-300x251.png 300w, https:\/\/caf-rapport-activite.fr\/caf17-2025\/wp-content\/uploads\/sites\/29\/2026\/04\/202509_ALSH_chaniers-768x644.png 768w\" sizes=\"(max-width: 940px) 100vw, 940px\" \/><\/figure>\n\n\n\n<p><\/p>\n","protected":false},"excerpt":{"rendered":"<p>Nous avons inaugur\u00e9, le 6 septembre 2025, le nouveau \u00ab\u00a0Groupe scolaire Ronsard\u00a0\u00bb qui abrite \u00e9galement les locaux de l\u2019accueil de [&hellip;]<\/p>\n","protected":false},"featured_media":1957,"parent":0,"menu_order":0,"template":"","activite":[5],"yoast_head":"<!-- This site is optimized with the Yoast SEO plugin v19.11 - https:\/\/yoast.com\/wordpress\/plugins\/seo\/ -->\n<title>De nouveaux locaux pour la garderie de Chaniers - Caf 17 - 2025<\/title>\n<meta name=\"robots\" content=\"index, follow, max-snippet:-1, max-image-preview:large, max-video-preview:-1\" \/>\n<link rel=\"canonical\" href=\"https:\/\/caf-rapport-activite.fr\/caf17-2025\/temp-fort\/de-nouveaux-locaux-pour-la-garderie-de-chaniers\/\" \/>\n<meta property=\"og:locale\" content=\"fr_FR\" \/>\n<meta property=\"og:type\" content=\"article\" \/>\n<meta property=\"og:title\" content=\"De nouveaux locaux pour la garderie de Chaniers - Caf 17 - 2025\" \/>\n<meta property=\"og:description\" content=\"Nous avons inaugur\u00e9, le 6 septembre 2025, le nouveau \u00ab\u00a0Groupe scolaire Ronsard\u00a0\u00bb qui abrite \u00e9galement les locaux de l\u2019accueil de [&hellip;]\" \/>\n<meta property=\"og:url\" content=\"https:\/\/caf-rapport-activite.fr\/caf17-2025\/temp-fort\/de-nouveaux-locaux-pour-la-garderie-de-chaniers\/\" \/>\n<meta property=\"og:site_name\" content=\"Caf 17 - 2025\" \/>\n<meta property=\"article:modified_time\" content=\"2026-04-17T15:37:53+00:00\" \/>\n<meta property=\"og:image\" content=\"https:\/\/caf-rapport-activite.fr\/caf17-2025\/wp-content\/uploads\/sites\/29\/2026\/04\/202509_ALSH_chaniers.png\" \/>\n\t<meta property=\"og:image:width\" content=\"940\" \/>\n\t<meta property=\"og:image:height\" content=\"788\" \/>\n\t<meta property=\"og:image:type\" content=\"image\/png\" \/>\n<meta name=\"twitter:card\" content=\"summary_large_image\" \/>\n<meta name=\"twitter:label1\" content=\"Dur\u00e9e de lecture estim\u00e9e\" \/>\n\t<meta name=\"twitter:data1\" content=\"2 minutes\" \/>\n<script type=\"application\/ld+json\" class=\"yoast-schema-graph\">{\"@context\":\"https:\/\/schema.org\",\"@graph\":[{\"@type\":\"WebPage\",\"@id\":\"https:\/\/caf-rapport-activite.fr\/caf17-2025\/temp-fort\/de-nouveaux-locaux-pour-la-garderie-de-chaniers\/\",\"url\":\"https:\/\/caf-rapport-activite.fr\/caf17-2025\/temp-fort\/de-nouveaux-locaux-pour-la-garderie-de-chaniers\/\",\"name\":\"De nouveaux locaux pour la garderie de Chaniers - Caf 17 - 2025\",\"isPartOf\":{\"@id\":\"https:\/\/caf-rapport-activite.fr\/caf17-2025\/#website\"},\"datePublished\":\"2026-04-17T15:37:50+00:00\",\"dateModified\":\"2026-04-17T15:37:53+00:00\",\"breadcrumb\":{\"@id\":\"https:\/\/caf-rapport-activite.fr\/caf17-2025\/temp-fort\/de-nouveaux-locaux-pour-la-garderie-de-chaniers\/#breadcrumb\"},\"inLanguage\":\"fr-FR\",\"potentialAction\":[{\"@type\":\"ReadAction\",\"target\":[\"https:\/\/caf-rapport-activite.fr\/caf17-2025\/temp-fort\/de-nouveaux-locaux-pour-la-garderie-de-chaniers\/\"]}]},{\"@type\":\"BreadcrumbList\",\"@id\":\"https:\/\/caf-rapport-activite.fr\/caf17-2025\/temp-fort\/de-nouveaux-locaux-pour-la-garderie-de-chaniers\/#breadcrumb\",\"itemListElement\":[{\"@type\":\"ListItem\",\"position\":1,\"name\":\"Accueil\",\"item\":\"https:\/\/caf-rapport-activite.fr\/caf17-2025\/\"},{\"@type\":\"ListItem\",\"position\":2,\"name\":\"Temps forts\",\"item\":\"https:\/\/caf-rapport-activite.fr\/caf17-2025\/temp-fort\/\"},{\"@type\":\"ListItem\",\"position\":3,\"name\":\"De nouveaux locaux pour la garderie de Chaniers\"}]},{\"@type\":\"WebSite\",\"@id\":\"https:\/\/caf-rapport-activite.fr\/caf17-2025\/#website\",\"url\":\"https:\/\/caf-rapport-activite.fr\/caf17-2025\/\",\"name\":\"Caf 17 - 2025\",\"description\":\"\",\"potentialAction\":[{\"@type\":\"SearchAction\",\"target\":{\"@type\":\"EntryPoint\",\"urlTemplate\":\"https:\/\/caf-rapport-activite.fr\/caf17-2025\/?s={search_term_string}\"},\"query-input\":\"required name=search_term_string\"}],\"inLanguage\":\"fr-FR\"}]}<\/script>\n<!-- \/ Yoast SEO plugin. -->","yoast_head_json":{"title":"De nouveaux locaux pour la garderie de Chaniers - Caf 17 - 2025","robots":{"index":"index","follow":"follow","max-snippet":"max-snippet:-1","max-image-preview":"max-image-preview:large","max-video-preview":"max-video-preview:-1"},"canonical":"https:\/\/caf-rapport-activite.fr\/caf17-2025\/temp-fort\/de-nouveaux-locaux-pour-la-garderie-de-chaniers\/","og_locale":"fr_FR","og_type":"article","og_title":"De nouveaux locaux pour la garderie de Chaniers - Caf 17 - 2025","og_description":"Nous avons inaugur\u00e9, le 6 septembre 2025, le nouveau \u00ab\u00a0Groupe scolaire Ronsard\u00a0\u00bb qui abrite \u00e9galement les locaux de l\u2019accueil de [&hellip;]","og_url":"https:\/\/caf-rapport-activite.fr\/caf17-2025\/temp-fort\/de-nouveaux-locaux-pour-la-garderie-de-chaniers\/","og_site_name":"Caf 17 - 2025","article_modified_time":"2026-04-17T15:37:53+00:00","og_image":[{"width":940,"height":788,"url":"https:\/\/caf-rapport-activite.fr\/caf17-2025\/wp-content\/uploads\/sites\/29\/2026\/04\/202509_ALSH_chaniers.png","type":"image\/png"}],"twitter_card":"summary_large_image","twitter_misc":{"Dur\u00e9e de lecture estim\u00e9e":"2 minutes"},"schema":{"@context":"https:\/\/schema.org","@graph":[{"@type":"WebPage","@id":"https:\/\/caf-rapport-activite.fr\/caf17-2025\/temp-fort\/de-nouveaux-locaux-pour-la-garderie-de-chaniers\/","url":"https:\/\/caf-rapport-activite.fr\/caf17-2025\/temp-fort\/de-nouveaux-locaux-pour-la-garderie-de-chaniers\/","name":"De nouveaux locaux pour la garderie de Chaniers - Caf 17 - 2025","isPartOf":{"@id":"https:\/\/caf-rapport-activite.fr\/caf17-2025\/#website"},"datePublished":"2026-04-17T15:37:50+00:00","dateModified":"2026-04-17T15:37:53+00:00","breadcrumb":{"@id":"https:\/\/caf-rapport-activite.fr\/caf17-2025\/temp-fort\/de-nouveaux-locaux-pour-la-garderie-de-chaniers\/#breadcrumb"},"inLanguage":"fr-FR","potentialAction":[{"@type":"ReadAction","target":["https:\/\/caf-rapport-activite.fr\/caf17-2025\/temp-fort\/de-nouveaux-locaux-pour-la-garderie-de-chaniers\/"]}]},{"@type":"BreadcrumbList","@id":"https:\/\/caf-rapport-activite.fr\/caf17-2025\/temp-fort\/de-nouveaux-locaux-pour-la-garderie-de-chaniers\/#breadcrumb","itemListElement":[{"@type":"ListItem","position":1,"name":"Accueil","item":"https:\/\/caf-rapport-activite.fr\/caf17-2025\/"},{"@type":"ListItem","position":2,"name":"Temps forts","item":"https:\/\/caf-rapport-activite.fr\/caf17-2025\/temp-fort\/"},{"@type":"ListItem","position":3,"name":"De nouveaux locaux pour la garderie de Chaniers"}]},{"@type":"WebSite","@id":"https:\/\/caf-rapport-activite.fr\/caf17-2025\/#website","url":"https:\/\/caf-rapport-activite.fr\/caf17-2025\/","name":"Caf 17 - 2025","description":"","potentialAction":[{"@type":"SearchAction","target":{"@type":"EntryPoint","urlTemplate":"https:\/\/caf-rapport-activite.fr\/caf17-2025\/?s={search_term_string}"},"query-input":"required name=search_term_string"}],"inLanguage":"fr-FR"}]}},"_links":{"self":[{"href":"https:\/\/caf-rapport-activite.fr\/caf17-2025\/wp-json\/wp\/v2\/temp-fort\/1956"}],"collection":[{"href":"https:\/\/caf-rapport-activite.fr\/caf17-2025\/wp-json\/wp\/v2\/temp-fort"}],"about":[{"href":"https:\/\/caf-rapport-activite.fr\/caf17-2025\/wp-json\/wp\/v2\/types\/temp-fort"}],"wp:featuredmedia":[{"embeddable":true,"href":"https:\/\/caf-rapport-activite.fr\/caf17-2025\/wp-json\/wp\/v2\/media\/1957"}],"wp:attachment":[{"href":"https:\/\/caf-rapport-activite.fr\/caf17-2025\/wp-json\/wp\/v2\/media?parent=1956"}],"wp:term":[{"taxonomy":"activite","embeddable":true,"href":"https:\/\/caf-rapport-activite.fr\/caf17-2025\/wp-json\/wp\/v2\/activite?post=1956"}],"curies":[{"name":"wp","href":"https:\/\/api.w.org\/{rel}","templated":true}]}}