{"id":1951,"date":"2026-04-17T16:48:15","date_gmt":"2026-04-17T14:48:15","guid":{"rendered":"https:\/\/caf-rapport-activite.fr\/caf17-2025\/?post_type=temp-fort&#038;p=1951"},"modified":"2026-04-21T16:44:15","modified_gmt":"2026-04-21T14:44:15","slug":"donner-une-seconde-vie-a-notre-materiel-informatique-un-geste-concret-pour-notre-rse","status":"publish","type":"temp-fort","link":"https:\/\/caf-rapport-activite.fr\/caf17-2025\/temp-fort\/donner-une-seconde-vie-a-notre-materiel-informatique-un-geste-concret-pour-notre-rse\/","title":{"rendered":"Donner une seconde vie \u00e0 notre mat\u00e9riel informatique"},"content":{"rendered":"\n<p>G\u00e9rer le parc informatique d\u2019un organisme comme la Caf est un d\u00e9fi logistique et humain. <\/p>\n\n\n\n<p>Mais que faire du mat\u00e9riel encore fonctionnel lorsqu\u2019il est renouvel\u00e9 ? \u00c0 la Caf de la Charente-Maritime, la r\u00e9ponse est claire : lui offrir une seconde vie utile et solidaire. <\/p>\n\n\n\n<p><br>Dans le cadre de notre engagement RSE et en coh\u00e9rence avec notre projet d\u2019entreprise, nous avons lanc\u00e9 une&nbsp;campagne de dons d\u2019ordinateurs&nbsp;\u00e0 destination de structures locales. En juillet,&nbsp;30 ordinateurs&nbsp;ont \u00e9t\u00e9 c\u00e9d\u00e9s \u00e0 deux centres sociaux du d\u00e9partement :<br>&#8211; Le CAP de Tonnay-Charente<br>&#8211; Le Pertuis de La Rochelle<br><br>Objectifs :<br>Renouveler leur parc informatique<br>R\u00e9pondre aux besoins d\u2019\u00e9quipement de publics fragilis\u00e9s<br><br>Un geste simple, mais porteur de sens : limiter le gaspillage, soutenir nos partenaires et renforcer notre ancrage territorial. <\/p>\n\n\n\n<p><br>Une initiative qui illustre notre volont\u00e9 d\u2019agir concr\u00e8tement pour une soci\u00e9t\u00e9 plus inclusive et durable.<\/p>\n\n\n\n<figure class=\"wp-block-image size-large\"><img decoding=\"async\" loading=\"lazy\" width=\"1024\" height=\"768\" src=\"https:\/\/caf-rapport-activite.fr\/caf17-2025\/wp-content\/uploads\/sites\/29\/2026\/04\/202507_CAP_Ordinateurs-1024x768.jpg\" alt=\"\" class=\"wp-image-1952\" srcset=\"https:\/\/caf-rapport-activite.fr\/caf17-2025\/wp-content\/uploads\/sites\/29\/2026\/04\/202507_CAP_Ordinateurs-1024x768.jpg 1024w, https:\/\/caf-rapport-activite.fr\/caf17-2025\/wp-content\/uploads\/sites\/29\/2026\/04\/202507_CAP_Ordinateurs-300x225.jpg 300w, https:\/\/caf-rapport-activite.fr\/caf17-2025\/wp-content\/uploads\/sites\/29\/2026\/04\/202507_CAP_Ordinateurs-768x576.jpg 768w, https:\/\/caf-rapport-activite.fr\/caf17-2025\/wp-content\/uploads\/sites\/29\/2026\/04\/202507_CAP_Ordinateurs-1536x1152.jpg 1536w, https:\/\/caf-rapport-activite.fr\/caf17-2025\/wp-content\/uploads\/sites\/29\/2026\/04\/202507_CAP_Ordinateurs.jpg 2040w\" sizes=\"(max-width: 1024px) 100vw, 1024px\" \/><\/figure>\n","protected":false},"excerpt":{"rendered":"<p>G\u00e9rer le parc informatique d\u2019un organisme comme la Caf est un d\u00e9fi logistique et humain. Mais que faire du mat\u00e9riel [&hellip;]<\/p>\n","protected":false},"featured_media":1952,"parent":0,"menu_order":0,"template":"","activite":[],"yoast_head":"<!-- This site is optimized with the Yoast SEO plugin v19.11 - https:\/\/yoast.com\/wordpress\/plugins\/seo\/ -->\n<title>Donner une seconde vie \u00e0 notre mat\u00e9riel informatique - Caf 17 - 2025<\/title>\n<meta name=\"robots\" content=\"index, follow, max-snippet:-1, max-image-preview:large, max-video-preview:-1\" \/>\n<link rel=\"canonical\" href=\"https:\/\/caf-rapport-activite.fr\/caf17-2025\/temp-fort\/donner-une-seconde-vie-a-notre-materiel-informatique-un-geste-concret-pour-notre-rse\/\" \/>\n<meta property=\"og:locale\" content=\"fr_FR\" \/>\n<meta property=\"og:type\" content=\"article\" \/>\n<meta property=\"og:title\" content=\"Donner une seconde vie \u00e0 notre mat\u00e9riel informatique - Caf 17 - 2025\" \/>\n<meta property=\"og:description\" content=\"G\u00e9rer le parc informatique d\u2019un organisme comme la Caf est un d\u00e9fi logistique et humain. Mais que faire du mat\u00e9riel [&hellip;]\" \/>\n<meta property=\"og:url\" content=\"https:\/\/caf-rapport-activite.fr\/caf17-2025\/temp-fort\/donner-une-seconde-vie-a-notre-materiel-informatique-un-geste-concret-pour-notre-rse\/\" \/>\n<meta property=\"og:site_name\" content=\"Caf 17 - 2025\" \/>\n<meta property=\"article:modified_time\" content=\"2026-04-21T14:44:15+00:00\" \/>\n<meta property=\"og:image\" content=\"https:\/\/caf-rapport-activite.fr\/caf17-2025\/wp-content\/uploads\/sites\/29\/2026\/04\/202507_CAP_Ordinateurs.jpg\" \/>\n\t<meta property=\"og:image:width\" content=\"2040\" \/>\n\t<meta property=\"og:image:height\" content=\"1530\" \/>\n\t<meta property=\"og:image:type\" content=\"image\/jpeg\" \/>\n<meta name=\"twitter:card\" content=\"summary_large_image\" \/>\n<meta name=\"twitter:label1\" content=\"Dur\u00e9e de lecture estim\u00e9e\" \/>\n\t<meta name=\"twitter:data1\" content=\"1 minute\" \/>\n<script type=\"application\/ld+json\" class=\"yoast-schema-graph\">{\"@context\":\"https:\/\/schema.org\",\"@graph\":[{\"@type\":\"WebPage\",\"@id\":\"https:\/\/caf-rapport-activite.fr\/caf17-2025\/temp-fort\/donner-une-seconde-vie-a-notre-materiel-informatique-un-geste-concret-pour-notre-rse\/\",\"url\":\"https:\/\/caf-rapport-activite.fr\/caf17-2025\/temp-fort\/donner-une-seconde-vie-a-notre-materiel-informatique-un-geste-concret-pour-notre-rse\/\",\"name\":\"Donner une seconde vie \u00e0 notre mat\u00e9riel informatique - Caf 17 - 2025\",\"isPartOf\":{\"@id\":\"https:\/\/caf-rapport-activite.fr\/caf17-2025\/#website\"},\"datePublished\":\"2026-04-17T14:48:15+00:00\",\"dateModified\":\"2026-04-21T14:44:15+00:00\",\"breadcrumb\":{\"@id\":\"https:\/\/caf-rapport-activite.fr\/caf17-2025\/temp-fort\/donner-une-seconde-vie-a-notre-materiel-informatique-un-geste-concret-pour-notre-rse\/#breadcrumb\"},\"inLanguage\":\"fr-FR\",\"potentialAction\":[{\"@type\":\"ReadAction\",\"target\":[\"https:\/\/caf-rapport-activite.fr\/caf17-2025\/temp-fort\/donner-une-seconde-vie-a-notre-materiel-informatique-un-geste-concret-pour-notre-rse\/\"]}]},{\"@type\":\"BreadcrumbList\",\"@id\":\"https:\/\/caf-rapport-activite.fr\/caf17-2025\/temp-fort\/donner-une-seconde-vie-a-notre-materiel-informatique-un-geste-concret-pour-notre-rse\/#breadcrumb\",\"itemListElement\":[{\"@type\":\"ListItem\",\"position\":1,\"name\":\"Accueil\",\"item\":\"https:\/\/caf-rapport-activite.fr\/caf17-2025\/\"},{\"@type\":\"ListItem\",\"position\":2,\"name\":\"Temps forts\",\"item\":\"https:\/\/caf-rapport-activite.fr\/caf17-2025\/temp-fort\/\"},{\"@type\":\"ListItem\",\"position\":3,\"name\":\"Donner une seconde vie \u00e0 notre mat\u00e9riel informatique\"}]},{\"@type\":\"WebSite\",\"@id\":\"https:\/\/caf-rapport-activite.fr\/caf17-2025\/#website\",\"url\":\"https:\/\/caf-rapport-activite.fr\/caf17-2025\/\",\"name\":\"Caf 17 - 2025\",\"description\":\"\",\"potentialAction\":[{\"@type\":\"SearchAction\",\"target\":{\"@type\":\"EntryPoint\",\"urlTemplate\":\"https:\/\/caf-rapport-activite.fr\/caf17-2025\/?s={search_term_string}\"},\"query-input\":\"required name=search_term_string\"}],\"inLanguage\":\"fr-FR\"}]}<\/script>\n<!-- \/ Yoast SEO plugin. -->","yoast_head_json":{"title":"Donner une seconde vie \u00e0 notre mat\u00e9riel informatique - Caf 17 - 2025","robots":{"index":"index","follow":"follow","max-snippet":"max-snippet:-1","max-image-preview":"max-image-preview:large","max-video-preview":"max-video-preview:-1"},"canonical":"https:\/\/caf-rapport-activite.fr\/caf17-2025\/temp-fort\/donner-une-seconde-vie-a-notre-materiel-informatique-un-geste-concret-pour-notre-rse\/","og_locale":"fr_FR","og_type":"article","og_title":"Donner une seconde vie \u00e0 notre mat\u00e9riel informatique - Caf 17 - 2025","og_description":"G\u00e9rer le parc informatique d\u2019un organisme comme la Caf est un d\u00e9fi logistique et humain. Mais que faire du mat\u00e9riel [&hellip;]","og_url":"https:\/\/caf-rapport-activite.fr\/caf17-2025\/temp-fort\/donner-une-seconde-vie-a-notre-materiel-informatique-un-geste-concret-pour-notre-rse\/","og_site_name":"Caf 17 - 2025","article_modified_time":"2026-04-21T14:44:15+00:00","og_image":[{"width":2040,"height":1530,"url":"https:\/\/caf-rapport-activite.fr\/caf17-2025\/wp-content\/uploads\/sites\/29\/2026\/04\/202507_CAP_Ordinateurs.jpg","type":"image\/jpeg"}],"twitter_card":"summary_large_image","twitter_misc":{"Dur\u00e9e de lecture estim\u00e9e":"1 minute"},"schema":{"@context":"https:\/\/schema.org","@graph":[{"@type":"WebPage","@id":"https:\/\/caf-rapport-activite.fr\/caf17-2025\/temp-fort\/donner-une-seconde-vie-a-notre-materiel-informatique-un-geste-concret-pour-notre-rse\/","url":"https:\/\/caf-rapport-activite.fr\/caf17-2025\/temp-fort\/donner-une-seconde-vie-a-notre-materiel-informatique-un-geste-concret-pour-notre-rse\/","name":"Donner une seconde vie \u00e0 notre mat\u00e9riel informatique - Caf 17 - 2025","isPartOf":{"@id":"https:\/\/caf-rapport-activite.fr\/caf17-2025\/#website"},"datePublished":"2026-04-17T14:48:15+00:00","dateModified":"2026-04-21T14:44:15+00:00","breadcrumb":{"@id":"https:\/\/caf-rapport-activite.fr\/caf17-2025\/temp-fort\/donner-une-seconde-vie-a-notre-materiel-informatique-un-geste-concret-pour-notre-rse\/#breadcrumb"},"inLanguage":"fr-FR","potentialAction":[{"@type":"ReadAction","target":["https:\/\/caf-rapport-activite.fr\/caf17-2025\/temp-fort\/donner-une-seconde-vie-a-notre-materiel-informatique-un-geste-concret-pour-notre-rse\/"]}]},{"@type":"BreadcrumbList","@id":"https:\/\/caf-rapport-activite.fr\/caf17-2025\/temp-fort\/donner-une-seconde-vie-a-notre-materiel-informatique-un-geste-concret-pour-notre-rse\/#breadcrumb","itemListElement":[{"@type":"ListItem","position":1,"name":"Accueil","item":"https:\/\/caf-rapport-activite.fr\/caf17-2025\/"},{"@type":"ListItem","position":2,"name":"Temps forts","item":"https:\/\/caf-rapport-activite.fr\/caf17-2025\/temp-fort\/"},{"@type":"ListItem","position":3,"name":"Donner une seconde vie \u00e0 notre mat\u00e9riel informatique"}]},{"@type":"WebSite","@id":"https:\/\/caf-rapport-activite.fr\/caf17-2025\/#website","url":"https:\/\/caf-rapport-activite.fr\/caf17-2025\/","name":"Caf 17 - 2025","description":"","potentialAction":[{"@type":"SearchAction","target":{"@type":"EntryPoint","urlTemplate":"https:\/\/caf-rapport-activite.fr\/caf17-2025\/?s={search_term_string}"},"query-input":"required name=search_term_string"}],"inLanguage":"fr-FR"}]}},"_links":{"self":[{"href":"https:\/\/caf-rapport-activite.fr\/caf17-2025\/wp-json\/wp\/v2\/temp-fort\/1951"}],"collection":[{"href":"https:\/\/caf-rapport-activite.fr\/caf17-2025\/wp-json\/wp\/v2\/temp-fort"}],"about":[{"href":"https:\/\/caf-rapport-activite.fr\/caf17-2025\/wp-json\/wp\/v2\/types\/temp-fort"}],"wp:featuredmedia":[{"embeddable":true,"href":"https:\/\/caf-rapport-activite.fr\/caf17-2025\/wp-json\/wp\/v2\/media\/1952"}],"wp:attachment":[{"href":"https:\/\/caf-rapport-activite.fr\/caf17-2025\/wp-json\/wp\/v2\/media?parent=1951"}],"wp:term":[{"taxonomy":"activite","embeddable":true,"href":"https:\/\/caf-rapport-activite.fr\/caf17-2025\/wp-json\/wp\/v2\/activite?post=1951"}],"curies":[{"name":"wp","href":"https:\/\/api.w.org\/{rel}","templated":true}]}}