{"id":1937,"date":"2026-04-16T14:52:24","date_gmt":"2026-04-16T12:52:24","guid":{"rendered":"https:\/\/caf-rapport-activite.fr\/caf17-2025\/?post_type=temp-fort&#038;p=1937"},"modified":"2026-04-16T14:53:21","modified_gmt":"2026-04-16T12:53:21","slug":"inauguration-dun-3eme-rpe-a-la-rochelle","status":"publish","type":"temp-fort","link":"https:\/\/caf-rapport-activite.fr\/caf17-2025\/temp-fort\/inauguration-dun-3eme-rpe-a-la-rochelle\/","title":{"rendered":"Inauguration d&rsquo;un 3\u00e8me Rpe \u00e0 La Rochelle"},"content":{"rendered":"\n<p>La Caf a soutenu le projet de cr\u00e9ation du Rpe en 2024 (\u00e0 hauteur de 206&nbsp;288\u20ac) et soutient aujourd\u2019hui son fonctionnement, en cofinan\u00e7ant le poste de l\u2019animatrice.<br><br>Notre soutien se manifeste aussi par des moyens humains en mobilisant nos professionnels aux c\u00f4t\u00e9s de la ville et \u00e9galement gr\u00e2ce \u00e0 l\u2019animation par la Caf du r\u00e9seau d\u00e9partemental des relais petite enfance.<br><br>Le relais petite enfance est un service gratuit permettant l\u2019information et l\u2019accompagnement des familles comme des professionnels de l\u2019accueil individuel.<br>Que ce soient des questions li\u00e9es au mode d\u2019accueil, au contrat de travail pour les familles ou sur les formations, la mise en place d\u2019ateliers d\u2019\u00e9veil, de soir\u00e9es th\u00e9matiques \u00e0 destination des professionnels (assistantes maternelles, garde \u00e0 domicile), le relais sera aux c\u00f4t\u00e9s de ses publics&nbsp;; acteur incontournable de la petite enfance.<br><br>En ce sens le relais vise un objectif que nous partageons tous&nbsp;: la qualit\u00e9 de l\u2019offre d\u2019accueil propos\u00e9e aux enfants et \u00e0 leurs parents !<\/p>\n\n\n<div class=\"wp-block-image\">\n<figure class=\"aligncenter size-medium\"><img decoding=\"async\" loading=\"lazy\" width=\"300\" height=\"255\" src=\"https:\/\/caf-rapport-activite.fr\/caf17-2025\/wp-content\/uploads\/sites\/29\/2026\/04\/20250505_Inauguration-RPE-LaRochelle-300x255.jpeg\" alt=\"\" class=\"wp-image-1938\" srcset=\"https:\/\/caf-rapport-activite.fr\/caf17-2025\/wp-content\/uploads\/sites\/29\/2026\/04\/20250505_Inauguration-RPE-LaRochelle-300x255.jpeg 300w, https:\/\/caf-rapport-activite.fr\/caf17-2025\/wp-content\/uploads\/sites\/29\/2026\/04\/20250505_Inauguration-RPE-LaRochelle-768x654.jpeg 768w, https:\/\/caf-rapport-activite.fr\/caf17-2025\/wp-content\/uploads\/sites\/29\/2026\/04\/20250505_Inauguration-RPE-LaRochelle.jpeg 815w\" sizes=\"(max-width: 300px) 100vw, 300px\" \/><\/figure><\/div>","protected":false},"excerpt":{"rendered":"<p>La Caf a soutenu le projet de cr\u00e9ation du Rpe en 2024 (\u00e0 hauteur de 206&nbsp;288\u20ac) et soutient aujourd\u2019hui son [&hellip;]<\/p>\n","protected":false},"featured_media":1938,"parent":0,"menu_order":0,"template":"","activite":[5],"yoast_head":"<!-- This site is optimized with the Yoast SEO plugin v19.11 - https:\/\/yoast.com\/wordpress\/plugins\/seo\/ -->\n<title>Inauguration d&#039;un 3\u00e8me Rpe \u00e0 La Rochelle - Caf 17 - 2025<\/title>\n<meta name=\"robots\" content=\"index, follow, max-snippet:-1, max-image-preview:large, max-video-preview:-1\" \/>\n<link rel=\"canonical\" href=\"https:\/\/caf-rapport-activite.fr\/caf17-2025\/temp-fort\/inauguration-dun-3eme-rpe-a-la-rochelle\/\" \/>\n<meta property=\"og:locale\" content=\"fr_FR\" \/>\n<meta property=\"og:type\" content=\"article\" \/>\n<meta property=\"og:title\" content=\"Inauguration d&#039;un 3\u00e8me Rpe \u00e0 La Rochelle - Caf 17 - 2025\" \/>\n<meta property=\"og:description\" content=\"La Caf a soutenu le projet de cr\u00e9ation du Rpe en 2024 (\u00e0 hauteur de 206&nbsp;288\u20ac) et soutient aujourd\u2019hui son [&hellip;]\" \/>\n<meta property=\"og:url\" content=\"https:\/\/caf-rapport-activite.fr\/caf17-2025\/temp-fort\/inauguration-dun-3eme-rpe-a-la-rochelle\/\" \/>\n<meta property=\"og:site_name\" content=\"Caf 17 - 2025\" \/>\n<meta property=\"article:modified_time\" content=\"2026-04-16T12:53:21+00:00\" \/>\n<meta property=\"og:image\" content=\"https:\/\/caf-rapport-activite.fr\/caf17-2025\/wp-content\/uploads\/sites\/29\/2026\/04\/20250505_Inauguration-RPE-LaRochelle.jpeg\" \/>\n\t<meta property=\"og:image:width\" content=\"815\" \/>\n\t<meta property=\"og:image:height\" content=\"694\" \/>\n\t<meta property=\"og:image:type\" content=\"image\/jpeg\" \/>\n<meta name=\"twitter:card\" content=\"summary_large_image\" \/>\n<meta name=\"twitter:label1\" content=\"Dur\u00e9e de lecture estim\u00e9e\" \/>\n\t<meta name=\"twitter:data1\" content=\"2 minutes\" \/>\n<script type=\"application\/ld+json\" class=\"yoast-schema-graph\">{\"@context\":\"https:\/\/schema.org\",\"@graph\":[{\"@type\":\"WebPage\",\"@id\":\"https:\/\/caf-rapport-activite.fr\/caf17-2025\/temp-fort\/inauguration-dun-3eme-rpe-a-la-rochelle\/\",\"url\":\"https:\/\/caf-rapport-activite.fr\/caf17-2025\/temp-fort\/inauguration-dun-3eme-rpe-a-la-rochelle\/\",\"name\":\"Inauguration d'un 3\u00e8me Rpe \u00e0 La Rochelle - Caf 17 - 2025\",\"isPartOf\":{\"@id\":\"https:\/\/caf-rapport-activite.fr\/caf17-2025\/#website\"},\"datePublished\":\"2026-04-16T12:52:24+00:00\",\"dateModified\":\"2026-04-16T12:53:21+00:00\",\"breadcrumb\":{\"@id\":\"https:\/\/caf-rapport-activite.fr\/caf17-2025\/temp-fort\/inauguration-dun-3eme-rpe-a-la-rochelle\/#breadcrumb\"},\"inLanguage\":\"fr-FR\",\"potentialAction\":[{\"@type\":\"ReadAction\",\"target\":[\"https:\/\/caf-rapport-activite.fr\/caf17-2025\/temp-fort\/inauguration-dun-3eme-rpe-a-la-rochelle\/\"]}]},{\"@type\":\"BreadcrumbList\",\"@id\":\"https:\/\/caf-rapport-activite.fr\/caf17-2025\/temp-fort\/inauguration-dun-3eme-rpe-a-la-rochelle\/#breadcrumb\",\"itemListElement\":[{\"@type\":\"ListItem\",\"position\":1,\"name\":\"Accueil\",\"item\":\"https:\/\/caf-rapport-activite.fr\/caf17-2025\/\"},{\"@type\":\"ListItem\",\"position\":2,\"name\":\"Temps forts\",\"item\":\"https:\/\/caf-rapport-activite.fr\/caf17-2025\/temp-fort\/\"},{\"@type\":\"ListItem\",\"position\":3,\"name\":\"Inauguration d&rsquo;un 3\u00e8me Rpe \u00e0 La Rochelle\"}]},{\"@type\":\"WebSite\",\"@id\":\"https:\/\/caf-rapport-activite.fr\/caf17-2025\/#website\",\"url\":\"https:\/\/caf-rapport-activite.fr\/caf17-2025\/\",\"name\":\"Caf 17 - 2025\",\"description\":\"\",\"potentialAction\":[{\"@type\":\"SearchAction\",\"target\":{\"@type\":\"EntryPoint\",\"urlTemplate\":\"https:\/\/caf-rapport-activite.fr\/caf17-2025\/?s={search_term_string}\"},\"query-input\":\"required name=search_term_string\"}],\"inLanguage\":\"fr-FR\"}]}<\/script>\n<!-- \/ Yoast SEO plugin. -->","yoast_head_json":{"title":"Inauguration d'un 3\u00e8me Rpe \u00e0 La Rochelle - Caf 17 - 2025","robots":{"index":"index","follow":"follow","max-snippet":"max-snippet:-1","max-image-preview":"max-image-preview:large","max-video-preview":"max-video-preview:-1"},"canonical":"https:\/\/caf-rapport-activite.fr\/caf17-2025\/temp-fort\/inauguration-dun-3eme-rpe-a-la-rochelle\/","og_locale":"fr_FR","og_type":"article","og_title":"Inauguration d'un 3\u00e8me Rpe \u00e0 La Rochelle - Caf 17 - 2025","og_description":"La Caf a soutenu le projet de cr\u00e9ation du Rpe en 2024 (\u00e0 hauteur de 206&nbsp;288\u20ac) et soutient aujourd\u2019hui son [&hellip;]","og_url":"https:\/\/caf-rapport-activite.fr\/caf17-2025\/temp-fort\/inauguration-dun-3eme-rpe-a-la-rochelle\/","og_site_name":"Caf 17 - 2025","article_modified_time":"2026-04-16T12:53:21+00:00","og_image":[{"width":815,"height":694,"url":"https:\/\/caf-rapport-activite.fr\/caf17-2025\/wp-content\/uploads\/sites\/29\/2026\/04\/20250505_Inauguration-RPE-LaRochelle.jpeg","type":"image\/jpeg"}],"twitter_card":"summary_large_image","twitter_misc":{"Dur\u00e9e de lecture estim\u00e9e":"2 minutes"},"schema":{"@context":"https:\/\/schema.org","@graph":[{"@type":"WebPage","@id":"https:\/\/caf-rapport-activite.fr\/caf17-2025\/temp-fort\/inauguration-dun-3eme-rpe-a-la-rochelle\/","url":"https:\/\/caf-rapport-activite.fr\/caf17-2025\/temp-fort\/inauguration-dun-3eme-rpe-a-la-rochelle\/","name":"Inauguration d'un 3\u00e8me Rpe \u00e0 La Rochelle - Caf 17 - 2025","isPartOf":{"@id":"https:\/\/caf-rapport-activite.fr\/caf17-2025\/#website"},"datePublished":"2026-04-16T12:52:24+00:00","dateModified":"2026-04-16T12:53:21+00:00","breadcrumb":{"@id":"https:\/\/caf-rapport-activite.fr\/caf17-2025\/temp-fort\/inauguration-dun-3eme-rpe-a-la-rochelle\/#breadcrumb"},"inLanguage":"fr-FR","potentialAction":[{"@type":"ReadAction","target":["https:\/\/caf-rapport-activite.fr\/caf17-2025\/temp-fort\/inauguration-dun-3eme-rpe-a-la-rochelle\/"]}]},{"@type":"BreadcrumbList","@id":"https:\/\/caf-rapport-activite.fr\/caf17-2025\/temp-fort\/inauguration-dun-3eme-rpe-a-la-rochelle\/#breadcrumb","itemListElement":[{"@type":"ListItem","position":1,"name":"Accueil","item":"https:\/\/caf-rapport-activite.fr\/caf17-2025\/"},{"@type":"ListItem","position":2,"name":"Temps forts","item":"https:\/\/caf-rapport-activite.fr\/caf17-2025\/temp-fort\/"},{"@type":"ListItem","position":3,"name":"Inauguration d&rsquo;un 3\u00e8me Rpe \u00e0 La Rochelle"}]},{"@type":"WebSite","@id":"https:\/\/caf-rapport-activite.fr\/caf17-2025\/#website","url":"https:\/\/caf-rapport-activite.fr\/caf17-2025\/","name":"Caf 17 - 2025","description":"","potentialAction":[{"@type":"SearchAction","target":{"@type":"EntryPoint","urlTemplate":"https:\/\/caf-rapport-activite.fr\/caf17-2025\/?s={search_term_string}"},"query-input":"required name=search_term_string"}],"inLanguage":"fr-FR"}]}},"_links":{"self":[{"href":"https:\/\/caf-rapport-activite.fr\/caf17-2025\/wp-json\/wp\/v2\/temp-fort\/1937"}],"collection":[{"href":"https:\/\/caf-rapport-activite.fr\/caf17-2025\/wp-json\/wp\/v2\/temp-fort"}],"about":[{"href":"https:\/\/caf-rapport-activite.fr\/caf17-2025\/wp-json\/wp\/v2\/types\/temp-fort"}],"wp:featuredmedia":[{"embeddable":true,"href":"https:\/\/caf-rapport-activite.fr\/caf17-2025\/wp-json\/wp\/v2\/media\/1938"}],"wp:attachment":[{"href":"https:\/\/caf-rapport-activite.fr\/caf17-2025\/wp-json\/wp\/v2\/media?parent=1937"}],"wp:term":[{"taxonomy":"activite","embeddable":true,"href":"https:\/\/caf-rapport-activite.fr\/caf17-2025\/wp-json\/wp\/v2\/activite?post=1937"}],"curies":[{"name":"wp","href":"https:\/\/api.w.org\/{rel}","templated":true}]}}