{"id":241,"date":"2023-01-19T12:09:16","date_gmt":"2023-01-19T11:09:16","guid":{"rendered":"http:\/\/localhost\/caf\/?post_type=rubrique-organisme&#038;p=241"},"modified":"2026-04-22T16:46:50","modified_gmt":"2026-04-22T14:46:50","slug":"gouvernance","status":"publish","type":"rubrique-organisme","link":"https:\/\/caf-rapport-activite.fr\/caf17-2025\/rubrique-organisme\/gouvernance\/","title":{"rendered":"Gouvernance"},"content":{"rendered":"\n<h2>La direction et les services<\/h2>\n\n\n\n<figure class=\"wp-block-image size-full\"><img decoding=\"async\" loading=\"lazy\" width=\"1024\" height=\"768\" src=\"https:\/\/caf-rapport-activite.fr\/caf17-2025\/wp-content\/uploads\/sites\/29\/2023\/01\/2026Organigramme-.png\" alt=\"\" class=\"wp-image-2053\" srcset=\"https:\/\/caf-rapport-activite.fr\/caf17-2025\/wp-content\/uploads\/sites\/29\/2023\/01\/2026Organigramme-.png 1024w, https:\/\/caf-rapport-activite.fr\/caf17-2025\/wp-content\/uploads\/sites\/29\/2023\/01\/2026Organigramme--300x225.png 300w, https:\/\/caf-rapport-activite.fr\/caf17-2025\/wp-content\/uploads\/sites\/29\/2023\/01\/2026Organigramme--768x576.png 768w\" sizes=\"(max-width: 1024px) 100vw, 1024px\" \/><\/figure>\n\n\n\n<h2>Le conseil d&rsquo;administration<\/h2>\n\n\n\n<p>La branche Famille est g\u00e9r\u00e9e par la Caisse nationale des Allocations familiales et les 100 caisses d&rsquo;Allocations familiales, chacune sous l&rsquo;autorit\u00e9 d\u2019un conseil d&rsquo;administration.<\/p>\n\n\n\n<p>En effet, selon le principe de la d\u00e9mocratie sociale, l\u2019\u00c9tat a d\u00e9l\u00e9gu\u00e9 la gestion de la S\u00e9curit\u00e9 sociale :<\/p>\n\n\n\n<ul>\n<li>aux repr\u00e9sentants des partenaires sociaux (employeurs et salari\u00e9s) qui financent la Branche, \u00e0 travers leurs cotisations (cotisations employeurs, contribution sociale g\u00e9n\u00e9ralis\u00e9e\u2026) ;<\/li>\n\n\n\n<li>aux repr\u00e9sentants des b\u00e9n\u00e9ficiaires des prestations familiales et de l\u2019action sociale (associations familiales).<\/li>\n<\/ul>\n\n\n\n<p>Des personnalit\u00e9s qualifi\u00e9es, nomm\u00e9es en raison de leurs comp\u00e9tences dans les domaines relevant de la branche Famille, enrichissent les travaux du conseil d\u2019administration. Des repr\u00e9sentants du personnel des Caf assistent \u00e9galement aux conseils d\u2019administration. Leur voix est consultative.<\/p>\n\n\n\n<p>Les conseils d\u2019administration des Caf d\u00e9finissent, en coh\u00e9rence avec les orientations nationales, la politique de chaque organisme.<\/p>\n\n\n\n<h3 id=\"composition\">Composition<\/h3>\n\n\n\n<h4>Le conseil d&rsquo;administration de la Caf de la Charente-Maritime a \u00e9t\u00e9 install\u00e9 le 8 f\u00e9vrier 2022, en pr\u00e9sence de Monsieur Verdier Chef d&rsquo;antenne de la MNC.<\/h4>\n\n\n\n<div class=\"wp-block-media-text alignwide is-stacked-on-mobile\" style=\"grid-template-columns:38% auto\"><figure class=\"wp-block-media-text__media\"><img decoding=\"async\" loading=\"lazy\" width=\"1024\" height=\"600\" src=\"https:\/\/caf-rapport-activite.fr\/caf17-2025\/wp-content\/uploads\/sites\/29\/2023\/01\/MicrosoftTeams-image-1-1024x600.jpg\" alt=\"\" class=\"wp-image-666 size-full\" srcset=\"https:\/\/caf-rapport-activite.fr\/caf17-2025\/wp-content\/uploads\/sites\/29\/2023\/01\/MicrosoftTeams-image-1-1024x600.jpg 1024w, https:\/\/caf-rapport-activite.fr\/caf17-2025\/wp-content\/uploads\/sites\/29\/2023\/01\/MicrosoftTeams-image-1-300x176.jpg 300w, https:\/\/caf-rapport-activite.fr\/caf17-2025\/wp-content\/uploads\/sites\/29\/2023\/01\/MicrosoftTeams-image-1-768x450.jpg 768w, https:\/\/caf-rapport-activite.fr\/caf17-2025\/wp-content\/uploads\/sites\/29\/2023\/01\/MicrosoftTeams-image-1-1536x899.jpg 1536w, https:\/\/caf-rapport-activite.fr\/caf17-2025\/wp-content\/uploads\/sites\/29\/2023\/01\/MicrosoftTeams-image-1.jpg 2048w\" sizes=\"(max-width: 1024px) 100vw, 1024px\" \/><\/figure><div class=\"wp-block-media-text__content\">\n<p>Pr\u00e9sident : Jean-Jacques RODRIGUES (CGT &#8211; FO) &nbsp;&nbsp;<\/p>\n\n\n\n<p>1ere Vice-Pte&nbsp;: Monique BONNAMY (MEDEF)&nbsp;&nbsp; &nbsp;<\/p>\n\n\n\n<p>2\u00e8me Vice-Pte&nbsp;: Christel HAAS (CFDT)&nbsp;&nbsp; &nbsp;<\/p>\n\n\n\n<p>3\u00e8me Vice-Pt&nbsp;: Fr\u00e9d\u00e9ric DUPUY (CPME)&nbsp;<\/p>\n<\/div><\/div>\n\n\n\n<p>Sur l&rsquo;ensemble de l&rsquo;ann\u00e9e 2024, le conseil d&rsquo;administration a tenu <strong>4 s\u00e9ances<\/strong> avec les membres de la mandature.<\/p>\n\n\n\n<blockquote class=\"wp-block-quote\">\n<p>Les principales d\u00e9cisions arr\u00eat\u00e9es :<\/p>\n\n\n\n<ul>\n<li>Validation du rapport d&rsquo;activit\u00e9 2024<\/li>\n\n\n\n<li>Validation de l&rsquo;op\u00e9ration de travaux de l&rsquo;accueil et des ext\u00e9rieurs du si\u00e8ge<\/li>\n\n\n\n<li>Propositions d\u2019\u00e9volution du r\u00e8glement int\u00e9rieur d\u2019action sociale<\/li>\n<\/ul>\n<\/blockquote>\n\n\n\n<figure class=\"wp-block-table is-style-stripes\"><table class=\"has-black-color has-white-background-color has-text-color has-background has-fixed-layout\"><thead><tr><th class=\"has-text-align-left\" data-align=\"left\"><strong>Repr\u00e9sentation<\/strong><\/th><th class=\"has-text-align-center\" data-align=\"center\"><strong>Titulaires<\/strong><\/th><th class=\"has-text-align-center\" data-align=\"center\"><strong>Suppl\u00e9ants<\/strong><\/th><\/tr><\/thead><tbody><tr><td class=\"has-text-align-left\" data-align=\"left\"><strong>CGT<\/strong><\/td><td class=\"has-text-align-center\" data-align=\"center\">Esther ZDUNEK<br>Cl\u00e9mence DE ANDRADE<\/td><td class=\"has-text-align-center\" data-align=\"center\">Abdoulaye NDIAYE<br>Marie-Claire ETIEN<\/td><\/tr><tr><td class=\"has-text-align-left\" data-align=\"left\"><strong>CCT-FO<\/strong><\/td><td class=\"has-text-align-center\" data-align=\"center\">Jean-Jacques RODRIGUES<br>Antoine JAGUT<\/td><td class=\"has-text-align-center\" data-align=\"center\">V\u00e9ronique CORDONNIER<br>St\u00e9phane PARRA<\/td><\/tr><tr><td class=\"has-text-align-left\" data-align=\"left\"><strong>CFDT<\/strong><\/td><td class=\"has-text-align-center\" data-align=\"center\">Christel HAAS<br>Patrick MATTIAZZO<\/td><td class=\"has-text-align-center\" data-align=\"center\">Frank ANDRE<br>Christine SEURBIER<\/td><\/tr><tr><td class=\"has-text-align-left\" data-align=\"left\"><strong>CFTC<\/strong><\/td><td class=\"has-text-align-center\" data-align=\"center\">Eric PLANCHOT<\/td><td class=\"has-text-align-center\" data-align=\"center\">Elisabeth FREBY<\/td><\/tr><tr><td class=\"has-text-align-left\" data-align=\"left\"><strong>CFE-CGC<\/strong><\/td><td class=\"has-text-align-center\" data-align=\"center\">Herv\u00e9 MYON<\/td><td class=\"has-text-align-center\" data-align=\"center\">S\u00e9verine PRAGOUT<\/td><\/tr><tr><td class=\"has-text-align-left\" data-align=\"left\"><strong>MEDEF<\/strong><br><\/td><td class=\"has-text-align-center\" data-align=\"center\">Jean-No\u00ebl BOISNARD<br>Monique BONNAMY<\/td><td class=\"has-text-align-center\" data-align=\"center\">Adela\u00efde FRIBOULET<br>Florence BILLARD-GIROUDIERE<\/td><\/tr><tr><td class=\"has-text-align-left\" data-align=\"left\"><strong>CPME<\/strong><\/td><td class=\"has-text-align-center\" data-align=\"center\">Aline VERBEKE<br>Fr\u00e9d\u00e9ric DUPUY<br>Laurence GEOFFROY<\/td><td class=\"has-text-align-center\" data-align=\"center\">Sophie BOUCHER<br>Sylvie SPRUYT<\/td><\/tr><tr><td class=\"has-text-align-left\" data-align=\"left\"><strong>FNAE<\/strong><\/td><td class=\"has-text-align-center\" data-align=\"center\">Nathalie HOUSSAIS<\/td><td class=\"has-text-align-center\" data-align=\"center\">Marie-Claire BRILAC<\/td><\/tr><tr><td class=\"has-text-align-left\" data-align=\"left\"><strong>U2P<\/strong><\/td><td class=\"has-text-align-center\" data-align=\"center\">Catherine LEMASSON-LASSEGUE<\/td><td class=\"has-text-align-center\" data-align=\"center\">Sylvie MARTIN<\/td><\/tr><tr><td class=\"has-text-align-left\" data-align=\"left\"><strong>UDAF<\/strong><\/td><td class=\"has-text-align-center\" data-align=\"center\">Francelise LAVENTURE<br>Fran\u00e7oise HENRI<br>Marie-Claude BRACH\u00c9<br>Anne DE CHALENDAR<\/td><td class=\"has-text-align-center\" data-align=\"center\">H\u00e9l\u00e8ne AUDINET<br>Siegfried CHARRIER<br>Catherine DAVIET<br>Michel CORNUAU<\/td><\/tr><tr><td class=\"has-text-align-left\" data-align=\"left\"><strong>Personnes qualifi\u00e9es<\/strong><\/td><td class=\"has-text-align-center\" data-align=\"center\">Caroline FOEDIT<br>Christian DELCOURTE<br>Ouiza MEZIANE<\/td><td class=\"has-text-align-center\" data-align=\"center\"><\/td><\/tr><tr><td class=\"has-text-align-left\" data-align=\"left\"><strong>Repr\u00e9sentant du personnel CFDT<\/strong><\/td><td class=\"has-text-align-center\" data-align=\"center\">Antonio ESTEVES<\/td><td class=\"has-text-align-center\" data-align=\"center\">Fabrice BREMAND<\/td><\/tr><tr><td class=\"has-text-align-left\" data-align=\"left\"><strong>Repr\u00e9sentant du personnel CGT<\/strong><\/td><td class=\"has-text-align-center\" data-align=\"center\">Sophie MEUNIER<\/td><td class=\"has-text-align-center\" data-align=\"center\">Eric LATIMIER<\/td><\/tr><\/tbody><tfoot><tr><td class=\"has-text-align-left\" data-align=\"left\"><\/td><td class=\"has-text-align-center\" data-align=\"center\"><\/td><td class=\"has-text-align-center\" data-align=\"center\"><\/td><\/tr><\/tfoot><\/table><\/figure>\n","protected":false},"featured_media":0,"template":"","yoast_head":"<!-- This site is optimized with the Yoast SEO plugin v19.11 - https:\/\/yoast.com\/wordpress\/plugins\/seo\/ -->\n<title>Gouvernance - Caf 17 - 2025<\/title>\n<meta name=\"robots\" content=\"index, follow, max-snippet:-1, max-image-preview:large, max-video-preview:-1\" \/>\n<link rel=\"canonical\" href=\"https:\/\/caf-rapport-activite.fr\/caf17-2025\/rubrique-organisme\/gouvernance\/\" \/>\n<meta property=\"og:locale\" content=\"fr_FR\" \/>\n<meta property=\"og:type\" content=\"article\" \/>\n<meta property=\"og:title\" content=\"Gouvernance - Caf 17 - 2025\" \/>\n<meta property=\"og:description\" content=\"La direction et les services Le conseil d&rsquo;administration La branche Famille est g\u00e9r\u00e9e par la Caisse nationale des Allocations familiales [&hellip;]\" \/>\n<meta property=\"og:url\" content=\"https:\/\/caf-rapport-activite.fr\/caf17-2025\/rubrique-organisme\/gouvernance\/\" \/>\n<meta property=\"og:site_name\" content=\"Caf 17 - 2025\" \/>\n<meta property=\"article:modified_time\" content=\"2026-04-22T14:46:50+00:00\" \/>\n<meta property=\"og:image\" content=\"https:\/\/caf-rapport-activite.fr\/caf17-2025\/wp-content\/uploads\/sites\/29\/2023\/01\/2026Organigramme-.png\" \/>\n<meta name=\"twitter:card\" content=\"summary_large_image\" \/>\n<meta name=\"twitter:label1\" content=\"Dur\u00e9e de lecture estim\u00e9e\" \/>\n\t<meta name=\"twitter:data1\" content=\"3 minutes\" \/>\n<script type=\"application\/ld+json\" class=\"yoast-schema-graph\">{\"@context\":\"https:\/\/schema.org\",\"@graph\":[{\"@type\":\"WebPage\",\"@id\":\"https:\/\/caf-rapport-activite.fr\/caf17-2025\/rubrique-organisme\/gouvernance\/\",\"url\":\"https:\/\/caf-rapport-activite.fr\/caf17-2025\/rubrique-organisme\/gouvernance\/\",\"name\":\"Gouvernance - Caf 17 - 2025\",\"isPartOf\":{\"@id\":\"https:\/\/caf-rapport-activite.fr\/caf17-2025\/#website\"},\"datePublished\":\"2023-01-19T11:09:16+00:00\",\"dateModified\":\"2026-04-22T14:46:50+00:00\",\"breadcrumb\":{\"@id\":\"https:\/\/caf-rapport-activite.fr\/caf17-2025\/rubrique-organisme\/gouvernance\/#breadcrumb\"},\"inLanguage\":\"fr-FR\",\"potentialAction\":[{\"@type\":\"ReadAction\",\"target\":[\"https:\/\/caf-rapport-activite.fr\/caf17-2025\/rubrique-organisme\/gouvernance\/\"]}]},{\"@type\":\"BreadcrumbList\",\"@id\":\"https:\/\/caf-rapport-activite.fr\/caf17-2025\/rubrique-organisme\/gouvernance\/#breadcrumb\",\"itemListElement\":[{\"@type\":\"ListItem\",\"position\":1,\"name\":\"Accueil\",\"item\":\"https:\/\/caf-rapport-activite.fr\/caf17-2025\/\"},{\"@type\":\"ListItem\",\"position\":2,\"name\":\"Rubriques\",\"item\":\"https:\/\/caf-rapport-activite.fr\/caf17-2025\/rubrique-organisme\/\"},{\"@type\":\"ListItem\",\"position\":3,\"name\":\"Gouvernance\"}]},{\"@type\":\"WebSite\",\"@id\":\"https:\/\/caf-rapport-activite.fr\/caf17-2025\/#website\",\"url\":\"https:\/\/caf-rapport-activite.fr\/caf17-2025\/\",\"name\":\"Caf 17 - 2025\",\"description\":\"\",\"potentialAction\":[{\"@type\":\"SearchAction\",\"target\":{\"@type\":\"EntryPoint\",\"urlTemplate\":\"https:\/\/caf-rapport-activite.fr\/caf17-2025\/?s={search_term_string}\"},\"query-input\":\"required name=search_term_string\"}],\"inLanguage\":\"fr-FR\"}]}<\/script>\n<!-- \/ Yoast SEO plugin. -->","yoast_head_json":{"title":"Gouvernance - Caf 17 - 2025","robots":{"index":"index","follow":"follow","max-snippet":"max-snippet:-1","max-image-preview":"max-image-preview:large","max-video-preview":"max-video-preview:-1"},"canonical":"https:\/\/caf-rapport-activite.fr\/caf17-2025\/rubrique-organisme\/gouvernance\/","og_locale":"fr_FR","og_type":"article","og_title":"Gouvernance - Caf 17 - 2025","og_description":"La direction et les services Le conseil d&rsquo;administration La branche Famille est g\u00e9r\u00e9e par la Caisse nationale des Allocations familiales [&hellip;]","og_url":"https:\/\/caf-rapport-activite.fr\/caf17-2025\/rubrique-organisme\/gouvernance\/","og_site_name":"Caf 17 - 2025","article_modified_time":"2026-04-22T14:46:50+00:00","og_image":[{"url":"https:\/\/caf-rapport-activite.fr\/caf17-2025\/wp-content\/uploads\/sites\/29\/2023\/01\/2026Organigramme-.png"}],"twitter_card":"summary_large_image","twitter_misc":{"Dur\u00e9e de lecture estim\u00e9e":"3 minutes"},"schema":{"@context":"https:\/\/schema.org","@graph":[{"@type":"WebPage","@id":"https:\/\/caf-rapport-activite.fr\/caf17-2025\/rubrique-organisme\/gouvernance\/","url":"https:\/\/caf-rapport-activite.fr\/caf17-2025\/rubrique-organisme\/gouvernance\/","name":"Gouvernance - Caf 17 - 2025","isPartOf":{"@id":"https:\/\/caf-rapport-activite.fr\/caf17-2025\/#website"},"datePublished":"2023-01-19T11:09:16+00:00","dateModified":"2026-04-22T14:46:50+00:00","breadcrumb":{"@id":"https:\/\/caf-rapport-activite.fr\/caf17-2025\/rubrique-organisme\/gouvernance\/#breadcrumb"},"inLanguage":"fr-FR","potentialAction":[{"@type":"ReadAction","target":["https:\/\/caf-rapport-activite.fr\/caf17-2025\/rubrique-organisme\/gouvernance\/"]}]},{"@type":"BreadcrumbList","@id":"https:\/\/caf-rapport-activite.fr\/caf17-2025\/rubrique-organisme\/gouvernance\/#breadcrumb","itemListElement":[{"@type":"ListItem","position":1,"name":"Accueil","item":"https:\/\/caf-rapport-activite.fr\/caf17-2025\/"},{"@type":"ListItem","position":2,"name":"Rubriques","item":"https:\/\/caf-rapport-activite.fr\/caf17-2025\/rubrique-organisme\/"},{"@type":"ListItem","position":3,"name":"Gouvernance"}]},{"@type":"WebSite","@id":"https:\/\/caf-rapport-activite.fr\/caf17-2025\/#website","url":"https:\/\/caf-rapport-activite.fr\/caf17-2025\/","name":"Caf 17 - 2025","description":"","potentialAction":[{"@type":"SearchAction","target":{"@type":"EntryPoint","urlTemplate":"https:\/\/caf-rapport-activite.fr\/caf17-2025\/?s={search_term_string}"},"query-input":"required name=search_term_string"}],"inLanguage":"fr-FR"}]}},"_links":{"self":[{"href":"https:\/\/caf-rapport-activite.fr\/caf17-2025\/wp-json\/wp\/v2\/rubrique-organisme\/241"}],"collection":[{"href":"https:\/\/caf-rapport-activite.fr\/caf17-2025\/wp-json\/wp\/v2\/rubrique-organisme"}],"about":[{"href":"https:\/\/caf-rapport-activite.fr\/caf17-2025\/wp-json\/wp\/v2\/types\/rubrique-organisme"}],"wp:attachment":[{"href":"https:\/\/caf-rapport-activite.fr\/caf17-2025\/wp-json\/wp\/v2\/media?parent=241"}],"curies":[{"name":"wp","href":"https:\/\/api.w.org\/{rel}","templated":true}]}}