{"id":239,"date":"2023-01-19T12:08:17","date_gmt":"2023-01-19T11:08:17","guid":{"rendered":"http:\/\/localhost\/caf\/?post_type=rubrique-organisme&#038;p=239"},"modified":"2026-04-23T17:53:19","modified_gmt":"2026-04-23T15:53:19","slug":"rubrique-3","status":"publish","type":"rubrique-organisme","link":"https:\/\/caf-rapport-activite.fr\/caf17-2025\/rubrique-organisme\/rubrique-3\/","title":{"rendered":"Portrait du territoire"},"content":{"rendered":"\n<h2>Qui sont nos allocataires ?<\/h2>\n\n\n\n<p><\/p>\n\n\n\n<div class=\"is-layout-flex wp-container-3 wp-block-columns alignwide\">\n<div class=\"is-layout-flow wp-block-column\" style=\"flex-basis:39%\">\n<figure class=\"wp-block-image size-large\"><img decoding=\"async\" loading=\"lazy\" width=\"724\" height=\"1024\" src=\"https:\/\/caf-rapport-activite.fr\/caf17-2025\/wp-content\/uploads\/sites\/29\/2023\/01\/2026Allocataire_avec_legende-724x1024.png\" alt=\"\" class=\"wp-image-1843\" srcset=\"https:\/\/caf-rapport-activite.fr\/caf17-2025\/wp-content\/uploads\/sites\/29\/2023\/01\/2026Allocataire_avec_legende-724x1024.png 724w, https:\/\/caf-rapport-activite.fr\/caf17-2025\/wp-content\/uploads\/sites\/29\/2023\/01\/2026Allocataire_avec_legende-212x300.png 212w, https:\/\/caf-rapport-activite.fr\/caf17-2025\/wp-content\/uploads\/sites\/29\/2023\/01\/2026Allocataire_avec_legende-768x1086.png 768w, https:\/\/caf-rapport-activite.fr\/caf17-2025\/wp-content\/uploads\/sites\/29\/2023\/01\/2026Allocataire_avec_legende-1086x1536.png 1086w, https:\/\/caf-rapport-activite.fr\/caf17-2025\/wp-content\/uploads\/sites\/29\/2023\/01\/2026Allocataire_avec_legende-1448x2048.png 1448w, https:\/\/caf-rapport-activite.fr\/caf17-2025\/wp-content\/uploads\/sites\/29\/2023\/01\/2026Allocataire_avec_legende.png 1587w\" sizes=\"(max-width: 724px) 100vw, 724px\" \/><\/figure>\n<\/div>\n\n\n\n<div class=\"is-layout-flow wp-block-column\" style=\"flex-basis:61%\">\n<p>En 2025, la Caf de la Charente-Maritime comptait <strong>119 991 familles allocataires.<\/strong><\/p>\n\n\n\n<p><strong>266 400 personnes sont ainsi couvertes<\/strong> par une aide ou prestation vers\u00e9e par la Caf, ce qui repr\u00e9sente 40,3% des habitants du d\u00e9partement.<\/p>\n\n\n\n<p>Le nombre d\u2019allocataires sans enfant repr\u00e9sente d\u00e9sormais <strong>54%<\/strong> des b\u00e9n\u00e9ficiaires de prestations de la Caf.<\/p>\n\n\n<div class=\"wp-block-image\">\n<figure class=\"aligncenter size-large is-resized\"><img decoding=\"async\" loading=\"lazy\" src=\"https:\/\/caf-rapport-activite.fr\/caf17-2025\/wp-content\/uploads\/sites\/29\/2023\/01\/2026_Allocataires-1024x1024.png\" alt=\"\" class=\"wp-image-1845\" width=\"269\" height=\"269\" srcset=\"https:\/\/caf-rapport-activite.fr\/caf17-2025\/wp-content\/uploads\/sites\/29\/2023\/01\/2026_Allocataires-1024x1024.png 1024w, https:\/\/caf-rapport-activite.fr\/caf17-2025\/wp-content\/uploads\/sites\/29\/2023\/01\/2026_Allocataires-300x300.png 300w, https:\/\/caf-rapport-activite.fr\/caf17-2025\/wp-content\/uploads\/sites\/29\/2023\/01\/2026_Allocataires-150x150.png 150w, https:\/\/caf-rapport-activite.fr\/caf17-2025\/wp-content\/uploads\/sites\/29\/2023\/01\/2026_Allocataires-768x768.png 768w, https:\/\/caf-rapport-activite.fr\/caf17-2025\/wp-content\/uploads\/sites\/29\/2023\/01\/2026_Allocataires.png 1080w\" sizes=\"(max-width: 269px) 100vw, 269px\" \/><\/figure><\/div><\/div>\n<\/div>\n\n\n\n<h2>Acteur local de l&rsquo;observation \u00e9conomique et sociale<\/h2>\n\n\n\n<p>La Branche Famille s&rsquo;est dot\u00e9e d&rsquo;un outil puissant :<strong> <em>Cafdata<\/em>,<\/strong> l&rsquo;Open Data des Allocations familiales. Il s&rsquo;agit de donn\u00e9es statistiques mensuelles, homog\u00e8nes, qui, chaque mois permettent de d\u00e9crire la situation des allocataires, pour chaque mois de droit \/ situation observ\u00e9e avec suffisamment de recul pour \u00eatre consid\u00e9r\u00e9e comme stabilis\u00e9e. <\/p>\n\n\n        <a class=\"acf-block--readmore\" href=\"https:\/\/data.caf.fr\/pages\/accueil-ods\/\" target=\"\">\n            Consulter Data Caf        <\/a>\n    \n\n\n<p>En tant qu\u2019acteur local de l\u2019observation \u00e9conomique et sociale, la Caf publie chaque ann\u00e9e, en compl\u00e9ment du pr\u00e9sent rapport d&rsquo;activit\u00e9, son portrait social. <\/p>\n\n\n\n<p>Le \u00ab Portrait Social \u00bb, \u00e9labor\u00e9 \u00e0 partir de donn\u00e9es d\u00e9finitives issues des fichiers allocataires, consolid\u00e9s 6 mois apr\u00e8s la date d\u2019observation, donne une photographie de la population allocataire en d\u00e9cembre de l&rsquo;ann\u00e9e pr\u00e9c\u00e9dent la publication.<\/p>\n\n\n        <a class=\"acf-block--readmore\" href=\"https:\/\/www.caf.fr\/sites\/default\/files\/medias\/171\/Documents\/PortraitSocial_2024.pdf\" target=\"_blank\">\n            Consulter le Portrait Social &#8211; \u00e9dition 2024        <\/a>\n    \n\n\n<h2>Des projets de territoire<\/h2>\n\n\n\n<div class=\"is-layout-flex wp-container-6 wp-block-columns alignwide\">\n<div class=\"is-layout-flow wp-block-column\" style=\"flex-basis:35%\">\n<figure class=\"wp-block-image size-large\"><img decoding=\"async\" loading=\"lazy\" width=\"724\" height=\"1024\" src=\"https:\/\/caf-rapport-activite.fr\/caf17-2025\/wp-content\/uploads\/sites\/29\/2023\/01\/2026CTG_avec_legende-724x1024.png\" alt=\"\" class=\"wp-image-1846\" srcset=\"https:\/\/caf-rapport-activite.fr\/caf17-2025\/wp-content\/uploads\/sites\/29\/2023\/01\/2026CTG_avec_legende-724x1024.png 724w, https:\/\/caf-rapport-activite.fr\/caf17-2025\/wp-content\/uploads\/sites\/29\/2023\/01\/2026CTG_avec_legende-212x300.png 212w, https:\/\/caf-rapport-activite.fr\/caf17-2025\/wp-content\/uploads\/sites\/29\/2023\/01\/2026CTG_avec_legende-768x1086.png 768w, https:\/\/caf-rapport-activite.fr\/caf17-2025\/wp-content\/uploads\/sites\/29\/2023\/01\/2026CTG_avec_legende-1086x1536.png 1086w, https:\/\/caf-rapport-activite.fr\/caf17-2025\/wp-content\/uploads\/sites\/29\/2023\/01\/2026CTG_avec_legende-1448x2048.png 1448w, https:\/\/caf-rapport-activite.fr\/caf17-2025\/wp-content\/uploads\/sites\/29\/2023\/01\/2026CTG_avec_legende.png 1587w\" sizes=\"(max-width: 724px) 100vw, 724px\" \/><\/figure>\n<\/div>\n\n\n\n<div class=\"is-layout-flow wp-block-column\" style=\"flex-basis:65%\">\n<h4>Les conventions territoriales globales, une d\u00e9marche pour construire un projet social sur le territoire<\/h4>\n\n\n\n<p>La convention territoriale globale (Ctg) est une d\u00e9marche fond\u00e9e sur le partenariat avec la Caf pour renforcer l\u2019efficacit\u00e9, la coh\u00e9rence et la coordination des services mise en place pour les habitants des territoires. <\/p>\n\n\n\n<p>Ces services, d\u00e9finis d\u2019apr\u00e8s un <strong>diagnostic des besoins<\/strong> r\u00e9alis\u00e9 conjointement avec la Caf, couvrent la petite enfance, la jeunesse, le soutien \u00e0 la parentalit\u00e9, l\u2019animation de la vie sociale, l\u2019acc\u00e8s aux droits et l\u2019inclusion num\u00e9rique, le logement, la prise en compte du handicap\u2026 la Ctg permet ainsi de d\u00e9velopper un partenariat beaucoup plus global et int\u00e9gr\u00e9 que le contrat enfance jeunesse.<\/p>\n\n\n\n<p class=\"has-text-align-left\"> Au-del\u00e0 du diagnostic partag\u00e9, ces conventions&nbsp;d\u00e9terminent \u00e9galement, un plan d\u2019actions et une m\u00e9thodologie de d\u00e9ploiement concert\u00e9s. Cela se concr\u00e9tise par le soutien des services et des actions existants mais \u00e9galement l\u2019identification des projets de cr\u00e9ations de nouveaux services.<\/p>\n\n\n\n<p><strong>Les Ctg sont d\u00e9ploy\u00e9es \u00e0 l\u2019\u00e9chelle des&nbsp;\u00e9tablissements publics de coop\u00e9ration intercommunale (Epci).<\/strong> Elles&nbsp;sont \u00e9labor\u00e9es avec les \u00e9lus, partenaires et habitants au plus pr\u00e8s des territoires.<\/p>\n\n\n        <a class=\"acf-block--readmore\" href=\"https:\/\/www.caf.fr\/professionnels\/offres-et-services\/dispositif-partenaires\/convention-territoriale-globale\" target=\"_blank\">\n            En savoir +        <\/a>\n    <\/div>\n<\/div>\n\n\n\n<p>Les Ctg sont d\u00e9ploy\u00e9es \u00e0 l\u2019\u00e9chelle des \u00e9tablissements publics de coop\u00e9ration intercommunale (Epci). L\u2019<strong>entr\u00e9e intercommunale<\/strong> a toute sa pertinence sur un d\u00e9partement car elle permet de valoriser les services aux familles \u00e0 l\u2019\u00e9chelle des <strong>bassins de vie<\/strong> des habitants et d\u2019articuler les offres de services. Ce d\u00e9ploiement a n\u00e9cessit\u00e9 n\u00e9anmoins d\u2019\u00eatre s\u00e9quenc\u00e9 au regard des comp\u00e9tences des 13 Epci.<\/p>\n\n\n\n<p>Au 31 d\u00e9cembre 2025, la d\u00e9marche est d\u00e9ploy\u00e9e sur 12 des 13 Epci. Ce d\u00e9ploiement permet d\u2019atteindre <strong>un taux de couverture habitants de 96%.<\/strong><\/p>\n\n\n\n<ul>\n<li><a href=\"https:\/\/caf-rapport-activite.fr\/caf17-2025\/wp-content\/uploads\/sites\/29\/2025\/03\/2025Fiche_Cda_Caro_V3.pdf\" target=\"_blank\" rel=\"noreferrer noopener nofollow\">Territoire de la communaut\u00e9 d\u2019agglom\u00e9ration Rochefort Oc\u00e9an,<\/a><\/li>\n\n\n\n<li><a href=\"https:\/\/caf-rapport-activite.fr\/caf17-2025\/wp-content\/uploads\/sites\/29\/2025\/03\/2025Fiche_Cda_Royan.pdf\">Territoire de la communaut\u00e9 d\u2019agglom\u00e9ration Royan Atlantique,<\/a><\/li>\n\n\n\n<li><a href=\"https:\/\/caf-rapport-activite.fr\/caf17-2025\/wp-content\/uploads\/sites\/29\/2025\/03\/2025Fiche_Cda_LaRochelle.pdf\" target=\"_blank\" rel=\"noreferrer noopener nofollow\">Territoire de la communaut\u00e9 d\u2019agglom\u00e9ration de la Rochelle,<\/a><\/li>\n\n\n\n<li><a href=\"https:\/\/caf-rapport-activite.fr\/caf17-2025\/wp-content\/uploads\/sites\/29\/2025\/03\/2025Fiche_Cdc_Aunis_Sud.pdf\" target=\"_blank\" rel=\"noreferrer noopener nofollow\">Territoire de la communaut\u00e9 Aunis Sud, incluant la signature du conseil d\u00e9partemental,<\/a><\/li>\n\n\n\n<li><a href=\"https:\/\/caf-rapport-activite.fr\/caf17-2025\/wp-content\/uploads\/sites\/29\/2025\/03\/2025Fiche_Cda_Saintes.pdf\" target=\"_blank\" rel=\"noreferrer noopener nofollow\">Territoire de la communaut\u00e9 d\u2019agglom\u00e9ration de Saintes (Ctg 2\u00e8me g\u00e9n\u00e9ration),<\/a><\/li>\n\n\n\n<li><a href=\"https:\/\/caf-rapport-activite.fr\/caf17-2025\/wp-content\/uploads\/sites\/29\/2025\/03\/2025Fiche_Cdc_Marennes.pdf\" target=\"_blank\" rel=\"noreferrer noopener nofollow\">Territoire de la Communaut\u00e9 de communes du Bassin de Marennes<\/a>,<\/li>\n\n\n\n<li><a href=\"https:\/\/caf-rapport-activite.fr\/caf17-2025\/wp-content\/uploads\/sites\/29\/2025\/03\/2025Fiche_Cdc_CoeurdeSaintonge.pdf\" target=\"_blank\" rel=\"noreferrer noopener nofollow\">Territoire de la communaut\u00e9 de communes de C\u0153ur de Saintonge,<\/a><\/li>\n\n\n\n<li><a href=\"https:\/\/caf-rapport-activite.fr\/caf17-2025\/wp-content\/uploads\/sites\/29\/2025\/03\/2025Fiche_Cdc_Gemozac.pdf\" target=\"_blank\" rel=\"noreferrer noopener nofollow\">Territoire de la communaut\u00e9 de communes de G\u00e9mozac,<\/a><\/li>\n\n\n\n<li><a href=\"https:\/\/caf-rapport-activite.fr\/caf17-2025\/wp-content\/uploads\/sites\/29\/2025\/03\/2025Fiche_Cdc_AunisAtlantique.pdf\" target=\"_blank\" rel=\"noreferrer noopener nofollow\">Territoire de la communaut\u00e9 de communes Aunis atlantique,<\/a><\/li>\n\n\n\n<li><a href=\"https:\/\/caf-rapport-activite.fr\/caf17-2025\/wp-content\/uploads\/sites\/29\/2025\/03\/2025Fiche_Cdc_IledeRe.pdf\" target=\"_blank\" rel=\"noreferrer noopener nofollow\">Territoire de la communaut\u00e9 de communes de l\u2019\u00cele de R\u00e9,<\/a><\/li>\n\n\n\n<li><a href=\"https:\/\/caf-rapport-activite.fr\/caf17-2025\/wp-content\/uploads\/sites\/29\/2025\/03\/2025Fiche_Cdc_IleOleron.pdf\" target=\"_blank\" rel=\"noreferrer noopener nofollow\">Territoire de la communaut\u00e9 de communes de l\u2019\u00cele d\u2019Ol\u00e9ron,<\/a><\/li>\n\n\n\n<li><a href=\"https:\/\/caf-rapport-activite.fr\/caf17-2025\/wp-content\/uploads\/sites\/29\/2025\/03\/2025Fiche_Cdc_Vals-de-Saintonge.pdf\" target=\"_blank\" rel=\"noreferrer noopener nofollow\">Territoire de la communaut\u00e9 de communes des Vals de Saintonge,<\/a><\/li>\n\n\n\n<li><a href=\"https:\/\/caf-rapport-activite.fr\/caf17-2025\/wp-content\/uploads\/sites\/29\/2025\/03\/2025Fiche_Cdc_Haute-Saintonge.pdf\" target=\"_blank\" rel=\"noreferrer noopener nofollow\">Et une contractualisation Caf sur le territoire Haute Saintonge.<\/a><\/li>\n<\/ul>\n\n\n\n<h3>Un levier de r\u00e9ussite essentiel de l\u2019\u00e9laboration et de l\u2019animation des Ctg&nbsp;: le poste de charg\u00e9 de coop\u00e9ration territoriale<\/h3>\n\n\n\n<p>Le poste de charg\u00e9 de coop\u00e9ration territoriale, cofinanc\u00e9 par la Caf et les collectivit\u00e9s, est d\u00e9terminant pour la structuration et l\u2019animation des Conventions Territoriales Globales (Ctg). Aujourd\u2019hui, 71 professionnels (48,6 Etp) \u0153uvrent dans le d\u00e9partement avec un investissement avoisinant 1,1 million d\u2019euros. Ces postes regroupent une fonction de pilotage strat\u00e9gique assurant le suivi et l\u2019\u00e9valuation de la d\u00e9marche, appuy\u00e9e selon la grandeur et la configuration de l\u2019Epci, par des charg\u00e9s de coop\u00e9ration th\u00e9matiques ou infra territoriale.<\/p>\n\n\n\n<h4><strong>Harmonisation des comp\u00e9tences en 2024<\/strong><\/h4>\n\n\n\n<p>L\u2019enjeu majeur de 2024 a \u00e9t\u00e9 d\u2019harmoniser les comp\u00e9tences des charg\u00e9s de coop\u00e9ration territoriale pour r\u00e9pondre pleinement aux exigences du r\u00e9f\u00e9rentiel national. Pour ce faire, la Caf de la Charente-Maritime a renforc\u00e9 l\u2019animation du r\u00e9seau d\u00e9partemental \u00e0 travers <strong>quatre sessions collaboratives<\/strong> :<\/p>\n\n\n\n<ul>\n<li><strong>Session 1 :<\/strong> Permettre aux charg\u00e9s de coop\u00e9ration territoriale de s\u2019approprier le nouveau Sch\u00e9ma d\u00e9partemental des services aux familles 2023-2028.<\/li>\n\n\n\n<li><strong>Session 2 :<\/strong> \u00c9changer sur l\u2019articulation entre politiques \u00e9ducatives locales et coop\u00e9ration territoriale \u00e0 l\u2019\u00e9chelle de l\u2019Epci, avec l\u2019intervention d\u2019Arthur DROUAUD des Services D\u00e9partementaux \u00e0 la Jeunesse, \u00e0 l\u2019Engagement et aux Sports (SDJES), pr\u00e9sentation du plan le plan d\u2019action national pour l\u2019\u00e9cole maternelle par Olivier ROUSSEL et retours sur des initiatives en sant\u00e9 environnementale et transition \u00e9cologique.<\/li>\n\n\n\n<li><strong>Session 3 :<\/strong> Un temps d\u00e9di\u00e9 aux charg\u00e9s de coop\u00e9ration strat\u00e9gique pour aborder le d\u00e9ploiement du Service public de la petite enfance et clarifier leur r\u00f4le dans la d\u00e9marche.<\/li>\n\n\n\n<li><strong>Session 4 :<\/strong> Un retour d\u2019exp\u00e9rience complet avec bilan annuel, perspectives du r\u00e9seau et discussions sur les supports de communication des conventions territoriales globales (Ctg).<\/li>\n<\/ul>\n\n\n\n<p>\u00c9tant donn\u00e9 que le territoire d\u00e9partemental est quasiment enti\u00e8rement couvert par la Ctg, il a paru pertinent de compl\u00e9ter les \u00e9changes de pratiques par une action de renforcement des comp\u00e9tences. <strong>Une formation <\/strong>financ\u00e9e par la Caf a permis d\u2019<strong>approfondir la notion de r\u00e9seau,<\/strong> ses outils d\u2019analyse et son pilotage, renfor\u00e7ant ainsi l\u2019\u00e9change de pratiques et la mont\u00e9e en comp\u00e9tences.<\/p>\n\n\n\n<h4><strong>Innovation et collaboration<\/strong><\/h4>\n\n\n\n<p><strong>L\u2019ouverture d\u2019un <em>Teams&nbsp;<\/em><\/strong>plateforme collaborative qui facilite le travail \u00e0 distance et en temps r\u00e9el entre les charg\u00e9s de conseil et de d\u00e9veloppement Caf et les charg\u00e9s de coop\u00e9ration strat\u00e9gique. Elle permet notamment de centraliser les \u00e9changes, mutualiser les pratiques et partager des ressources.<\/p>\n\n\n\n<p>Et en parall\u00e8le<strong> \u00ab La Ctg dans ma poche \u00bb<\/strong> :<\/p>\n\n\n\n<p>L\u2019exp\u00e9rimentation de l\u2019outil num\u00e9rique Cnaf \u00ab <em>La Ctg dans ma poche <\/em>\u00bb marque une avanc\u00e9e innovante dans le suivi des plans d\u2019action des Ctg. Cet outil offre :<\/p>\n\n\n\n<ul>\n<li>Une <strong>feuille de route compl\u00e8te et r\u00e9troplanning interactif<\/strong><br>Pour suivre en temps r\u00e9el les objectifs et l\u2019avancement des actions.<\/li>\n\n\n\n<li>Une <strong>collaboration instantan\u00e9e<\/strong><br>Facilit\u00e9e par une \u00e9quipe Teams anim\u00e9e par les charg\u00e9s de conseil et de d\u00e9veloppement de la CAF ainsi que par les charg\u00e9s de coop\u00e9ration strat\u00e9gique.<\/li>\n\n\n\n<li>Une<strong> diffusion d\u2019actualit\u00e9s et supports de communication<\/strong><br>Pour partager les bonnes pratiques et valoriser les actions r\u00e9alis\u00e9es.<\/li>\n<\/ul>\n\n\n        <a class=\"acf-block--readmore\" href=\"https:\/\/www.caf.fr\/sites\/default\/files\/medias\/171\/Documents\/Collectivit%C3%A9s%20locales\/R%C3%A9f%C3%A9rentiel%20national%20Charg%C3%A9%20de%20coop%C3%A9ration.pdf\" target=\"_blank\">\n            Le poste de charg\u00e9.e de coop\u00e9ration        <\/a>\n    ","protected":false},"featured_media":0,"template":"","yoast_head":"<!-- This site is optimized with the Yoast SEO plugin v19.11 - https:\/\/yoast.com\/wordpress\/plugins\/seo\/ -->\n<title>Portrait du territoire - Caf 17 - 2025<\/title>\n<meta name=\"robots\" content=\"index, follow, max-snippet:-1, max-image-preview:large, max-video-preview:-1\" \/>\n<link rel=\"canonical\" href=\"https:\/\/caf-rapport-activite.fr\/caf17-2025\/rubrique-organisme\/rubrique-3\/\" \/>\n<meta property=\"og:locale\" content=\"fr_FR\" \/>\n<meta property=\"og:type\" content=\"article\" \/>\n<meta property=\"og:title\" content=\"Portrait du territoire - Caf 17 - 2025\" \/>\n<meta property=\"og:description\" content=\"Qui sont nos allocataires ? En 2025, la Caf de la Charente-Maritime comptait 119 991 familles allocataires. 266 400 personnes [&hellip;]\" \/>\n<meta property=\"og:url\" content=\"https:\/\/caf-rapport-activite.fr\/caf17-2025\/rubrique-organisme\/rubrique-3\/\" \/>\n<meta property=\"og:site_name\" content=\"Caf 17 - 2025\" \/>\n<meta property=\"article:modified_time\" content=\"2026-04-23T15:53:19+00:00\" \/>\n<meta property=\"og:image\" content=\"https:\/\/caf-rapport-activite.fr\/caf17-2025\/wp-content\/uploads\/sites\/29\/2023\/01\/2026Allocataire_avec_legende-724x1024.png\" \/>\n<meta name=\"twitter:card\" content=\"summary_large_image\" \/>\n<meta name=\"twitter:label1\" content=\"Dur\u00e9e de lecture estim\u00e9e\" \/>\n\t<meta name=\"twitter:data1\" content=\"6 minutes\" \/>\n<script type=\"application\/ld+json\" class=\"yoast-schema-graph\">{\"@context\":\"https:\/\/schema.org\",\"@graph\":[{\"@type\":\"WebPage\",\"@id\":\"https:\/\/caf-rapport-activite.fr\/caf17-2025\/rubrique-organisme\/rubrique-3\/\",\"url\":\"https:\/\/caf-rapport-activite.fr\/caf17-2025\/rubrique-organisme\/rubrique-3\/\",\"name\":\"Portrait du territoire - Caf 17 - 2025\",\"isPartOf\":{\"@id\":\"https:\/\/caf-rapport-activite.fr\/caf17-2025\/#website\"},\"datePublished\":\"2023-01-19T11:08:17+00:00\",\"dateModified\":\"2026-04-23T15:53:19+00:00\",\"breadcrumb\":{\"@id\":\"https:\/\/caf-rapport-activite.fr\/caf17-2025\/rubrique-organisme\/rubrique-3\/#breadcrumb\"},\"inLanguage\":\"fr-FR\",\"potentialAction\":[{\"@type\":\"ReadAction\",\"target\":[\"https:\/\/caf-rapport-activite.fr\/caf17-2025\/rubrique-organisme\/rubrique-3\/\"]}]},{\"@type\":\"BreadcrumbList\",\"@id\":\"https:\/\/caf-rapport-activite.fr\/caf17-2025\/rubrique-organisme\/rubrique-3\/#breadcrumb\",\"itemListElement\":[{\"@type\":\"ListItem\",\"position\":1,\"name\":\"Accueil\",\"item\":\"https:\/\/caf-rapport-activite.fr\/caf17-2025\/\"},{\"@type\":\"ListItem\",\"position\":2,\"name\":\"Rubriques\",\"item\":\"https:\/\/caf-rapport-activite.fr\/caf17-2025\/rubrique-organisme\/\"},{\"@type\":\"ListItem\",\"position\":3,\"name\":\"Portrait du territoire\"}]},{\"@type\":\"WebSite\",\"@id\":\"https:\/\/caf-rapport-activite.fr\/caf17-2025\/#website\",\"url\":\"https:\/\/caf-rapport-activite.fr\/caf17-2025\/\",\"name\":\"Caf 17 - 2025\",\"description\":\"\",\"potentialAction\":[{\"@type\":\"SearchAction\",\"target\":{\"@type\":\"EntryPoint\",\"urlTemplate\":\"https:\/\/caf-rapport-activite.fr\/caf17-2025\/?s={search_term_string}\"},\"query-input\":\"required name=search_term_string\"}],\"inLanguage\":\"fr-FR\"}]}<\/script>\n<!-- \/ Yoast SEO plugin. -->","yoast_head_json":{"title":"Portrait du territoire - Caf 17 - 2025","robots":{"index":"index","follow":"follow","max-snippet":"max-snippet:-1","max-image-preview":"max-image-preview:large","max-video-preview":"max-video-preview:-1"},"canonical":"https:\/\/caf-rapport-activite.fr\/caf17-2025\/rubrique-organisme\/rubrique-3\/","og_locale":"fr_FR","og_type":"article","og_title":"Portrait du territoire - Caf 17 - 2025","og_description":"Qui sont nos allocataires ? En 2025, la Caf de la Charente-Maritime comptait 119 991 familles allocataires. 266 400 personnes [&hellip;]","og_url":"https:\/\/caf-rapport-activite.fr\/caf17-2025\/rubrique-organisme\/rubrique-3\/","og_site_name":"Caf 17 - 2025","article_modified_time":"2026-04-23T15:53:19+00:00","og_image":[{"url":"https:\/\/caf-rapport-activite.fr\/caf17-2025\/wp-content\/uploads\/sites\/29\/2023\/01\/2026Allocataire_avec_legende-724x1024.png"}],"twitter_card":"summary_large_image","twitter_misc":{"Dur\u00e9e de lecture estim\u00e9e":"6 minutes"},"schema":{"@context":"https:\/\/schema.org","@graph":[{"@type":"WebPage","@id":"https:\/\/caf-rapport-activite.fr\/caf17-2025\/rubrique-organisme\/rubrique-3\/","url":"https:\/\/caf-rapport-activite.fr\/caf17-2025\/rubrique-organisme\/rubrique-3\/","name":"Portrait du territoire - Caf 17 - 2025","isPartOf":{"@id":"https:\/\/caf-rapport-activite.fr\/caf17-2025\/#website"},"datePublished":"2023-01-19T11:08:17+00:00","dateModified":"2026-04-23T15:53:19+00:00","breadcrumb":{"@id":"https:\/\/caf-rapport-activite.fr\/caf17-2025\/rubrique-organisme\/rubrique-3\/#breadcrumb"},"inLanguage":"fr-FR","potentialAction":[{"@type":"ReadAction","target":["https:\/\/caf-rapport-activite.fr\/caf17-2025\/rubrique-organisme\/rubrique-3\/"]}]},{"@type":"BreadcrumbList","@id":"https:\/\/caf-rapport-activite.fr\/caf17-2025\/rubrique-organisme\/rubrique-3\/#breadcrumb","itemListElement":[{"@type":"ListItem","position":1,"name":"Accueil","item":"https:\/\/caf-rapport-activite.fr\/caf17-2025\/"},{"@type":"ListItem","position":2,"name":"Rubriques","item":"https:\/\/caf-rapport-activite.fr\/caf17-2025\/rubrique-organisme\/"},{"@type":"ListItem","position":3,"name":"Portrait du territoire"}]},{"@type":"WebSite","@id":"https:\/\/caf-rapport-activite.fr\/caf17-2025\/#website","url":"https:\/\/caf-rapport-activite.fr\/caf17-2025\/","name":"Caf 17 - 2025","description":"","potentialAction":[{"@type":"SearchAction","target":{"@type":"EntryPoint","urlTemplate":"https:\/\/caf-rapport-activite.fr\/caf17-2025\/?s={search_term_string}"},"query-input":"required name=search_term_string"}],"inLanguage":"fr-FR"}]}},"_links":{"self":[{"href":"https:\/\/caf-rapport-activite.fr\/caf17-2025\/wp-json\/wp\/v2\/rubrique-organisme\/239"}],"collection":[{"href":"https:\/\/caf-rapport-activite.fr\/caf17-2025\/wp-json\/wp\/v2\/rubrique-organisme"}],"about":[{"href":"https:\/\/caf-rapport-activite.fr\/caf17-2025\/wp-json\/wp\/v2\/types\/rubrique-organisme"}],"wp:attachment":[{"href":"https:\/\/caf-rapport-activite.fr\/caf17-2025\/wp-json\/wp\/v2\/media?parent=239"}],"curies":[{"name":"wp","href":"https:\/\/api.w.org\/{rel}","templated":true}]}}