{"id":1176,"date":"2024-05-02T15:57:31","date_gmt":"2024-05-02T13:57:31","guid":{"rendered":"https:\/\/caf-rapport-activite.fr\/caf17-2023\/?post_type=temp-fort&#038;p=1176"},"modified":"2024-07-29T17:16:17","modified_gmt":"2024-07-29T15:16:17","slug":"une-convention-territoriale-globale-avec-la-rochelle","status":"publish","type":"temp-fort","link":"https:\/\/caf-rapport-activite.fr\/caf17-2023\/temp-fort\/une-convention-territoriale-globale-avec-la-rochelle\/","title":{"rendered":"Une Convention Territoriale Globale avec la Cda de La Rochelle"},"content":{"rendered":"\n<p>\ud835\ude50\ud835\ude63\ud835\ude5a \ud835\ude58\ud835\ude64\ud835\ude63\ud835\ude6b\ud835\ude5a\ud835\ude63\ud835\ude69\ud835\ude5e\ud835\ude64\ud835\ude63 \ud835\ude65\ud835\ude64\ud835\ude6a\ud835\ude67 \ud835\ude56\ud835\ude62\ud835\ude5a\u0301\ud835\ude61\ud835\ude5e\ud835\ude64\ud835\ude67\ud835\ude5a\ud835\ude67 \ud835\ude61\ud835\ude5a\ud835\ude68 \ud835\ude68\ud835\ude5a\ud835\ude67\ud835\ude6b\ud835\ude5e\ud835\ude58\ud835\ude5a\ud835\ude68 \ud835\ude56\ud835\ude6a\ud835\ude6d \ud835\ude5b\ud835\ude56\ud835\ude62\ud835\ude5e\ud835\ude61\ud835\ude61\ud835\ude5a\ud835\ude68 \ud835\ude65\ud835\ude64\ud835\ude6a\ud835\ude67 175 000 \ud835\ude5d\ud835\ude56\ud835\ude57\ud835\ude5e\ud835\ude69\ud835\ude56\ud835\ude63\ud835\ude69\ud835\ude68 !<\/p>\n\n\n\n<p>Le 21 d\u00e9cembre dernier, la\u00a0Caf de la Charente-Maritime\u00a0et\u00a0<a href=\"https:\/\/www.linkedin.com\/company\/communaute-d-agglomeration-de-la-rochelle\/\">La Rochelle Agglo<\/a>\u00a0ont sign\u00e9 une convention territoriale globale visant \u00e0 d\u00e9velopper les services aux familles sur le territoire de l&rsquo;agglom\u00e9ration.<\/p>\n\n\n\n<p>\ud83c\udfaf 5 th\u00e9matiques de coop\u00e9ration ont \u00e9t\u00e9 d\u00e9finies<br>\u2714Accueillir les tout-petits et leurs parents : apporter des r\u00e9ponses plurielles aux besoins d\u2019accueil des familles quel que soit leur lieu de r\u00e9sidence.<br>\u2714Accueillir les enfants et leurs parents : Faciliter l\u2019acc\u00e8s \u00e0 une offre \u00e9ducative vari\u00e9e et de qualit\u00e9 pour tous les enfants quel que soit leur lieu de r\u00e9sidence, y compris les enfants en situation de handicap.<br>\u2714Accompagner les jeunes (15-25 ans) et leurs parents : favoriser l\u2019installation des jeunes dans la vie sociale, dans l\u2019emploi et dans le logement sur l\u2019ensemble des communes de l\u2019agglom\u00e9ration.<br>\u2714Accueillir les familles \u00e0 besoins sp\u00e9cifiques : apporter des r\u00e9ponses adapt\u00e9es et p\u00e9rennes \u00e0 toutes les familles y compris les plus fragiles, sur toutes les communes de l\u2019agglom\u00e9ration.<br>\u2714Vivre et habiter l\u2019Agglom\u00e9ration de La Rochelle : encourager les habitants dans leurs engagements solidaire et \u00e9coresponsable du quotidien.<\/p>\n\n\n\n<p>\ud83d\udd0eQuelques exemples d\u2019actions \u00e0 mener dans le cadre de la convention<\/p>\n\n\n\n<ul>\n<li>Organiser et animer des r\u00e9seaux de professionnels en petite enfance, enfance jeunesse et parentalit\u00e9<\/li>\n\n\n\n<li>Cr\u00e9er un portail familles, un lieu d\u00e9di\u00e9 \u00e0 l\u2019accueil et des antennes de proximit\u00e9<\/li>\n\n\n\n<li>Organiser la semaine de la petite enfance \u00e0 l\u2019\u00e9chelle de l\u2019Agglom\u00e9ration<\/li>\n\n\n\n<li>Mettre en place une brigade volante de remplacement sur les m\u00e9tiers de l\u2019animation<\/li>\n\n\n\n<li>Renforcer la communication autour de\u00a0<a href=\"https:\/\/www.linkedin.com\/in\/ACoAAEgmQL0BXYmkj97qwbl8cjlDuz4F1DRc-Eo\">La Boussole des jeunes<\/a><\/li>\n\n\n\n<li>Cr\u00e9er un groupe de travail sur l\u2019adaptation des locaux aux besoins des publics et des enjeux environnementaux.<\/li>\n<\/ul>\n\n\n\n<figure class=\"is-layout-flex wp-block-gallery-1 wp-block-gallery has-nested-images columns-default is-cropped\">\n<figure class=\"wp-block-image size-large\"><img decoding=\"async\" loading=\"lazy\" width=\"768\" height=\"1024\" data-id=\"1297\"  src=\"https:\/\/caf-rapport-activite.fr\/caf17-2023\/wp-content\/uploads\/sites\/15\/2024\/07\/Signature_CTG_LaRochelle_21122023-5-768x1024.jpg\" alt=\"\" class=\"wp-image-1297\" srcset=\"https:\/\/caf-rapport-activite.fr\/caf17-2023\/wp-content\/uploads\/sites\/15\/2024\/07\/Signature_CTG_LaRochelle_21122023-5-768x1024.jpg 768w, https:\/\/caf-rapport-activite.fr\/caf17-2023\/wp-content\/uploads\/sites\/15\/2024\/07\/Signature_CTG_LaRochelle_21122023-5-225x300.jpg 225w, https:\/\/caf-rapport-activite.fr\/caf17-2023\/wp-content\/uploads\/sites\/15\/2024\/07\/Signature_CTG_LaRochelle_21122023-5-1152x1536.jpg 1152w, https:\/\/caf-rapport-activite.fr\/caf17-2023\/wp-content\/uploads\/sites\/15\/2024\/07\/Signature_CTG_LaRochelle_21122023-5-1536x2048.jpg 1536w, https:\/\/caf-rapport-activite.fr\/caf17-2023\/wp-content\/uploads\/sites\/15\/2024\/07\/Signature_CTG_LaRochelle_21122023-5-scaled.jpg 1920w\" sizes=\"(max-width: 768px) 100vw, 768px\" \/><\/figure>\n\n\n\n<figure class=\"wp-block-image size-large\"><img decoding=\"async\" loading=\"lazy\" width=\"1024\" height=\"576\" data-id=\"1295\"  src=\"https:\/\/caf-rapport-activite.fr\/caf17-2023\/wp-content\/uploads\/sites\/15\/2024\/07\/Signature_CTG_LaRochelle_21122023-2-1024x576.jpg\" alt=\"\" class=\"wp-image-1295\" srcset=\"https:\/\/caf-rapport-activite.fr\/caf17-2023\/wp-content\/uploads\/sites\/15\/2024\/07\/Signature_CTG_LaRochelle_21122023-2-1024x576.jpg 1024w, https:\/\/caf-rapport-activite.fr\/caf17-2023\/wp-content\/uploads\/sites\/15\/2024\/07\/Signature_CTG_LaRochelle_21122023-2-300x169.jpg 300w, https:\/\/caf-rapport-activite.fr\/caf17-2023\/wp-content\/uploads\/sites\/15\/2024\/07\/Signature_CTG_LaRochelle_21122023-2-768x432.jpg 768w, https:\/\/caf-rapport-activite.fr\/caf17-2023\/wp-content\/uploads\/sites\/15\/2024\/07\/Signature_CTG_LaRochelle_21122023-2-1536x864.jpg 1536w, https:\/\/caf-rapport-activite.fr\/caf17-2023\/wp-content\/uploads\/sites\/15\/2024\/07\/Signature_CTG_LaRochelle_21122023-2-2048x1152.jpg 2048w\" sizes=\"(max-width: 1024px) 100vw, 1024px\" \/><\/figure>\n\n\n\n<figure class=\"wp-block-image size-large\"><img decoding=\"async\" loading=\"lazy\" width=\"837\" height=\"1024\" data-id=\"1293\"  src=\"https:\/\/caf-rapport-activite.fr\/caf17-2023\/wp-content\/uploads\/sites\/15\/2024\/07\/Signature_CTG_LaRochelle_21122023-1-837x1024.jpg\" alt=\"\" class=\"wp-image-1293\" srcset=\"https:\/\/caf-rapport-activite.fr\/caf17-2023\/wp-content\/uploads\/sites\/15\/2024\/07\/Signature_CTG_LaRochelle_21122023-1-837x1024.jpg 837w, https:\/\/caf-rapport-activite.fr\/caf17-2023\/wp-content\/uploads\/sites\/15\/2024\/07\/Signature_CTG_LaRochelle_21122023-1-245x300.jpg 245w, https:\/\/caf-rapport-activite.fr\/caf17-2023\/wp-content\/uploads\/sites\/15\/2024\/07\/Signature_CTG_LaRochelle_21122023-1-768x940.jpg 768w, https:\/\/caf-rapport-activite.fr\/caf17-2023\/wp-content\/uploads\/sites\/15\/2024\/07\/Signature_CTG_LaRochelle_21122023-1-1255x1536.jpg 1255w, https:\/\/caf-rapport-activite.fr\/caf17-2023\/wp-content\/uploads\/sites\/15\/2024\/07\/Signature_CTG_LaRochelle_21122023-1.jpg 1672w\" sizes=\"(max-width: 837px) 100vw, 837px\" \/><\/figure>\n\n\n\n<figure class=\"wp-block-image size-large\"><img decoding=\"async\" loading=\"lazy\" width=\"1024\" height=\"595\" data-id=\"1294\"  src=\"https:\/\/caf-rapport-activite.fr\/caf17-2023\/wp-content\/uploads\/sites\/15\/2024\/07\/Signature_CTG_LaRochelle_21122023-7-1024x595.jpg\" alt=\"\" class=\"wp-image-1294\" srcset=\"https:\/\/caf-rapport-activite.fr\/caf17-2023\/wp-content\/uploads\/sites\/15\/2024\/07\/Signature_CTG_LaRochelle_21122023-7-1024x595.jpg 1024w, https:\/\/caf-rapport-activite.fr\/caf17-2023\/wp-content\/uploads\/sites\/15\/2024\/07\/Signature_CTG_LaRochelle_21122023-7-300x174.jpg 300w, https:\/\/caf-rapport-activite.fr\/caf17-2023\/wp-content\/uploads\/sites\/15\/2024\/07\/Signature_CTG_LaRochelle_21122023-7-768x446.jpg 768w, https:\/\/caf-rapport-activite.fr\/caf17-2023\/wp-content\/uploads\/sites\/15\/2024\/07\/Signature_CTG_LaRochelle_21122023-7-1536x893.jpg 1536w, https:\/\/caf-rapport-activite.fr\/caf17-2023\/wp-content\/uploads\/sites\/15\/2024\/07\/Signature_CTG_LaRochelle_21122023-7-2048x1190.jpg 2048w\" sizes=\"(max-width: 1024px) 100vw, 1024px\" \/><\/figure>\n\n\n\n<figure class=\"wp-block-image size-large\"><img decoding=\"async\" loading=\"lazy\" width=\"1024\" height=\"758\" data-id=\"1296\"  src=\"https:\/\/caf-rapport-activite.fr\/caf17-2023\/wp-content\/uploads\/sites\/15\/2024\/07\/Signature_CTG_LaRochelle_21122023-4-1024x758.jpg\" alt=\"\" class=\"wp-image-1296\" srcset=\"https:\/\/caf-rapport-activite.fr\/caf17-2023\/wp-content\/uploads\/sites\/15\/2024\/07\/Signature_CTG_LaRochelle_21122023-4-1024x758.jpg 1024w, https:\/\/caf-rapport-activite.fr\/caf17-2023\/wp-content\/uploads\/sites\/15\/2024\/07\/Signature_CTG_LaRochelle_21122023-4-300x222.jpg 300w, https:\/\/caf-rapport-activite.fr\/caf17-2023\/wp-content\/uploads\/sites\/15\/2024\/07\/Signature_CTG_LaRochelle_21122023-4-768x568.jpg 768w, https:\/\/caf-rapport-activite.fr\/caf17-2023\/wp-content\/uploads\/sites\/15\/2024\/07\/Signature_CTG_LaRochelle_21122023-4-1536x1137.jpg 1536w, https:\/\/caf-rapport-activite.fr\/caf17-2023\/wp-content\/uploads\/sites\/15\/2024\/07\/Signature_CTG_LaRochelle_21122023-4-2048x1516.jpg 2048w\" sizes=\"(max-width: 1024px) 100vw, 1024px\" \/><\/figure>\n<\/figure>\n","protected":false},"excerpt":{"rendered":"<p>\ud835\ude50\ud835\ude63\ud835\ude5a \ud835\ude58\ud835\ude64\ud835\ude63\ud835\ude6b\ud835\ude5a\ud835\ude63\ud835\ude69\ud835\ude5e\ud835\ude64\ud835\ude63 \ud835\ude65\ud835\ude64\ud835\ude6a\ud835\ude67 \ud835\ude56\ud835\ude62\ud835\ude5a\u0301\ud835\ude61\ud835\ude5e\ud835\ude64\ud835\ude67\ud835\ude5a\ud835\ude67 \ud835\ude61\ud835\ude5a\ud835\ude68 \ud835\ude68\ud835\ude5a\ud835\ude67\ud835\ude6b\ud835\ude5e\ud835\ude58\ud835\ude5a\ud835\ude68 \ud835\ude56\ud835\ude6a\ud835\ude6d \ud835\ude5b\ud835\ude56\ud835\ude62\ud835\ude5e\ud835\ude61\ud835\ude61\ud835\ude5a\ud835\ude68 \ud835\ude65\ud835\ude64\ud835\ude6a\ud835\ude67 175 000 \ud835\ude5d\ud835\ude56\ud835\ude57\ud835\ude5e\ud835\ude69\ud835\ude56\ud835\ude63\ud835\ude69\ud835\ude68 ! Le 21 d\u00e9cembre dernier, la\u00a0Caf de la [&hellip;]<\/p>\n","protected":false},"featured_media":1177,"parent":0,"menu_order":4,"template":"","activite":[5,6,2],"yoast_head":"<!-- This site is optimized with the Yoast SEO plugin v19.11 - https:\/\/yoast.com\/wordpress\/plugins\/seo\/ -->\n<title>Une Convention Territoriale Globale avec La Rochelle<\/title>\n<meta name=\"description\" content=\"Le 21 d\u00e9cembre dernier, la\u00a0Caf de la Charente-Maritime\u00a0et\u00a0La Rochelle Agglo\u00a0ont sign\u00e9 une convention territoriale globale visant \u00e0 d\u00e9velopper les services aux familles sur le territoire de l&#039;agglom\u00e9ration.\" \/>\n<meta name=\"robots\" content=\"index, follow, max-snippet:-1, max-image-preview:large, max-video-preview:-1\" \/>\n<link rel=\"canonical\" href=\"https:\/\/caf-rapport-activite.fr\/caf17-2023\/temp-fort\/une-convention-territoriale-globale-avec-la-rochelle\/\" \/>\n<meta property=\"og:locale\" content=\"fr_FR\" \/>\n<meta property=\"og:type\" content=\"article\" \/>\n<meta property=\"og:title\" content=\"Une Convention Territoriale Globale avec La Rochelle\" \/>\n<meta property=\"og:description\" content=\"Le 21 d\u00e9cembre dernier, la\u00a0Caf de la Charente-Maritime\u00a0et\u00a0La Rochelle Agglo\u00a0ont sign\u00e9 une convention territoriale globale visant \u00e0 d\u00e9velopper les services aux familles sur le territoire de l&#039;agglom\u00e9ration.\" \/>\n<meta property=\"og:url\" content=\"https:\/\/caf-rapport-activite.fr\/caf17-2023\/temp-fort\/une-convention-territoriale-globale-avec-la-rochelle\/\" \/>\n<meta property=\"og:site_name\" content=\"Caf17 - 2023\" \/>\n<meta property=\"article:modified_time\" content=\"2024-07-29T15:16:17+00:00\" \/>\n<meta property=\"og:image\" content=\"https:\/\/caf-rapport-activite.fr\/caf17-2023\/wp-content\/uploads\/sites\/15\/2024\/05\/1703241528252.jpg\" \/>\n\t<meta property=\"og:image:width\" content=\"1280\" \/>\n\t<meta property=\"og:image:height\" content=\"1707\" \/>\n\t<meta property=\"og:image:type\" content=\"image\/jpeg\" \/>\n<meta name=\"twitter:card\" content=\"summary_large_image\" \/>\n<meta name=\"twitter:label1\" content=\"Dur\u00e9e de lecture estim\u00e9e\" \/>\n\t<meta name=\"twitter:data1\" content=\"3 minutes\" \/>\n<script type=\"application\/ld+json\" class=\"yoast-schema-graph\">{\"@context\":\"https:\/\/schema.org\",\"@graph\":[{\"@type\":\"WebPage\",\"@id\":\"https:\/\/caf-rapport-activite.fr\/caf17-2023\/temp-fort\/une-convention-territoriale-globale-avec-la-rochelle\/\",\"url\":\"https:\/\/caf-rapport-activite.fr\/caf17-2023\/temp-fort\/une-convention-territoriale-globale-avec-la-rochelle\/\",\"name\":\"Une Convention Territoriale Globale avec La Rochelle\",\"isPartOf\":{\"@id\":\"https:\/\/caf-rapport-activite.fr\/caf17-2023\/#website\"},\"datePublished\":\"2024-05-02T13:57:31+00:00\",\"dateModified\":\"2024-07-29T15:16:17+00:00\",\"description\":\"Le 21 d\u00e9cembre dernier, la\u00a0Caf de la Charente-Maritime\u00a0et\u00a0La Rochelle Agglo\u00a0ont sign\u00e9 une convention territoriale globale visant \u00e0 d\u00e9velopper les services aux familles sur le territoire de l'agglom\u00e9ration.\",\"breadcrumb\":{\"@id\":\"https:\/\/caf-rapport-activite.fr\/caf17-2023\/temp-fort\/une-convention-territoriale-globale-avec-la-rochelle\/#breadcrumb\"},\"inLanguage\":\"fr-FR\",\"potentialAction\":[{\"@type\":\"ReadAction\",\"target\":[\"https:\/\/caf-rapport-activite.fr\/caf17-2023\/temp-fort\/une-convention-territoriale-globale-avec-la-rochelle\/\"]}]},{\"@type\":\"BreadcrumbList\",\"@id\":\"https:\/\/caf-rapport-activite.fr\/caf17-2023\/temp-fort\/une-convention-territoriale-globale-avec-la-rochelle\/#breadcrumb\",\"itemListElement\":[{\"@type\":\"ListItem\",\"position\":1,\"name\":\"Accueil\",\"item\":\"https:\/\/caf-rapport-activite.fr\/caf17-2023\/\"},{\"@type\":\"ListItem\",\"position\":2,\"name\":\"Temps forts\",\"item\":\"https:\/\/caf-rapport-activite.fr\/caf17-2023\/temp-fort\/\"},{\"@type\":\"ListItem\",\"position\":3,\"name\":\"Une Convention Territoriale Globale avec la Cda de La Rochelle\"}]},{\"@type\":\"WebSite\",\"@id\":\"https:\/\/caf-rapport-activite.fr\/caf17-2023\/#website\",\"url\":\"https:\/\/caf-rapport-activite.fr\/caf17-2023\/\",\"name\":\"Caf17 - 2023\",\"description\":\"\",\"potentialAction\":[{\"@type\":\"SearchAction\",\"target\":{\"@type\":\"EntryPoint\",\"urlTemplate\":\"https:\/\/caf-rapport-activite.fr\/caf17-2023\/?s={search_term_string}\"},\"query-input\":\"required name=search_term_string\"}],\"inLanguage\":\"fr-FR\"}]}<\/script>\n<!-- \/ Yoast SEO plugin. -->","yoast_head_json":{"title":"Une Convention Territoriale Globale avec La Rochelle","description":"Le 21 d\u00e9cembre dernier, la\u00a0Caf de la Charente-Maritime\u00a0et\u00a0La Rochelle Agglo\u00a0ont sign\u00e9 une convention territoriale globale visant \u00e0 d\u00e9velopper les services aux familles sur le territoire de l'agglom\u00e9ration.","robots":{"index":"index","follow":"follow","max-snippet":"max-snippet:-1","max-image-preview":"max-image-preview:large","max-video-preview":"max-video-preview:-1"},"canonical":"https:\/\/caf-rapport-activite.fr\/caf17-2023\/temp-fort\/une-convention-territoriale-globale-avec-la-rochelle\/","og_locale":"fr_FR","og_type":"article","og_title":"Une Convention Territoriale Globale avec La Rochelle","og_description":"Le 21 d\u00e9cembre dernier, la\u00a0Caf de la Charente-Maritime\u00a0et\u00a0La Rochelle Agglo\u00a0ont sign\u00e9 une convention territoriale globale visant \u00e0 d\u00e9velopper les services aux familles sur le territoire de l'agglom\u00e9ration.","og_url":"https:\/\/caf-rapport-activite.fr\/caf17-2023\/temp-fort\/une-convention-territoriale-globale-avec-la-rochelle\/","og_site_name":"Caf17 - 2023","article_modified_time":"2024-07-29T15:16:17+00:00","og_image":[{"width":1280,"height":1707,"url":"https:\/\/caf-rapport-activite.fr\/caf17-2023\/wp-content\/uploads\/sites\/15\/2024\/05\/1703241528252.jpg","type":"image\/jpeg"}],"twitter_card":"summary_large_image","twitter_misc":{"Dur\u00e9e de lecture estim\u00e9e":"3 minutes"},"schema":{"@context":"https:\/\/schema.org","@graph":[{"@type":"WebPage","@id":"https:\/\/caf-rapport-activite.fr\/caf17-2023\/temp-fort\/une-convention-territoriale-globale-avec-la-rochelle\/","url":"https:\/\/caf-rapport-activite.fr\/caf17-2023\/temp-fort\/une-convention-territoriale-globale-avec-la-rochelle\/","name":"Une Convention Territoriale Globale avec La Rochelle","isPartOf":{"@id":"https:\/\/caf-rapport-activite.fr\/caf17-2023\/#website"},"datePublished":"2024-05-02T13:57:31+00:00","dateModified":"2024-07-29T15:16:17+00:00","description":"Le 21 d\u00e9cembre dernier, la\u00a0Caf de la Charente-Maritime\u00a0et\u00a0La Rochelle Agglo\u00a0ont sign\u00e9 une convention territoriale globale visant \u00e0 d\u00e9velopper les services aux familles sur le territoire de l'agglom\u00e9ration.","breadcrumb":{"@id":"https:\/\/caf-rapport-activite.fr\/caf17-2023\/temp-fort\/une-convention-territoriale-globale-avec-la-rochelle\/#breadcrumb"},"inLanguage":"fr-FR","potentialAction":[{"@type":"ReadAction","target":["https:\/\/caf-rapport-activite.fr\/caf17-2023\/temp-fort\/une-convention-territoriale-globale-avec-la-rochelle\/"]}]},{"@type":"BreadcrumbList","@id":"https:\/\/caf-rapport-activite.fr\/caf17-2023\/temp-fort\/une-convention-territoriale-globale-avec-la-rochelle\/#breadcrumb","itemListElement":[{"@type":"ListItem","position":1,"name":"Accueil","item":"https:\/\/caf-rapport-activite.fr\/caf17-2023\/"},{"@type":"ListItem","position":2,"name":"Temps forts","item":"https:\/\/caf-rapport-activite.fr\/caf17-2023\/temp-fort\/"},{"@type":"ListItem","position":3,"name":"Une Convention Territoriale Globale avec la Cda de La Rochelle"}]},{"@type":"WebSite","@id":"https:\/\/caf-rapport-activite.fr\/caf17-2023\/#website","url":"https:\/\/caf-rapport-activite.fr\/caf17-2023\/","name":"Caf17 - 2023","description":"","potentialAction":[{"@type":"SearchAction","target":{"@type":"EntryPoint","urlTemplate":"https:\/\/caf-rapport-activite.fr\/caf17-2023\/?s={search_term_string}"},"query-input":"required name=search_term_string"}],"inLanguage":"fr-FR"}]}},"_links":{"self":[{"href":"https:\/\/caf-rapport-activite.fr\/caf17-2023\/wp-json\/wp\/v2\/temp-fort\/1176"}],"collection":[{"href":"https:\/\/caf-rapport-activite.fr\/caf17-2023\/wp-json\/wp\/v2\/temp-fort"}],"about":[{"href":"https:\/\/caf-rapport-activite.fr\/caf17-2023\/wp-json\/wp\/v2\/types\/temp-fort"}],"wp:featuredmedia":[{"embeddable":true,"href":"https:\/\/caf-rapport-activite.fr\/caf17-2023\/wp-json\/wp\/v2\/media\/1177"}],"wp:attachment":[{"href":"https:\/\/caf-rapport-activite.fr\/caf17-2023\/wp-json\/wp\/v2\/media?parent=1176"}],"wp:term":[{"taxonomy":"activite","embeddable":true,"href":"https:\/\/caf-rapport-activite.fr\/caf17-2023\/wp-json\/wp\/v2\/activite?post=1176"}],"curies":[{"name":"wp","href":"https:\/\/api.w.org\/{rel}","templated":true}]}}