{"id":1270,"date":"2023-10-28T10:33:00","date_gmt":"2023-10-28T08:33:00","guid":{"rendered":"https:\/\/caf-rapport-activite.fr\/caf16-2023\/?post_type=temp-fort&#038;p=1270"},"modified":"2024-06-14T17:40:07","modified_gmt":"2024-06-14T15:40:07","slug":"deconjugalisation-de-laah","status":"publish","type":"temp-fort","link":"https:\/\/caf-rapport-activite.fr\/caf16-2023\/temp-fort\/deconjugalisation-de-laah\/","title":{"rendered":"D\u00e9conjugalisation de l&rsquo;Aah"},"content":{"rendered":"\n<div class=\"wp-block-media-text alignwide is-stacked-on-mobile\" style=\"grid-template-columns:27% auto\"><figure class=\"wp-block-media-text__media\"><img decoding=\"async\" src=\"https:\/\/caf-rapport-activite.fr\/caf16-2022\/wp-content\/uploads\/sites\/6\/2024\/05\/2024-Deconjugalisation-AAH.jpg\" alt=\"\" class=\"wp-image-1124 size-full\" \/><\/figure><div class=\"wp-block-media-text__content\">\n<p>L&rsquo;Aah est une prestation vers\u00e9e par les Caf, soumise aux conditions de ressources. Jusqu&rsquo;en octobre 2023, elle \u00e9tait calcul\u00e9e en tenant compte des revenus du couple. Avec la d\u00e9conjugalisation de l\u2019Aah, le conjoint n&rsquo;est plus comptabilis\u00e9 pour d\u00e9terminer le montant de l\u2019Aah et ses revenus ne seront plus pris en compte dans le calcul de la prestation. <\/p>\n\n\n\n<p>Avant cette r\u00e9forme, en Charente, l\u2019Aah comptait :<\/p>\n\n\n\n<ul>\n<li>environ 6 000 personnes b\u00e9n\u00e9ficiaires <\/li>\n\n\n\n<li>dont 1 534 b\u00e9n\u00e9ficiaires en couple<\/li>\n\n\n\n<li>et 140 couples avec 2 b\u00e9n\u00e9ficiaires de l\u2019Aah.<\/li>\n<\/ul>\n<\/div><\/div>\n\n\n\n<p>La Caf de la Charente a \u00e9t\u00e9 tr\u00e8s impliqu\u00e9e au sein du projet national et a particip\u00e9 \u00e0 2 missions. Trois agents ont \u00e9t\u00e9 mobilis\u00e9es pendant plus d&rsquo;une ann\u00e9e sur le chantier l\u00e9gislatif puis sur la formation et l&rsquo;accompagnement des formateurs des caisses du r\u00e9seau.<\/p>\n\n\n\n<p>La Caf de la Charente a \u00e9galement d\u00e9ploy\u00e9 de multiples actions locales telles que : <\/p>\n\n\n\n<ul>\n<li>l&rsquo;activation de son r\u00e9seau partenarial avec notamment la MDPH en organisant des \u00e9changes r\u00e9guliers et informations collectives en amont de la r\u00e9forme<\/li>\n\n\n\n<li>l&rsquo;accompagnement m\u00e9tier important en amont de la r\u00e9forme (\u00ab\u00a0Les jeudi de l&rsquo;AAH\u00a0\u00bb pour rappel l\u00e9gislatif ) et des s\u00e9ances d&rsquo;information pendant la r\u00e9forme afin de r\u00e9pondre aux questions<\/li>\n<\/ul>\n\n\n\n<p>La r\u00e9forme sur la d\u00e9conjugalisation de l&rsquo;AAH reste un marqueur social fort du quinquennat qui vise \u00e0 favoriser l&rsquo;ind\u00e9pendance financi\u00e8re du b\u00e9n\u00e9ficiaire AAH vis-\u00e0-vis de son conjoint. Il participe donc aussi au renforcement du pouvoir d&rsquo;achat.<\/p>\n\n\n\n<div class=\"is-layout-flex wp-container-4 wp-block-columns\">\n<div class=\"is-layout-flow wp-block-column\">\n<div class=\"wp-block-cover\" style=\"min-height:224px\"><span aria-hidden=\"true\" class=\"wp-block-cover__background has-background-dim-0 has-background-dim\"><\/span><img decoding=\"async\" loading=\"lazy\" width=\"3750\" height=\"2500\" class=\"wp-block-cover__image-background wp-image-619\" alt=\"\" src=\"https:\/\/caf-rapport-activite.fr\/caf16-2023\/wp-content\/uploads\/sites\/14\/2023\/05\/3.png\" style=\"object-position:50% 50%\" data-object-fit=\"cover\" data-object-position=\"50% 50%\" srcset=\"https:\/\/caf-rapport-activite.fr\/caf16-2023\/wp-content\/uploads\/sites\/14\/2023\/05\/3.png 3750w, https:\/\/caf-rapport-activite.fr\/caf16-2023\/wp-content\/uploads\/sites\/14\/2023\/05\/3-300x200.png 300w, https:\/\/caf-rapport-activite.fr\/caf16-2023\/wp-content\/uploads\/sites\/14\/2023\/05\/3-1024x683.png 1024w, https:\/\/caf-rapport-activite.fr\/caf16-2023\/wp-content\/uploads\/sites\/14\/2023\/05\/3-768x512.png 768w, https:\/\/caf-rapport-activite.fr\/caf16-2023\/wp-content\/uploads\/sites\/14\/2023\/05\/3-1536x1024.png 1536w, https:\/\/caf-rapport-activite.fr\/caf16-2023\/wp-content\/uploads\/sites\/14\/2023\/05\/3-2048x1365.png 2048w\" sizes=\"(max-width: 3750px) 100vw, 3750px\" \/><div class=\"wp-block-cover__inner-container\">\n<h2 class=\"has-text-align-center has-large-font-size\">6 584<\/h2>\n\n\n\n<p class=\"has-text-align-center\">b\u00e9n\u00e9ficiaires Aah<\/p>\n<\/div><\/div>\n<\/div>\n\n\n\n<div class=\"is-layout-flow wp-block-column\">\n<div class=\"wp-block-cover\" style=\"min-height:227px\"><span aria-hidden=\"true\" class=\"wp-block-cover__background has-background-dim-0 has-background-dim\"><\/span><img decoding=\"async\" loading=\"lazy\" width=\"3750\" height=\"2500\" class=\"wp-block-cover__image-background wp-image-618\" alt=\"\" src=\"https:\/\/caf-rapport-activite.fr\/caf16-2023\/wp-content\/uploads\/sites\/14\/2023\/05\/2.png\" data-object-fit=\"cover\" srcset=\"https:\/\/caf-rapport-activite.fr\/caf16-2023\/wp-content\/uploads\/sites\/14\/2023\/05\/2.png 3750w, https:\/\/caf-rapport-activite.fr\/caf16-2023\/wp-content\/uploads\/sites\/14\/2023\/05\/2-300x200.png 300w, https:\/\/caf-rapport-activite.fr\/caf16-2023\/wp-content\/uploads\/sites\/14\/2023\/05\/2-1024x683.png 1024w, https:\/\/caf-rapport-activite.fr\/caf16-2023\/wp-content\/uploads\/sites\/14\/2023\/05\/2-768x512.png 768w, https:\/\/caf-rapport-activite.fr\/caf16-2023\/wp-content\/uploads\/sites\/14\/2023\/05\/2-1536x1024.png 1536w, https:\/\/caf-rapport-activite.fr\/caf16-2023\/wp-content\/uploads\/sites\/14\/2023\/05\/2-2048x1365.png 2048w\" sizes=\"(max-width: 3750px) 100vw, 3750px\" \/><div class=\"wp-block-cover__inner-container\">\n<h2 class=\"has-text-align-center has-large-font-size\">1 408<\/h2>\n\n\n\n<p class=\"has-text-align-center\">couples concern\u00e9s<\/p>\n<\/div><\/div>\n<\/div>\n\n\n\n<div class=\"is-layout-flow wp-block-column\">\n<div class=\"wp-block-cover\" style=\"min-height:223px\"><span aria-hidden=\"true\" class=\"wp-block-cover__background has-background-dim-0 has-background-dim\"><\/span><img decoding=\"async\" loading=\"lazy\" width=\"3750\" height=\"2500\" class=\"wp-block-cover__image-background wp-image-622\" alt=\"\" src=\"https:\/\/caf-rapport-activite.fr\/caf16-2023\/wp-content\/uploads\/sites\/14\/2023\/05\/1.png\" data-object-fit=\"cover\" srcset=\"https:\/\/caf-rapport-activite.fr\/caf16-2023\/wp-content\/uploads\/sites\/14\/2023\/05\/1.png 3750w, https:\/\/caf-rapport-activite.fr\/caf16-2023\/wp-content\/uploads\/sites\/14\/2023\/05\/1-300x200.png 300w, https:\/\/caf-rapport-activite.fr\/caf16-2023\/wp-content\/uploads\/sites\/14\/2023\/05\/1-1024x683.png 1024w, https:\/\/caf-rapport-activite.fr\/caf16-2023\/wp-content\/uploads\/sites\/14\/2023\/05\/1-768x512.png 768w, https:\/\/caf-rapport-activite.fr\/caf16-2023\/wp-content\/uploads\/sites\/14\/2023\/05\/1-1536x1024.png 1536w, https:\/\/caf-rapport-activite.fr\/caf16-2023\/wp-content\/uploads\/sites\/14\/2023\/05\/1-2048x1365.png 2048w\" sizes=\"(max-width: 3750px) 100vw, 3750px\" \/><div class=\"wp-block-cover__inner-container\">\n<h2 class=\"has-text-align-center has-large-font-size\">400<\/h2>\n\n\n\n<p class=\"has-text-align-center\">nouveaux b\u00e9n\u00e9ficiaires concern\u00e9s<\/p>\n<\/div><\/div>\n<\/div>\n<\/div>\n","protected":false},"excerpt":{"rendered":"<p>La Caf de la Charente a \u00e9t\u00e9 tr\u00e8s impliqu\u00e9e au sein du projet national et a particip\u00e9 \u00e0 2 missions. [&hellip;]<\/p>\n","protected":false},"featured_media":1274,"parent":0,"menu_order":6,"template":"","activite":[],"yoast_head":"<!-- This site is optimized with the Yoast SEO plugin v19.11 - https:\/\/yoast.com\/wordpress\/plugins\/seo\/ -->\n<title>D\u00e9conjugalisation de l&#039;Aah - Caf16 - 2023<\/title>\n<meta name=\"robots\" content=\"index, follow, max-snippet:-1, max-image-preview:large, max-video-preview:-1\" \/>\n<link rel=\"canonical\" href=\"https:\/\/caf-rapport-activite.fr\/caf16-2023\/temp-fort\/deconjugalisation-de-laah\/\" \/>\n<meta property=\"og:locale\" content=\"fr_FR\" \/>\n<meta property=\"og:type\" content=\"article\" \/>\n<meta property=\"og:title\" content=\"D\u00e9conjugalisation de l&#039;Aah - Caf16 - 2023\" \/>\n<meta property=\"og:description\" content=\"La Caf de la Charente a \u00e9t\u00e9 tr\u00e8s impliqu\u00e9e au sein du projet national et a particip\u00e9 \u00e0 2 missions. [&hellip;]\" \/>\n<meta property=\"og:url\" content=\"https:\/\/caf-rapport-activite.fr\/caf16-2023\/temp-fort\/deconjugalisation-de-laah\/\" \/>\n<meta property=\"og:site_name\" content=\"Caf16 - 2023\" \/>\n<meta property=\"article:modified_time\" content=\"2024-06-14T15:40:07+00:00\" \/>\n<meta property=\"og:image\" content=\"https:\/\/caf-rapport-activite.fr\/caf16-2023\/wp-content\/uploads\/sites\/14\/2024\/05\/2024-Deconjugalisation-AAH.jpg\" \/>\n\t<meta property=\"og:image:width\" content=\"525\" \/>\n\t<meta property=\"og:image:height\" content=\"404\" \/>\n\t<meta property=\"og:image:type\" content=\"image\/jpeg\" \/>\n<meta name=\"twitter:card\" content=\"summary_large_image\" \/>\n<meta name=\"twitter:label1\" content=\"Dur\u00e9e de lecture estim\u00e9e\" \/>\n\t<meta name=\"twitter:data1\" content=\"3 minutes\" \/>\n<script type=\"application\/ld+json\" class=\"yoast-schema-graph\">{\"@context\":\"https:\/\/schema.org\",\"@graph\":[{\"@type\":\"WebPage\",\"@id\":\"https:\/\/caf-rapport-activite.fr\/caf16-2023\/temp-fort\/deconjugalisation-de-laah\/\",\"url\":\"https:\/\/caf-rapport-activite.fr\/caf16-2023\/temp-fort\/deconjugalisation-de-laah\/\",\"name\":\"D\u00e9conjugalisation de l'Aah - Caf16 - 2023\",\"isPartOf\":{\"@id\":\"https:\/\/caf-rapport-activite.fr\/caf16-2023\/#website\"},\"datePublished\":\"2023-10-28T08:33:00+00:00\",\"dateModified\":\"2024-06-14T15:40:07+00:00\",\"breadcrumb\":{\"@id\":\"https:\/\/caf-rapport-activite.fr\/caf16-2023\/temp-fort\/deconjugalisation-de-laah\/#breadcrumb\"},\"inLanguage\":\"fr-FR\",\"potentialAction\":[{\"@type\":\"ReadAction\",\"target\":[\"https:\/\/caf-rapport-activite.fr\/caf16-2023\/temp-fort\/deconjugalisation-de-laah\/\"]}]},{\"@type\":\"BreadcrumbList\",\"@id\":\"https:\/\/caf-rapport-activite.fr\/caf16-2023\/temp-fort\/deconjugalisation-de-laah\/#breadcrumb\",\"itemListElement\":[{\"@type\":\"ListItem\",\"position\":1,\"name\":\"Accueil\",\"item\":\"https:\/\/caf-rapport-activite.fr\/caf16-2023\/\"},{\"@type\":\"ListItem\",\"position\":2,\"name\":\"Temps forts\",\"item\":\"https:\/\/caf-rapport-activite.fr\/caf16-2023\/temp-fort\/\"},{\"@type\":\"ListItem\",\"position\":3,\"name\":\"D\u00e9conjugalisation de l&rsquo;Aah\"}]},{\"@type\":\"WebSite\",\"@id\":\"https:\/\/caf-rapport-activite.fr\/caf16-2023\/#website\",\"url\":\"https:\/\/caf-rapport-activite.fr\/caf16-2023\/\",\"name\":\"Caf16 - 2023\",\"description\":\"\",\"potentialAction\":[{\"@type\":\"SearchAction\",\"target\":{\"@type\":\"EntryPoint\",\"urlTemplate\":\"https:\/\/caf-rapport-activite.fr\/caf16-2023\/?s={search_term_string}\"},\"query-input\":\"required name=search_term_string\"}],\"inLanguage\":\"fr-FR\"}]}<\/script>\n<!-- \/ Yoast SEO plugin. -->","yoast_head_json":{"title":"D\u00e9conjugalisation de l'Aah - Caf16 - 2023","robots":{"index":"index","follow":"follow","max-snippet":"max-snippet:-1","max-image-preview":"max-image-preview:large","max-video-preview":"max-video-preview:-1"},"canonical":"https:\/\/caf-rapport-activite.fr\/caf16-2023\/temp-fort\/deconjugalisation-de-laah\/","og_locale":"fr_FR","og_type":"article","og_title":"D\u00e9conjugalisation de l'Aah - Caf16 - 2023","og_description":"La Caf de la Charente a \u00e9t\u00e9 tr\u00e8s impliqu\u00e9e au sein du projet national et a particip\u00e9 \u00e0 2 missions. [&hellip;]","og_url":"https:\/\/caf-rapport-activite.fr\/caf16-2023\/temp-fort\/deconjugalisation-de-laah\/","og_site_name":"Caf16 - 2023","article_modified_time":"2024-06-14T15:40:07+00:00","og_image":[{"width":525,"height":404,"url":"https:\/\/caf-rapport-activite.fr\/caf16-2023\/wp-content\/uploads\/sites\/14\/2024\/05\/2024-Deconjugalisation-AAH.jpg","type":"image\/jpeg"}],"twitter_card":"summary_large_image","twitter_misc":{"Dur\u00e9e de lecture estim\u00e9e":"3 minutes"},"schema":{"@context":"https:\/\/schema.org","@graph":[{"@type":"WebPage","@id":"https:\/\/caf-rapport-activite.fr\/caf16-2023\/temp-fort\/deconjugalisation-de-laah\/","url":"https:\/\/caf-rapport-activite.fr\/caf16-2023\/temp-fort\/deconjugalisation-de-laah\/","name":"D\u00e9conjugalisation de l'Aah - Caf16 - 2023","isPartOf":{"@id":"https:\/\/caf-rapport-activite.fr\/caf16-2023\/#website"},"datePublished":"2023-10-28T08:33:00+00:00","dateModified":"2024-06-14T15:40:07+00:00","breadcrumb":{"@id":"https:\/\/caf-rapport-activite.fr\/caf16-2023\/temp-fort\/deconjugalisation-de-laah\/#breadcrumb"},"inLanguage":"fr-FR","potentialAction":[{"@type":"ReadAction","target":["https:\/\/caf-rapport-activite.fr\/caf16-2023\/temp-fort\/deconjugalisation-de-laah\/"]}]},{"@type":"BreadcrumbList","@id":"https:\/\/caf-rapport-activite.fr\/caf16-2023\/temp-fort\/deconjugalisation-de-laah\/#breadcrumb","itemListElement":[{"@type":"ListItem","position":1,"name":"Accueil","item":"https:\/\/caf-rapport-activite.fr\/caf16-2023\/"},{"@type":"ListItem","position":2,"name":"Temps forts","item":"https:\/\/caf-rapport-activite.fr\/caf16-2023\/temp-fort\/"},{"@type":"ListItem","position":3,"name":"D\u00e9conjugalisation de l&rsquo;Aah"}]},{"@type":"WebSite","@id":"https:\/\/caf-rapport-activite.fr\/caf16-2023\/#website","url":"https:\/\/caf-rapport-activite.fr\/caf16-2023\/","name":"Caf16 - 2023","description":"","potentialAction":[{"@type":"SearchAction","target":{"@type":"EntryPoint","urlTemplate":"https:\/\/caf-rapport-activite.fr\/caf16-2023\/?s={search_term_string}"},"query-input":"required name=search_term_string"}],"inLanguage":"fr-FR"}]}},"_links":{"self":[{"href":"https:\/\/caf-rapport-activite.fr\/caf16-2023\/wp-json\/wp\/v2\/temp-fort\/1270"}],"collection":[{"href":"https:\/\/caf-rapport-activite.fr\/caf16-2023\/wp-json\/wp\/v2\/temp-fort"}],"about":[{"href":"https:\/\/caf-rapport-activite.fr\/caf16-2023\/wp-json\/wp\/v2\/types\/temp-fort"}],"wp:featuredmedia":[{"embeddable":true,"href":"https:\/\/caf-rapport-activite.fr\/caf16-2023\/wp-json\/wp\/v2\/media\/1274"}],"wp:attachment":[{"href":"https:\/\/caf-rapport-activite.fr\/caf16-2023\/wp-json\/wp\/v2\/media?parent=1270"}],"wp:term":[{"taxonomy":"activite","embeddable":true,"href":"https:\/\/caf-rapport-activite.fr\/caf16-2023\/wp-json\/wp\/v2\/activite?post=1270"}],"curies":[{"name":"wp","href":"https:\/\/api.w.org\/{rel}","templated":true}]}}