{"id":1127,"date":"2023-06-16T11:58:00","date_gmt":"2023-06-16T09:58:00","guid":{"rendered":"https:\/\/caf-rapport-activite.fr\/caf16-2023\/?post_type=temp-fort&#038;p=1127"},"modified":"2024-06-05T09:37:17","modified_gmt":"2024-06-05T07:37:17","slug":"reseau-departemental-des-charges-de-cooperation-ctg","status":"publish","type":"temp-fort","link":"https:\/\/caf-rapport-activite.fr\/caf16-2023\/temp-fort\/reseau-departemental-des-charges-de-cooperation-ctg\/","title":{"rendered":"Le r\u00e9seau d\u00e9partemental des charg\u00e9s de coop\u00e9ration CTG"},"content":{"rendered":"\n<div class=\"wp-block-media-text alignwide is-stacked-on-mobile\" style=\"grid-template-columns:31% auto\"><figure class=\"wp-block-media-text__media\"><img decoding=\"async\" loading=\"lazy\" width=\"1024\" height=\"768\" src=\"https:\/\/caf-rapport-activite.fr\/caf16-2023\/wp-content\/uploads\/sites\/14\/2024\/05\/2023-06.Charges-cooperation1.jpg\" alt=\"\" class=\"wp-image-1194 size-full\" srcset=\"https:\/\/caf-rapport-activite.fr\/caf16-2023\/wp-content\/uploads\/sites\/14\/2024\/05\/2023-06.Charges-cooperation1.jpg 1024w, https:\/\/caf-rapport-activite.fr\/caf16-2023\/wp-content\/uploads\/sites\/14\/2024\/05\/2023-06.Charges-cooperation1-300x225.jpg 300w, https:\/\/caf-rapport-activite.fr\/caf16-2023\/wp-content\/uploads\/sites\/14\/2024\/05\/2023-06.Charges-cooperation1-768x576.jpg 768w\" sizes=\"(max-width: 1024px) 100vw, 1024px\" \/><\/figure><div class=\"wp-block-media-text__content\">\n<h3><strong>Anim\u00e9 par la Caf de la Charente, le r\u00e9seau d\u00e9partemental des charg\u00e9s de coop\u00e9ration CTG est un espace de partage avec les professionnels qui animent les Conventions Territoriales Globales dans les 9 intercommunalit\u00e9s de Charente.<\/strong><\/h3>\n\n\n\n<p>Ces postes de coordination visent \u00e0 faciliter le d\u00e9veloppement des services aux familles et \u00e0 favoriser la mise en lien des acteurs du territoire. Encadr\u00e9s par un r\u00e9f\u00e9rentiel d\u2019emploi, ils b\u00e9n\u00e9ficient d\u2019un soutien de la Caf \u00e0 travers un financement et un accompagnement en ing\u00e9nierie.\u00a0<\/p>\n<\/div><\/div>\n\n\n\n<p>Le 1<sup>er<\/sup>\u00a0juin, lors de la 2<sup>\u00e8me<\/sup>\u00a0rencontre du r\u00e9seau, des partenaires ont \u00e9t\u00e9 associ\u00e9s (ARS, IREPS et P\u00f4le ressources handicap) afin de pr\u00e9senter une action dans le cadre du futur sch\u00e9ma d\u00e9partemental des services, et de la faire vivre sur les territoires. La 2<sup>\u00e8me<\/sup>\u00a0partie de la r\u00e9union a permis de partager un point d\u2019actualit\u00e9 et de d\u00e9finir ensemble l\u2019ordre du jour de la prochaine rencontre.\u00a0<\/p>\n\n\n        <a class=\"acf-block--readmore\" href=\"https:\/\/www.caf.fr\/partenaires\/convention-territoriale-globale\" target=\"_blank\">\n            En savoir plus sur les conventions territoriales globales        <\/a>\n    ","protected":false},"excerpt":{"rendered":"<p>Anim\u00e9 par la Caf de la Charente, le r\u00e9seau d\u00e9partemental des charg\u00e9s de coop\u00e9ration CTG est un espace de partage [&hellip;]<\/p>\n","protected":false},"featured_media":1194,"parent":0,"menu_order":17,"template":"","activite":[25],"yoast_head":"<!-- This site is optimized with the Yoast SEO plugin v19.11 - https:\/\/yoast.com\/wordpress\/plugins\/seo\/ -->\n<title>Le r\u00e9seau d\u00e9partemental des charg\u00e9s de coop\u00e9ration CTG<\/title>\n<meta name=\"description\" content=\"Anim\u00e9 par la Caf de la Charente, le r\u00e9seau d\u00e9partemental des charg\u00e9s de coop\u00e9ration CTG est un espace de partage avec les professionnels qui animent les Conventions Territoriales Globales dans les 9 intercommunalit\u00e9s de Charente.\" \/>\n<meta name=\"robots\" content=\"index, follow, max-snippet:-1, max-image-preview:large, max-video-preview:-1\" \/>\n<link rel=\"canonical\" href=\"https:\/\/caf-rapport-activite.fr\/caf16-2023\/temp-fort\/reseau-departemental-des-charges-de-cooperation-ctg\/\" \/>\n<meta property=\"og:locale\" content=\"fr_FR\" \/>\n<meta property=\"og:type\" content=\"article\" \/>\n<meta property=\"og:title\" content=\"Le r\u00e9seau d\u00e9partemental des charg\u00e9s de coop\u00e9ration CTG\" \/>\n<meta property=\"og:description\" content=\"Anim\u00e9 par la Caf de la Charente, le r\u00e9seau d\u00e9partemental des charg\u00e9s de coop\u00e9ration CTG est un espace de partage avec les professionnels qui animent les Conventions Territoriales Globales dans les 9 intercommunalit\u00e9s de Charente.\" \/>\n<meta property=\"og:url\" content=\"https:\/\/caf-rapport-activite.fr\/caf16-2023\/temp-fort\/reseau-departemental-des-charges-de-cooperation-ctg\/\" \/>\n<meta property=\"og:site_name\" content=\"Caf16 - 2023\" \/>\n<meta property=\"article:modified_time\" content=\"2024-06-05T07:37:17+00:00\" \/>\n<meta property=\"og:image\" content=\"https:\/\/caf-rapport-activite.fr\/caf16-2023\/wp-content\/uploads\/sites\/14\/2024\/05\/2023-06.Charges-cooperation1.jpg\" \/>\n\t<meta property=\"og:image:width\" content=\"1024\" \/>\n\t<meta property=\"og:image:height\" content=\"768\" \/>\n\t<meta property=\"og:image:type\" content=\"image\/jpeg\" \/>\n<meta name=\"twitter:card\" content=\"summary_large_image\" \/>\n<meta name=\"twitter:label1\" content=\"Dur\u00e9e de lecture estim\u00e9e\" \/>\n\t<meta name=\"twitter:data1\" content=\"1 minute\" \/>\n<script type=\"application\/ld+json\" class=\"yoast-schema-graph\">{\"@context\":\"https:\/\/schema.org\",\"@graph\":[{\"@type\":\"WebPage\",\"@id\":\"https:\/\/caf-rapport-activite.fr\/caf16-2023\/temp-fort\/reseau-departemental-des-charges-de-cooperation-ctg\/\",\"url\":\"https:\/\/caf-rapport-activite.fr\/caf16-2023\/temp-fort\/reseau-departemental-des-charges-de-cooperation-ctg\/\",\"name\":\"Le r\u00e9seau d\u00e9partemental des charg\u00e9s de coop\u00e9ration CTG\",\"isPartOf\":{\"@id\":\"https:\/\/caf-rapport-activite.fr\/caf16-2023\/#website\"},\"datePublished\":\"2023-06-16T09:58:00+00:00\",\"dateModified\":\"2024-06-05T07:37:17+00:00\",\"description\":\"Anim\u00e9 par la Caf de la Charente, le r\u00e9seau d\u00e9partemental des charg\u00e9s de coop\u00e9ration CTG est un espace de partage avec les professionnels qui animent les Conventions Territoriales Globales dans les 9 intercommunalit\u00e9s de Charente.\",\"breadcrumb\":{\"@id\":\"https:\/\/caf-rapport-activite.fr\/caf16-2023\/temp-fort\/reseau-departemental-des-charges-de-cooperation-ctg\/#breadcrumb\"},\"inLanguage\":\"fr-FR\",\"potentialAction\":[{\"@type\":\"ReadAction\",\"target\":[\"https:\/\/caf-rapport-activite.fr\/caf16-2023\/temp-fort\/reseau-departemental-des-charges-de-cooperation-ctg\/\"]}]},{\"@type\":\"BreadcrumbList\",\"@id\":\"https:\/\/caf-rapport-activite.fr\/caf16-2023\/temp-fort\/reseau-departemental-des-charges-de-cooperation-ctg\/#breadcrumb\",\"itemListElement\":[{\"@type\":\"ListItem\",\"position\":1,\"name\":\"Accueil\",\"item\":\"https:\/\/caf-rapport-activite.fr\/caf16-2023\/\"},{\"@type\":\"ListItem\",\"position\":2,\"name\":\"Temps forts\",\"item\":\"https:\/\/caf-rapport-activite.fr\/caf16-2023\/temp-fort\/\"},{\"@type\":\"ListItem\",\"position\":3,\"name\":\"Le r\u00e9seau d\u00e9partemental des charg\u00e9s de coop\u00e9ration CTG\"}]},{\"@type\":\"WebSite\",\"@id\":\"https:\/\/caf-rapport-activite.fr\/caf16-2023\/#website\",\"url\":\"https:\/\/caf-rapport-activite.fr\/caf16-2023\/\",\"name\":\"Caf16 - 2023\",\"description\":\"\",\"potentialAction\":[{\"@type\":\"SearchAction\",\"target\":{\"@type\":\"EntryPoint\",\"urlTemplate\":\"https:\/\/caf-rapport-activite.fr\/caf16-2023\/?s={search_term_string}\"},\"query-input\":\"required name=search_term_string\"}],\"inLanguage\":\"fr-FR\"}]}<\/script>\n<!-- \/ Yoast SEO plugin. -->","yoast_head_json":{"title":"Le r\u00e9seau d\u00e9partemental des charg\u00e9s de coop\u00e9ration CTG","description":"Anim\u00e9 par la Caf de la Charente, le r\u00e9seau d\u00e9partemental des charg\u00e9s de coop\u00e9ration CTG est un espace de partage avec les professionnels qui animent les Conventions Territoriales Globales dans les 9 intercommunalit\u00e9s de Charente.","robots":{"index":"index","follow":"follow","max-snippet":"max-snippet:-1","max-image-preview":"max-image-preview:large","max-video-preview":"max-video-preview:-1"},"canonical":"https:\/\/caf-rapport-activite.fr\/caf16-2023\/temp-fort\/reseau-departemental-des-charges-de-cooperation-ctg\/","og_locale":"fr_FR","og_type":"article","og_title":"Le r\u00e9seau d\u00e9partemental des charg\u00e9s de coop\u00e9ration CTG","og_description":"Anim\u00e9 par la Caf de la Charente, le r\u00e9seau d\u00e9partemental des charg\u00e9s de coop\u00e9ration CTG est un espace de partage avec les professionnels qui animent les Conventions Territoriales Globales dans les 9 intercommunalit\u00e9s de Charente.","og_url":"https:\/\/caf-rapport-activite.fr\/caf16-2023\/temp-fort\/reseau-departemental-des-charges-de-cooperation-ctg\/","og_site_name":"Caf16 - 2023","article_modified_time":"2024-06-05T07:37:17+00:00","og_image":[{"width":1024,"height":768,"url":"https:\/\/caf-rapport-activite.fr\/caf16-2023\/wp-content\/uploads\/sites\/14\/2024\/05\/2023-06.Charges-cooperation1.jpg","type":"image\/jpeg"}],"twitter_card":"summary_large_image","twitter_misc":{"Dur\u00e9e de lecture estim\u00e9e":"1 minute"},"schema":{"@context":"https:\/\/schema.org","@graph":[{"@type":"WebPage","@id":"https:\/\/caf-rapport-activite.fr\/caf16-2023\/temp-fort\/reseau-departemental-des-charges-de-cooperation-ctg\/","url":"https:\/\/caf-rapport-activite.fr\/caf16-2023\/temp-fort\/reseau-departemental-des-charges-de-cooperation-ctg\/","name":"Le r\u00e9seau d\u00e9partemental des charg\u00e9s de coop\u00e9ration CTG","isPartOf":{"@id":"https:\/\/caf-rapport-activite.fr\/caf16-2023\/#website"},"datePublished":"2023-06-16T09:58:00+00:00","dateModified":"2024-06-05T07:37:17+00:00","description":"Anim\u00e9 par la Caf de la Charente, le r\u00e9seau d\u00e9partemental des charg\u00e9s de coop\u00e9ration CTG est un espace de partage avec les professionnels qui animent les Conventions Territoriales Globales dans les 9 intercommunalit\u00e9s de Charente.","breadcrumb":{"@id":"https:\/\/caf-rapport-activite.fr\/caf16-2023\/temp-fort\/reseau-departemental-des-charges-de-cooperation-ctg\/#breadcrumb"},"inLanguage":"fr-FR","potentialAction":[{"@type":"ReadAction","target":["https:\/\/caf-rapport-activite.fr\/caf16-2023\/temp-fort\/reseau-departemental-des-charges-de-cooperation-ctg\/"]}]},{"@type":"BreadcrumbList","@id":"https:\/\/caf-rapport-activite.fr\/caf16-2023\/temp-fort\/reseau-departemental-des-charges-de-cooperation-ctg\/#breadcrumb","itemListElement":[{"@type":"ListItem","position":1,"name":"Accueil","item":"https:\/\/caf-rapport-activite.fr\/caf16-2023\/"},{"@type":"ListItem","position":2,"name":"Temps forts","item":"https:\/\/caf-rapport-activite.fr\/caf16-2023\/temp-fort\/"},{"@type":"ListItem","position":3,"name":"Le r\u00e9seau d\u00e9partemental des charg\u00e9s de coop\u00e9ration CTG"}]},{"@type":"WebSite","@id":"https:\/\/caf-rapport-activite.fr\/caf16-2023\/#website","url":"https:\/\/caf-rapport-activite.fr\/caf16-2023\/","name":"Caf16 - 2023","description":"","potentialAction":[{"@type":"SearchAction","target":{"@type":"EntryPoint","urlTemplate":"https:\/\/caf-rapport-activite.fr\/caf16-2023\/?s={search_term_string}"},"query-input":"required name=search_term_string"}],"inLanguage":"fr-FR"}]}},"_links":{"self":[{"href":"https:\/\/caf-rapport-activite.fr\/caf16-2023\/wp-json\/wp\/v2\/temp-fort\/1127"}],"collection":[{"href":"https:\/\/caf-rapport-activite.fr\/caf16-2023\/wp-json\/wp\/v2\/temp-fort"}],"about":[{"href":"https:\/\/caf-rapport-activite.fr\/caf16-2023\/wp-json\/wp\/v2\/types\/temp-fort"}],"wp:featuredmedia":[{"embeddable":true,"href":"https:\/\/caf-rapport-activite.fr\/caf16-2023\/wp-json\/wp\/v2\/media\/1194"}],"wp:attachment":[{"href":"https:\/\/caf-rapport-activite.fr\/caf16-2023\/wp-json\/wp\/v2\/media?parent=1127"}],"wp:term":[{"taxonomy":"activite","embeddable":true,"href":"https:\/\/caf-rapport-activite.fr\/caf16-2023\/wp-json\/wp\/v2\/activite?post=1127"}],"curies":[{"name":"wp","href":"https:\/\/api.w.org\/{rel}","templated":true}]}}