{"id":1112,"date":"2023-01-16T10:42:00","date_gmt":"2023-01-16T09:42:00","guid":{"rendered":"https:\/\/caf-rapport-activite.fr\/caf16-2023\/?post_type=temp-fort&#038;p=1112"},"modified":"2024-06-05T10:19:45","modified_gmt":"2024-06-05T08:19:45","slug":"familibulle-fait-ses-premiers-pas-sur-instagram","status":"publish","type":"temp-fort","link":"https:\/\/caf-rapport-activite.fr\/caf16-2023\/temp-fort\/familibulle-fait-ses-premiers-pas-sur-instagram\/","title":{"rendered":"Famili&rsquo;Bulle fait ses premiers pas sur Instagram"},"content":{"rendered":"\n<div class=\"wp-block-media-text alignwide is-stacked-on-mobile\" style=\"grid-template-columns:15% auto\"><figure class=\"wp-block-media-text__media\"><img decoding=\"async\" loading=\"lazy\" width=\"473\" height=\"1024\" src=\"https:\/\/caf-rapport-activite.fr\/caf16-2023\/wp-content\/uploads\/sites\/14\/2024\/05\/Instagram-FamiliBulle-473x1024.jpg\" alt=\"\" class=\"wp-image-1227 size-full\" srcset=\"https:\/\/caf-rapport-activite.fr\/caf16-2023\/wp-content\/uploads\/sites\/14\/2024\/05\/Instagram-FamiliBulle-473x1024.jpg 473w, https:\/\/caf-rapport-activite.fr\/caf16-2023\/wp-content\/uploads\/sites\/14\/2024\/05\/Instagram-FamiliBulle-139x300.jpg 139w, https:\/\/caf-rapport-activite.fr\/caf16-2023\/wp-content\/uploads\/sites\/14\/2024\/05\/Instagram-FamiliBulle-768x1662.jpg 768w, https:\/\/caf-rapport-activite.fr\/caf16-2023\/wp-content\/uploads\/sites\/14\/2024\/05\/Instagram-FamiliBulle-710x1536.jpg 710w, https:\/\/caf-rapport-activite.fr\/caf16-2023\/wp-content\/uploads\/sites\/14\/2024\/05\/Instagram-FamiliBulle-946x2048.jpg 946w, https:\/\/caf-rapport-activite.fr\/caf16-2023\/wp-content\/uploads\/sites\/14\/2024\/05\/Instagram-FamiliBulle.jpg 1170w\" sizes=\"(max-width: 473px) 100vw, 473px\" \/><\/figure><div class=\"wp-block-media-text__content\">\n<p><a href=\"https:\/\/cafdoc.sharepoint.com\/sites\/intranet-org161-local\/SitePages\/Actualit%C3%A9s\/Famili'Bulle-fait-ses-premiers-pas-sur-Instagram.aspx#depuis-le-4-janvier%2C-famili-bulle-fait-ses-premiers-pas-sur-instagram-!\"><\/a><\/p>\n\n\n\n<h3>En 2023, Famili&rsquo;Bulle \u00e9toffe sa communication sur les r\u00e9seaux sociaux en se lan\u00e7ant dans l&rsquo;aventure Instagram&#8230;<\/h3>\n\n\n\n<h4 id=\"pourquoi-instagram\"><a href=\"https:\/\/cafdoc.sharepoint.com\/sites\/intranet-org161-local\/SitePages\/Actualit%C3%A9s\/Famili'Bulle-fait-ses-premiers-pas-sur-Instagram.aspx#pourquoi-instagram\"><\/a><\/h4>\n\n\n\n<p>Depuis son lancement en 2010, Instagram n\u2019a cess\u00e9 de cro\u00eetre jusqu\u2019\u00e0 devenir l\u2019un des r\u00e9seaux sociaux les plus tendances du moment. <\/p>\n\n\n\n<p>Ce r\u00e9seau social est une opportunit\u00e9 de faire conna\u00eetre son entreprise,\u00a0son secteur d&rsquo;activit\u00e9,\u00a0 de cr\u00e9er une communaut\u00e9 et\u00a0faire connaitre ses\u00a0services. <\/p>\n\n\n\n<p>Pr\u00e9sente sur Facebook depuis sa cr\u00e9ation en 2018, Famili\u2019Bulle \u2013 notre Maison d\u00e9partementale des parents \u2013 y est d\u00e9sormais bien identifi\u00e9e par sa cible&nbsp;: les + de 25 ans.<\/p>\n\n\n\n<p>Dans le cadre de nos travaux relatifs \u00e0 notre strat\u00e9gie de communication, il nous est apparu opportun d\u2019investir Instagram afin de toucher un public plus jeune&nbsp;: celui des futurs et jeunes parents.<\/p>\n\n\n\n<div class=\"is-layout-flex wp-container-4 wp-block-columns are-vertically-aligned-center\">\n<div class=\"is-layout-flow wp-block-column is-vertically-aligned-center\" style=\"flex-basis:66.66%\">\n<h3 class=\"has-text-align-left\">&gt;&gt;&gt;&gt; D\u00e9couvrir le compte Instagram de Famili&rsquo;Bulle<\/h3>\n<\/div>\n\n\n\n<div class=\"is-layout-flow wp-block-column is-vertically-aligned-center\" style=\"flex-basis:33.33%\">\n<ul class=\"is-content-justification-left is-layout-flex wp-container-2 wp-block-social-links aligncenter has-normal-icon-size\"><li class=\"wp-social-link wp-social-link-instagram wp-block-social-link\"><a href=\"https:\/\/www.instagram.com\/famili.bulle\/\"  class=\"wp-block-social-link-anchor\"><svg width=\"24\" height=\"24\" viewBox=\"0 0 24 24\" version=\"1.1\" xmlns=\"http:\/\/www.w3.org\/2000\/svg\" aria-hidden=\"true\" focusable=\"false\"><path d=\"M12,4.622c2.403,0,2.688,0.009,3.637,0.052c0.877,0.04,1.354,0.187,1.671,0.31c0.42,0.163,0.72,0.358,1.035,0.673 c0.315,0.315,0.51,0.615,0.673,1.035c0.123,0.317,0.27,0.794,0.31,1.671c0.043,0.949,0.052,1.234,0.052,3.637 s-0.009,2.688-0.052,3.637c-0.04,0.877-0.187,1.354-0.31,1.671c-0.163,0.42-0.358,0.72-0.673,1.035 c-0.315,0.315-0.615,0.51-1.035,0.673c-0.317,0.123-0.794,0.27-1.671,0.31c-0.949,0.043-1.233,0.052-3.637,0.052 s-2.688-0.009-3.637-0.052c-0.877-0.04-1.354-0.187-1.671-0.31c-0.42-0.163-0.72-0.358-1.035-0.673 c-0.315-0.315-0.51-0.615-0.673-1.035c-0.123-0.317-0.27-0.794-0.31-1.671C4.631,14.688,4.622,14.403,4.622,12 s0.009-2.688,0.052-3.637c0.04-0.877,0.187-1.354,0.31-1.671c0.163-0.42,0.358-0.72,0.673-1.035 c0.315-0.315,0.615-0.51,1.035-0.673c0.317-0.123,0.794-0.27,1.671-0.31C9.312,4.631,9.597,4.622,12,4.622 M12,3 C9.556,3,9.249,3.01,8.289,3.054C7.331,3.098,6.677,3.25,6.105,3.472C5.513,3.702,5.011,4.01,4.511,4.511 c-0.5,0.5-0.808,1.002-1.038,1.594C3.25,6.677,3.098,7.331,3.054,8.289C3.01,9.249,3,9.556,3,12c0,2.444,0.01,2.751,0.054,3.711 c0.044,0.958,0.196,1.612,0.418,2.185c0.23,0.592,0.538,1.094,1.038,1.594c0.5,0.5,1.002,0.808,1.594,1.038 c0.572,0.222,1.227,0.375,2.185,0.418C9.249,20.99,9.556,21,12,21s2.751-0.01,3.711-0.054c0.958-0.044,1.612-0.196,2.185-0.418 c0.592-0.23,1.094-0.538,1.594-1.038c0.5-0.5,0.808-1.002,1.038-1.594c0.222-0.572,0.375-1.227,0.418-2.185 C20.99,14.751,21,14.444,21,12s-0.01-2.751-0.054-3.711c-0.044-0.958-0.196-1.612-0.418-2.185c-0.23-0.592-0.538-1.094-1.038-1.594 c-0.5-0.5-1.002-0.808-1.594-1.038c-0.572-0.222-1.227-0.375-2.185-0.418C14.751,3.01,14.444,3,12,3L12,3z M12,7.378 c-2.552,0-4.622,2.069-4.622,4.622S9.448,16.622,12,16.622s4.622-2.069,4.622-4.622S14.552,7.378,12,7.378z M12,15 c-1.657,0-3-1.343-3-3s1.343-3,3-3s3,1.343,3,3S13.657,15,12,15z M16.804,6.116c-0.596,0-1.08,0.484-1.08,1.08 s0.484,1.08,1.08,1.08c0.596,0,1.08-0.484,1.08-1.08S17.401,6.116,16.804,6.116z\"><\/path><\/svg><span class=\"wp-block-social-link-label screen-reader-text\">Instagram<\/span><\/a><\/li><\/ul>\n<\/div>\n<\/div>\n<\/div><\/div>\n","protected":false},"excerpt":{"rendered":"","protected":false},"featured_media":1159,"parent":0,"menu_order":22,"template":"","activite":[25],"yoast_head":"<!-- This site is optimized with the Yoast SEO plugin v19.11 - https:\/\/yoast.com\/wordpress\/plugins\/seo\/ -->\n<title>Famili&#039;Bulle fait ses premiers pas sur Instagram - Caf16 - 2023<\/title>\n<meta name=\"description\" content=\"En 2023, Famili&#039;Bulle \u00e9toffe sa communication sur les r\u00e9seaux sociaux en se lan\u00e7ant dans l&#039;aventure Instagram...\" \/>\n<meta name=\"robots\" content=\"index, follow, max-snippet:-1, max-image-preview:large, max-video-preview:-1\" \/>\n<link rel=\"canonical\" href=\"https:\/\/caf-rapport-activite.fr\/caf16-2023\/temp-fort\/familibulle-fait-ses-premiers-pas-sur-instagram\/\" \/>\n<meta property=\"og:locale\" content=\"fr_FR\" \/>\n<meta property=\"og:type\" content=\"article\" \/>\n<meta property=\"og:title\" content=\"Famili&#039;Bulle fait ses premiers pas sur Instagram - Caf16 - 2023\" \/>\n<meta property=\"og:description\" content=\"En 2023, Famili&#039;Bulle \u00e9toffe sa communication sur les r\u00e9seaux sociaux en se lan\u00e7ant dans l&#039;aventure Instagram...\" \/>\n<meta property=\"og:url\" content=\"https:\/\/caf-rapport-activite.fr\/caf16-2023\/temp-fort\/familibulle-fait-ses-premiers-pas-sur-instagram\/\" \/>\n<meta property=\"og:site_name\" content=\"Caf16 - 2023\" \/>\n<meta property=\"article:modified_time\" content=\"2024-06-05T08:19:45+00:00\" \/>\n<meta property=\"og:image\" content=\"https:\/\/caf-rapport-activite.fr\/caf16-2023\/wp-content\/uploads\/sites\/14\/2024\/05\/FamiliBulle.png\" \/>\n\t<meta property=\"og:image:width\" content=\"715\" \/>\n\t<meta property=\"og:image:height\" content=\"343\" \/>\n\t<meta property=\"og:image:type\" content=\"image\/png\" \/>\n<meta name=\"twitter:card\" content=\"summary_large_image\" \/>\n<meta name=\"twitter:label1\" content=\"Dur\u00e9e de lecture estim\u00e9e\" \/>\n\t<meta name=\"twitter:data1\" content=\"1 minute\" \/>\n<script type=\"application\/ld+json\" class=\"yoast-schema-graph\">{\"@context\":\"https:\/\/schema.org\",\"@graph\":[{\"@type\":\"WebPage\",\"@id\":\"https:\/\/caf-rapport-activite.fr\/caf16-2023\/temp-fort\/familibulle-fait-ses-premiers-pas-sur-instagram\/\",\"url\":\"https:\/\/caf-rapport-activite.fr\/caf16-2023\/temp-fort\/familibulle-fait-ses-premiers-pas-sur-instagram\/\",\"name\":\"Famili'Bulle fait ses premiers pas sur Instagram - Caf16 - 2023\",\"isPartOf\":{\"@id\":\"https:\/\/caf-rapport-activite.fr\/caf16-2023\/#website\"},\"datePublished\":\"2023-01-16T09:42:00+00:00\",\"dateModified\":\"2024-06-05T08:19:45+00:00\",\"description\":\"En 2023, Famili'Bulle \u00e9toffe sa communication sur les r\u00e9seaux sociaux en se lan\u00e7ant dans l'aventure Instagram...\",\"breadcrumb\":{\"@id\":\"https:\/\/caf-rapport-activite.fr\/caf16-2023\/temp-fort\/familibulle-fait-ses-premiers-pas-sur-instagram\/#breadcrumb\"},\"inLanguage\":\"fr-FR\",\"potentialAction\":[{\"@type\":\"ReadAction\",\"target\":[\"https:\/\/caf-rapport-activite.fr\/caf16-2023\/temp-fort\/familibulle-fait-ses-premiers-pas-sur-instagram\/\"]}]},{\"@type\":\"BreadcrumbList\",\"@id\":\"https:\/\/caf-rapport-activite.fr\/caf16-2023\/temp-fort\/familibulle-fait-ses-premiers-pas-sur-instagram\/#breadcrumb\",\"itemListElement\":[{\"@type\":\"ListItem\",\"position\":1,\"name\":\"Accueil\",\"item\":\"https:\/\/caf-rapport-activite.fr\/caf16-2023\/\"},{\"@type\":\"ListItem\",\"position\":2,\"name\":\"Temps forts\",\"item\":\"https:\/\/caf-rapport-activite.fr\/caf16-2023\/temp-fort\/\"},{\"@type\":\"ListItem\",\"position\":3,\"name\":\"Famili&rsquo;Bulle fait ses premiers pas sur Instagram\"}]},{\"@type\":\"WebSite\",\"@id\":\"https:\/\/caf-rapport-activite.fr\/caf16-2023\/#website\",\"url\":\"https:\/\/caf-rapport-activite.fr\/caf16-2023\/\",\"name\":\"Caf16 - 2023\",\"description\":\"\",\"potentialAction\":[{\"@type\":\"SearchAction\",\"target\":{\"@type\":\"EntryPoint\",\"urlTemplate\":\"https:\/\/caf-rapport-activite.fr\/caf16-2023\/?s={search_term_string}\"},\"query-input\":\"required name=search_term_string\"}],\"inLanguage\":\"fr-FR\"}]}<\/script>\n<!-- \/ Yoast SEO plugin. -->","yoast_head_json":{"title":"Famili'Bulle fait ses premiers pas sur Instagram - Caf16 - 2023","description":"En 2023, Famili'Bulle \u00e9toffe sa communication sur les r\u00e9seaux sociaux en se lan\u00e7ant dans l'aventure Instagram...","robots":{"index":"index","follow":"follow","max-snippet":"max-snippet:-1","max-image-preview":"max-image-preview:large","max-video-preview":"max-video-preview:-1"},"canonical":"https:\/\/caf-rapport-activite.fr\/caf16-2023\/temp-fort\/familibulle-fait-ses-premiers-pas-sur-instagram\/","og_locale":"fr_FR","og_type":"article","og_title":"Famili'Bulle fait ses premiers pas sur Instagram - Caf16 - 2023","og_description":"En 2023, Famili'Bulle \u00e9toffe sa communication sur les r\u00e9seaux sociaux en se lan\u00e7ant dans l'aventure Instagram...","og_url":"https:\/\/caf-rapport-activite.fr\/caf16-2023\/temp-fort\/familibulle-fait-ses-premiers-pas-sur-instagram\/","og_site_name":"Caf16 - 2023","article_modified_time":"2024-06-05T08:19:45+00:00","og_image":[{"width":715,"height":343,"url":"https:\/\/caf-rapport-activite.fr\/caf16-2023\/wp-content\/uploads\/sites\/14\/2024\/05\/FamiliBulle.png","type":"image\/png"}],"twitter_card":"summary_large_image","twitter_misc":{"Dur\u00e9e de lecture estim\u00e9e":"1 minute"},"schema":{"@context":"https:\/\/schema.org","@graph":[{"@type":"WebPage","@id":"https:\/\/caf-rapport-activite.fr\/caf16-2023\/temp-fort\/familibulle-fait-ses-premiers-pas-sur-instagram\/","url":"https:\/\/caf-rapport-activite.fr\/caf16-2023\/temp-fort\/familibulle-fait-ses-premiers-pas-sur-instagram\/","name":"Famili'Bulle fait ses premiers pas sur Instagram - Caf16 - 2023","isPartOf":{"@id":"https:\/\/caf-rapport-activite.fr\/caf16-2023\/#website"},"datePublished":"2023-01-16T09:42:00+00:00","dateModified":"2024-06-05T08:19:45+00:00","description":"En 2023, Famili'Bulle \u00e9toffe sa communication sur les r\u00e9seaux sociaux en se lan\u00e7ant dans l'aventure Instagram...","breadcrumb":{"@id":"https:\/\/caf-rapport-activite.fr\/caf16-2023\/temp-fort\/familibulle-fait-ses-premiers-pas-sur-instagram\/#breadcrumb"},"inLanguage":"fr-FR","potentialAction":[{"@type":"ReadAction","target":["https:\/\/caf-rapport-activite.fr\/caf16-2023\/temp-fort\/familibulle-fait-ses-premiers-pas-sur-instagram\/"]}]},{"@type":"BreadcrumbList","@id":"https:\/\/caf-rapport-activite.fr\/caf16-2023\/temp-fort\/familibulle-fait-ses-premiers-pas-sur-instagram\/#breadcrumb","itemListElement":[{"@type":"ListItem","position":1,"name":"Accueil","item":"https:\/\/caf-rapport-activite.fr\/caf16-2023\/"},{"@type":"ListItem","position":2,"name":"Temps forts","item":"https:\/\/caf-rapport-activite.fr\/caf16-2023\/temp-fort\/"},{"@type":"ListItem","position":3,"name":"Famili&rsquo;Bulle fait ses premiers pas sur Instagram"}]},{"@type":"WebSite","@id":"https:\/\/caf-rapport-activite.fr\/caf16-2023\/#website","url":"https:\/\/caf-rapport-activite.fr\/caf16-2023\/","name":"Caf16 - 2023","description":"","potentialAction":[{"@type":"SearchAction","target":{"@type":"EntryPoint","urlTemplate":"https:\/\/caf-rapport-activite.fr\/caf16-2023\/?s={search_term_string}"},"query-input":"required name=search_term_string"}],"inLanguage":"fr-FR"}]}},"_links":{"self":[{"href":"https:\/\/caf-rapport-activite.fr\/caf16-2023\/wp-json\/wp\/v2\/temp-fort\/1112"}],"collection":[{"href":"https:\/\/caf-rapport-activite.fr\/caf16-2023\/wp-json\/wp\/v2\/temp-fort"}],"about":[{"href":"https:\/\/caf-rapport-activite.fr\/caf16-2023\/wp-json\/wp\/v2\/types\/temp-fort"}],"wp:featuredmedia":[{"embeddable":true,"href":"https:\/\/caf-rapport-activite.fr\/caf16-2023\/wp-json\/wp\/v2\/media\/1159"}],"wp:attachment":[{"href":"https:\/\/caf-rapport-activite.fr\/caf16-2023\/wp-json\/wp\/v2\/media?parent=1112"}],"wp:term":[{"taxonomy":"activite","embeddable":true,"href":"https:\/\/caf-rapport-activite.fr\/caf16-2023\/wp-json\/wp\/v2\/activite?post=1112"}],"curies":[{"name":"wp","href":"https:\/\/api.w.org\/{rel}","templated":true}]}}