{"id":423,"date":"2023-04-11T15:18:31","date_gmt":"2023-04-11T13:18:31","guid":{"rendered":"https:\/\/caf-rapport-activite.fr\/caf16-2022\/?post_type=temp-fort&#038;p=423"},"modified":"2023-08-03T15:27:35","modified_gmt":"2023-08-03T13:27:35","slug":"label-avip","status":"publish","type":"temp-fort","link":"https:\/\/caf-rapport-activite.fr\/caf16-2022\/temp-fort\/label-avip\/","title":{"rendered":"Premier label cr\u00e8che AVIP octroy\u00e9 \u00e0 la cr\u00e8che Les Petits Pieds de Ruelle"},"content":{"rendered":"\n<div class=\"wp-block-media-text alignwide is-stacked-on-mobile is-vertically-aligned-top is-image-fill\" style=\"grid-template-columns:42% auto\"><figure class=\"wp-block-media-text__media\" style=\"background-image:url(https:\/\/caf-rapport-activite.fr\/caf16-2022\/wp-content\/uploads\/sites\/6\/2023\/04\/f330a45d-5f07-4774-ad6e-6e82506c945e-1024x768.jpg);background-position:50% 50%\"><img decoding=\"async\" loading=\"lazy\" width=\"1024\" height=\"768\" src=\"https:\/\/caf-rapport-activite.fr\/caf16-2022\/wp-content\/uploads\/sites\/6\/2023\/04\/f330a45d-5f07-4774-ad6e-6e82506c945e-1024x768.jpg\" alt=\"\" class=\"wp-image-462 size-full\" srcset=\"https:\/\/caf-rapport-activite.fr\/caf16-2022\/wp-content\/uploads\/sites\/6\/2023\/04\/f330a45d-5f07-4774-ad6e-6e82506c945e-1024x768.jpg 1024w, https:\/\/caf-rapport-activite.fr\/caf16-2022\/wp-content\/uploads\/sites\/6\/2023\/04\/f330a45d-5f07-4774-ad6e-6e82506c945e-300x225.jpg 300w, https:\/\/caf-rapport-activite.fr\/caf16-2022\/wp-content\/uploads\/sites\/6\/2023\/04\/f330a45d-5f07-4774-ad6e-6e82506c945e-768x576.jpg 768w, https:\/\/caf-rapport-activite.fr\/caf16-2022\/wp-content\/uploads\/sites\/6\/2023\/04\/f330a45d-5f07-4774-ad6e-6e82506c945e-1536x1152.jpg 1536w, https:\/\/caf-rapport-activite.fr\/caf16-2022\/wp-content\/uploads\/sites\/6\/2023\/04\/f330a45d-5f07-4774-ad6e-6e82506c945e-2048x1536.jpg 2048w\" sizes=\"(max-width: 1024px) 100vw, 1024px\" \/><\/figure><div class=\"wp-block-media-text__content\">\n<p class=\"has-text-align-left\">La cr\u00e8che \u00ab\u00a0Les Petits Pieds\u00a0\u00bb de Ruelle-sur-Touvre est la premi\u00e8re cr\u00e8che du d\u00e9partement \u00e0 se voir octroyer le label de cr\u00e8che \u00e0 vocation d&rsquo;insertion professionnelle (AVIP).<\/p>\n<\/div><\/div>\n\n\n\n<p class=\"has-text-align-left\">Promouvoir et accompagner l\u2019insertion professionnelle des femmes \u00e9loign\u00e9es de l\u2019emploi et notamment celles ayant interrompu leur activit\u00e9 professionnelle pour \u00e9lever un enfant : tel est l\u2019objectif des cr\u00e8ches \u00e0 vocation d&rsquo;insertion professionnelle (AVIP).<\/p>\n\n\n\n<p>Ce dispositif, cr\u00e9\u00e9 en 2016 par le Gouvernement, P\u00f4le emploi et la caisse nationale d\u2019Allocations familiales,&nbsp;propose aux parents demandeurs d\u2019emploi un service pour faire garder leurs enfants de 0 \u00e0 3 ans afin qu\u2019ils puissent mener \u00e0 bien leurs d\u00e9marches de recherche d\u2019emploi&nbsp;&nbsp;:&nbsp;entretien d\u2019embauche et de s\u00e9lection, formation, rendez-vous avec P\u00f4le emploi, p\u00e9riode d\u2019essai, stage, cr\u00e9ation d\u2019entreprise\u2026.<\/p>\n\n\n\n<p>L\u2019accompagnement personnalis\u00e9 vers l\u2019emploi et l\u2019autonomie&nbsp;est dispens\u00e9 par&nbsp;les acteurs de l\u2019insertion professionnelle, dans le cadre d\u2019un partenariat renforc\u00e9 avec les \u00e9tablissements d\u2019accueil du jeune enfant.<\/p>\n\n\n\n<p>Ce dispositif sera pr\u00e9sent\u00e9 plus largement \u00e0 l&rsquo;ensemble des gestionnaires de cr\u00e8ches par la Caf lors d&rsquo;une r\u00e9union organis\u00e9e par la PMI en\u00a0d\u00e9cembre 2022, ouvrant ainsi la voie \u00e0 d&rsquo;autres projets de labellisations en Charente.<\/p>\n","protected":false},"excerpt":{"rendered":"<p>La cr\u00e8che \u00ab\u00a0Les Petits Pieds\u00a0\u00bb de Ruelle-sur-Touvre est la premi\u00e8re cr\u00e8che du d\u00e9partement \u00e0 se voir octroyer le label de cr\u00e8che \u00e0 vocation d&rsquo;insertion professionnelle (AVIP).<\/p>\n","protected":false},"featured_media":462,"parent":0,"menu_order":14,"template":"","activite":[25],"yoast_head":"<!-- This site is optimized with the Yoast SEO plugin v19.11 - https:\/\/yoast.com\/wordpress\/plugins\/seo\/ -->\n<title>Premier label cr\u00e8che AVIP octroy\u00e9 \u00e0 la cr\u00e8che Les Petits Pieds de Ruelle - Caf 16 - 2022<\/title>\n<meta name=\"description\" content=\"La cr\u00e8che &quot;Les Petits Pieds&quot; de Ruelle-sur-Touvre est la premi\u00e8re cr\u00e8che du d\u00e9partement \u00e0 se voir octroyer le label de cr\u00e8che \u00e0 vocation d&#039;insertion professionnelle (AVIP).\" \/>\n<meta name=\"robots\" content=\"index, follow, max-snippet:-1, max-image-preview:large, max-video-preview:-1\" \/>\n<link rel=\"canonical\" href=\"https:\/\/caf-rapport-activite.fr\/caf16-2022\/temp-fort\/label-avip\/\" \/>\n<meta property=\"og:locale\" content=\"fr_FR\" \/>\n<meta property=\"og:type\" content=\"article\" \/>\n<meta property=\"og:title\" content=\"Premier label cr\u00e8che AVIP octroy\u00e9 \u00e0 la cr\u00e8che Les Petits Pieds de Ruelle - Caf 16 - 2022\" \/>\n<meta property=\"og:description\" content=\"La cr\u00e8che &quot;Les Petits Pieds&quot; de Ruelle-sur-Touvre est la premi\u00e8re cr\u00e8che du d\u00e9partement \u00e0 se voir octroyer le label de cr\u00e8che \u00e0 vocation d&#039;insertion professionnelle (AVIP).\" \/>\n<meta property=\"og:url\" content=\"https:\/\/caf-rapport-activite.fr\/caf16-2022\/temp-fort\/label-avip\/\" \/>\n<meta property=\"og:site_name\" content=\"Caf 16 - 2022\" \/>\n<meta property=\"article:modified_time\" content=\"2023-08-03T13:27:35+00:00\" \/>\n<meta property=\"og:image\" content=\"https:\/\/caf-rapport-activite.fr\/caf16-2022\/wp-content\/uploads\/sites\/6\/2023\/04\/f330a45d-5f07-4774-ad6e-6e82506c945e.jpg\" \/>\n\t<meta property=\"og:image:width\" content=\"2560\" \/>\n\t<meta property=\"og:image:height\" content=\"1920\" \/>\n\t<meta property=\"og:image:type\" content=\"image\/jpeg\" \/>\n<meta name=\"twitter:card\" content=\"summary_large_image\" \/>\n<meta name=\"twitter:label1\" content=\"Dur\u00e9e de lecture estim\u00e9e\" \/>\n\t<meta name=\"twitter:data1\" content=\"2 minutes\" \/>\n<script type=\"application\/ld+json\" class=\"yoast-schema-graph\">{\"@context\":\"https:\/\/schema.org\",\"@graph\":[{\"@type\":\"WebPage\",\"@id\":\"https:\/\/caf-rapport-activite.fr\/caf16-2022\/temp-fort\/label-avip\/\",\"url\":\"https:\/\/caf-rapport-activite.fr\/caf16-2022\/temp-fort\/label-avip\/\",\"name\":\"Premier label cr\u00e8che AVIP octroy\u00e9 \u00e0 la cr\u00e8che Les Petits Pieds de Ruelle - Caf 16 - 2022\",\"isPartOf\":{\"@id\":\"https:\/\/caf-rapport-activite.fr\/caf16-2022\/#website\"},\"datePublished\":\"2023-04-11T13:18:31+00:00\",\"dateModified\":\"2023-08-03T13:27:35+00:00\",\"description\":\"La cr\u00e8che \\\"Les Petits Pieds\\\" de Ruelle-sur-Touvre est la premi\u00e8re cr\u00e8che du d\u00e9partement \u00e0 se voir octroyer le label de cr\u00e8che \u00e0 vocation d'insertion professionnelle (AVIP).\",\"breadcrumb\":{\"@id\":\"https:\/\/caf-rapport-activite.fr\/caf16-2022\/temp-fort\/label-avip\/#breadcrumb\"},\"inLanguage\":\"fr-FR\",\"potentialAction\":[{\"@type\":\"ReadAction\",\"target\":[\"https:\/\/caf-rapport-activite.fr\/caf16-2022\/temp-fort\/label-avip\/\"]}]},{\"@type\":\"BreadcrumbList\",\"@id\":\"https:\/\/caf-rapport-activite.fr\/caf16-2022\/temp-fort\/label-avip\/#breadcrumb\",\"itemListElement\":[{\"@type\":\"ListItem\",\"position\":1,\"name\":\"Accueil\",\"item\":\"https:\/\/caf-rapport-activite.fr\/caf16-2022\/\"},{\"@type\":\"ListItem\",\"position\":2,\"name\":\"Temps forts\",\"item\":\"https:\/\/caf-rapport-activite.fr\/caf16-2022\/temp-fort\/\"},{\"@type\":\"ListItem\",\"position\":3,\"name\":\"Premier label cr\u00e8che AVIP octroy\u00e9 \u00e0 la cr\u00e8che Les Petits Pieds de Ruelle\"}]},{\"@type\":\"WebSite\",\"@id\":\"https:\/\/caf-rapport-activite.fr\/caf16-2022\/#website\",\"url\":\"https:\/\/caf-rapport-activite.fr\/caf16-2022\/\",\"name\":\"Caf 16 - 2022\",\"description\":\"\",\"potentialAction\":[{\"@type\":\"SearchAction\",\"target\":{\"@type\":\"EntryPoint\",\"urlTemplate\":\"https:\/\/caf-rapport-activite.fr\/caf16-2022\/?s={search_term_string}\"},\"query-input\":\"required name=search_term_string\"}],\"inLanguage\":\"fr-FR\"}]}<\/script>\n<!-- \/ Yoast SEO plugin. -->","yoast_head_json":{"title":"Premier label cr\u00e8che AVIP octroy\u00e9 \u00e0 la cr\u00e8che Les Petits Pieds de Ruelle - Caf 16 - 2022","description":"La cr\u00e8che \"Les Petits Pieds\" de Ruelle-sur-Touvre est la premi\u00e8re cr\u00e8che du d\u00e9partement \u00e0 se voir octroyer le label de cr\u00e8che \u00e0 vocation d'insertion professionnelle (AVIP).","robots":{"index":"index","follow":"follow","max-snippet":"max-snippet:-1","max-image-preview":"max-image-preview:large","max-video-preview":"max-video-preview:-1"},"canonical":"https:\/\/caf-rapport-activite.fr\/caf16-2022\/temp-fort\/label-avip\/","og_locale":"fr_FR","og_type":"article","og_title":"Premier label cr\u00e8che AVIP octroy\u00e9 \u00e0 la cr\u00e8che Les Petits Pieds de Ruelle - Caf 16 - 2022","og_description":"La cr\u00e8che \"Les Petits Pieds\" de Ruelle-sur-Touvre est la premi\u00e8re cr\u00e8che du d\u00e9partement \u00e0 se voir octroyer le label de cr\u00e8che \u00e0 vocation d'insertion professionnelle (AVIP).","og_url":"https:\/\/caf-rapport-activite.fr\/caf16-2022\/temp-fort\/label-avip\/","og_site_name":"Caf 16 - 2022","article_modified_time":"2023-08-03T13:27:35+00:00","og_image":[{"width":2560,"height":1920,"url":"https:\/\/caf-rapport-activite.fr\/caf16-2022\/wp-content\/uploads\/sites\/6\/2023\/04\/f330a45d-5f07-4774-ad6e-6e82506c945e.jpg","type":"image\/jpeg"}],"twitter_card":"summary_large_image","twitter_misc":{"Dur\u00e9e de lecture estim\u00e9e":"2 minutes"},"schema":{"@context":"https:\/\/schema.org","@graph":[{"@type":"WebPage","@id":"https:\/\/caf-rapport-activite.fr\/caf16-2022\/temp-fort\/label-avip\/","url":"https:\/\/caf-rapport-activite.fr\/caf16-2022\/temp-fort\/label-avip\/","name":"Premier label cr\u00e8che AVIP octroy\u00e9 \u00e0 la cr\u00e8che Les Petits Pieds de Ruelle - Caf 16 - 2022","isPartOf":{"@id":"https:\/\/caf-rapport-activite.fr\/caf16-2022\/#website"},"datePublished":"2023-04-11T13:18:31+00:00","dateModified":"2023-08-03T13:27:35+00:00","description":"La cr\u00e8che \"Les Petits Pieds\" de Ruelle-sur-Touvre est la premi\u00e8re cr\u00e8che du d\u00e9partement \u00e0 se voir octroyer le label de cr\u00e8che \u00e0 vocation d'insertion professionnelle (AVIP).","breadcrumb":{"@id":"https:\/\/caf-rapport-activite.fr\/caf16-2022\/temp-fort\/label-avip\/#breadcrumb"},"inLanguage":"fr-FR","potentialAction":[{"@type":"ReadAction","target":["https:\/\/caf-rapport-activite.fr\/caf16-2022\/temp-fort\/label-avip\/"]}]},{"@type":"BreadcrumbList","@id":"https:\/\/caf-rapport-activite.fr\/caf16-2022\/temp-fort\/label-avip\/#breadcrumb","itemListElement":[{"@type":"ListItem","position":1,"name":"Accueil","item":"https:\/\/caf-rapport-activite.fr\/caf16-2022\/"},{"@type":"ListItem","position":2,"name":"Temps forts","item":"https:\/\/caf-rapport-activite.fr\/caf16-2022\/temp-fort\/"},{"@type":"ListItem","position":3,"name":"Premier label cr\u00e8che AVIP octroy\u00e9 \u00e0 la cr\u00e8che Les Petits Pieds de Ruelle"}]},{"@type":"WebSite","@id":"https:\/\/caf-rapport-activite.fr\/caf16-2022\/#website","url":"https:\/\/caf-rapport-activite.fr\/caf16-2022\/","name":"Caf 16 - 2022","description":"","potentialAction":[{"@type":"SearchAction","target":{"@type":"EntryPoint","urlTemplate":"https:\/\/caf-rapport-activite.fr\/caf16-2022\/?s={search_term_string}"},"query-input":"required name=search_term_string"}],"inLanguage":"fr-FR"}]}},"_links":{"self":[{"href":"https:\/\/caf-rapport-activite.fr\/caf16-2022\/wp-json\/wp\/v2\/temp-fort\/423"}],"collection":[{"href":"https:\/\/caf-rapport-activite.fr\/caf16-2022\/wp-json\/wp\/v2\/temp-fort"}],"about":[{"href":"https:\/\/caf-rapport-activite.fr\/caf16-2022\/wp-json\/wp\/v2\/types\/temp-fort"}],"wp:featuredmedia":[{"embeddable":true,"href":"https:\/\/caf-rapport-activite.fr\/caf16-2022\/wp-json\/wp\/v2\/media\/462"}],"wp:attachment":[{"href":"https:\/\/caf-rapport-activite.fr\/caf16-2022\/wp-json\/wp\/v2\/media?parent=423"}],"wp:term":[{"taxonomy":"activite","embeddable":true,"href":"https:\/\/caf-rapport-activite.fr\/caf16-2022\/wp-json\/wp\/v2\/activite?post=423"}],"curies":[{"name":"wp","href":"https:\/\/api.w.org\/{rel}","templated":true}]}}